{"id":4119,"date":"2024-09-23T08:40:14","date_gmt":"2024-09-23T08:40:14","guid":{"rendered":"https:\/\/zl.gefire.org\/?page_id=4119"},"modified":"2025-05-27T08:14:47","modified_gmt":"2025-05-27T08:14:47","slug":"behandlungsmethoden","status":"publish","type":"page","link":"https:\/\/zahnarzt-in-luzern.ch\/it\/metodi-di-trattamento\/","title":{"rendered":"Metodi di trattamento"},"content":{"rendered":"<div data-elementor-type=\"wp-page\" data-elementor-id=\"4119\" class=\"elementor elementor-4119\" data-elementor-post-type=\"page\">\n\t\t\t\t<div class=\"elementor-element elementor-element-324f2090 e-flex e-con-boxed e-con e-parent\" data-id=\"324f2090\" data-element_type=\"container\" data-settings=\"{&quot;background_background&quot;:&quot;gradient&quot;}\">\n\t\t\t\t\t<div class=\"e-con-inner\">\n\t\t<div class=\"elementor-element elementor-element-22af0dd5 e-grid e-con-full e-con e-child\" data-id=\"22af0dd5\" data-element_type=\"container\">\n\t\t<div class=\"elementor-element elementor-element-45816af8 animated-fast e-con-full e-flex elementor-invisible e-con e-child\" data-id=\"45816af8\" data-element_type=\"container\" data-settings=\"{&quot;animation&quot;:&quot;fadeIn&quot;,&quot;animation_delay&quot;:500}\">\n\t\t\t\t<div class=\"elementor-element elementor-element-5feea618 elementor-widget elementor-widget-heading\" data-id=\"5feea618\" data-element_type=\"widget\" data-widget_type=\"heading.default\">\n\t\t\t\t<div class=\"elementor-widget-container\">\n\t\t\t\t\t<p class=\"elementor-heading-title elementor-size-default\">SU DI NOI<\/p>\t\t\t\t<\/div>\n\t\t\t\t<\/div>\n\t\t\t\t<div class=\"elementor-element elementor-element-32fd074a elementor-widget__width-initial elementor-widget elementor-widget-heading\" data-id=\"32fd074a\" data-element_type=\"widget\" data-widget_type=\"heading.default\">\n\t\t\t\t<div class=\"elementor-widget-container\">\n\t\t\t\t\t<h1 class=\"elementor-heading-title elementor-size-default\">Metodi di trattamento<\/h1>\t\t\t\t<\/div>\n\t\t\t\t<\/div>\n\t\t\t\t<div class=\"elementor-element elementor-element-6cd2e3fb elementor-widget__width-initial elementor-widget-mobile__width-inherit elementor-widget elementor-widget-text-editor\" data-id=\"6cd2e3fb\" data-element_type=\"widget\" data-widget_type=\"text-editor.default\">\n\t\t\t\t<div class=\"elementor-widget-container\">\n\t\t\t\t\t\t\t\t\t<p>Offriamo metodi di trattamento professionali e personalizzati basati sulla fiducia. Tecnologie all'avanguardia e competenze complete garantiscono soluzioni ottimali per la vostra salute dentale.<\/p>\t\t\t\t\t\t\t\t<\/div>\n\t\t\t\t<\/div>\n\t\t<div class=\"elementor-element elementor-element-611e7af4 e-con-full e-flex e-con e-child\" data-id=\"611e7af4\" data-element_type=\"container\">\n\t\t\t\t<div class=\"elementor-element elementor-element-23521c00 elementor-mobile-align-justify elementor-widget-mobile__width-inherit elementor-widget elementor-widget-button\" data-id=\"23521c00\" data-element_type=\"widget\" data-widget_type=\"button.default\">\n\t\t\t\t<div class=\"elementor-widget-container\">\n\t\t\t\t\t\t\t\t\t<div class=\"elementor-button-wrapper\">\n\t\t\t\t\t<a class=\"elementor-button elementor-button-link elementor-size-sm\" href=\"https:\/\/zahnarzt-in-luzern.ch\/it\/fissare-un-appuntamento\/\">\n\t\t\t\t\t\t<span class=\"elementor-button-content-wrapper\">\n\t\t\t\t\t\t\t\t\t<span class=\"elementor-button-text\">Fissare un appuntamento con il dentista<\/span>\n\t\t\t\t\t<\/span>\n\t\t\t\t\t<\/a>\n\t\t\t\t<\/div>\n\t\t\t\t\t\t\t\t<\/div>\n\t\t\t\t<\/div>\n\t\t\t\t<div class=\"elementor-element elementor-element-1d8833e7 elementor-mobile-align-justify elementor-widget-mobile__width-inherit elementor-widget elementor-widget-button\" data-id=\"1d8833e7\" data-element_type=\"widget\" data-widget_type=\"button.default\">\n\t\t\t\t<div class=\"elementor-widget-container\">\n\t\t\t\t\t\t\t\t\t<div class=\"elementor-button-wrapper\">\n\t\t\t\t\t<a class=\"elementor-button elementor-button-link elementor-size-sm\" href=\"https:\/\/zahnarzt-in-luzern.ch\/it\/contatto-dentista-lucerna\/\">\n\t\t\t\t\t\t<span class=\"elementor-button-content-wrapper\">\n\t\t\t\t\t\t\t\t\t<span class=\"elementor-button-text\">Contattateci<\/span>\n\t\t\t\t\t<\/span>\n\t\t\t\t\t<\/a>\n\t\t\t\t<\/div>\n\t\t\t\t\t\t\t\t<\/div>\n\t\t\t\t<\/div>\n\t\t\t\t<\/div>\n\t\t\t\t<\/div>\n\t\t<div class=\"elementor-element elementor-element-4eda5a63 e-con-full animated-fast e-flex elementor-invisible e-con e-child\" data-id=\"4eda5a63\" data-element_type=\"container\" data-settings=\"{&quot;animation&quot;:&quot;fadeIn&quot;,&quot;animation_delay&quot;:500}\">\n\t\t\t\t<div class=\"elementor-element elementor-element-6b6ad19d animated-fast elementor-invisible elementor-widget elementor-widget-image\" data-id=\"6b6ad19d\" data-element_type=\"widget\" data-settings=\"{&quot;_animation&quot;:&quot;fadeIn&quot;,&quot;_animation_delay&quot;:500}\" data-widget_type=\"image.default\">\n\t\t\t\t<div class=\"elementor-widget-container\">\n\t\t\t\t\t\t\t\t\t\t\t\t\t\t\t<img fetchpriority=\"high\" decoding=\"async\" width=\"1000\" height=\"1334\" src=\"https:\/\/zahnarzt-in-luzern.ch\/wp-content\/uploads\/zahnarzt-luzern-behandlungsmethoden-04.webp\" class=\"attachment-full size-full wp-image-6353\" alt=\"\" srcset=\"https:\/\/zahnarzt-in-luzern.ch\/wp-content\/uploads\/zahnarzt-luzern-behandlungsmethoden-04.webp 1000w, https:\/\/zahnarzt-in-luzern.ch\/wp-content\/uploads\/zahnarzt-luzern-behandlungsmethoden-04-225x300.webp 225w, https:\/\/zahnarzt-in-luzern.ch\/wp-content\/uploads\/zahnarzt-luzern-behandlungsmethoden-04-768x1025.webp 768w\" sizes=\"(max-width: 1000px) 100vw, 1000px\" \/>\t\t\t\t\t\t\t\t\t\t\t\t\t\t\t<\/div>\n\t\t\t\t<\/div>\n\t\t\t\t<\/div>\n\t\t\t\t<\/div>\n\t\t\t\t\t<\/div>\n\t\t\t\t<\/div>\n\t\t<div class=\"elementor-element elementor-element-f935370 e-flex e-con-boxed e-con e-parent\" data-id=\"f935370\" data-element_type=\"container\" data-settings=\"{&quot;background_background&quot;:&quot;classic&quot;}\">\n\t\t\t\t\t<div class=\"e-con-inner\">\n\t\t<div class=\"elementor-element elementor-element-5f4c385 e-grid e-con-boxed e-con e-child\" data-id=\"5f4c385\" data-element_type=\"container\">\n\t\t\t\t\t<div class=\"e-con-inner\">\n\t\t<div class=\"elementor-element elementor-element-9fb3987 e-con-full animated-fast e-flex elementor-invisible e-con e-child\" data-id=\"9fb3987\" data-element_type=\"container\" data-settings=\"{&quot;animation&quot;:&quot;fadeIn&quot;}\">\n\t\t\t\t<div class=\"elementor-element elementor-element-afe6a48 elementor-widget__width-initial elementor-widget-mobile__width-inherit elementor-widget elementor-widget-heading\" data-id=\"afe6a48\" data-element_type=\"widget\" data-widget_type=\"heading.default\">\n\t\t\t\t<div class=\"elementor-widget-container\">\n\t\t\t\t\t<h2 class=\"elementor-heading-title elementor-size-default\">Scanner intraorale TRIOS<\/h2>\t\t\t\t<\/div>\n\t\t\t\t<\/div>\n\t\t\t\t<div class=\"elementor-element elementor-element-7fb75f4 elementor-widget elementor-widget-text-editor\" data-id=\"7fb75f4\" data-element_type=\"widget\" data-widget_type=\"text-editor.default\">\n\t\t\t\t<div class=\"elementor-widget-container\">\n\t\t\t\t\t\t\t\t\t<p><strong>La vostra impressione - senza alcun riflesso di vomito.<\/strong><\/p><p>Niente pi\u00f9 fastidioso materiale da impronta in bocca: con la tecnologia pi\u00f9 recente, lo scanner TRIOS di 3Shape, senza fili e all'avanguardia, catturiamo digitalmente i vostri denti, con precisione, senza contatto e in pochi minuti. Invece del fastidioso materiale d'impronta in bocca per diversi minuti e degli sgradevoli conati di vomito, si ottiene un'immagine confortevole e senza contatto dei denti e delle mascelle, quasi come una foto.<\/p><p><strong>Il risultato: immagini 3D ad alta risoluzione che fungono da base perfetta per corone, faccette, bite o impianti su misura.<\/strong> - in collaborazione con il nostro laboratorio odontotecnico.<\/p><p><strong>I vostri vantaggi in sintesi:<\/strong><\/p><ul><li>Nessun portaimpronte, nessun riflesso gastrico<\/li><li>Scansione rapida e comoda in pochi minuti<\/li><li>Massima precisione per restauri su misura<\/li><li>Risultato immediatamente visibile sullo schermo<\/li><li>Efficiente collaborazione digitale con il laboratorio odontotecnico<\/li><\/ul><p>\u00a0<\/p><p>Lo scanner TRIOS \u00e8 uno dei sistemi di impronta digitale leader nel mondo ed \u00e8 gi\u00e0 stato premiato pi\u00f9 volte come \"Best of Class Technology\".<\/p><p>Per voi questo significa <strong>Pi\u00f9 comfort. Pi\u00f9 precisione. Pi\u00f9 sicurezza.<\/strong><\/p>\t\t\t\t\t\t\t\t<\/div>\n\t\t\t\t<\/div>\n\t\t\t\t<\/div>\n\t\t\t\t<div class=\"elementor-element elementor-element-21f5c51 animated-fast elementor-invisible elementor-widget elementor-widget-image\" data-id=\"21f5c51\" data-element_type=\"widget\" data-settings=\"{&quot;_animation&quot;:&quot;fadeIn&quot;,&quot;_animation_delay&quot;:200}\" data-widget_type=\"image.default\">\n\t\t\t\t<div class=\"elementor-widget-container\">\n\t\t\t\t\t\t\t\t\t\t\t\t\t\t\t<img decoding=\"async\" width=\"526\" height=\"640\" src=\"https:\/\/zahnarzt-in-luzern.ch\/wp-content\/uploads\/intraorale-kamera-zahnklinik-luzern.jpeg\" class=\"attachment-full size-full wp-image-8869 not-transparent\" alt=\"telecamera intraorale\" srcset=\"https:\/\/zahnarzt-in-luzern.ch\/wp-content\/uploads\/intraorale-kamera-zahnklinik-luzern.jpeg 526w, https:\/\/zahnarzt-in-luzern.ch\/wp-content\/uploads\/intraorale-kamera-zahnklinik-luzern-247x300.jpeg 247w, https:\/\/zahnarzt-in-luzern.ch\/wp-content\/uploads\/intraorale-kamera-zahnklinik-luzern-10x12.jpeg 10w\" sizes=\"(max-width: 526px) 100vw, 526px\" data-has-transparency=\"false\" data-dominant-color=\"c0bcbe\" style=\"--dominant-color: #c0bcbe\" \/>\t\t\t\t\t\t\t\t\t\t\t\t\t\t\t<\/div>\n\t\t\t\t<\/div>\n\t\t\t\t\t<\/div>\n\t\t\t\t<\/div>\n\t\t\t\t\t<\/div>\n\t\t\t\t<\/div>\n\t\t<div class=\"elementor-element elementor-element-1541cabc e-flex e-con-boxed e-con e-parent\" data-id=\"1541cabc\" data-element_type=\"container\" data-settings=\"{&quot;background_background&quot;:&quot;classic&quot;}\">\n\t\t\t\t\t<div class=\"e-con-inner\">\n\t\t<div class=\"elementor-element elementor-element-3e98d323 animated-fast e-flex e-con-boxed elementor-invisible e-con e-child\" data-id=\"3e98d323\" data-element_type=\"container\" data-settings=\"{&quot;animation&quot;:&quot;fadeIn&quot;}\">\n\t\t\t\t\t<div class=\"e-con-inner\">\n\t\t\t\t<div class=\"elementor-element elementor-element-6ab8964f elementor-widget__width-initial elementor-widget elementor-widget-heading\" data-id=\"6ab8964f\" data-element_type=\"widget\" data-widget_type=\"heading.default\">\n\t\t\t\t<div class=\"elementor-widget-container\">\n\t\t\t\t\t<h1 class=\"elementor-heading-title elementor-size-default\">Misurazione della lunghezza e preparazione della macchina<\/h1>\t\t\t\t<\/div>\n\t\t\t\t<\/div>\n\t\t\t\t\t<\/div>\n\t\t\t\t<\/div>\n\t\t<div class=\"elementor-element elementor-element-f5a7801 e-grid e-con-boxed e-con e-child\" data-id=\"f5a7801\" data-element_type=\"container\">\n\t\t\t\t\t<div class=\"e-con-inner\">\n\t\t\t\t<div class=\"elementor-element elementor-element-d5025b7 elementor-widget elementor-widget-image\" data-id=\"d5025b7\" data-element_type=\"widget\" data-widget_type=\"image.default\">\n\t\t\t\t<div class=\"elementor-widget-container\">\n\t\t\t\t\t\t\t\t\t\t\t\t\t\t\t<img decoding=\"async\" width=\"2000\" height=\"2500\" src=\"https:\/\/zahnarzt-in-luzern.ch\/wp-content\/uploads\/wurzelbehandlung-luzern-notfall.webp\" class=\"attachment-full size-full wp-image-5736\" alt=\"Trattamento canalare dentista Lucerna\" srcset=\"https:\/\/zahnarzt-in-luzern.ch\/wp-content\/uploads\/wurzelbehandlung-luzern-notfall.webp 2000w, https:\/\/zahnarzt-in-luzern.ch\/wp-content\/uploads\/wurzelbehandlung-luzern-notfall-240x300.webp 240w, https:\/\/zahnarzt-in-luzern.ch\/wp-content\/uploads\/wurzelbehandlung-luzern-notfall-819x1024.webp 819w, https:\/\/zahnarzt-in-luzern.ch\/wp-content\/uploads\/wurzelbehandlung-luzern-notfall-768x960.webp 768w, https:\/\/zahnarzt-in-luzern.ch\/wp-content\/uploads\/wurzelbehandlung-luzern-notfall-1229x1536.webp 1229w, https:\/\/zahnarzt-in-luzern.ch\/wp-content\/uploads\/wurzelbehandlung-luzern-notfall-1638x2048.webp 1638w, https:\/\/zahnarzt-in-luzern.ch\/wp-content\/uploads\/elementor\/thumbs\/wurzelbehandlung-luzern-notfall-quob2tvgz3gv42soeupxjbmkcw14hv2h9hx0r5ss9c.webp 800w\" sizes=\"(max-width: 2000px) 100vw, 2000px\" \/>\t\t\t\t\t\t\t\t\t\t\t\t\t\t\t<\/div>\n\t\t\t\t<\/div>\n\t\t<div class=\"elementor-element elementor-element-20cdf92c e-grid e-con-full animated-fast elementor-invisible e-con e-child\" data-id=\"20cdf92c\" data-element_type=\"container\" data-settings=\"{&quot;animation&quot;:&quot;fadeIn&quot;,&quot;animation_delay&quot;:250}\">\n\t\t<div class=\"elementor-element elementor-element-15e46cf7 e-con-full animated-fast e-flex elementor-invisible e-con e-child\" data-id=\"15e46cf7\" data-element_type=\"container\" data-settings=\"{&quot;animation&quot;:&quot;fadeIn&quot;,&quot;animation_delay&quot;:200}\">\n\t\t\t\t<div class=\"elementor-element elementor-element-2ec9292a elementor-widget elementor-widget-text-editor\" data-id=\"2ec9292a\" data-element_type=\"widget\" data-widget_type=\"text-editor.default\">\n\t\t\t\t<div class=\"elementor-widget-container\">\n\t\t\t\t\t\t\t\t\t<p>Per preservare i vostri denti, eseguiamo trattamenti canalari utilizzando la misurazione endometrica della lunghezza, che determina con precisione la lunghezza dei canali radicolari.<\/p><p><span style=\"color: var( --e-global-color-text ); font-family: var( --e-global-typography-53e1026-font-family ), Sans-serif; font-size: var( --e-global-typography-53e1026-font-size ); font-weight: var( --e-global-typography-53e1026-font-weight ); text-align: var(--text-align); background-color: var( --e-global-color-secondary );\">Per evitare il contatto con i batteri della saliva, durante il trattamento i canali radicolari vengono isolati con una diga di gomma. Questo garantisce un'area di lavoro asciutta e pulita.<\/span><\/p><p><span style=\"color: var( --e-global-color-text ); font-family: var( --e-global-typography-53e1026-font-family ), Sans-serif; font-size: var( --e-global-typography-53e1026-font-size ); font-weight: var( --e-global-typography-53e1026-font-weight ); text-align: var(--text-align); background-color: var( --e-global-color-secondary );\">Utilizziamo un concetto completamente nuovo di preparazione meccanica del canale radicolare per il trattamento di successo dei denti.<\/span><\/p><p><span style=\"color: var( --e-global-color-text ); font-family: var( --e-global-typography-53e1026-font-family ), Sans-serif; font-size: var( --e-global-typography-53e1026-font-size ); font-weight: var( --e-global-typography-53e1026-font-weight ); text-align: var(--text-align); background-color: var( --e-global-color-secondary );\">L'innovativo sistema di lime in nichel-titanio consente di preparare la maggior parte dei canali radicolari con una sola lima altamente flessibile, la cui elevata elasticit\u00e0 permette un eccellente adattamento al decorso del canale radicolare. Il sistema rende la preparazione del canale radicolare delicata, sicura e poco dispendiosa in termini di tempo.<\/span><\/p><p><span style=\"color: var( --e-global-color-text ); font-family: var( --e-global-typography-53e1026-font-family ), Sans-serif; font-size: var( --e-global-typography-53e1026-font-size ); font-weight: var( --e-global-typography-53e1026-font-weight ); text-align: var(--text-align); background-color: var( --e-global-color-secondary );\">A differenza della tecnica standard, gli strumenti utilizzati per il trattamento sono monouso e vengono smaltiti dopo ogni trattamento.<\/span><\/p><p><span style=\"color: var( --e-global-color-text ); font-family: var( --e-global-typography-53e1026-font-family ), Sans-serif; font-size: var( --e-global-typography-53e1026-font-size ); font-weight: var( --e-global-typography-53e1026-font-weight ); text-align: var(--text-align); background-color: var( --e-global-color-secondary );\">Con l'EndoActivator, i fluidi di irrigazione endodontica vengono efficacemente attivati idrodinamicamente e i batteri rimasti nei canali radicolari vengono eliminati. Un liquido di irrigazione attivato contribuisce in modo significativo alla pulizia e alla disinfezione completa di tutte le aree del sistema canalare. Ci\u00f2 aumenta il successo a lungo termine del trattamento canalare.<\/span><\/p>\t\t\t\t\t\t\t\t<\/div>\n\t\t\t\t<\/div>\n\t\t\t\t<\/div>\n\t\t\t\t<\/div>\n\t\t\t\t\t<\/div>\n\t\t\t\t<\/div>\n\t\t\t\t\t<\/div>\n\t\t\t\t<\/div>\n\t\t<div class=\"elementor-element elementor-element-a3a5ab7 e-flex e-con-boxed e-con e-parent\" data-id=\"a3a5ab7\" data-element_type=\"container\" data-settings=\"{&quot;background_background&quot;:&quot;classic&quot;}\">\n\t\t\t\t\t<div class=\"e-con-inner\">\n\t\t<div class=\"elementor-element elementor-element-fece73d e-grid e-con-boxed e-con e-child\" data-id=\"fece73d\" data-element_type=\"container\">\n\t\t\t\t\t<div class=\"e-con-inner\">\n\t\t<div class=\"elementor-element elementor-element-a0884ff e-con-full animated-fast e-flex elementor-invisible e-con e-child\" data-id=\"a0884ff\" data-element_type=\"container\" data-settings=\"{&quot;animation&quot;:&quot;fadeIn&quot;}\">\n\t\t\t\t<div class=\"elementor-element elementor-element-186cfa8 elementor-widget__width-initial elementor-widget-mobile__width-inherit elementor-widget elementor-widget-heading\" data-id=\"186cfa8\" data-element_type=\"widget\" data-widget_type=\"heading.default\">\n\t\t\t\t<div class=\"elementor-widget-container\">\n\t\t\t\t\t<h2 class=\"elementor-heading-title elementor-size-default\">Gestione moderna dell'igiene<\/h2>\t\t\t\t<\/div>\n\t\t\t\t<\/div>\n\t\t\t\t<div class=\"elementor-element elementor-element-d248e6d elementor-widget elementor-widget-text-editor\" data-id=\"d248e6d\" data-element_type=\"widget\" data-widget_type=\"text-editor.default\">\n\t\t\t\t<div class=\"elementor-widget-container\">\n\t\t\t\t\t\t\t\t\t<p>Il rispetto di elevati standard igienici \u00e8 una priorit\u00e0 assoluta per il vostro Centro odontoiatrico Lucerna, a tutela dei nostri pazienti e del nostro team. Tutti gli strumenti, i manipoli e le turbine dritte e contrangolari vengono riprocessati per ogni paziente.<\/p><p>Con noi avrete sempre la certezza di essere trattati con strumenti igienicamente perfetti.<\/p>\t\t\t\t\t\t\t\t<\/div>\n\t\t\t\t<\/div>\n\t\t\t\t<\/div>\n\t\t\t\t<div class=\"elementor-element elementor-element-d77ddc3 animated-fast elementor-invisible elementor-widget elementor-widget-image\" data-id=\"d77ddc3\" data-element_type=\"widget\" data-settings=\"{&quot;_animation&quot;:&quot;fadeIn&quot;,&quot;_animation_delay&quot;:200}\" data-widget_type=\"image.default\">\n\t\t\t\t<div class=\"elementor-widget-container\">\n\t\t\t\t\t\t\t\t\t\t\t\t\t\t\t<img loading=\"lazy\" decoding=\"async\" width=\"1000\" height=\"1334\" src=\"https:\/\/zahnarzt-in-luzern.ch\/wp-content\/uploads\/zahnarzt-luzern-behandlungsspektrum-03.webp\" class=\"attachment-full size-full wp-image-6348\" alt=\"Dentista Lucerna Spettro di trattamento\" srcset=\"https:\/\/zahnarzt-in-luzern.ch\/wp-content\/uploads\/zahnarzt-luzern-behandlungsspektrum-03.webp 1000w, https:\/\/zahnarzt-in-luzern.ch\/wp-content\/uploads\/zahnarzt-luzern-behandlungsspektrum-03-225x300.webp 225w, https:\/\/zahnarzt-in-luzern.ch\/wp-content\/uploads\/zahnarzt-luzern-behandlungsspektrum-03-768x1025.webp 768w\" sizes=\"(max-width: 1000px) 100vw, 1000px\" \/>\t\t\t\t\t\t\t\t\t\t\t\t\t\t\t<\/div>\n\t\t\t\t<\/div>\n\t\t\t\t\t<\/div>\n\t\t\t\t<\/div>\n\t\t\t\t\t<\/div>\n\t\t\t\t<\/div>\n\t\t<div class=\"elementor-element elementor-element-f119100 e-flex e-con-boxed e-con e-parent\" data-id=\"f119100\" data-element_type=\"container\" data-settings=\"{&quot;background_background&quot;:&quot;classic&quot;}\">\n\t\t\t\t\t<div class=\"e-con-inner\">\n\t\t<div class=\"elementor-element elementor-element-894d5c3 e-grid e-con-boxed e-con e-child\" data-id=\"894d5c3\" data-element_type=\"container\">\n\t\t\t\t\t<div class=\"e-con-inner\">\n\t\t\t\t<div class=\"elementor-element elementor-element-2ccf7aa animated-fast elementor-invisible elementor-widget elementor-widget-image\" data-id=\"2ccf7aa\" data-element_type=\"widget\" data-settings=\"{&quot;_animation&quot;:&quot;fadeIn&quot;}\" data-widget_type=\"image.default\">\n\t\t\t\t<div class=\"elementor-widget-container\">\n\t\t\t\t\t\t\t\t\t\t\t\t\t\t\t<img loading=\"lazy\" decoding=\"async\" width=\"2000\" height=\"2500\" src=\"https:\/\/zahnarzt-in-luzern.ch\/wp-content\/uploads\/zahnarzt-luzern-behandlungsspektrum-02.webp\" class=\"attachment-full size-full wp-image-6347\" alt=\"Dentista Lucerna Spettro di trattamento\" srcset=\"https:\/\/zahnarzt-in-luzern.ch\/wp-content\/uploads\/zahnarzt-luzern-behandlungsspektrum-02.webp 2000w, https:\/\/zahnarzt-in-luzern.ch\/wp-content\/uploads\/zahnarzt-luzern-behandlungsspektrum-02-240x300.webp 240w, https:\/\/zahnarzt-in-luzern.ch\/wp-content\/uploads\/zahnarzt-luzern-behandlungsspektrum-02-819x1024.webp 819w, https:\/\/zahnarzt-in-luzern.ch\/wp-content\/uploads\/zahnarzt-luzern-behandlungsspektrum-02-768x960.webp 768w, https:\/\/zahnarzt-in-luzern.ch\/wp-content\/uploads\/zahnarzt-luzern-behandlungsspektrum-02-1229x1536.webp 1229w, https:\/\/zahnarzt-in-luzern.ch\/wp-content\/uploads\/zahnarzt-luzern-behandlungsspektrum-02-1638x2048.webp 1638w, https:\/\/zahnarzt-in-luzern.ch\/wp-content\/uploads\/elementor\/thumbs\/zahnarzt-luzern-behandlungsspektrum-02-quq15802xe6lid7t4ojknhcfmiztw1g9spope8udcg.webp 800w\" sizes=\"(max-width: 2000px) 100vw, 2000px\" \/>\t\t\t\t\t\t\t\t\t\t\t\t\t\t\t<\/div>\n\t\t\t\t<\/div>\n\t\t<div class=\"elementor-element elementor-element-b197742 e-con-full animated-fast e-flex elementor-invisible e-con e-child\" data-id=\"b197742\" data-element_type=\"container\" data-settings=\"{&quot;animation&quot;:&quot;fadeIn&quot;,&quot;animation_delay&quot;:200}\">\n\t\t\t\t<div class=\"elementor-element elementor-element-f23f3f8 elementor-widget__width-initial elementor-widget-mobile__width-inherit elementor-widget elementor-widget-heading\" data-id=\"f23f3f8\" data-element_type=\"widget\" data-widget_type=\"heading.default\">\n\t\t\t\t<div class=\"elementor-widget-container\">\n\t\t\t\t\t<h2 class=\"elementor-heading-title elementor-size-default\">Preparazione minimamente invasiva<\/h2>\t\t\t\t<\/div>\n\t\t\t\t<\/div>\n\t\t\t\t<div class=\"elementor-element elementor-element-7818981 elementor-widget elementor-widget-text-editor\" data-id=\"7818981\" data-element_type=\"widget\" data-widget_type=\"text-editor.default\">\n\t\t\t\t<div class=\"elementor-widget-container\">\n\t\t\t\t\t\t\t\t\t<p>Con la preparazione minimamente invasiva, a differenza di quella convenzionale, viene asportata solo la quantit\u00e0 di sostanza dentale sana necessaria per rimuovere in modo sicuro la carie.<\/p><p>Nel caso di piccoli difetti dentali, le otturazioni in composito altamente estetiche e di colore dentale vengono inserite con speciali tecniche di incollaggio con la sostanza dentale, lasciando le superfici dentali completamente asciutte.<\/p><p>La ricostruzione dettagliata del dente non \u00e8 quindi pi\u00f9 distinguibile dal dente naturale.<\/p><p>Se la struttura del dente \u00e8 gi\u00e0 troppo debole o i margini dell'otturazione si trovano in profondit\u00e0 sotto la gengiva, \u00e8 necessario realizzare un restauro altamente estetico e minimamente invasivo in laboratorio in ceramica integrale (intarsio, corona parziale).<\/p>\t\t\t\t\t\t\t\t<\/div>\n\t\t\t\t<\/div>\n\t\t\t\t<\/div>\n\t\t\t\t\t<\/div>\n\t\t\t\t<\/div>\n\t\t\t\t\t<\/div>\n\t\t\t\t<\/div>\n\t\t<div class=\"elementor-element elementor-element-7ebcf26 e-flex e-con-boxed e-con e-parent\" data-id=\"7ebcf26\" data-element_type=\"container\" data-settings=\"{&quot;background_background&quot;:&quot;classic&quot;}\">\n\t\t\t\t\t<div class=\"e-con-inner\">\n\t\t<div class=\"elementor-element elementor-element-4c282c4 e-grid e-con-boxed e-con e-child\" data-id=\"4c282c4\" data-element_type=\"container\">\n\t\t\t\t\t<div class=\"e-con-inner\">\n\t\t<div class=\"elementor-element elementor-element-147d664 e-con-full animated-fast e-flex elementor-invisible e-con e-child\" data-id=\"147d664\" data-element_type=\"container\" data-settings=\"{&quot;animation&quot;:&quot;fadeIn&quot;}\">\n\t\t\t\t<div class=\"elementor-element elementor-element-2d4f78e elementor-widget__width-initial elementor-widget-mobile__width-inherit elementor-widget elementor-widget-heading\" data-id=\"2d4f78e\" data-element_type=\"widget\" data-widget_type=\"heading.default\">\n\t\t\t\t<div class=\"elementor-widget-container\">\n\t\t\t\t\t<h2 class=\"elementor-heading-title elementor-size-default\">Le lenti di ingrandimento con LED<\/h2>\t\t\t\t<\/div>\n\t\t\t\t<\/div>\n\t\t\t\t<div class=\"elementor-element elementor-element-e7339fb elementor-widget elementor-widget-text-editor\" data-id=\"e7339fb\" data-element_type=\"widget\" data-widget_type=\"text-editor.default\">\n\t\t\t\t<div class=\"elementor-widget-container\">\n\t\t\t\t\t\t\t\t\t<p>Ingrandimento ottico per lavori di precisione. I moderni occhiali di ingrandimento consentono di lavorare in modo molto pi\u00f9 preciso e approfondito, soprattutto per le preparazioni dentali, le procedure microchirurgiche e i trattamenti canalari. L'ausilio di ingrandimento con illuminazione a LED fa parte del nostro standard di qualit\u00e0.<\/p>\t\t\t\t\t\t\t\t<\/div>\n\t\t\t\t<\/div>\n\t\t\t\t<\/div>\n\t\t\t\t<div class=\"elementor-element elementor-element-8f56a68 animated-fast elementor-invisible elementor-widget elementor-widget-image\" data-id=\"8f56a68\" data-element_type=\"widget\" data-settings=\"{&quot;_animation&quot;:&quot;fadeIn&quot;,&quot;_animation_delay&quot;:200}\" data-widget_type=\"image.default\">\n\t\t\t\t<div class=\"elementor-widget-container\">\n\t\t\t\t\t\t\t\t\t\t\t\t\t\t\t<img loading=\"lazy\" decoding=\"async\" width=\"2000\" height=\"2500\" src=\"https:\/\/zahnarzt-in-luzern.ch\/wp-content\/uploads\/zahnarzt-luzern-behandlungsmethode-01.webp\" class=\"attachment-full size-full wp-image-6343\" alt=\"\" srcset=\"https:\/\/zahnarzt-in-luzern.ch\/wp-content\/uploads\/zahnarzt-luzern-behandlungsmethode-01.webp 2000w, https:\/\/zahnarzt-in-luzern.ch\/wp-content\/uploads\/zahnarzt-luzern-behandlungsmethode-01-240x300.webp 240w, https:\/\/zahnarzt-in-luzern.ch\/wp-content\/uploads\/zahnarzt-luzern-behandlungsmethode-01-819x1024.webp 819w, https:\/\/zahnarzt-in-luzern.ch\/wp-content\/uploads\/zahnarzt-luzern-behandlungsmethode-01-768x960.webp 768w, https:\/\/zahnarzt-in-luzern.ch\/wp-content\/uploads\/zahnarzt-luzern-behandlungsmethode-01-1229x1536.webp 1229w, https:\/\/zahnarzt-in-luzern.ch\/wp-content\/uploads\/zahnarzt-luzern-behandlungsmethode-01-1638x2048.webp 1638w\" sizes=\"(max-width: 2000px) 100vw, 2000px\" \/>\t\t\t\t\t\t\t\t\t\t\t\t\t\t\t<\/div>\n\t\t\t\t<\/div>\n\t\t\t\t\t<\/div>\n\t\t\t\t<\/div>\n\t\t\t\t\t<\/div>\n\t\t\t\t<\/div>\n\t\t\t\t<\/div>","protected":false},"excerpt":{"rendered":"<p>Chi Siamo I nostri metodi di trattamento Offriamo metodi di trattamento professionali e personalizzati basati sulla fiducia. Tecnologie all'avanguardia e competenza completa garantiscono soluzioni ottimali per la vostra salute dentale. Fissare un appuntamento per la visita dal dentista Contatti Scanner intraorale TRIOS La vostra impronta \u2013 completamente senza riflesso faringeo. Mai pi\u00f9 fastidiosi materiali da impronta in bocca: con la tecnologia pi\u00f9 recente, lo scanner TRIOS wireless e all'avanguardia di 3Shape acquisisciamo il vostro [...]<\/p>","protected":false},"author":2,"featured_media":0,"parent":0,"menu_order":21,"comment_status":"closed","ping_status":"closed","template":"","meta":{"footnotes":""},"class_list":["post-4119","page","type-page","status-publish","hentry"],"_links":{"self":[{"href":"https:\/\/zahnarzt-in-luzern.ch\/it\/wp-json\/wp\/v2\/pages\/4119","targetHints":{"allow":["GET"]}}],"collection":[{"href":"https:\/\/zahnarzt-in-luzern.ch\/it\/wp-json\/wp\/v2\/pages"}],"about":[{"href":"https:\/\/zahnarzt-in-luzern.ch\/it\/wp-json\/wp\/v2\/types\/page"}],"author":[{"embeddable":true,"href":"https:\/\/zahnarzt-in-luzern.ch\/it\/wp-json\/wp\/v2\/users\/2"}],"replies":[{"embeddable":true,"href":"https:\/\/zahnarzt-in-luzern.ch\/it\/wp-json\/wp\/v2\/comments?post=4119"}],"version-history":[{"count":166,"href":"https:\/\/zahnarzt-in-luzern.ch\/it\/wp-json\/wp\/v2\/pages\/4119\/revisions"}],"predecessor-version":[{"id":8892,"href":"https:\/\/zahnarzt-in-luzern.ch\/it\/wp-json\/wp\/v2\/pages\/4119\/revisions\/8892"}],"wp:attachment":[{"href":"https:\/\/zahnarzt-in-luzern.ch\/it\/wp-json\/wp\/v2\/media?parent=4119"}],"curies":[{"name":"wp","href":"https:\/\/api.w.org\/{rel}","templated":true}]}}