{"id":4119,"date":"2024-09-23T08:40:14","date_gmt":"2024-09-23T08:40:14","guid":{"rendered":"https:\/\/zl.gefire.org\/?page_id=4119"},"modified":"2025-05-27T08:14:47","modified_gmt":"2025-05-27T08:14:47","slug":"behandlungsmethoden","status":"publish","type":"page","link":"https:\/\/zahnarzt-in-luzern.ch\/fr\/methodes-de-traitement\/","title":{"rendered":"M\u00e9thodes de traitement"},"content":{"rendered":"<div data-elementor-type=\"wp-page\" data-elementor-id=\"4119\" class=\"elementor elementor-4119\" data-elementor-post-type=\"page\">\n\t\t\t\t<div class=\"elementor-element elementor-element-324f2090 e-flex e-con-boxed e-con e-parent\" data-id=\"324f2090\" data-element_type=\"container\" data-settings=\"{&quot;background_background&quot;:&quot;gradient&quot;}\">\n\t\t\t\t\t<div class=\"e-con-inner\">\n\t\t<div class=\"elementor-element elementor-element-22af0dd5 e-grid e-con-full e-con e-child\" data-id=\"22af0dd5\" data-element_type=\"container\">\n\t\t<div class=\"elementor-element elementor-element-45816af8 animated-fast e-con-full e-flex elementor-invisible e-con e-child\" data-id=\"45816af8\" data-element_type=\"container\" data-settings=\"{&quot;animation&quot;:&quot;fadeIn&quot;,&quot;animation_delay&quot;:500}\">\n\t\t\t\t<div class=\"elementor-element elementor-element-5feea618 elementor-widget elementor-widget-heading\" data-id=\"5feea618\" data-element_type=\"widget\" data-widget_type=\"heading.default\">\n\t\t\t\t<div class=\"elementor-widget-container\">\n\t\t\t\t\t<p class=\"elementor-heading-title elementor-size-default\">\u00e0 propos de nous<\/p>\t\t\t\t<\/div>\n\t\t\t\t<\/div>\n\t\t\t\t<div class=\"elementor-element elementor-element-32fd074a elementor-widget__width-initial elementor-widget elementor-widget-heading\" data-id=\"32fd074a\" data-element_type=\"widget\" data-widget_type=\"heading.default\">\n\t\t\t\t<div class=\"elementor-widget-container\">\n\t\t\t\t\t<h1 class=\"elementor-heading-title elementor-size-default\">M\u00e9thodes de traitement<\/h1>\t\t\t\t<\/div>\n\t\t\t\t<\/div>\n\t\t\t\t<div class=\"elementor-element elementor-element-6cd2e3fb elementor-widget__width-initial elementor-widget-mobile__width-inherit elementor-widget elementor-widget-text-editor\" data-id=\"6cd2e3fb\" data-element_type=\"widget\" data-widget_type=\"text-editor.default\">\n\t\t\t\t<div class=\"elementor-widget-container\">\n\t\t\t\t\t\t\t\t\t<p>Nous proposons des m\u00e9thodes de traitement professionnelles et personnalis\u00e9es, bas\u00e9es sur la confiance. Des technologies de pointe et une expertise compl\u00e8te garantissent des solutions optimales pour votre sant\u00e9 dentaire.<\/p>\t\t\t\t\t\t\t\t<\/div>\n\t\t\t\t<\/div>\n\t\t<div class=\"elementor-element elementor-element-611e7af4 e-con-full e-flex e-con e-child\" data-id=\"611e7af4\" data-element_type=\"container\">\n\t\t\t\t<div class=\"elementor-element elementor-element-23521c00 elementor-mobile-align-justify elementor-widget-mobile__width-inherit elementor-widget elementor-widget-button\" data-id=\"23521c00\" data-element_type=\"widget\" data-widget_type=\"button.default\">\n\t\t\t\t<div class=\"elementor-widget-container\">\n\t\t\t\t\t\t\t\t\t<div class=\"elementor-button-wrapper\">\n\t\t\t\t\t<a class=\"elementor-button elementor-button-link elementor-size-sm\" href=\"https:\/\/zahnarzt-in-luzern.ch\/fr\/prendre-rendez-vous\/\">\n\t\t\t\t\t\t<span class=\"elementor-button-content-wrapper\">\n\t\t\t\t\t\t\t\t\t<span class=\"elementor-button-text\">Prendre rendez-vous chez le dentiste<\/span>\n\t\t\t\t\t<\/span>\n\t\t\t\t\t<\/a>\n\t\t\t\t<\/div>\n\t\t\t\t\t\t\t\t<\/div>\n\t\t\t\t<\/div>\n\t\t\t\t<div class=\"elementor-element elementor-element-1d8833e7 elementor-mobile-align-justify elementor-widget-mobile__width-inherit elementor-widget elementor-widget-button\" data-id=\"1d8833e7\" data-element_type=\"widget\" data-widget_type=\"button.default\">\n\t\t\t\t<div class=\"elementor-widget-container\">\n\t\t\t\t\t\t\t\t\t<div class=\"elementor-button-wrapper\">\n\t\t\t\t\t<a class=\"elementor-button elementor-button-link elementor-size-sm\" href=\"https:\/\/zahnarzt-in-luzern.ch\/fr\/contact-dentiste-lucerne\/\">\n\t\t\t\t\t\t<span class=\"elementor-button-content-wrapper\">\n\t\t\t\t\t\t\t\t\t<span class=\"elementor-button-text\">Contact<\/span>\n\t\t\t\t\t<\/span>\n\t\t\t\t\t<\/a>\n\t\t\t\t<\/div>\n\t\t\t\t\t\t\t\t<\/div>\n\t\t\t\t<\/div>\n\t\t\t\t<\/div>\n\t\t\t\t<\/div>\n\t\t<div class=\"elementor-element elementor-element-4eda5a63 e-con-full animated-fast e-flex elementor-invisible e-con e-child\" data-id=\"4eda5a63\" data-element_type=\"container\" data-settings=\"{&quot;animation&quot;:&quot;fadeIn&quot;,&quot;animation_delay&quot;:500}\">\n\t\t\t\t<div class=\"elementor-element elementor-element-6b6ad19d animated-fast elementor-invisible elementor-widget elementor-widget-image\" data-id=\"6b6ad19d\" data-element_type=\"widget\" data-settings=\"{&quot;_animation&quot;:&quot;fadeIn&quot;,&quot;_animation_delay&quot;:500}\" data-widget_type=\"image.default\">\n\t\t\t\t<div class=\"elementor-widget-container\">\n\t\t\t\t\t\t\t\t\t\t\t\t\t\t\t<img fetchpriority=\"high\" decoding=\"async\" width=\"1000\" height=\"1334\" src=\"https:\/\/zahnarzt-in-luzern.ch\/wp-content\/uploads\/zahnarzt-luzern-behandlungsmethoden-04.webp\" class=\"attachment-full size-full wp-image-6353\" alt=\"\" srcset=\"https:\/\/zahnarzt-in-luzern.ch\/wp-content\/uploads\/zahnarzt-luzern-behandlungsmethoden-04.webp 1000w, https:\/\/zahnarzt-in-luzern.ch\/wp-content\/uploads\/zahnarzt-luzern-behandlungsmethoden-04-225x300.webp 225w, https:\/\/zahnarzt-in-luzern.ch\/wp-content\/uploads\/zahnarzt-luzern-behandlungsmethoden-04-768x1025.webp 768w\" sizes=\"(max-width: 1000px) 100vw, 1000px\" \/>\t\t\t\t\t\t\t\t\t\t\t\t\t\t\t<\/div>\n\t\t\t\t<\/div>\n\t\t\t\t<\/div>\n\t\t\t\t<\/div>\n\t\t\t\t\t<\/div>\n\t\t\t\t<\/div>\n\t\t<div class=\"elementor-element elementor-element-f935370 e-flex e-con-boxed e-con e-parent\" data-id=\"f935370\" data-element_type=\"container\" data-settings=\"{&quot;background_background&quot;:&quot;classic&quot;}\">\n\t\t\t\t\t<div class=\"e-con-inner\">\n\t\t<div class=\"elementor-element elementor-element-5f4c385 e-grid e-con-boxed e-con e-child\" data-id=\"5f4c385\" data-element_type=\"container\">\n\t\t\t\t\t<div class=\"e-con-inner\">\n\t\t<div class=\"elementor-element elementor-element-9fb3987 e-con-full animated-fast e-flex elementor-invisible e-con e-child\" data-id=\"9fb3987\" data-element_type=\"container\" data-settings=\"{&quot;animation&quot;:&quot;fadeIn&quot;}\">\n\t\t\t\t<div class=\"elementor-element elementor-element-afe6a48 elementor-widget__width-initial elementor-widget-mobile__width-inherit elementor-widget elementor-widget-heading\" data-id=\"afe6a48\" data-element_type=\"widget\" data-widget_type=\"heading.default\">\n\t\t\t\t<div class=\"elementor-widget-container\">\n\t\t\t\t\t<h2 class=\"elementor-heading-title elementor-size-default\">Scanner intra-oral TRIOS<\/h2>\t\t\t\t<\/div>\n\t\t\t\t<\/div>\n\t\t\t\t<div class=\"elementor-element elementor-element-7fb75f4 elementor-widget elementor-widget-text-editor\" data-id=\"7fb75f4\" data-element_type=\"widget\" data-widget_type=\"text-editor.default\">\n\t\t\t\t<div class=\"elementor-widget-container\">\n\t\t\t\t\t\t\t\t\t<p><strong>Votre empreinte - sans aucun \u00e9tranglement.<\/strong><\/p><p>Plus jamais de masse d'empreinte g\u00eanante dans la bouche : avec la technique la plus r\u00e9cente, le scanner TRIOS sans fil et ultramoderne de 3Shape, nous saisissons vos dents num\u00e9riquement - avec pr\u00e9cision, sans contact et en quelques minutes. Au lieu d'une masse d'empreinte d\u00e9sagr\u00e9able dans la bouche pendant plusieurs minutes et d'un \u00e9touffement d\u00e9sagr\u00e9able, vous faites l'exp\u00e9rience d'une prise d'empreinte confortable et sans contact de votre situation dentaire et maxillaire - presque comme une photo.<\/p><p><strong>Le r\u00e9sultat : des images 3D haute r\u00e9solution qui servent de base parfaite pour des couronnes, des facettes, des attelles ou des implants parfaitement adapt\u00e9s.<\/strong> - en collaboration avec notre laboratoire de proth\u00e8se dentaire.<\/p><p><strong>Vos avantages en un coup d'\u0153il :<\/strong><\/p><ul><li>Pas de porte-empreinte, pas d'\u00e9touffement<\/li><li>Un scan rapide et agr\u00e9able en quelques minutes seulement<\/li><li>La plus haute pr\u00e9cision pour des restaurations parfaitement adapt\u00e9es<\/li><li>R\u00e9sultat imm\u00e9diatement visible \u00e0 l'\u00e9cran<\/li><li>Une collaboration num\u00e9rique efficace avec le laboratoire dentaire<\/li><\/ul><p>\u00a0<\/p><p>Le scanner TRIOS compte parmi les syst\u00e8mes d'empreinte num\u00e9rique les plus performants au monde et a d\u00e9j\u00e0 \u00e9t\u00e9 r\u00e9compens\u00e9 \u00e0 plusieurs reprises comme \"Best of Class Technology\".<\/p><p>Pour vous, cela signifie <strong>Plus de confort. Plus de pr\u00e9cision. Plus de confiance.<\/strong><\/p>\t\t\t\t\t\t\t\t<\/div>\n\t\t\t\t<\/div>\n\t\t\t\t<\/div>\n\t\t\t\t<div class=\"elementor-element elementor-element-21f5c51 animated-fast elementor-invisible elementor-widget elementor-widget-image\" data-id=\"21f5c51\" data-element_type=\"widget\" data-settings=\"{&quot;_animation&quot;:&quot;fadeIn&quot;,&quot;_animation_delay&quot;:200}\" data-widget_type=\"image.default\">\n\t\t\t\t<div class=\"elementor-widget-container\">\n\t\t\t\t\t\t\t\t\t\t\t\t\t\t\t<img decoding=\"async\" width=\"526\" height=\"640\" src=\"https:\/\/zahnarzt-in-luzern.ch\/wp-content\/uploads\/intraorale-kamera-zahnklinik-luzern.jpeg\" class=\"attachment-full size-full wp-image-8869 not-transparent\" alt=\"cam\u00e9ra intra-orale\" srcset=\"https:\/\/zahnarzt-in-luzern.ch\/wp-content\/uploads\/intraorale-kamera-zahnklinik-luzern.jpeg 526w, https:\/\/zahnarzt-in-luzern.ch\/wp-content\/uploads\/intraorale-kamera-zahnklinik-luzern-247x300.jpeg 247w, https:\/\/zahnarzt-in-luzern.ch\/wp-content\/uploads\/intraorale-kamera-zahnklinik-luzern-10x12.jpeg 10w\" sizes=\"(max-width: 526px) 100vw, 526px\" data-has-transparency=\"false\" data-dominant-color=\"c0bcbe\" style=\"--dominant-color: #c0bcbe\" \/>\t\t\t\t\t\t\t\t\t\t\t\t\t\t\t<\/div>\n\t\t\t\t<\/div>\n\t\t\t\t\t<\/div>\n\t\t\t\t<\/div>\n\t\t\t\t\t<\/div>\n\t\t\t\t<\/div>\n\t\t<div class=\"elementor-element elementor-element-1541cabc e-flex e-con-boxed e-con e-parent\" data-id=\"1541cabc\" data-element_type=\"container\" data-settings=\"{&quot;background_background&quot;:&quot;classic&quot;}\">\n\t\t\t\t\t<div class=\"e-con-inner\">\n\t\t<div class=\"elementor-element elementor-element-3e98d323 animated-fast e-flex e-con-boxed elementor-invisible e-con e-child\" data-id=\"3e98d323\" data-element_type=\"container\" data-settings=\"{&quot;animation&quot;:&quot;fadeIn&quot;}\">\n\t\t\t\t\t<div class=\"e-con-inner\">\n\t\t\t\t<div class=\"elementor-element elementor-element-6ab8964f elementor-widget__width-initial elementor-widget elementor-widget-heading\" data-id=\"6ab8964f\" data-element_type=\"widget\" data-widget_type=\"heading.default\">\n\t\t\t\t<div class=\"elementor-widget-container\">\n\t\t\t\t\t<h1 class=\"elementor-heading-title elementor-size-default\">Mesure de la longueur et pr\u00e9paration m\u00e9canique<\/h1>\t\t\t\t<\/div>\n\t\t\t\t<\/div>\n\t\t\t\t\t<\/div>\n\t\t\t\t<\/div>\n\t\t<div class=\"elementor-element elementor-element-f5a7801 e-grid e-con-boxed e-con e-child\" data-id=\"f5a7801\" data-element_type=\"container\">\n\t\t\t\t\t<div class=\"e-con-inner\">\n\t\t\t\t<div class=\"elementor-element elementor-element-d5025b7 elementor-widget elementor-widget-image\" data-id=\"d5025b7\" data-element_type=\"widget\" data-widget_type=\"image.default\">\n\t\t\t\t<div class=\"elementor-widget-container\">\n\t\t\t\t\t\t\t\t\t\t\t\t\t\t\t<img decoding=\"async\" width=\"2000\" height=\"2500\" src=\"https:\/\/zahnarzt-in-luzern.ch\/wp-content\/uploads\/wurzelbehandlung-luzern-notfall.webp\" class=\"attachment-full size-full wp-image-5736\" alt=\"Traitement de racine Lucerne dentiste\" srcset=\"https:\/\/zahnarzt-in-luzern.ch\/wp-content\/uploads\/wurzelbehandlung-luzern-notfall.webp 2000w, https:\/\/zahnarzt-in-luzern.ch\/wp-content\/uploads\/wurzelbehandlung-luzern-notfall-240x300.webp 240w, https:\/\/zahnarzt-in-luzern.ch\/wp-content\/uploads\/wurzelbehandlung-luzern-notfall-819x1024.webp 819w, https:\/\/zahnarzt-in-luzern.ch\/wp-content\/uploads\/wurzelbehandlung-luzern-notfall-768x960.webp 768w, https:\/\/zahnarzt-in-luzern.ch\/wp-content\/uploads\/wurzelbehandlung-luzern-notfall-1229x1536.webp 1229w, https:\/\/zahnarzt-in-luzern.ch\/wp-content\/uploads\/wurzelbehandlung-luzern-notfall-1638x2048.webp 1638w, https:\/\/zahnarzt-in-luzern.ch\/wp-content\/uploads\/elementor\/thumbs\/wurzelbehandlung-luzern-notfall-quob2tvgz3gv42soeupxjbmkcw14hv2h9hx0r5ss9c.webp 800w\" sizes=\"(max-width: 2000px) 100vw, 2000px\" \/>\t\t\t\t\t\t\t\t\t\t\t\t\t\t\t<\/div>\n\t\t\t\t<\/div>\n\t\t<div class=\"elementor-element elementor-element-20cdf92c e-grid e-con-full animated-fast elementor-invisible e-con e-child\" data-id=\"20cdf92c\" data-element_type=\"container\" data-settings=\"{&quot;animation&quot;:&quot;fadeIn&quot;,&quot;animation_delay&quot;:250}\">\n\t\t<div class=\"elementor-element elementor-element-15e46cf7 e-con-full animated-fast e-flex elementor-invisible e-con e-child\" data-id=\"15e46cf7\" data-element_type=\"container\" data-settings=\"{&quot;animation&quot;:&quot;fadeIn&quot;,&quot;animation_delay&quot;:200}\">\n\t\t\t\t<div class=\"elementor-element elementor-element-2ec9292a elementor-widget elementor-widget-text-editor\" data-id=\"2ec9292a\" data-element_type=\"widget\" data-widget_type=\"text-editor.default\">\n\t\t\t\t<div class=\"elementor-widget-container\">\n\t\t\t\t\t\t\t\t\t<p>Pour la pr\u00e9servation de vos dents, nous effectuons des traitements de canaux radiculaires \u00e0 l'aide de la mesure endom\u00e9trique de la longueur, qui d\u00e9termine avec pr\u00e9cision la longueur des canaux radiculaires.<\/p><p><span style=\"color: var( --e-global-color-text ); font-family: var( --e-global-typography-53e1026-font-family ), Sans-serif; font-size: var( --e-global-typography-53e1026-font-size ); font-weight: var( --e-global-typography-53e1026-font-weight ); text-align: var(--text-align); background-color: var( --e-global-color-secondary );\">Pour \u00e9viter le contact avec les bact\u00e9ries de la salive, les canaux radiculaires sont isol\u00e9s pendant le traitement avec une digue en caoutchouc (\u00e9lastique de serrage). On obtient ainsi un champ de travail sec et propre.<\/span><\/p><p><span style=\"color: var( --e-global-color-text ); font-family: var( --e-global-typography-53e1026-font-family ), Sans-serif; font-size: var( --e-global-typography-53e1026-font-size ); font-weight: var( --e-global-typography-53e1026-font-weight ); text-align: var(--text-align); background-color: var( --e-global-color-secondary );\">Pour le succ\u00e8s des m\u00e9thodes de traitement dentaire_2altung, nous utilisons un tout nouveau concept de pr\u00e9paration m\u00e9canique du canal radiculaire.<\/span><\/p><p><span style=\"color: var( --e-global-color-text ); font-family: var( --e-global-typography-53e1026-font-family ), Sans-serif; font-size: var( --e-global-typography-53e1026-font-size ); font-weight: var( --e-global-typography-53e1026-font-weight ); text-align: var(--text-align); background-color: var( --e-global-color-secondary );\">Le syst\u00e8me innovant de limes en nickel-titane permet de pr\u00e9parer la plupart des canaux radiculaires avec une seule lime tr\u00e8s flexible, dont la grande \u00e9lasticit\u00e9 permet une excellente adaptation au trac\u00e9 du canal radiculaire. Gr\u00e2ce \u00e0 ce syst\u00e8me, la pr\u00e9paration du canal radiculaire se fait en douceur, en toute s\u00e9curit\u00e9 et en gagnant du temps.<\/span><\/p><p><span style=\"color: var( --e-global-color-text ); font-family: var( --e-global-typography-53e1026-font-family ), Sans-serif; font-size: var( --e-global-typography-53e1026-font-size ); font-weight: var( --e-global-typography-53e1026-font-weight ); text-align: var(--text-align); background-color: var( --e-global-color-secondary );\">Les instruments utilis\u00e9s pour votre traitement sont, contrairement \u00e0 la technique standard, des instruments \u00e0 usage unique et sont jet\u00e9s apr\u00e8s chaque traitement.<\/span><\/p><p><span style=\"color: var( --e-global-color-text ); font-family: var( --e-global-typography-53e1026-font-family ), Sans-serif; font-size: var( --e-global-typography-53e1026-font-size ); font-weight: var( --e-global-typography-53e1026-font-weight ); text-align: var(--text-align); background-color: var( --e-global-color-secondary );\">Avec l'EndoActivator, les liquides d'irrigation endodontiques sont activ\u00e9s de mani\u00e8re hydrodynamique et efficace, ce qui permet d'\u00e9liminer les bact\u00e9ries restantes dans les canaux radiculaires. Un liquide d'irrigation activ\u00e9 contribue consid\u00e9rablement au nettoyage et \u00e0 la d\u00e9sinfection en profondeur de toutes les zones du syst\u00e8me canalaire. Nous augmentons ainsi le succ\u00e8s \u00e0 long terme de votre traitement de canal radiculaire.<\/span><\/p>\t\t\t\t\t\t\t\t<\/div>\n\t\t\t\t<\/div>\n\t\t\t\t<\/div>\n\t\t\t\t<\/div>\n\t\t\t\t\t<\/div>\n\t\t\t\t<\/div>\n\t\t\t\t\t<\/div>\n\t\t\t\t<\/div>\n\t\t<div class=\"elementor-element elementor-element-a3a5ab7 e-flex e-con-boxed e-con e-parent\" data-id=\"a3a5ab7\" data-element_type=\"container\" data-settings=\"{&quot;background_background&quot;:&quot;classic&quot;}\">\n\t\t\t\t\t<div class=\"e-con-inner\">\n\t\t<div class=\"elementor-element elementor-element-fece73d e-grid e-con-boxed e-con e-child\" data-id=\"fece73d\" data-element_type=\"container\">\n\t\t\t\t\t<div class=\"e-con-inner\">\n\t\t<div class=\"elementor-element elementor-element-a0884ff e-con-full animated-fast e-flex elementor-invisible e-con e-child\" data-id=\"a0884ff\" data-element_type=\"container\" data-settings=\"{&quot;animation&quot;:&quot;fadeIn&quot;}\">\n\t\t\t\t<div class=\"elementor-element elementor-element-186cfa8 elementor-widget__width-initial elementor-widget-mobile__width-inherit elementor-widget elementor-widget-heading\" data-id=\"186cfa8\" data-element_type=\"widget\" data-widget_type=\"heading.default\">\n\t\t\t\t<div class=\"elementor-widget-container\">\n\t\t\t\t\t<h2 class=\"elementor-heading-title elementor-size-default\">Gestion moderne de l'hygi\u00e8ne<\/h2>\t\t\t\t<\/div>\n\t\t\t\t<\/div>\n\t\t\t\t<div class=\"elementor-element elementor-element-d248e6d elementor-widget elementor-widget-text-editor\" data-id=\"d248e6d\" data-element_type=\"widget\" data-widget_type=\"text-editor.default\">\n\t\t\t\t<div class=\"elementor-widget-container\">\n\t\t\t\t\t\t\t\t\t<p>Le respect de normes d'hygi\u00e8ne \u00e9lev\u00e9es est une priorit\u00e9 pour la protection de nos patients et de notre \u00e9quipe dans votre centre de sant\u00e9 dentaire de Lucerne. Tous les instruments, pi\u00e8ces \u00e0 main, contre-angles et turbines, sont retrait\u00e9s pour chaque patient.<\/p><p>Chez nous, vous pouvez toujours \u00eatre s\u00fbr d'\u00eatre trait\u00e9 avec des instruments parfaitement hygi\u00e9niques.<\/p>\t\t\t\t\t\t\t\t<\/div>\n\t\t\t\t<\/div>\n\t\t\t\t<\/div>\n\t\t\t\t<div class=\"elementor-element elementor-element-d77ddc3 animated-fast elementor-invisible elementor-widget elementor-widget-image\" data-id=\"d77ddc3\" data-element_type=\"widget\" data-settings=\"{&quot;_animation&quot;:&quot;fadeIn&quot;,&quot;_animation_delay&quot;:200}\" data-widget_type=\"image.default\">\n\t\t\t\t<div class=\"elementor-widget-container\">\n\t\t\t\t\t\t\t\t\t\t\t\t\t\t\t<img loading=\"lazy\" decoding=\"async\" width=\"1000\" height=\"1334\" src=\"https:\/\/zahnarzt-in-luzern.ch\/wp-content\/uploads\/zahnarzt-luzern-behandlungsspektrum-03.webp\" class=\"attachment-full size-full wp-image-6348\" alt=\"Dentiste Lucerne Gamme de traitements\" srcset=\"https:\/\/zahnarzt-in-luzern.ch\/wp-content\/uploads\/zahnarzt-luzern-behandlungsspektrum-03.webp 1000w, https:\/\/zahnarzt-in-luzern.ch\/wp-content\/uploads\/zahnarzt-luzern-behandlungsspektrum-03-225x300.webp 225w, https:\/\/zahnarzt-in-luzern.ch\/wp-content\/uploads\/zahnarzt-luzern-behandlungsspektrum-03-768x1025.webp 768w\" sizes=\"(max-width: 1000px) 100vw, 1000px\" \/>\t\t\t\t\t\t\t\t\t\t\t\t\t\t\t<\/div>\n\t\t\t\t<\/div>\n\t\t\t\t\t<\/div>\n\t\t\t\t<\/div>\n\t\t\t\t\t<\/div>\n\t\t\t\t<\/div>\n\t\t<div class=\"elementor-element elementor-element-f119100 e-flex e-con-boxed e-con e-parent\" data-id=\"f119100\" data-element_type=\"container\" data-settings=\"{&quot;background_background&quot;:&quot;classic&quot;}\">\n\t\t\t\t\t<div class=\"e-con-inner\">\n\t\t<div class=\"elementor-element elementor-element-894d5c3 e-grid e-con-boxed e-con e-child\" data-id=\"894d5c3\" data-element_type=\"container\">\n\t\t\t\t\t<div class=\"e-con-inner\">\n\t\t\t\t<div class=\"elementor-element elementor-element-2ccf7aa animated-fast elementor-invisible elementor-widget elementor-widget-image\" data-id=\"2ccf7aa\" data-element_type=\"widget\" data-settings=\"{&quot;_animation&quot;:&quot;fadeIn&quot;}\" data-widget_type=\"image.default\">\n\t\t\t\t<div class=\"elementor-widget-container\">\n\t\t\t\t\t\t\t\t\t\t\t\t\t\t\t<img loading=\"lazy\" decoding=\"async\" width=\"2000\" height=\"2500\" src=\"https:\/\/zahnarzt-in-luzern.ch\/wp-content\/uploads\/zahnarzt-luzern-behandlungsspektrum-02.webp\" class=\"attachment-full size-full wp-image-6347\" alt=\"Dentiste Lucerne Gamme de traitements\" srcset=\"https:\/\/zahnarzt-in-luzern.ch\/wp-content\/uploads\/zahnarzt-luzern-behandlungsspektrum-02.webp 2000w, https:\/\/zahnarzt-in-luzern.ch\/wp-content\/uploads\/zahnarzt-luzern-behandlungsspektrum-02-240x300.webp 240w, https:\/\/zahnarzt-in-luzern.ch\/wp-content\/uploads\/zahnarzt-luzern-behandlungsspektrum-02-819x1024.webp 819w, https:\/\/zahnarzt-in-luzern.ch\/wp-content\/uploads\/zahnarzt-luzern-behandlungsspektrum-02-768x960.webp 768w, https:\/\/zahnarzt-in-luzern.ch\/wp-content\/uploads\/zahnarzt-luzern-behandlungsspektrum-02-1229x1536.webp 1229w, https:\/\/zahnarzt-in-luzern.ch\/wp-content\/uploads\/zahnarzt-luzern-behandlungsspektrum-02-1638x2048.webp 1638w, https:\/\/zahnarzt-in-luzern.ch\/wp-content\/uploads\/elementor\/thumbs\/zahnarzt-luzern-behandlungsspektrum-02-quq15802xe6lid7t4ojknhcfmiztw1g9spope8udcg.webp 800w\" sizes=\"(max-width: 2000px) 100vw, 2000px\" \/>\t\t\t\t\t\t\t\t\t\t\t\t\t\t\t<\/div>\n\t\t\t\t<\/div>\n\t\t<div class=\"elementor-element elementor-element-b197742 e-con-full animated-fast e-flex elementor-invisible e-con e-child\" data-id=\"b197742\" data-element_type=\"container\" data-settings=\"{&quot;animation&quot;:&quot;fadeIn&quot;,&quot;animation_delay&quot;:200}\">\n\t\t\t\t<div class=\"elementor-element elementor-element-f23f3f8 elementor-widget__width-initial elementor-widget-mobile__width-inherit elementor-widget elementor-widget-heading\" data-id=\"f23f3f8\" data-element_type=\"widget\" data-widget_type=\"heading.default\">\n\t\t\t\t<div class=\"elementor-widget-container\">\n\t\t\t\t\t<h2 class=\"elementor-heading-title elementor-size-default\">Pr\u00e9paration peu invasive<\/h2>\t\t\t\t<\/div>\n\t\t\t\t<\/div>\n\t\t\t\t<div class=\"elementor-element elementor-element-7818981 elementor-widget elementor-widget-text-editor\" data-id=\"7818981\" data-element_type=\"widget\" data-widget_type=\"text-editor.default\">\n\t\t\t\t<div class=\"elementor-widget-container\">\n\t\t\t\t\t\t\t\t\t<p>Contrairement \u00e0 la pr\u00e9paration conventionnelle, la pr\u00e9paration mini-invasive permet d'enlever juste ce qu'il faut de substance dentaire saine pour \u00e9liminer les caries en toute s\u00e9curit\u00e9.<\/p><p>En cas de petits d\u00e9fauts dentaires, des obturations en composite tr\u00e8s esth\u00e9tiques, de la m\u00eame couleur que les dents, sont pos\u00e9es gr\u00e2ce \u00e0 des proc\u00e9d\u00e9s sp\u00e9ciaux de liaison avec la substance dentaire, en ass\u00e9chant absolument les surfaces dentaires.<\/p><p>La reconstruction dentaire fid\u00e8le aux d\u00e9tails ne peut donc plus \u00eatre distingu\u00e9e de la dent naturelle.<\/p><p>Si la substance dentaire est d\u00e9j\u00e0 trop affaiblie ou si les bords de l'obturation se trouvent profond\u00e9ment sous la gencive, il faut r\u00e9aliser une restauration tr\u00e8s esth\u00e9tique, peu invasive et fabriqu\u00e9e en laboratoire, enti\u00e8rement en c\u00e9ramique (inlay, couronne partielle).<\/p>\t\t\t\t\t\t\t\t<\/div>\n\t\t\t\t<\/div>\n\t\t\t\t<\/div>\n\t\t\t\t\t<\/div>\n\t\t\t\t<\/div>\n\t\t\t\t\t<\/div>\n\t\t\t\t<\/div>\n\t\t<div class=\"elementor-element elementor-element-7ebcf26 e-flex e-con-boxed e-con e-parent\" data-id=\"7ebcf26\" data-element_type=\"container\" data-settings=\"{&quot;background_background&quot;:&quot;classic&quot;}\">\n\t\t\t\t\t<div class=\"e-con-inner\">\n\t\t<div class=\"elementor-element elementor-element-4c282c4 e-grid e-con-boxed e-con e-child\" data-id=\"4c282c4\" data-element_type=\"container\">\n\t\t\t\t\t<div class=\"e-con-inner\">\n\t\t<div class=\"elementor-element elementor-element-147d664 e-con-full animated-fast e-flex elementor-invisible e-con e-child\" data-id=\"147d664\" data-element_type=\"container\" data-settings=\"{&quot;animation&quot;:&quot;fadeIn&quot;}\">\n\t\t\t\t<div class=\"elementor-element elementor-element-2d4f78e elementor-widget__width-initial elementor-widget-mobile__width-inherit elementor-widget elementor-widget-heading\" data-id=\"2d4f78e\" data-element_type=\"widget\" data-widget_type=\"heading.default\">\n\t\t\t\t<div class=\"elementor-widget-container\">\n\t\t\t\t\t<h2 class=\"elementor-heading-title elementor-size-default\">Les lunettes-loupes avec LED<\/h2>\t\t\t\t<\/div>\n\t\t\t\t<\/div>\n\t\t\t\t<div class=\"elementor-element elementor-element-e7339fb elementor-widget elementor-widget-text-editor\" data-id=\"e7339fb\" data-element_type=\"widget\" data-widget_type=\"text-editor.default\">\n\t\t\t\t<div class=\"elementor-widget-container\">\n\t\t\t\t\t\t\t\t\t<p>Agrandissement optique pour un travail de pr\u00e9cision. Les lunettes-loupes modernes permettent un travail beaucoup plus pr\u00e9cis et minutieux, notamment pour les pr\u00e9parations dentaires, les interventions microchirurgicales et les traitements de canaux radiculaires, l'aide au grossissement avec \u00e9clairage LED fait partie de nos standards de qualit\u00e9.<\/p>\t\t\t\t\t\t\t\t<\/div>\n\t\t\t\t<\/div>\n\t\t\t\t<\/div>\n\t\t\t\t<div class=\"elementor-element elementor-element-8f56a68 animated-fast elementor-invisible elementor-widget elementor-widget-image\" data-id=\"8f56a68\" data-element_type=\"widget\" data-settings=\"{&quot;_animation&quot;:&quot;fadeIn&quot;,&quot;_animation_delay&quot;:200}\" data-widget_type=\"image.default\">\n\t\t\t\t<div class=\"elementor-widget-container\">\n\t\t\t\t\t\t\t\t\t\t\t\t\t\t\t<img loading=\"lazy\" decoding=\"async\" width=\"2000\" height=\"2500\" src=\"https:\/\/zahnarzt-in-luzern.ch\/wp-content\/uploads\/zahnarzt-luzern-behandlungsmethode-01.webp\" class=\"attachment-full size-full wp-image-6343\" alt=\"\" srcset=\"https:\/\/zahnarzt-in-luzern.ch\/wp-content\/uploads\/zahnarzt-luzern-behandlungsmethode-01.webp 2000w, https:\/\/zahnarzt-in-luzern.ch\/wp-content\/uploads\/zahnarzt-luzern-behandlungsmethode-01-240x300.webp 240w, https:\/\/zahnarzt-in-luzern.ch\/wp-content\/uploads\/zahnarzt-luzern-behandlungsmethode-01-819x1024.webp 819w, https:\/\/zahnarzt-in-luzern.ch\/wp-content\/uploads\/zahnarzt-luzern-behandlungsmethode-01-768x960.webp 768w, https:\/\/zahnarzt-in-luzern.ch\/wp-content\/uploads\/zahnarzt-luzern-behandlungsmethode-01-1229x1536.webp 1229w, https:\/\/zahnarzt-in-luzern.ch\/wp-content\/uploads\/zahnarzt-luzern-behandlungsmethode-01-1638x2048.webp 1638w\" sizes=\"(max-width: 2000px) 100vw, 2000px\" \/>\t\t\t\t\t\t\t\t\t\t\t\t\t\t\t<\/div>\n\t\t\t\t<\/div>\n\t\t\t\t\t<\/div>\n\t\t\t\t<\/div>\n\t\t\t\t\t<\/div>\n\t\t\t\t<\/div>\n\t\t\t\t<\/div>","protected":false},"excerpt":{"rendered":"<p>Qui nous sommes M\u00e9thodes de traitement Nous proposons des m\u00e9thodes de traitement professionnelles et individuelles bas\u00e9es sur la confiance. Des technologies de pointe et une expertise compl\u00e8te garantissent des solutions optimales pour votre sant\u00e9 dentaire. Prendre rendez-vous chez le dentiste Contact Scanner intra-oral TRIOS Votre empreinte \u2013 sans r\u00e9flexe naus\u00e9eux. Fini la p\u00e2te de ciment d\u00e9sagr\u00e9able dans la bouche : avec la technologie la plus r\u00e9cente, le scanner TRIOS sans fil et de pointe de 3Shape, nous capturons votre [\u2026]<\/p>","protected":false},"author":2,"featured_media":0,"parent":0,"menu_order":21,"comment_status":"closed","ping_status":"closed","template":"","meta":{"footnotes":""},"class_list":["post-4119","page","type-page","status-publish","hentry"],"_links":{"self":[{"href":"https:\/\/zahnarzt-in-luzern.ch\/fr\/wp-json\/wp\/v2\/pages\/4119","targetHints":{"allow":["GET"]}}],"collection":[{"href":"https:\/\/zahnarzt-in-luzern.ch\/fr\/wp-json\/wp\/v2\/pages"}],"about":[{"href":"https:\/\/zahnarzt-in-luzern.ch\/fr\/wp-json\/wp\/v2\/types\/page"}],"author":[{"embeddable":true,"href":"https:\/\/zahnarzt-in-luzern.ch\/fr\/wp-json\/wp\/v2\/users\/2"}],"replies":[{"embeddable":true,"href":"https:\/\/zahnarzt-in-luzern.ch\/fr\/wp-json\/wp\/v2\/comments?post=4119"}],"version-history":[{"count":166,"href":"https:\/\/zahnarzt-in-luzern.ch\/fr\/wp-json\/wp\/v2\/pages\/4119\/revisions"}],"predecessor-version":[{"id":8892,"href":"https:\/\/zahnarzt-in-luzern.ch\/fr\/wp-json\/wp\/v2\/pages\/4119\/revisions\/8892"}],"wp:attachment":[{"href":"https:\/\/zahnarzt-in-luzern.ch\/fr\/wp-json\/wp\/v2\/media?parent=4119"}],"curies":[{"name":"wp","href":"https:\/\/api.w.org\/{rel}","templated":true}]}}