{"id":4144,"date":"2024-09-23T08:51:00","date_gmt":"2024-09-23T08:51:00","guid":{"rendered":"https:\/\/zl.gefire.org\/?page_id=4144"},"modified":"2025-05-02T09:47:19","modified_gmt":"2025-05-02T09:47:19","slug":"service","status":"publish","type":"page","link":"https:\/\/zahnarzt-in-luzern.ch\/de\/service\/","title":{"rendered":"Service"},"content":{"rendered":"\t\t<div data-elementor-type=\"wp-page\" data-elementor-id=\"4144\" class=\"elementor elementor-4144\" data-elementor-post-type=\"page\">\n\t\t\t\t<div class=\"elementor-element elementor-element-324f2090 e-flex e-con-boxed e-con e-parent\" data-id=\"324f2090\" data-element_type=\"container\" data-settings=\"{&quot;background_background&quot;:&quot;gradient&quot;}\">\n\t\t\t\t\t<div class=\"e-con-inner\">\n\t\t<div class=\"elementor-element elementor-element-22af0dd5 e-grid e-con-full e-con e-child\" data-id=\"22af0dd5\" data-element_type=\"container\">\n\t\t<div class=\"elementor-element elementor-element-45816af8 animated-fast e-con-full e-flex elementor-invisible e-con e-child\" data-id=\"45816af8\" data-element_type=\"container\" data-settings=\"{&quot;animation&quot;:&quot;fadeIn&quot;,&quot;animation_delay&quot;:500}\">\n\t\t\t\t<div class=\"elementor-element elementor-element-5feea618 elementor-widget elementor-widget-heading\" data-id=\"5feea618\" data-element_type=\"widget\" data-widget_type=\"heading.default\">\n\t\t\t\t<div class=\"elementor-widget-container\">\n\t\t\t\t\t<p class=\"elementor-heading-title elementor-size-default\">exklusiver Service<\/p>\t\t\t\t<\/div>\n\t\t\t\t<\/div>\n\t\t\t\t<div class=\"elementor-element elementor-element-32fd074a elementor-widget__width-initial elementor-widget elementor-widget-heading\" data-id=\"32fd074a\" data-element_type=\"widget\" data-widget_type=\"heading.default\">\n\t\t\t\t<div class=\"elementor-widget-container\">\n\t\t\t\t\t<h1 class=\"elementor-heading-title elementor-size-default\">Service<\/h1>\t\t\t\t<\/div>\n\t\t\t\t<\/div>\n\t\t\t\t<div class=\"elementor-element elementor-element-6cd2e3fb elementor-widget__width-initial elementor-widget-mobile__width-inherit elementor-widget elementor-widget-text-editor\" data-id=\"6cd2e3fb\" data-element_type=\"widget\" data-widget_type=\"text-editor.default\">\n\t\t\t\t<div class=\"elementor-widget-container\">\n\t\t\t\t\t\t\t\t\t<p>Unser exklusiver Service ist perfekt auf Ihre individuellen Bed\u00fcrfnisse abgestimmt. Wir bieten massgeschneiderte L\u00f6sungen, um Ihre Erwartungen zu \u00fcbertreffen und h\u00f6chsten Komfort zu gew\u00e4hrleisten.<\/p>\t\t\t\t\t\t\t\t<\/div>\n\t\t\t\t<\/div>\n\t\t<div class=\"elementor-element elementor-element-611e7af4 e-con-full e-flex e-con e-child\" data-id=\"611e7af4\" data-element_type=\"container\">\n\t\t\t\t<div class=\"elementor-element elementor-element-23521c00 elementor-mobile-align-justify elementor-widget-mobile__width-inherit elementor-widget elementor-widget-button\" data-id=\"23521c00\" data-element_type=\"widget\" data-widget_type=\"button.default\">\n\t\t\t\t<div class=\"elementor-widget-container\">\n\t\t\t\t\t\t\t\t\t<div class=\"elementor-button-wrapper\">\n\t\t\t\t\t<a class=\"elementor-button elementor-button-link elementor-size-sm\" href=\"https:\/\/zahnarzt-in-luzern.ch\/de\/termin-vereinbaren\/\">\n\t\t\t\t\t\t<span class=\"elementor-button-content-wrapper\">\n\t\t\t\t\t\t\t\t\t<span class=\"elementor-button-text\">Zahnarzttermin vereinbaren<\/span>\n\t\t\t\t\t<\/span>\n\t\t\t\t\t<\/a>\n\t\t\t\t<\/div>\n\t\t\t\t\t\t\t\t<\/div>\n\t\t\t\t<\/div>\n\t\t\t\t<div class=\"elementor-element elementor-element-1d8833e7 elementor-mobile-align-justify elementor-widget-mobile__width-inherit elementor-widget elementor-widget-button\" data-id=\"1d8833e7\" data-element_type=\"widget\" data-widget_type=\"button.default\">\n\t\t\t\t<div class=\"elementor-widget-container\">\n\t\t\t\t\t\t\t\t\t<div class=\"elementor-button-wrapper\">\n\t\t\t\t\t<a class=\"elementor-button elementor-button-link elementor-size-sm\" href=\"https:\/\/zahnarzt-in-luzern.ch\/de\/kontakt-zahnarzt-luzern\/\">\n\t\t\t\t\t\t<span class=\"elementor-button-content-wrapper\">\n\t\t\t\t\t\t\t\t\t<span class=\"elementor-button-text\">Kontakt<\/span>\n\t\t\t\t\t<\/span>\n\t\t\t\t\t<\/a>\n\t\t\t\t<\/div>\n\t\t\t\t\t\t\t\t<\/div>\n\t\t\t\t<\/div>\n\t\t\t\t<\/div>\n\t\t\t\t<\/div>\n\t\t<div class=\"elementor-element elementor-element-4eda5a63 e-con-full animated-fast e-flex elementor-invisible e-con e-child\" data-id=\"4eda5a63\" data-element_type=\"container\" data-settings=\"{&quot;animation&quot;:&quot;fadeIn&quot;,&quot;animation_delay&quot;:500}\">\n\t\t\t\t<div class=\"elementor-element elementor-element-6b6ad19d elementor-widget elementor-widget-image\" data-id=\"6b6ad19d\" data-element_type=\"widget\" data-widget_type=\"image.default\">\n\t\t\t\t<div class=\"elementor-widget-container\">\n\t\t\t\t\t\t\t\t\t\t\t\t\t\t\t<img fetchpriority=\"high\" decoding=\"async\" width=\"1000\" height=\"1334\" src=\"https:\/\/zahnarzt-in-luzern.ch\/wp-content\/uploads\/zahnarzt-luzern-service-01.webp\" class=\"attachment-full size-full wp-image-6366\" alt=\"Zahnarzt Luzern Service\" srcset=\"https:\/\/zahnarzt-in-luzern.ch\/wp-content\/uploads\/zahnarzt-luzern-service-01.webp 1000w, https:\/\/zahnarzt-in-luzern.ch\/wp-content\/uploads\/zahnarzt-luzern-service-01-225x300.webp 225w, https:\/\/zahnarzt-in-luzern.ch\/wp-content\/uploads\/zahnarzt-luzern-service-01-768x1025.webp 768w\" sizes=\"(max-width: 1000px) 100vw, 1000px\" \/>\t\t\t\t\t\t\t\t\t\t\t\t\t\t\t<\/div>\n\t\t\t\t<\/div>\n\t\t\t\t<\/div>\n\t\t\t\t<\/div>\n\t\t\t\t\t<\/div>\n\t\t\t\t<\/div>\n\t\t<div class=\"elementor-element elementor-element-596f7e65 e-flex e-con-boxed e-con e-parent\" data-id=\"596f7e65\" data-element_type=\"container\" data-settings=\"{&quot;background_background&quot;:&quot;classic&quot;}\">\n\t\t\t\t\t<div class=\"e-con-inner\">\n\t\t<div class=\"elementor-element elementor-element-666d5373 e-grid e-con-boxed e-con e-child\" data-id=\"666d5373\" data-element_type=\"container\">\n\t\t\t\t\t<div class=\"e-con-inner\">\n\t\t<div class=\"elementor-element elementor-element-32d94c0f e-con-full animated-fast e-flex elementor-invisible e-con e-child\" data-id=\"32d94c0f\" data-element_type=\"container\" data-settings=\"{&quot;animation&quot;:&quot;fadeIn&quot;,&quot;animation_delay&quot;:100}\">\n\t\t\t\t<div class=\"elementor-element elementor-element-216a38c5 elementor-widget elementor-widget-heading\" data-id=\"216a38c5\" data-element_type=\"widget\" data-widget_type=\"heading.default\">\n\t\t\t\t<div class=\"elementor-widget-container\">\n\t\t\t\t\t<h2 class=\"elementor-heading-title elementor-size-default\">Unser exklusiver Service f\u00fcr Sie!<\/h2>\t\t\t\t<\/div>\n\t\t\t\t<\/div>\n\t\t\t\t<div class=\"elementor-element elementor-element-3eddc9f elementor-widget elementor-widget-image\" data-id=\"3eddc9f\" data-element_type=\"widget\" data-widget_type=\"image.default\">\n\t\t\t\t<div class=\"elementor-widget-container\">\n\t\t\t\t\t\t\t\t\t\t\t\t\t\t\t<img decoding=\"async\" width=\"768\" height=\"1024\" src=\"https:\/\/zahnarzt-in-luzern.ch\/wp-content\/uploads\/zahnarzt-luzern-service-02-768x1024.webp\" class=\"attachment-large size-large wp-image-6391\" alt=\"Zahnarzt Luzern Service\" srcset=\"https:\/\/zahnarzt-in-luzern.ch\/wp-content\/uploads\/zahnarzt-luzern-service-02-768x1025.webp 768w, https:\/\/zahnarzt-in-luzern.ch\/wp-content\/uploads\/zahnarzt-luzern-service-02-225x300.webp 225w, https:\/\/zahnarzt-in-luzern.ch\/wp-content\/uploads\/zahnarzt-luzern-service-02.webp 1000w\" sizes=\"(max-width: 768px) 100vw, 768px\" \/>\t\t\t\t\t\t\t\t\t\t\t\t\t\t\t<\/div>\n\t\t\t\t<\/div>\n\t\t\t\t<\/div>\n\t\t<div class=\"elementor-element elementor-element-d88cee6 e-con-full animated-fast e-flex elementor-invisible e-con e-child\" data-id=\"d88cee6\" data-element_type=\"container\" data-settings=\"{&quot;animation&quot;:&quot;fadeIn&quot;,&quot;animation_delay&quot;:100}\">\n\t\t\t\t<div class=\"elementor-element elementor-element-e1c5560 elementor-widget elementor-widget-n-accordion\" data-id=\"e1c5560\" data-element_type=\"widget\" data-settings=\"{&quot;default_state&quot;:&quot;expanded&quot;,&quot;max_items_expended&quot;:&quot;one&quot;,&quot;n_accordion_animation_duration&quot;:{&quot;unit&quot;:&quot;ms&quot;,&quot;size&quot;:400,&quot;sizes&quot;:[]}}\" data-widget_type=\"nested-accordion.default\">\n\t\t\t\t<div class=\"elementor-widget-container\">\n\t\t\t\t\t\t\t<div class=\"e-n-accordion\" aria-label=\"Accordion. Open links with Enter or Space, close with Escape, and navigate with Arrow Keys\">\n\t\t\t\t\t\t<details id=\"e-n-accordion-item-2360\" class=\"e-n-accordion-item\" open>\n\t\t\t\t<summary class=\"e-n-accordion-item-title\" data-accordion-index=\"1\" tabindex=\"0\" aria-expanded=\"true\" aria-controls=\"e-n-accordion-item-2360\" >\n\t\t\t\t\t<span class='e-n-accordion-item-title-header'><div class=\"e-n-accordion-item-title-text\"> Lange \u00d6ffnungszeiten <\/div><\/span>\n\t\t\t\t\t\t\t<span class='e-n-accordion-item-title-icon'>\n\t\t\t<span class='e-opened' ><svg aria-hidden=\"true\" class=\"e-font-icon-svg e-fas-minus\" viewBox=\"0 0 448 512\" xmlns=\"http:\/\/www.w3.org\/2000\/svg\"><path d=\"M416 208H32c-17.67 0-32 14.33-32 32v32c0 17.67 14.33 32 32 32h384c17.67 0 32-14.33 32-32v-32c0-17.67-14.33-32-32-32z\"><\/path><\/svg><\/span>\n\t\t\t<span class='e-closed'><svg aria-hidden=\"true\" class=\"e-font-icon-svg e-fas-plus\" viewBox=\"0 0 448 512\" xmlns=\"http:\/\/www.w3.org\/2000\/svg\"><path d=\"M416 208H272V64c0-17.67-14.33-32-32-32h-32c-17.67 0-32 14.33-32 32v144H32c-17.67 0-32 14.33-32 32v32c0 17.67 14.33 32 32 32h144v144c0 17.67 14.33 32 32 32h32c17.67 0 32-14.33 32-32V304h144c17.67 0 32-14.33 32-32v-32c0-17.67-14.33-32-32-32z\"><\/path><\/svg><\/span>\n\t\t<\/span>\n\n\t\t\t\t\t\t<\/summary>\n\t\t\t\t<div role=\"region\" aria-labelledby=\"e-n-accordion-item-2360\" class=\"elementor-element elementor-element-12ba8e5 e-con-full e-flex e-con e-child\" data-id=\"12ba8e5\" data-element_type=\"container\">\n\t\t\t\t<div class=\"elementor-element elementor-element-9d6de2d elementor-widget elementor-widget-text-editor\" data-id=\"9d6de2d\" data-element_type=\"widget\" data-widget_type=\"text-editor.default\">\n\t\t\t\t<div class=\"elementor-widget-container\">\n\t\t\t\t\t\t\t\t\t<p>Aufgrund des gestiegenen Bedarfes haben wir unsere \u00d6ffnungszeiten Ihren W\u00fcnschen angepasst.\u00a0Wir sind t\u00e4glich durchgehend von 08.00 \u2013 20.00 Uhr f\u00fcr unsere Patienten da!\u00a0Individuelle Beratungs- und Behandlungstermine ausserhalb der angegebenen \u00d6ffnungszeiten sind nach Vereinbarung m\u00f6glich.<\/p><p>Bitte rufen Sie uns diesbez\u00fcglich an +41 41 210 77 10 oder schreiben uns eine E-Mail.<\/p>\t\t\t\t\t\t\t\t<\/div>\n\t\t\t\t<\/div>\n\t\t\t\t<\/div>\n\t\t\t\t\t<\/details>\n\t\t\t\t\t\t<details id=\"e-n-accordion-item-2361\" class=\"e-n-accordion-item\" >\n\t\t\t\t<summary class=\"e-n-accordion-item-title\" data-accordion-index=\"2\" tabindex=\"-1\" aria-expanded=\"false\" aria-controls=\"e-n-accordion-item-2361\" >\n\t\t\t\t\t<span class='e-n-accordion-item-title-header'><div class=\"e-n-accordion-item-title-text\"> Zeitmanagement wird bei uns gross geschrieben <\/div><\/span>\n\t\t\t\t\t\t\t<span class='e-n-accordion-item-title-icon'>\n\t\t\t<span class='e-opened' ><svg aria-hidden=\"true\" class=\"e-font-icon-svg e-fas-minus\" viewBox=\"0 0 448 512\" xmlns=\"http:\/\/www.w3.org\/2000\/svg\"><path d=\"M416 208H32c-17.67 0-32 14.33-32 32v32c0 17.67 14.33 32 32 32h384c17.67 0 32-14.33 32-32v-32c0-17.67-14.33-32-32-32z\"><\/path><\/svg><\/span>\n\t\t\t<span class='e-closed'><svg aria-hidden=\"true\" class=\"e-font-icon-svg e-fas-plus\" viewBox=\"0 0 448 512\" xmlns=\"http:\/\/www.w3.org\/2000\/svg\"><path d=\"M416 208H272V64c0-17.67-14.33-32-32-32h-32c-17.67 0-32 14.33-32 32v144H32c-17.67 0-32 14.33-32 32v32c0 17.67 14.33 32 32 32h144v144c0 17.67 14.33 32 32 32h32c17.67 0 32-14.33 32-32V304h144c17.67 0 32-14.33 32-32v-32c0-17.67-14.33-32-32-32z\"><\/path><\/svg><\/span>\n\t\t<\/span>\n\n\t\t\t\t\t\t<\/summary>\n\t\t\t\t<div role=\"region\" aria-labelledby=\"e-n-accordion-item-2361\" class=\"elementor-element elementor-element-2f7b6f4 e-con-full e-flex e-con e-child\" data-id=\"2f7b6f4\" data-element_type=\"container\">\n\t\t\t\t<div class=\"elementor-element elementor-element-2d09193 elementor-widget elementor-widget-text-editor\" data-id=\"2d09193\" data-element_type=\"widget\" data-widget_type=\"text-editor.default\">\n\t\t\t\t<div class=\"elementor-widget-container\">\n\t\t\t\t\t\t\t\t\t<p>Sie haben viele Termine und sind viel besch\u00e4ftigt?<br \/>Wir respektieren Ihre wertvolle Zeit und bieten Ihnen exclusive Dienstleistungen in Ihrem modernen ZahngesundheitsZentrumLuzern im Herzen von Luzern an. Ihre Zahnpraxis Luzern<\/p><p>Ganz in Ihrem Interesse stimmen wir deshalb jedes Therapiekonzept absolut individuell auf Sie und Ihren pers\u00f6nlichen Terminplan ab.<\/p><p>Wir sind bem\u00fcht, Ihre Behandlung auf m\u00f6glichst wenige Sitzungen zu beschr\u00e4nken und Ihnen auf Wunsch, Termine zu speziellen Randzeiten (am fr\u00fchen Morgen, in Ihrer Mittagspause, am sp\u00e4ten Abend oder nach Absprache ausserhalb der \u00d6ffnungszeiten) zu vergeben.<br \/>Dentalhygiene und Bleaching in Ihrer Mittagspause<br \/>Das gesamte Spektrum der modernen Zahnmedizin unter einem Dach<br \/>Zahnschonende, einf\u00fchlsame und effektive Behandlungsmethoden<br \/>Hohe Qualit\u00e4t in einer Wohlf\u00fchl-Atmosph\u00e4re<br \/>Mehrsprachige individuelle Beratung und Betreuung<br \/>Terminerinnerungen per SMS oder E-Mail<\/p>\t\t\t\t\t\t\t\t<\/div>\n\t\t\t\t<\/div>\n\t\t\t\t<\/div>\n\t\t\t\t\t<\/details>\n\t\t\t\t\t\t<details id=\"e-n-accordion-item-2362\" class=\"e-n-accordion-item\" >\n\t\t\t\t<summary class=\"e-n-accordion-item-title\" data-accordion-index=\"3\" tabindex=\"-1\" aria-expanded=\"false\" aria-controls=\"e-n-accordion-item-2362\" >\n\t\t\t\t\t<span class='e-n-accordion-item-title-header'><div class=\"e-n-accordion-item-title-text\"> Kurze Wartezeiten <\/div><\/span>\n\t\t\t\t\t\t\t<span class='e-n-accordion-item-title-icon'>\n\t\t\t<span class='e-opened' ><svg aria-hidden=\"true\" class=\"e-font-icon-svg e-fas-minus\" viewBox=\"0 0 448 512\" xmlns=\"http:\/\/www.w3.org\/2000\/svg\"><path d=\"M416 208H32c-17.67 0-32 14.33-32 32v32c0 17.67 14.33 32 32 32h384c17.67 0 32-14.33 32-32v-32c0-17.67-14.33-32-32-32z\"><\/path><\/svg><\/span>\n\t\t\t<span class='e-closed'><svg aria-hidden=\"true\" class=\"e-font-icon-svg e-fas-plus\" viewBox=\"0 0 448 512\" xmlns=\"http:\/\/www.w3.org\/2000\/svg\"><path d=\"M416 208H272V64c0-17.67-14.33-32-32-32h-32c-17.67 0-32 14.33-32 32v144H32c-17.67 0-32 14.33-32 32v32c0 17.67 14.33 32 32 32h144v144c0 17.67 14.33 32 32 32h32c17.67 0 32-14.33 32-32V304h144c17.67 0 32-14.33 32-32v-32c0-17.67-14.33-32-32-32z\"><\/path><\/svg><\/span>\n\t\t<\/span>\n\n\t\t\t\t\t\t<\/summary>\n\t\t\t\t<div role=\"region\" aria-labelledby=\"e-n-accordion-item-2362\" class=\"elementor-element elementor-element-46114e8 e-con-full e-flex e-con e-child\" data-id=\"46114e8\" data-element_type=\"container\">\n\t\t\t\t<div class=\"elementor-element elementor-element-ccb0754 elementor-widget elementor-widget-text-editor\" data-id=\"ccb0754\" data-element_type=\"widget\" data-widget_type=\"text-editor.default\">\n\t\t\t\t<div class=\"elementor-widget-container\">\n\t\t\t\t\t\t\t\t\t<p>Wir sind bem\u00fcht, die Wartezeiten so kurz wie m\u00f6glich zu halten. Deswegen legen wir Wert auf eine pers\u00f6nliche Terminvereinbarung. Eine schnelle Terminvergabe und Terminanfrage ist auch 24h am Tag online m\u00f6glich.<\/p>\t\t\t\t\t\t\t\t<\/div>\n\t\t\t\t<\/div>\n\t\t\t\t<\/div>\n\t\t\t\t\t<\/details>\n\t\t\t\t\t\t<details id=\"e-n-accordion-item-2363\" class=\"e-n-accordion-item\" >\n\t\t\t\t<summary class=\"e-n-accordion-item-title\" data-accordion-index=\"4\" tabindex=\"-1\" aria-expanded=\"false\" aria-controls=\"e-n-accordion-item-2363\" >\n\t\t\t\t\t<span class='e-n-accordion-item-title-header'><div class=\"e-n-accordion-item-title-text\"> Die Basis f\u00fcr Ihr pers\u00f6nliches Behandlungskonzept <\/div><\/span>\n\t\t\t\t\t\t\t<span class='e-n-accordion-item-title-icon'>\n\t\t\t<span class='e-opened' ><svg aria-hidden=\"true\" class=\"e-font-icon-svg e-fas-minus\" viewBox=\"0 0 448 512\" xmlns=\"http:\/\/www.w3.org\/2000\/svg\"><path d=\"M416 208H32c-17.67 0-32 14.33-32 32v32c0 17.67 14.33 32 32 32h384c17.67 0 32-14.33 32-32v-32c0-17.67-14.33-32-32-32z\"><\/path><\/svg><\/span>\n\t\t\t<span class='e-closed'><svg aria-hidden=\"true\" class=\"e-font-icon-svg e-fas-plus\" viewBox=\"0 0 448 512\" xmlns=\"http:\/\/www.w3.org\/2000\/svg\"><path d=\"M416 208H272V64c0-17.67-14.33-32-32-32h-32c-17.67 0-32 14.33-32 32v144H32c-17.67 0-32 14.33-32 32v32c0 17.67 14.33 32 32 32h144v144c0 17.67 14.33 32 32 32h32c17.67 0 32-14.33 32-32V304h144c17.67 0 32-14.33 32-32v-32c0-17.67-14.33-32-32-32z\"><\/path><\/svg><\/span>\n\t\t<\/span>\n\n\t\t\t\t\t\t<\/summary>\n\t\t\t\t<div role=\"region\" aria-labelledby=\"e-n-accordion-item-2363\" class=\"elementor-element elementor-element-5c16b7a e-con-full e-flex e-con e-child\" data-id=\"5c16b7a\" data-element_type=\"container\">\n\t\t\t\t<div class=\"elementor-element elementor-element-401caba elementor-widget elementor-widget-text-editor\" data-id=\"401caba\" data-element_type=\"widget\" data-widget_type=\"text-editor.default\">\n\t\t\t\t<div class=\"elementor-widget-container\">\n\t\t\t\t\t\t\t\t\t<p>Wir nehmen uns f\u00fcr die systematische Analyse Ihrer Z\u00e4hne und Ihrer gesamten gesundheitlichen Situation viel Zeit.<br \/>Ihr erster Termin dient einer umfangreichen Befundaufnahme und Diagnostik. Danach besprechen wir mit Ihnen ausf\u00fchrlich die Ergebnisse und erstellen auf Wunsch eine Kostenofferte. Wir erkl\u00e4ren Ihnen die einzelnen Behandlungstermine, deren Dauer und zeitlichen Abstand und erstellen daraufhin einen mit Ihnen abgestimmten Terminplan.<\/p>\t\t\t\t\t\t\t\t<\/div>\n\t\t\t\t<\/div>\n\t\t\t\t<\/div>\n\t\t\t\t\t<\/details>\n\t\t\t\t\t\t<details id=\"e-n-accordion-item-2364\" class=\"e-n-accordion-item\" >\n\t\t\t\t<summary class=\"e-n-accordion-item-title\" data-accordion-index=\"5\" tabindex=\"-1\" aria-expanded=\"false\" aria-controls=\"e-n-accordion-item-2364\" >\n\t\t\t\t\t<span class='e-n-accordion-item-title-header'><div class=\"e-n-accordion-item-title-text\"> Unsere Ziele <\/div><\/span>\n\t\t\t\t\t\t\t<span class='e-n-accordion-item-title-icon'>\n\t\t\t<span class='e-opened' ><svg aria-hidden=\"true\" class=\"e-font-icon-svg e-fas-minus\" viewBox=\"0 0 448 512\" xmlns=\"http:\/\/www.w3.org\/2000\/svg\"><path d=\"M416 208H32c-17.67 0-32 14.33-32 32v32c0 17.67 14.33 32 32 32h384c17.67 0 32-14.33 32-32v-32c0-17.67-14.33-32-32-32z\"><\/path><\/svg><\/span>\n\t\t\t<span class='e-closed'><svg aria-hidden=\"true\" class=\"e-font-icon-svg e-fas-plus\" viewBox=\"0 0 448 512\" xmlns=\"http:\/\/www.w3.org\/2000\/svg\"><path d=\"M416 208H272V64c0-17.67-14.33-32-32-32h-32c-17.67 0-32 14.33-32 32v144H32c-17.67 0-32 14.33-32 32v32c0 17.67 14.33 32 32 32h144v144c0 17.67 14.33 32 32 32h32c17.67 0 32-14.33 32-32V304h144c17.67 0 32-14.33 32-32v-32c0-17.67-14.33-32-32-32z\"><\/path><\/svg><\/span>\n\t\t<\/span>\n\n\t\t\t\t\t\t<\/summary>\n\t\t\t\t<div role=\"region\" aria-labelledby=\"e-n-accordion-item-2364\" class=\"elementor-element elementor-element-8f19a92 e-con-full e-flex e-con e-child\" data-id=\"8f19a92\" data-element_type=\"container\">\n\t\t\t\t<div class=\"elementor-element elementor-element-169183b elementor-widget elementor-widget-text-editor\" data-id=\"169183b\" data-element_type=\"widget\" data-widget_type=\"text-editor.default\">\n\t\t\t\t<div class=\"elementor-widget-container\">\n\t\t\t\t\t\t\t\t\t<ul><li>Zusammen mit Ihnen Ihre Z\u00e4hne ein Leben lang gesund und funktionsf\u00e4hig zu erhalten.<\/li><li>Ihre Angst vor dem Zahnarzt zu nehmen.<\/li><li>Ihnen ein sch\u00f6nes und gesundes L\u00e4cheln ein Leben lang zu erm\u00f6glichen.<\/li><\/ul>\t\t\t\t\t\t\t\t<\/div>\n\t\t\t\t<\/div>\n\t\t\t\t<\/div>\n\t\t\t\t\t<\/details>\n\t\t\t\t\t\t<details id=\"e-n-accordion-item-2365\" class=\"e-n-accordion-item\" >\n\t\t\t\t<summary class=\"e-n-accordion-item-title\" data-accordion-index=\"6\" tabindex=\"-1\" aria-expanded=\"false\" aria-controls=\"e-n-accordion-item-2365\" >\n\t\t\t\t\t<span class='e-n-accordion-item-title-header'><div class=\"e-n-accordion-item-title-text\"> Exakte und transparente Kostenplanung <\/div><\/span>\n\t\t\t\t\t\t\t<span class='e-n-accordion-item-title-icon'>\n\t\t\t<span class='e-opened' ><svg aria-hidden=\"true\" class=\"e-font-icon-svg e-fas-minus\" viewBox=\"0 0 448 512\" xmlns=\"http:\/\/www.w3.org\/2000\/svg\"><path d=\"M416 208H32c-17.67 0-32 14.33-32 32v32c0 17.67 14.33 32 32 32h384c17.67 0 32-14.33 32-32v-32c0-17.67-14.33-32-32-32z\"><\/path><\/svg><\/span>\n\t\t\t<span class='e-closed'><svg aria-hidden=\"true\" class=\"e-font-icon-svg e-fas-plus\" viewBox=\"0 0 448 512\" xmlns=\"http:\/\/www.w3.org\/2000\/svg\"><path d=\"M416 208H272V64c0-17.67-14.33-32-32-32h-32c-17.67 0-32 14.33-32 32v144H32c-17.67 0-32 14.33-32 32v32c0 17.67 14.33 32 32 32h144v144c0 17.67 14.33 32 32 32h32c17.67 0 32-14.33 32-32V304h144c17.67 0 32-14.33 32-32v-32c0-17.67-14.33-32-32-32z\"><\/path><\/svg><\/span>\n\t\t<\/span>\n\n\t\t\t\t\t\t<\/summary>\n\t\t\t\t<div role=\"region\" aria-labelledby=\"e-n-accordion-item-2365\" class=\"elementor-element elementor-element-ced65ea e-con-full e-flex e-con e-child\" data-id=\"ced65ea\" data-element_type=\"container\">\n\t\t\t\t<div class=\"elementor-element elementor-element-3cd067c elementor-widget elementor-widget-text-editor\" data-id=\"3cd067c\" data-element_type=\"widget\" data-widget_type=\"text-editor.default\">\n\t\t\t\t<div class=\"elementor-widget-container\">\n\t\t\t\t\t\t\t\t\t<p>Der Zustand Ihrer Z\u00e4hne tr\u00e4gt entscheidend zur Gesundheit Ihres K\u00f6rpers bei. Wir nehmen uns Zeit f\u00fcr Ihre Zahngesundheit und bieten Ihnen verschiedene individuelle L\u00f6sungen f\u00fcr Ihre Zahnprobleme an.<br \/>Die Basis hierf\u00fcr ist eine gr\u00fcndliche Diagnose, die dank moderner Technik sehr detailliert und f\u00fcr Sie als Patient transparent und verst\u00e4ndlich erfolgt. Gerne erstellen wir Ihnen einen individuellen Behandlungsplan mit einer unverbindlichen Offerte.<br \/>Auf Wunsch ist eine bequeme Direktzahlung mit EC-Karte m\u00f6glich. Fragen Sie uns einfach. 041 210 77 10<\/p>\t\t\t\t\t\t\t\t<\/div>\n\t\t\t\t<\/div>\n\t\t\t\t<\/div>\n\t\t\t\t\t<\/details>\n\t\t\t\t\t\t<details id=\"e-n-accordion-item-2366\" class=\"e-n-accordion-item\" >\n\t\t\t\t<summary class=\"e-n-accordion-item-title\" data-accordion-index=\"7\" tabindex=\"-1\" aria-expanded=\"false\" aria-controls=\"e-n-accordion-item-2366\" >\n\t\t\t\t\t<span class='e-n-accordion-item-title-header'><div class=\"e-n-accordion-item-title-text\"> Zahnreinigung mit Wellnessfaktor \u2013 Prophylaxe mit automatischem Recallsystem <\/div><\/span>\n\t\t\t\t\t\t\t<span class='e-n-accordion-item-title-icon'>\n\t\t\t<span class='e-opened' ><svg aria-hidden=\"true\" class=\"e-font-icon-svg e-fas-minus\" viewBox=\"0 0 448 512\" xmlns=\"http:\/\/www.w3.org\/2000\/svg\"><path d=\"M416 208H32c-17.67 0-32 14.33-32 32v32c0 17.67 14.33 32 32 32h384c17.67 0 32-14.33 32-32v-32c0-17.67-14.33-32-32-32z\"><\/path><\/svg><\/span>\n\t\t\t<span class='e-closed'><svg aria-hidden=\"true\" class=\"e-font-icon-svg e-fas-plus\" viewBox=\"0 0 448 512\" xmlns=\"http:\/\/www.w3.org\/2000\/svg\"><path d=\"M416 208H272V64c0-17.67-14.33-32-32-32h-32c-17.67 0-32 14.33-32 32v144H32c-17.67 0-32 14.33-32 32v32c0 17.67 14.33 32 32 32h144v144c0 17.67 14.33 32 32 32h32c17.67 0 32-14.33 32-32V304h144c17.67 0 32-14.33 32-32v-32c0-17.67-14.33-32-32-32z\"><\/path><\/svg><\/span>\n\t\t<\/span>\n\n\t\t\t\t\t\t<\/summary>\n\t\t\t\t<div role=\"region\" aria-labelledby=\"e-n-accordion-item-2366\" class=\"elementor-element elementor-element-d4d0384 e-con-full e-flex e-con e-child\" data-id=\"d4d0384\" data-element_type=\"container\">\n\t\t\t\t<div class=\"elementor-element elementor-element-f124ee3 elementor-widget elementor-widget-text-editor\" data-id=\"f124ee3\" data-element_type=\"widget\" data-widget_type=\"text-editor.default\">\n\t\t\t\t<div class=\"elementor-widget-container\">\n\t\t\t\t\t\t\t\t\t<p>Zahnerhaltende und schonende Behandlungen spielen in Ihrem ZahngesundheitsZentrumLuzern eine grosse Rolle und bilden nur einen Schwerpunkt unserer t\u00e4glichen Arbeit. Die Individualprophylaxe geh\u00f6rt deswegen zu unserem Standard-Behandlungskonzept.<br \/>Perfekte Mundhygiene in Form einer professionellen Vorsorge ist die Grundvoraussetzung f\u00fcr gesunde und sch\u00f6ne Z\u00e4hne. Eine individuelle Ern\u00e4hrungsberatung, die Erarbeitung eines h\u00e4uslichen Pflegeprogramms sowie Bleachinggeh\u00f6ren zu unserem individuellen Leistungsspektrum. Sie erhalten mit Ihrer regelm\u00e4ssigen halbj\u00e4hrlichen Zahnreinigung den h\u00f6chstm\u00f6glichen Schutz vor Karies und Parodontitis. Wir erinnern Sie automatisch mit unserem Recall-System an Ihren n\u00e4chsten Termin.<\/p><p>Profitieren Sie von unserer exclusiven VIP \u2013 Prophylaxe Card Mitgliedschaft!<\/p><p>Unser exclusiver Dentalshop unterst\u00fctzt Sie in Ihrer h\u00e4uslichen Mundhygiene!<\/p><p>Fragen Sie uns! Wir sind f\u00fcr Sie da. 041 210 77 10.<\/p>\t\t\t\t\t\t\t\t<\/div>\n\t\t\t\t<\/div>\n\t\t\t\t<\/div>\n\t\t\t\t\t<\/details>\n\t\t\t\t\t\t<details id=\"e-n-accordion-item-2367\" class=\"e-n-accordion-item\" >\n\t\t\t\t<summary class=\"e-n-accordion-item-title\" data-accordion-index=\"8\" tabindex=\"-1\" aria-expanded=\"false\" aria-controls=\"e-n-accordion-item-2367\" >\n\t\t\t\t\t<span class='e-n-accordion-item-title-header'><div class=\"e-n-accordion-item-title-text\"> Zahnmedizin 50+ <\/div><\/span>\n\t\t\t\t\t\t\t<span class='e-n-accordion-item-title-icon'>\n\t\t\t<span class='e-opened' ><svg aria-hidden=\"true\" class=\"e-font-icon-svg e-fas-minus\" viewBox=\"0 0 448 512\" xmlns=\"http:\/\/www.w3.org\/2000\/svg\"><path d=\"M416 208H32c-17.67 0-32 14.33-32 32v32c0 17.67 14.33 32 32 32h384c17.67 0 32-14.33 32-32v-32c0-17.67-14.33-32-32-32z\"><\/path><\/svg><\/span>\n\t\t\t<span class='e-closed'><svg aria-hidden=\"true\" class=\"e-font-icon-svg e-fas-plus\" viewBox=\"0 0 448 512\" xmlns=\"http:\/\/www.w3.org\/2000\/svg\"><path d=\"M416 208H272V64c0-17.67-14.33-32-32-32h-32c-17.67 0-32 14.33-32 32v144H32c-17.67 0-32 14.33-32 32v32c0 17.67 14.33 32 32 32h144v144c0 17.67 14.33 32 32 32h32c17.67 0 32-14.33 32-32V304h144c17.67 0 32-14.33 32-32v-32c0-17.67-14.33-32-32-32z\"><\/path><\/svg><\/span>\n\t\t<\/span>\n\n\t\t\t\t\t\t<\/summary>\n\t\t\t\t<div role=\"region\" aria-labelledby=\"e-n-accordion-item-2367\" class=\"elementor-element elementor-element-7114caa e-con-full e-flex e-con e-child\" data-id=\"7114caa\" data-element_type=\"container\">\n\t\t\t\t<div class=\"elementor-element elementor-element-537cd1a elementor-widget elementor-widget-text-editor\" data-id=\"537cd1a\" data-element_type=\"widget\" data-widget_type=\"text-editor.default\">\n\t\t\t\t<div class=\"elementor-widget-container\">\n\t\t\t\t\t\t\t\t\t<p>Die pers\u00f6nliche Beratung und Behandlung von Patienten \u00fcber 50 hat f\u00fcr uns eine grosse Bedeutung. Im reiferen Alter ist ein voll funktionsf\u00e4higes Gebiss nicht nur im Hinblick auf \u00c4sthetik, sondern vor allem auf die Kaufunktion sehr wichtig. Damit wird Ihre Gesundheit gesch\u00fctzt und Ihre Lebensqualit\u00e4t erhalten.<br \/>Wir beraten Sie gerne \u00fcber Zahnersatz \u2013 und Implantatm\u00f6glichkeiten.<\/p>\t\t\t\t\t\t\t\t<\/div>\n\t\t\t\t<\/div>\n\t\t\t\t<\/div>\n\t\t\t\t\t<\/details>\n\t\t\t\t\t\t<details id=\"e-n-accordion-item-2368\" class=\"e-n-accordion-item\" >\n\t\t\t\t<summary class=\"e-n-accordion-item-title\" data-accordion-index=\"9\" tabindex=\"-1\" aria-expanded=\"false\" aria-controls=\"e-n-accordion-item-2368\" >\n\t\t\t\t\t<span class='e-n-accordion-item-title-header'><div class=\"e-n-accordion-item-title-text\"> \u00c4sthetiklabor in Luzern <\/div><\/span>\n\t\t\t\t\t\t\t<span class='e-n-accordion-item-title-icon'>\n\t\t\t<span class='e-opened' ><svg aria-hidden=\"true\" class=\"e-font-icon-svg e-fas-minus\" viewBox=\"0 0 448 512\" xmlns=\"http:\/\/www.w3.org\/2000\/svg\"><path d=\"M416 208H32c-17.67 0-32 14.33-32 32v32c0 17.67 14.33 32 32 32h384c17.67 0 32-14.33 32-32v-32c0-17.67-14.33-32-32-32z\"><\/path><\/svg><\/span>\n\t\t\t<span class='e-closed'><svg aria-hidden=\"true\" class=\"e-font-icon-svg e-fas-plus\" viewBox=\"0 0 448 512\" xmlns=\"http:\/\/www.w3.org\/2000\/svg\"><path d=\"M416 208H272V64c0-17.67-14.33-32-32-32h-32c-17.67 0-32 14.33-32 32v144H32c-17.67 0-32 14.33-32 32v32c0 17.67 14.33 32 32 32h144v144c0 17.67 14.33 32 32 32h32c17.67 0 32-14.33 32-32V304h144c17.67 0 32-14.33 32-32v-32c0-17.67-14.33-32-32-32z\"><\/path><\/svg><\/span>\n\t\t<\/span>\n\n\t\t\t\t\t\t<\/summary>\n\t\t\t\t<div role=\"region\" aria-labelledby=\"e-n-accordion-item-2368\" class=\"elementor-element elementor-element-4b1e60d e-con-full e-flex e-con e-child\" data-id=\"4b1e60d\" data-element_type=\"container\">\n\t\t\t\t<div class=\"elementor-element elementor-element-a12fbb7 elementor-widget elementor-widget-text-editor\" data-id=\"a12fbb7\" data-element_type=\"widget\" data-widget_type=\"text-editor.default\">\n\t\t\t\t<div class=\"elementor-widget-container\">\n\t\t\t\t\t\t\t\t\t<p>Von der metallfreien Vollkeramikversorgung bis zum detailgenauen, implantatgetragenen Zahnersatz werden alle labortechnischen Arbeiten vor Ort in Luzern angefertigt. Ihre individuellen W\u00fcnsche k\u00f6nnen somit voll und ganz ber\u00fccksichtigt werden. Bei unserem hohen Qualit\u00e4tsanspruch ist es selbstverst\u00e4ndlich, dass ausschliesslich hochwertigste Materialien verwendet werden. Wir legen Wert auf einheimische, schweizer Qualit\u00e4tsarbeit und lassen daher nicht im Ausland produzieren.<\/p>\t\t\t\t\t\t\t\t<\/div>\n\t\t\t\t<\/div>\n\t\t\t\t<\/div>\n\t\t\t\t\t<\/details>\n\t\t\t\t\t\t<details id=\"e-n-accordion-item-2369\" class=\"e-n-accordion-item\" >\n\t\t\t\t<summary class=\"e-n-accordion-item-title\" data-accordion-index=\"10\" tabindex=\"-1\" aria-expanded=\"false\" aria-controls=\"e-n-accordion-item-2369\" >\n\t\t\t\t\t<span class='e-n-accordion-item-title-header'><div class=\"e-n-accordion-item-title-text\"> Spezielle Kindertage <\/div><\/span>\n\t\t\t\t\t\t\t<span class='e-n-accordion-item-title-icon'>\n\t\t\t<span class='e-opened' ><svg aria-hidden=\"true\" class=\"e-font-icon-svg e-fas-minus\" viewBox=\"0 0 448 512\" xmlns=\"http:\/\/www.w3.org\/2000\/svg\"><path d=\"M416 208H32c-17.67 0-32 14.33-32 32v32c0 17.67 14.33 32 32 32h384c17.67 0 32-14.33 32-32v-32c0-17.67-14.33-32-32-32z\"><\/path><\/svg><\/span>\n\t\t\t<span class='e-closed'><svg aria-hidden=\"true\" class=\"e-font-icon-svg e-fas-plus\" viewBox=\"0 0 448 512\" xmlns=\"http:\/\/www.w3.org\/2000\/svg\"><path d=\"M416 208H272V64c0-17.67-14.33-32-32-32h-32c-17.67 0-32 14.33-32 32v144H32c-17.67 0-32 14.33-32 32v32c0 17.67 14.33 32 32 32h144v144c0 17.67 14.33 32 32 32h32c17.67 0 32-14.33 32-32V304h144c17.67 0 32-14.33 32-32v-32c0-17.67-14.33-32-32-32z\"><\/path><\/svg><\/span>\n\t\t<\/span>\n\n\t\t\t\t\t\t<\/summary>\n\t\t\t\t<div role=\"region\" aria-labelledby=\"e-n-accordion-item-2369\" class=\"elementor-element elementor-element-642e511 e-con-full e-flex e-con e-child\" data-id=\"642e511\" data-element_type=\"container\">\n\t\t\t\t<div class=\"elementor-element elementor-element-96e546a elementor-widget elementor-widget-text-editor\" data-id=\"96e546a\" data-element_type=\"widget\" data-widget_type=\"text-editor.default\">\n\t\t\t\t<div class=\"elementor-widget-container\">\n\t\t\t\t\t\t\t\t\t<p>Wir bieten unseren kleinen Patienten regelm\u00e4ssig spezielle Kindertage an. In kleinen Gruppen erfolgt die Untersuchung und eventuelle Behandlung auf spielerische Art und Weise. Der Zahnarztbesuch wird f\u00fcr Ihre Kinder somit zu einem spielerischen Ereignis, der sogar Spass macht.<br \/>Bitte kontaktieren Sie uns, um mehr \u00fcber unsere Kindertage zu erfahren 041 210 77 10.<\/p>\t\t\t\t\t\t\t\t<\/div>\n\t\t\t\t<\/div>\n\t\t\t\t<\/div>\n\t\t\t\t\t<\/details>\n\t\t\t\t\t\t<details id=\"e-n-accordion-item-23610\" class=\"e-n-accordion-item\" >\n\t\t\t\t<summary class=\"e-n-accordion-item-title\" data-accordion-index=\"11\" tabindex=\"-1\" aria-expanded=\"false\" aria-controls=\"e-n-accordion-item-23610\" >\n\t\t\t\t\t<span class='e-n-accordion-item-title-header'><div class=\"e-n-accordion-item-title-text\"> Informationsabende f\u00fcr Patienten <\/div><\/span>\n\t\t\t\t\t\t\t<span class='e-n-accordion-item-title-icon'>\n\t\t\t<span class='e-opened' ><svg aria-hidden=\"true\" class=\"e-font-icon-svg e-fas-minus\" viewBox=\"0 0 448 512\" xmlns=\"http:\/\/www.w3.org\/2000\/svg\"><path d=\"M416 208H32c-17.67 0-32 14.33-32 32v32c0 17.67 14.33 32 32 32h384c17.67 0 32-14.33 32-32v-32c0-17.67-14.33-32-32-32z\"><\/path><\/svg><\/span>\n\t\t\t<span class='e-closed'><svg aria-hidden=\"true\" class=\"e-font-icon-svg e-fas-plus\" viewBox=\"0 0 448 512\" xmlns=\"http:\/\/www.w3.org\/2000\/svg\"><path d=\"M416 208H272V64c0-17.67-14.33-32-32-32h-32c-17.67 0-32 14.33-32 32v144H32c-17.67 0-32 14.33-32 32v32c0 17.67 14.33 32 32 32h144v144c0 17.67 14.33 32 32 32h32c17.67 0 32-14.33 32-32V304h144c17.67 0 32-14.33 32-32v-32c0-17.67-14.33-32-32-32z\"><\/path><\/svg><\/span>\n\t\t<\/span>\n\n\t\t\t\t\t\t<\/summary>\n\t\t\t\t<div role=\"region\" aria-labelledby=\"e-n-accordion-item-23610\" class=\"elementor-element elementor-element-573d6e9 e-con-full e-flex e-con e-child\" data-id=\"573d6e9\" data-element_type=\"container\">\n\t\t\t\t<div class=\"elementor-element elementor-element-a48ddd2 elementor-widget elementor-widget-text-editor\" data-id=\"a48ddd2\" data-element_type=\"widget\" data-widget_type=\"text-editor.default\">\n\t\t\t\t<div class=\"elementor-widget-container\">\n\t\t\t\t\t\t\t\t\t<p>F\u00fcr unsere Patienten und werdende Patienten veranstalten wir regelm\u00e4ssig Info-Abende, an denen Sie sich unverbindlich und kostenlos zu verschiedenen Themen informieren k\u00f6nnen. Hier erhalten Sie wertvolle Informationen und haben gleichzeitig die M\u00f6glichkeit aktuelle Fragen mit den Referentinnen- und Referenten zu diskutieren.<br \/>Gerne informieren wir Sie \u00fcber die Daten f\u00fcr den jeweiligen Info-Abend, die hier demn\u00e4chst erscheinen werden.<\/p><p>Da die Teilnehmeranzahl begrenzt ist, sind wir Ihnen f\u00fcr eine rechtzeitige vorherige Anmeldung dankbar.<br \/>041 210 77 10<\/p>\t\t\t\t\t\t\t\t<\/div>\n\t\t\t\t<\/div>\n\t\t\t\t<\/div>\n\t\t\t\t\t<\/details>\n\t\t\t\t\t\t<details id=\"e-n-accordion-item-23611\" class=\"e-n-accordion-item\" >\n\t\t\t\t<summary class=\"e-n-accordion-item-title\" data-accordion-index=\"12\" tabindex=\"-1\" aria-expanded=\"false\" aria-controls=\"e-n-accordion-item-23611\" >\n\t\t\t\t\t<span class='e-n-accordion-item-title-header'><div class=\"e-n-accordion-item-title-text\"> First Class Service bei Ihrem Zahngesundheits Zentrum Luzern <\/div><\/span>\n\t\t\t\t\t\t\t<span class='e-n-accordion-item-title-icon'>\n\t\t\t<span class='e-opened' ><svg aria-hidden=\"true\" class=\"e-font-icon-svg e-fas-minus\" viewBox=\"0 0 448 512\" xmlns=\"http:\/\/www.w3.org\/2000\/svg\"><path d=\"M416 208H32c-17.67 0-32 14.33-32 32v32c0 17.67 14.33 32 32 32h384c17.67 0 32-14.33 32-32v-32c0-17.67-14.33-32-32-32z\"><\/path><\/svg><\/span>\n\t\t\t<span class='e-closed'><svg aria-hidden=\"true\" class=\"e-font-icon-svg e-fas-plus\" viewBox=\"0 0 448 512\" xmlns=\"http:\/\/www.w3.org\/2000\/svg\"><path d=\"M416 208H272V64c0-17.67-14.33-32-32-32h-32c-17.67 0-32 14.33-32 32v144H32c-17.67 0-32 14.33-32 32v32c0 17.67 14.33 32 32 32h144v144c0 17.67 14.33 32 32 32h32c17.67 0 32-14.33 32-32V304h144c17.67 0 32-14.33 32-32v-32c0-17.67-14.33-32-32-32z\"><\/path><\/svg><\/span>\n\t\t<\/span>\n\n\t\t\t\t\t\t<\/summary>\n\t\t\t\t<div role=\"region\" aria-labelledby=\"e-n-accordion-item-23611\" class=\"elementor-element elementor-element-443d936 e-con-full e-flex e-con e-child\" data-id=\"443d936\" data-element_type=\"container\">\n\t\t\t\t<div class=\"elementor-element elementor-element-36652fa elementor-widget elementor-widget-text-editor\" data-id=\"36652fa\" data-element_type=\"widget\" data-widget_type=\"text-editor.default\">\n\t\t\t\t<div class=\"elementor-widget-container\">\n\t\t\t\t\t\t\t\t\t<p>\u201eUnser VIP-Service entlastet Sie, wann immer Sie es w\u00fcnschen.!\u201c<br \/>Sie haben eine l\u00e4ngere Anreise?<\/p><p>Selbstverst\u00e4ndlich werden Sie nach Ankunft an Ihrem Zielflughafen zu Ihrer Wunschadresse chauffiert. Wir unterst\u00fctzen Sie gerne bei Ihrer Hotelbuchung. Bei Implantationen, chirurgischen Eingriffen oder grossen Pr\u00e4parationen werden Sie von einem Chauffeur gerne zu Hause abgeholt und nach erfolgreicher Behandlung wieder zur\u00fcckchauffiert.<\/p><p>\u201eSie und Ihre individuellen W\u00fcnsche stehen bei uns im Vordergrund.\u201c<\/p>\t\t\t\t\t\t\t\t<\/div>\n\t\t\t\t<\/div>\n\t\t\t\t<\/div>\n\t\t\t\t\t<\/details>\n\t\t\t\t\t<\/div>\n\t\t\t\t\t\t<\/div>\n\t\t\t\t<\/div>\n\t\t\t\t<\/div>\n\t\t\t\t\t<\/div>\n\t\t\t\t<\/div>\n\t\t\t\t\t<\/div>\n\t\t\t\t<\/div>\n\t\t\t\t<\/div>\n\t\t","protected":false},"excerpt":{"rendered":"<p>exklusiver Service Service Unser exklusiver Service ist perfekt auf Ihre individuellen Bed\u00fcrfnisse abgestimmt. Wir bieten massgeschneiderte L\u00f6sungen, um Ihre Erwartungen zu \u00fcbertreffen und h\u00f6chsten Komfort zu gew\u00e4hrleisten. Zahnarzttermin vereinbaren Kontakt Unser exklusiver Service f\u00fcr Sie! Lange \u00d6ffnungszeiten Aufgrund des gestiegenen Bedarfes haben wir unsere \u00d6ffnungszeiten Ihren W\u00fcnschen angepasst.\u00a0Wir sind t\u00e4glich durchgehend von 08.00 \u2013 20.00 [&hellip;]<\/p>\n","protected":false},"author":2,"featured_media":0,"parent":0,"menu_order":22,"comment_status":"closed","ping_status":"closed","template":"","meta":{"footnotes":""},"class_list":["post-4144","page","type-page","status-publish","hentry"],"_links":{"self":[{"href":"https:\/\/zahnarzt-in-luzern.ch\/de\/wp-json\/wp\/v2\/pages\/4144","targetHints":{"allow":["GET"]}}],"collection":[{"href":"https:\/\/zahnarzt-in-luzern.ch\/de\/wp-json\/wp\/v2\/pages"}],"about":[{"href":"https:\/\/zahnarzt-in-luzern.ch\/de\/wp-json\/wp\/v2\/types\/page"}],"author":[{"embeddable":true,"href":"https:\/\/zahnarzt-in-luzern.ch\/de\/wp-json\/wp\/v2\/users\/2"}],"replies":[{"embeddable":true,"href":"https:\/\/zahnarzt-in-luzern.ch\/de\/wp-json\/wp\/v2\/comments?post=4144"}],"version-history":[{"count":115,"href":"https:\/\/zahnarzt-in-luzern.ch\/de\/wp-json\/wp\/v2\/pages\/4144\/revisions"}],"predecessor-version":[{"id":8802,"href":"https:\/\/zahnarzt-in-luzern.ch\/de\/wp-json\/wp\/v2\/pages\/4144\/revisions\/8802"}],"wp:attachment":[{"href":"https:\/\/zahnarzt-in-luzern.ch\/de\/wp-json\/wp\/v2\/media?parent=4144"}],"curies":[{"name":"wp","href":"https:\/\/api.w.org\/{rel}","templated":true}]}}