{"id":4063,"date":"2024-09-23T08:03:27","date_gmt":"2024-09-23T08:03:27","guid":{"rendered":"https:\/\/zl.gefire.org\/?page_id=4063"},"modified":"2025-05-02T09:41:59","modified_gmt":"2025-05-02T09:41:59","slug":"wer-wir-sind","status":"publish","type":"page","link":"https:\/\/zahnarzt-in-luzern.ch\/de\/wer-wir-sind\/","title":{"rendered":"Wer wir sind"},"content":{"rendered":"\t\t<div data-elementor-type=\"wp-page\" data-elementor-id=\"4063\" class=\"elementor elementor-4063\" data-elementor-post-type=\"page\">\n\t\t\t\t<div class=\"elementor-element elementor-element-324f2090 e-flex e-con-boxed e-con e-parent\" data-id=\"324f2090\" data-element_type=\"container\" data-settings=\"{&quot;background_background&quot;:&quot;gradient&quot;}\">\n\t\t\t\t\t<div class=\"e-con-inner\">\n\t\t<div class=\"elementor-element elementor-element-22af0dd5 e-grid e-con-full e-con e-child\" data-id=\"22af0dd5\" data-element_type=\"container\">\n\t\t<div class=\"elementor-element elementor-element-45816af8 animated-fast e-con-full e-flex elementor-invisible e-con e-child\" data-id=\"45816af8\" data-element_type=\"container\" data-settings=\"{&quot;animation&quot;:&quot;fadeIn&quot;,&quot;animation_delay&quot;:500}\">\n\t\t\t\t<div class=\"elementor-element elementor-element-5feea618 elementor-widget elementor-widget-heading\" data-id=\"5feea618\" data-element_type=\"widget\" data-widget_type=\"heading.default\">\n\t\t\t\t<div class=\"elementor-widget-container\">\n\t\t\t\t\t<p class=\"elementor-heading-title elementor-size-default\">\u00dcBer uns<\/p>\t\t\t\t<\/div>\n\t\t\t\t<\/div>\n\t\t\t\t<div class=\"elementor-element elementor-element-32fd074a elementor-widget__width-initial elementor-widget elementor-widget-heading\" data-id=\"32fd074a\" data-element_type=\"widget\" data-widget_type=\"heading.default\">\n\t\t\t\t<div class=\"elementor-widget-container\">\n\t\t\t\t\t<h1 class=\"elementor-heading-title elementor-size-default\">Wer wir sind<\/h1>\t\t\t\t<\/div>\n\t\t\t\t<\/div>\n\t\t\t\t<div class=\"elementor-element elementor-element-6cd2e3fb elementor-widget__width-initial elementor-widget-mobile__width-inherit elementor-widget elementor-widget-text-editor\" data-id=\"6cd2e3fb\" data-element_type=\"widget\" data-widget_type=\"text-editor.default\">\n\t\t\t\t<div class=\"elementor-widget-container\">\n\t\t\t\t\t\t\t\t\t<p>Unser Zahnarztteam bietet professionelle und individuelle Behandlungen, bei denen Vertrauen und Patientenwohl an erster Stelle stehen. Ihre Zufriedenheit ist unser h\u00f6chstes Ziel.<\/p>\t\t\t\t\t\t\t\t<\/div>\n\t\t\t\t<\/div>\n\t\t<div class=\"elementor-element elementor-element-611e7af4 e-con-full e-flex e-con e-child\" data-id=\"611e7af4\" data-element_type=\"container\">\n\t\t\t\t<div class=\"elementor-element elementor-element-23521c00 elementor-mobile-align-justify elementor-widget-mobile__width-inherit elementor-widget elementor-widget-button\" data-id=\"23521c00\" data-element_type=\"widget\" data-widget_type=\"button.default\">\n\t\t\t\t<div class=\"elementor-widget-container\">\n\t\t\t\t\t\t\t\t\t<div class=\"elementor-button-wrapper\">\n\t\t\t\t\t<a class=\"elementor-button elementor-button-link elementor-size-sm\" href=\"https:\/\/zahnarzt-in-luzern.ch\/de\/termin-vereinbaren\/\">\n\t\t\t\t\t\t<span class=\"elementor-button-content-wrapper\">\n\t\t\t\t\t\t\t\t\t<span class=\"elementor-button-text\">Zahnarzttermin vereinbaren<\/span>\n\t\t\t\t\t<\/span>\n\t\t\t\t\t<\/a>\n\t\t\t\t<\/div>\n\t\t\t\t\t\t\t\t<\/div>\n\t\t\t\t<\/div>\n\t\t\t\t<div class=\"elementor-element elementor-element-1d8833e7 elementor-mobile-align-justify elementor-widget-mobile__width-inherit elementor-widget elementor-widget-button\" data-id=\"1d8833e7\" data-element_type=\"widget\" data-widget_type=\"button.default\">\n\t\t\t\t<div class=\"elementor-widget-container\">\n\t\t\t\t\t\t\t\t\t<div class=\"elementor-button-wrapper\">\n\t\t\t\t\t<a class=\"elementor-button elementor-button-link elementor-size-sm\" href=\"https:\/\/zahnarzt-in-luzern.ch\/de\/kontakt-zahnarzt-luzern\/\">\n\t\t\t\t\t\t<span class=\"elementor-button-content-wrapper\">\n\t\t\t\t\t\t\t\t\t<span class=\"elementor-button-text\">Kontakt<\/span>\n\t\t\t\t\t<\/span>\n\t\t\t\t\t<\/a>\n\t\t\t\t<\/div>\n\t\t\t\t\t\t\t\t<\/div>\n\t\t\t\t<\/div>\n\t\t\t\t<\/div>\n\t\t\t\t<\/div>\n\t\t<div class=\"elementor-element elementor-element-4eda5a63 e-con-full animated-fast e-flex elementor-invisible e-con e-child\" data-id=\"4eda5a63\" data-element_type=\"container\" data-settings=\"{&quot;animation&quot;:&quot;fadeIn&quot;,&quot;animation_delay&quot;:500}\">\n\t\t\t\t<div class=\"elementor-element elementor-element-6b6ad19d animated-fast elementor-invisible elementor-widget elementor-widget-image\" data-id=\"6b6ad19d\" data-element_type=\"widget\" data-settings=\"{&quot;_animation&quot;:&quot;fadeIn&quot;,&quot;_animation_delay&quot;:500}\" data-widget_type=\"image.default\">\n\t\t\t\t<div class=\"elementor-widget-container\">\n\t\t\t\t\t\t\t\t\t\t\t\t\t\t\t<img fetchpriority=\"high\" decoding=\"async\" width=\"1000\" height=\"1334\" src=\"https:\/\/zahnarzt-in-luzern.ch\/wp-content\/uploads\/zahnarzt-luzern-wer-wir-sind.webp\" class=\"attachment-full size-full wp-image-6283\" alt=\"Zahnarzt Luzern Notfall\" srcset=\"https:\/\/zahnarzt-in-luzern.ch\/wp-content\/uploads\/zahnarzt-luzern-wer-wir-sind.webp 1000w, https:\/\/zahnarzt-in-luzern.ch\/wp-content\/uploads\/zahnarzt-luzern-wer-wir-sind-225x300.webp 225w, https:\/\/zahnarzt-in-luzern.ch\/wp-content\/uploads\/zahnarzt-luzern-wer-wir-sind-768x1025.webp 768w\" sizes=\"(max-width: 1000px) 100vw, 1000px\" \/>\t\t\t\t\t\t\t\t\t\t\t\t\t\t\t<\/div>\n\t\t\t\t<\/div>\n\t\t\t\t<\/div>\n\t\t\t\t<\/div>\n\t\t\t\t\t<\/div>\n\t\t\t\t<\/div>\n\t\t<div class=\"elementor-element elementor-element-36d7c29f e-flex e-con-boxed e-con e-parent\" data-id=\"36d7c29f\" data-element_type=\"container\" data-settings=\"{&quot;background_background&quot;:&quot;classic&quot;}\">\n\t\t\t\t\t<div class=\"e-con-inner\">\n\t\t<div class=\"elementor-element elementor-element-19290cb9 e-flex e-con-boxed e-con e-child\" data-id=\"19290cb9\" data-element_type=\"container\">\n\t\t\t\t\t<div class=\"e-con-inner\">\n\t\t\t\t<div class=\"elementor-element elementor-element-50cc1d16 animated-fast elementor-invisible elementor-widget elementor-widget-heading\" data-id=\"50cc1d16\" data-element_type=\"widget\" data-settings=\"{&quot;_animation&quot;:&quot;fadeIn&quot;}\" data-widget_type=\"heading.default\">\n\t\t\t\t<div class=\"elementor-widget-container\">\n\t\t\t\t\t<h2 class=\"elementor-heading-title elementor-size-default\">Unsere Philosophie<\/h2>\t\t\t\t<\/div>\n\t\t\t\t<\/div>\n\t\t<div class=\"elementor-element elementor-element-a18d8f e-grid e-con-full e-con e-child\" data-id=\"a18d8f\" data-element_type=\"container\">\n\t\t\t\t<div class=\"elementor-element elementor-element-790ac35e animated-fast elementor-invisible elementor-widget elementor-widget-text-editor\" data-id=\"790ac35e\" data-element_type=\"widget\" data-settings=\"{&quot;_animation&quot;:&quot;fadeIn&quot;,&quot;_animation_delay&quot;:150}\" data-widget_type=\"text-editor.default\">\n\t\t\t\t<div class=\"elementor-widget-container\">\n\t\t\t\t\t\t\t\t\t<p>\u201eSch\u00f6ne und gesunde Z\u00e4hne sagen mehr als tausend Worte! Sie sind Ihre pers\u00f6nliche Visitenkarte und stehen f\u00fcr Attraktivit\u00e4t, Vitalit\u00e4t, Lebensfreude und Gesundheit. Sie f\u00f6rdern Ihr Selbstbewusstsein, Wohlbefinden, soziale Akzeptanz und Ihren Erfolg!\u201c<\/p><p>Ihr Zahngesundheits Zentrum Luzern bietet Ihnen in den Bereichen \u00c4sthetik, Zahnersatz, Implantologie, Oralchirurgie und allgemeine Zahnmedizin, Behandlungen auf dem wissenschaftlich und technisch neuesten Stand. Durch Anwendung modernster Behandlungstechniken in Kombination mit hochwertigsten Materialien und einem \u00fcberdurchschnittlichen Mass an Qualit\u00e4t und Pr\u00e4zision sorgen wir f\u00fcr ein einzigartiges Ergebnis, welches keine W\u00fcnsche offen l\u00e4sst.<\/p>\t\t\t\t\t\t\t\t<\/div>\n\t\t\t\t<\/div>\n\t\t\t\t<div class=\"elementor-element elementor-element-f35ac1a animated-fast elementor-invisible elementor-widget elementor-widget-text-editor\" data-id=\"f35ac1a\" data-element_type=\"widget\" data-settings=\"{&quot;_animation&quot;:&quot;fadeIn&quot;,&quot;_animation_delay&quot;:300}\" data-widget_type=\"text-editor.default\">\n\t\t\t\t<div class=\"elementor-widget-container\">\n\t\t\t\t\t\t\t\t\t<p>Wir behandeln unsere Patienten so, wie wir selbst behandelt werden m\u00f6chten.<\/p><p>Wir halten unsere Qualit\u00e4t hoch, aber unsere Preise fair. Vor jeder Behandlung erstellen wir Ihnen selbstverst\u00e4ndlich auf Wunsch einen detaillierten Kostenvoranschlag.<\/p><p>Sie liebe Patientin, lieber Patient stehen mit Ihren W\u00fcnschen bei uns im Vordergrund!<\/p><p>Wir freuen uns auf Ihren Anruf 041 210 77 10, denn wir k\u00fcmmern uns gerne um Sie!<\/p>\t\t\t\t\t\t\t\t<\/div>\n\t\t\t\t<\/div>\n\t\t\t\t<\/div>\n\t\t\t\t\t<\/div>\n\t\t\t\t<\/div>\n\t\t\t\t\t<\/div>\n\t\t\t\t<\/div>\n\t\t<div class=\"elementor-element elementor-element-4b9d44b e-flex e-con-boxed e-con e-parent\" data-id=\"4b9d44b\" data-element_type=\"container\" data-settings=\"{&quot;background_background&quot;:&quot;classic&quot;}\">\n\t\t\t\t\t<div class=\"e-con-inner\">\n\t\t<div class=\"elementor-element elementor-element-543fa775 e-grid e-con-boxed e-con e-child\" data-id=\"543fa775\" data-element_type=\"container\">\n\t\t\t\t\t<div class=\"e-con-inner\">\n\t\t\t\t<div class=\"elementor-element elementor-element-50ab34c8 animated-fast elementor-invisible elementor-widget elementor-widget-image\" data-id=\"50ab34c8\" data-element_type=\"widget\" data-settings=\"{&quot;_animation&quot;:&quot;fadeIn&quot;}\" data-widget_type=\"image.default\">\n\t\t\t\t<div class=\"elementor-widget-container\">\n\t\t\t\t\t\t\t\t\t\t\t\t\t\t\t<img decoding=\"async\" width=\"1000\" height=\"1334\" src=\"https:\/\/zahnarzt-in-luzern.ch\/wp-content\/uploads\/zahnarzt-luzern-rosanna-himmelfarb.webp\" class=\"attachment-full size-full wp-image-6299\" alt=\"Zahnarzt Luzern Rosanna Himmelfarb\" srcset=\"https:\/\/zahnarzt-in-luzern.ch\/wp-content\/uploads\/zahnarzt-luzern-rosanna-himmelfarb.webp 1000w, https:\/\/zahnarzt-in-luzern.ch\/wp-content\/uploads\/zahnarzt-luzern-rosanna-himmelfarb-225x300.webp 225w, https:\/\/zahnarzt-in-luzern.ch\/wp-content\/uploads\/zahnarzt-luzern-rosanna-himmelfarb-768x1025.webp 768w\" sizes=\"(max-width: 1000px) 100vw, 1000px\" \/>\t\t\t\t\t\t\t\t\t\t\t\t\t\t\t<\/div>\n\t\t\t\t<\/div>\n\t\t<div class=\"elementor-element elementor-element-36a491d0 e-con-full animated-fast e-flex elementor-invisible e-con e-child\" data-id=\"36a491d0\" data-element_type=\"container\" data-settings=\"{&quot;animation&quot;:&quot;fadeIn&quot;,&quot;animation_delay&quot;:150}\">\n\t\t\t\t<div class=\"elementor-element elementor-element-6cd07180 elementor-widget elementor-widget-heading\" data-id=\"6cd07180\" data-element_type=\"widget\" data-widget_type=\"heading.default\">\n\t\t\t\t<div class=\"elementor-widget-container\">\n\t\t\t\t\t<p class=\"elementor-heading-title elementor-size-default\">Master of Science in Orale Implantologie \/ Inhaberin<\/p>\t\t\t\t<\/div>\n\t\t\t\t<\/div>\n\t\t\t\t<div class=\"elementor-element elementor-element-24676428 elementor-widget__width-initial elementor-widget-mobile__width-inherit elementor-widget elementor-widget-heading\" data-id=\"24676428\" data-element_type=\"widget\" data-widget_type=\"heading.default\">\n\t\t\t\t<div class=\"elementor-widget-container\">\n\t\t\t\t\t<h2 class=\"elementor-heading-title elementor-size-default\">Dr.med. Dr.med.dent. Rosanna Himmelfarb<\/h2>\t\t\t\t<\/div>\n\t\t\t\t<\/div>\n\t\t\t\t<div class=\"elementor-element elementor-element-1d6d75a9 elementor-widget elementor-widget-text-editor\" data-id=\"1d6d75a9\" data-element_type=\"widget\" data-widget_type=\"text-editor.default\">\n\t\t\t\t<div class=\"elementor-widget-container\">\n\t\t\t\t\t\t\t\t\t<p>Ich lege besonders viel Wert auf eine \u00e4sthetische Zahnmedizin in Verbindung mit einer f\u00fcr meine Patienten bedarfsgerechten und individuellen Planung. Daher nehme ich mir f\u00fcr die Diagnostik und anschliessende Besprechung f\u00fcr jeden Patienten besonders viel Zeit. Mein oberstes Ziel ist eine zahnschonende, zahnerhaltende und minimalinvasive Therapie unter Ber\u00fccksichtigung der \u00c4sthetik und W\u00fcnsche meiner Patienten. Als einzige Zahn\u00e4rztin in der Zentralschweiz bin ich zertifizert f\u00fcr die \u00e4sthetische Behandlung mit Lumineers (d\u00fcnne, Non-Prep. Keramikverblendschalen).<\/p>\n<p>Da ich mich meinen Patienten gegen\u00fcber zu Qualit\u00e4t verpflichtet f\u00fchle, stelle ich die h\u00f6chsten Anspr\u00fcche an meine Behandlungsergebnisse. Zu meinen Behandlungsschwerpunkten geh\u00f6ren neben der&nbsp;\u00e4sthetischen Zahnmedizin (Veneers, vollkeramische Inlays und Teilkronen), restaurativen Zahnmedizin (Zahnersatz), Implantologie, Parodontologie (Zahnfleischerkrankungen \u2013 Parodontitiden) und Oralchirurgie (Weisheitszahnentfernungen) auch die Endodontie (zahnerhaltende Wurzelkanalbehandlungen) und konservierende Zahnheilkunde (\u00e4sthetische, zahnfarbende F\u00fcllungen).<\/p>\n<p>Meinen Beruf erf\u00fclle ich leidenschaftlich mit der besonderen Liebe zum Detail und der Perfektion in der Vollendung. Deshalb erachte ich regelm\u00e4ssige, kontinuierliche Weiterbildungen als unverzichtbar.<\/p>\t\t\t\t\t\t\t\t<\/div>\n\t\t\t\t<\/div>\n\t\t\t\t<div class=\"elementor-element elementor-element-e7d056c elementor-widget elementor-widget-text-editor\" data-id=\"e7d056c\" data-element_type=\"widget\" data-widget_type=\"text-editor.default\">\n\t\t\t\t<div class=\"elementor-widget-container\">\n\t\t\t\t\t\t\t\t\t<p><strong>Sprachkenntnisse<\/strong><br \/>Deutsch, Englisch, Franz\u00f6sisch, Russisch, Spanisch, D\u00e4nisch<\/p>\t\t\t\t\t\t\t\t<\/div>\n\t\t\t\t<\/div>\n\t\t\t\t<div class=\"elementor-element elementor-element-c40f313 elementor-icon-list--layout-traditional elementor-list-item-link-full_width elementor-widget elementor-widget-icon-list\" data-id=\"c40f313\" data-element_type=\"widget\" data-widget_type=\"icon-list.default\">\n\t\t\t\t<div class=\"elementor-widget-container\">\n\t\t\t\t\t\t\t<ul class=\"elementor-icon-list-items\">\n\t\t\t\t\t\t\t<li class=\"elementor-icon-list-item\">\n\t\t\t\t\t\t\t\t\t\t\t<a href=\"\/wp-content\/uploads\/lebenslauf-rosanna-himmelfarb.pdf\">\n\n\t\t\t\t\t\t\t\t\t\t\t\t<span class=\"elementor-icon-list-icon\">\n\t\t\t\t\t\t\t<svg aria-hidden=\"true\" class=\"e-font-icon-svg e-far-file-pdf\" viewBox=\"0 0 384 512\" xmlns=\"http:\/\/www.w3.org\/2000\/svg\"><path d=\"M369.9 97.9L286 14C277 5 264.8-.1 252.1-.1H48C21.5 0 0 21.5 0 48v416c0 26.5 21.5 48 48 48h288c26.5 0 48-21.5 48-48V131.9c0-12.7-5.1-25-14.1-34zM332.1 128H256V51.9l76.1 76.1zM48 464V48h160v104c0 13.3 10.7 24 24 24h104v288H48zm250.2-143.7c-12.2-12-47-8.7-64.4-6.5-17.2-10.5-28.7-25-36.8-46.3 3.9-16.1 10.1-40.6 5.4-56-4.2-26.2-37.8-23.6-42.6-5.9-4.4 16.1-.4 38.5 7 67.1-10 23.9-24.9 56-35.4 74.4-20 10.3-47 26.2-51 46.2-3.3 15.8 26 55.2 76.1-31.2 22.4-7.4 46.8-16.5 68.4-20.1 18.9 10.2 41 17 55.8 17 25.5 0 28-28.2 17.5-38.7zm-198.1 77.8c5.1-13.7 24.5-29.5 30.4-35-19 30.3-30.4 35.7-30.4 35zm81.6-190.6c7.4 0 6.7 32.1 1.8 40.8-4.4-13.9-4.3-40.8-1.8-40.8zm-24.4 136.6c9.7-16.9 18-37 24.7-54.7 8.3 15.1 18.9 27.2 30.1 35.5-20.8 4.3-38.9 13.1-54.8 19.2zm131.6-5s-5 6-37.3-7.8c35.1-2.6 40.9 5.4 37.3 7.8z\"><\/path><\/svg>\t\t\t\t\t\t<\/span>\n\t\t\t\t\t\t\t\t\t\t<span class=\"elementor-icon-list-text\">Lebenslauf<\/span>\n\t\t\t\t\t\t\t\t\t\t\t<\/a>\n\t\t\t\t\t\t\t\t\t<\/li>\n\t\t\t\t\t\t<\/ul>\n\t\t\t\t\t\t<\/div>\n\t\t\t\t<\/div>\n\t\t\t\t<\/div>\n\t\t\t\t\t<\/div>\n\t\t\t\t<\/div>\n\t\t\t\t\t<\/div>\n\t\t\t\t<\/div>\n\t\t<div class=\"elementor-element elementor-element-d7e52cf e-flex e-con-boxed e-con e-parent\" data-id=\"d7e52cf\" data-element_type=\"container\" data-settings=\"{&quot;background_background&quot;:&quot;classic&quot;}\">\n\t\t\t\t\t<div class=\"e-con-inner\">\n\t\t<div class=\"elementor-element elementor-element-cc1a72b e-grid e-con-boxed e-con e-child\" data-id=\"cc1a72b\" data-element_type=\"container\">\n\t\t\t\t\t<div class=\"e-con-inner\">\n\t\t<div class=\"elementor-element elementor-element-d354961 e-con-full animated-fast e-flex elementor-invisible e-con e-child\" data-id=\"d354961\" data-element_type=\"container\" data-settings=\"{&quot;animation&quot;:&quot;fadeIn&quot;}\">\n\t\t\t\t<div class=\"elementor-element elementor-element-4775010 elementor-widget elementor-widget-heading\" data-id=\"4775010\" data-element_type=\"widget\" data-widget_type=\"heading.default\">\n\t\t\t\t<div class=\"elementor-widget-container\">\n\t\t\t\t\t<p class=\"elementor-heading-title elementor-size-default\">Zahn\u00e4rztin, Fachzahn\u00e4rztin f\u00fcr Oralchirurgie, Implantologin<\/p>\t\t\t\t<\/div>\n\t\t\t\t<\/div>\n\t\t\t\t<div class=\"elementor-element elementor-element-e23004e elementor-widget__width-initial elementor-widget-mobile__width-inherit elementor-widget elementor-widget-heading\" data-id=\"e23004e\" data-element_type=\"widget\" data-widget_type=\"heading.default\">\n\t\t\t\t<div class=\"elementor-widget-container\">\n\t\t\t\t\t<h2 class=\"elementor-heading-title elementor-size-default\">Dr.med.dent. Katharina Filo<\/h2>\t\t\t\t<\/div>\n\t\t\t\t<\/div>\n\t\t\t\t<div class=\"elementor-element elementor-element-2e78051 elementor-widget elementor-widget-text-editor\" data-id=\"2e78051\" data-element_type=\"widget\" data-widget_type=\"text-editor.default\">\n\t\t\t\t<div class=\"elementor-widget-container\">\n\t\t\t\t\t\t\t\t\t<p>Mein Zahnmedizinstudium habe ich erfolgreich 2005 abgeschlossen. Nach 5 j\u00e4hriger T\u00e4tigkeit als Assistenzzahn\u00e4rztin, schloss ich 2014 die Weiterbildung zur Fachzahn\u00e4rztin Oralchirurgie an der Universit\u00e4t Z\u00fcrich, wo ich zugleich promovierte, erfolgreich ab. 2015 habe ich im Zahngesundheits Zentrum Luzern begonnen. Zu meinen Behandlungsschwerpunkten z\u00e4hlen die Implantologie mit und ohne Knochenaufbau, vollkeramischer Zahnersatz, komplexe Totalsanierungen sowie die \u00e4sthetische Zahnmedizin und die Zahnerhaltung. Stetige Weiterbildungen, sowie kollegialer Austausch im Zahnarztteam durch interne Weiterbildungen erachte ich als unverzichtbar.<\/p><p>Mein t\u00e4gliches Ziel ist es, unsere Patienten \u00fcber die f\u00fcr sie bestm\u00f6gliche Behandlungsoption individuell aufzukl\u00e4ren, sowie zahnschonend und schmerzfrei zu behandeln.<\/p><p>Sie, als Patient sollen sich bei uns wohlf\u00fchlen und mit einem sch\u00f6nem, gesundem L\u00e4cheln durchs Leben gehen.<\/p>\t\t\t\t\t\t\t\t<\/div>\n\t\t\t\t<\/div>\n\t\t\t\t<div class=\"elementor-element elementor-element-0567d99 elementor-widget elementor-widget-text-editor\" data-id=\"0567d99\" data-element_type=\"widget\" data-widget_type=\"text-editor.default\">\n\t\t\t\t<div class=\"elementor-widget-container\">\n\t\t\t\t\t\t\t\t\t<p><strong>Sprachkenntnisse<\/strong><br \/>Deutsch, Englisch, Franz\u00f6sisch, Slowakisch<\/p>\t\t\t\t\t\t\t\t<\/div>\n\t\t\t\t<\/div>\n\t\t\t\t<div class=\"elementor-element elementor-element-767c5cb elementor-icon-list--layout-traditional elementor-list-item-link-full_width elementor-widget elementor-widget-icon-list\" data-id=\"767c5cb\" data-element_type=\"widget\" data-widget_type=\"icon-list.default\">\n\t\t\t\t<div class=\"elementor-widget-container\">\n\t\t\t\t\t\t\t<ul class=\"elementor-icon-list-items\">\n\t\t\t\t\t\t\t<li class=\"elementor-icon-list-item\">\n\t\t\t\t\t\t\t\t\t\t\t<a href=\"\/wp-content\/uploads\/lebenslauf-katharina-filo.pdf\">\n\n\t\t\t\t\t\t\t\t\t\t\t\t<span class=\"elementor-icon-list-icon\">\n\t\t\t\t\t\t\t<svg aria-hidden=\"true\" class=\"e-font-icon-svg e-far-file-pdf\" viewBox=\"0 0 384 512\" xmlns=\"http:\/\/www.w3.org\/2000\/svg\"><path d=\"M369.9 97.9L286 14C277 5 264.8-.1 252.1-.1H48C21.5 0 0 21.5 0 48v416c0 26.5 21.5 48 48 48h288c26.5 0 48-21.5 48-48V131.9c0-12.7-5.1-25-14.1-34zM332.1 128H256V51.9l76.1 76.1zM48 464V48h160v104c0 13.3 10.7 24 24 24h104v288H48zm250.2-143.7c-12.2-12-47-8.7-64.4-6.5-17.2-10.5-28.7-25-36.8-46.3 3.9-16.1 10.1-40.6 5.4-56-4.2-26.2-37.8-23.6-42.6-5.9-4.4 16.1-.4 38.5 7 67.1-10 23.9-24.9 56-35.4 74.4-20 10.3-47 26.2-51 46.2-3.3 15.8 26 55.2 76.1-31.2 22.4-7.4 46.8-16.5 68.4-20.1 18.9 10.2 41 17 55.8 17 25.5 0 28-28.2 17.5-38.7zm-198.1 77.8c5.1-13.7 24.5-29.5 30.4-35-19 30.3-30.4 35.7-30.4 35zm81.6-190.6c7.4 0 6.7 32.1 1.8 40.8-4.4-13.9-4.3-40.8-1.8-40.8zm-24.4 136.6c9.7-16.9 18-37 24.7-54.7 8.3 15.1 18.9 27.2 30.1 35.5-20.8 4.3-38.9 13.1-54.8 19.2zm131.6-5s-5 6-37.3-7.8c35.1-2.6 40.9 5.4 37.3 7.8z\"><\/path><\/svg>\t\t\t\t\t\t<\/span>\n\t\t\t\t\t\t\t\t\t\t<span class=\"elementor-icon-list-text\">Lebenslauf<\/span>\n\t\t\t\t\t\t\t\t\t\t\t<\/a>\n\t\t\t\t\t\t\t\t\t<\/li>\n\t\t\t\t\t\t<\/ul>\n\t\t\t\t\t\t<\/div>\n\t\t\t\t<\/div>\n\t\t\t\t<\/div>\n\t\t\t\t<div class=\"elementor-element elementor-element-15d4221 animated-fast elementor-invisible elementor-widget elementor-widget-image\" data-id=\"15d4221\" data-element_type=\"widget\" data-settings=\"{&quot;_animation&quot;:&quot;fadeIn&quot;,&quot;_animation_delay&quot;:150}\" data-widget_type=\"image.default\">\n\t\t\t\t<div class=\"elementor-widget-container\">\n\t\t\t\t\t\t\t\t\t\t\t\t\t\t\t<img decoding=\"async\" width=\"1000\" height=\"1334\" src=\"https:\/\/zahnarzt-in-luzern.ch\/wp-content\/uploads\/zahnartz-luzern-team-01.webp\" class=\"attachment-full size-full wp-image-6303\" alt=\"Zahnarzt Luzern Team\" srcset=\"https:\/\/zahnarzt-in-luzern.ch\/wp-content\/uploads\/zahnartz-luzern-team-01.webp 1000w, https:\/\/zahnarzt-in-luzern.ch\/wp-content\/uploads\/zahnartz-luzern-team-01-225x300.webp 225w, https:\/\/zahnarzt-in-luzern.ch\/wp-content\/uploads\/zahnartz-luzern-team-01-768x1025.webp 768w\" sizes=\"(max-width: 1000px) 100vw, 1000px\" \/>\t\t\t\t\t\t\t\t\t\t\t\t\t\t\t<\/div>\n\t\t\t\t<\/div>\n\t\t\t\t\t<\/div>\n\t\t\t\t<\/div>\n\t\t\t\t\t<\/div>\n\t\t\t\t<\/div>\n\t\t<div class=\"elementor-element elementor-element-f119100 e-flex e-con-boxed e-con e-parent\" data-id=\"f119100\" data-element_type=\"container\" data-settings=\"{&quot;background_background&quot;:&quot;classic&quot;}\">\n\t\t\t\t\t<div class=\"e-con-inner\">\n\t\t<div class=\"elementor-element elementor-element-894d5c3 e-grid e-con-boxed e-con e-child\" data-id=\"894d5c3\" data-element_type=\"container\">\n\t\t\t\t\t<div class=\"e-con-inner\">\n\t\t\t\t<div class=\"elementor-element elementor-element-2ccf7aa animated-fast elementor-invisible elementor-widget elementor-widget-image\" data-id=\"2ccf7aa\" data-element_type=\"widget\" data-settings=\"{&quot;_animation&quot;:&quot;fadeIn&quot;}\" data-widget_type=\"image.default\">\n\t\t\t\t<div class=\"elementor-widget-container\">\n\t\t\t\t\t\t\t\t\t\t\t\t\t\t\t<img loading=\"lazy\" decoding=\"async\" width=\"1000\" height=\"1334\" src=\"https:\/\/zahnarzt-in-luzern.ch\/wp-content\/uploads\/zahnarzt-luzern-team-02.webp\" class=\"attachment-full size-full wp-image-6307\" alt=\"Zahnarzt Luzern Team\" srcset=\"https:\/\/zahnarzt-in-luzern.ch\/wp-content\/uploads\/zahnarzt-luzern-team-02.webp 1000w, https:\/\/zahnarzt-in-luzern.ch\/wp-content\/uploads\/zahnarzt-luzern-team-02-225x300.webp 225w, https:\/\/zahnarzt-in-luzern.ch\/wp-content\/uploads\/zahnarzt-luzern-team-02-768x1025.webp 768w\" sizes=\"(max-width: 1000px) 100vw, 1000px\" \/>\t\t\t\t\t\t\t\t\t\t\t\t\t\t\t<\/div>\n\t\t\t\t<\/div>\n\t\t<div class=\"elementor-element elementor-element-b197742 e-con-full animated-fast e-flex elementor-invisible e-con e-child\" data-id=\"b197742\" data-element_type=\"container\" data-settings=\"{&quot;animation&quot;:&quot;fadeIn&quot;,&quot;animation_delay&quot;:150}\">\n\t\t\t\t<div class=\"elementor-element elementor-element-874c243 elementor-widget elementor-widget-heading\" data-id=\"874c243\" data-element_type=\"widget\" data-widget_type=\"heading.default\">\n\t\t\t\t<div class=\"elementor-widget-container\">\n\t\t\t\t\t<p class=\"elementor-heading-title elementor-size-default\">Zahn\u00e4rztin, T\u00e4tigkeitsschwerpunkte Zahnerhaltung, Endodontie<\/p>\t\t\t\t<\/div>\n\t\t\t\t<\/div>\n\t\t\t\t<div class=\"elementor-element elementor-element-f23f3f8 elementor-widget__width-initial elementor-widget-mobile__width-inherit elementor-widget elementor-widget-heading\" data-id=\"f23f3f8\" data-element_type=\"widget\" data-widget_type=\"heading.default\">\n\t\t\t\t<div class=\"elementor-widget-container\">\n\t\t\t\t\t<h2 class=\"elementor-heading-title elementor-size-default\">Dr.med.dent. Yvonne Schreiber<\/h2>\t\t\t\t<\/div>\n\t\t\t\t<\/div>\n\t\t\t\t<div class=\"elementor-element elementor-element-7818981 elementor-widget elementor-widget-text-editor\" data-id=\"7818981\" data-element_type=\"widget\" data-widget_type=\"text-editor.default\">\n\t\t\t\t<div class=\"elementor-widget-container\">\n\t\t\t\t\t\t\t\t\t<p>Eine chinesische Weisheit besagt, der k\u00fcrzeste Weg zwischen zwei Menschen sei das L\u00e4cheln.<\/p><p>Um Ihnen ein selbstbewusstes, gesundes und sch\u00f6nes L\u00e4cheln geben zu k\u00f6nnen und dies auf lange Zeit zu erhalten, erfordert es aus meiner Sicht eine vertrauensvolle Behandlung sowie ein strukturiertes Behandlungskonzept auf h\u00f6chstem Qualit\u00e4tsniveau.<\/p><p>Ich absolvierte 2009 mein Staatsexamen als Jahrgangsbeste und promovierte 2011 an der Universit\u00e4tsklinik Freiburg. Neben und nach dem Studium lernte und vertiefte die Zahnheilkunde bei renommierten internationalen Zahn\u00e4rzten.<\/p><p>2018 habe ich in der Zahnklinik Luzern begonnen.<br \/>Ich biete Ihnen ein breites, qualit\u00e4tsorientiertes Behandlungsspektrum an, angefangen bei der F\u00fcllungstherapie bis hin zur Implantologie, \u00fcber umfassenden festsitzenden und abnehmbaren Zahnersatz, hochwertige Totalprothetik nach Prof. Gutowski, sowie komplexe und \u00e4sthetische Gesamtsanierungen. Meinen T\u00e4tigkeitsschwerpunkt liegt in der Zahnerhaltung und Endodontie (Wurzelkanalbehandlung), da ich die Gesundheit der eigenen, nat\u00fcrlichen Z\u00e4hne als oberste Priorit\u00e4t ansehe.<\/p><p>Durch h\u00e4ufige nationale, internationale sowie interne Weiterbildung bin ich immer auf dem aktuellen Stand der Wissenschaft, um unseren Patienten die bestm\u00f6gliche Behandlung bieten zu k\u00f6nnen.<\/p><p>Der langj\u00e4hrige Erhalt Ihrer Z\u00e4hne und Ihre Zufriedenheit ist dabei unser h\u00f6chstes Ziel.<\/p>\t\t\t\t\t\t\t\t<\/div>\n\t\t\t\t<\/div>\n\t\t\t\t<div class=\"elementor-element elementor-element-642adbd elementor-widget elementor-widget-text-editor\" data-id=\"642adbd\" data-element_type=\"widget\" data-widget_type=\"text-editor.default\">\n\t\t\t\t<div class=\"elementor-widget-container\">\n\t\t\t\t\t\t\t\t\t<p><strong>Sprachkenntnisse<\/strong><br \/>Deutsch, Englisch, Spanisch<\/p>\t\t\t\t\t\t\t\t<\/div>\n\t\t\t\t<\/div>\n\t\t\t\t<div class=\"elementor-element elementor-element-aec4a76 elementor-icon-list--layout-traditional elementor-list-item-link-full_width elementor-widget elementor-widget-icon-list\" data-id=\"aec4a76\" data-element_type=\"widget\" data-widget_type=\"icon-list.default\">\n\t\t\t\t<div class=\"elementor-widget-container\">\n\t\t\t\t\t\t\t<ul class=\"elementor-icon-list-items\">\n\t\t\t\t\t\t\t<li class=\"elementor-icon-list-item\">\n\t\t\t\t\t\t\t\t\t\t\t<a href=\"\/wp-content\/uploads\/lebenslauf-yvonne-schreiber.pdf\">\n\n\t\t\t\t\t\t\t\t\t\t\t\t<span class=\"elementor-icon-list-icon\">\n\t\t\t\t\t\t\t<svg aria-hidden=\"true\" class=\"e-font-icon-svg e-far-file-pdf\" viewBox=\"0 0 384 512\" xmlns=\"http:\/\/www.w3.org\/2000\/svg\"><path d=\"M369.9 97.9L286 14C277 5 264.8-.1 252.1-.1H48C21.5 0 0 21.5 0 48v416c0 26.5 21.5 48 48 48h288c26.5 0 48-21.5 48-48V131.9c0-12.7-5.1-25-14.1-34zM332.1 128H256V51.9l76.1 76.1zM48 464V48h160v104c0 13.3 10.7 24 24 24h104v288H48zm250.2-143.7c-12.2-12-47-8.7-64.4-6.5-17.2-10.5-28.7-25-36.8-46.3 3.9-16.1 10.1-40.6 5.4-56-4.2-26.2-37.8-23.6-42.6-5.9-4.4 16.1-.4 38.5 7 67.1-10 23.9-24.9 56-35.4 74.4-20 10.3-47 26.2-51 46.2-3.3 15.8 26 55.2 76.1-31.2 22.4-7.4 46.8-16.5 68.4-20.1 18.9 10.2 41 17 55.8 17 25.5 0 28-28.2 17.5-38.7zm-198.1 77.8c5.1-13.7 24.5-29.5 30.4-35-19 30.3-30.4 35.7-30.4 35zm81.6-190.6c7.4 0 6.7 32.1 1.8 40.8-4.4-13.9-4.3-40.8-1.8-40.8zm-24.4 136.6c9.7-16.9 18-37 24.7-54.7 8.3 15.1 18.9 27.2 30.1 35.5-20.8 4.3-38.9 13.1-54.8 19.2zm131.6-5s-5 6-37.3-7.8c35.1-2.6 40.9 5.4 37.3 7.8z\"><\/path><\/svg>\t\t\t\t\t\t<\/span>\n\t\t\t\t\t\t\t\t\t\t<span class=\"elementor-icon-list-text\">Lebenslauf<\/span>\n\t\t\t\t\t\t\t\t\t\t\t<\/a>\n\t\t\t\t\t\t\t\t\t<\/li>\n\t\t\t\t\t\t<\/ul>\n\t\t\t\t\t\t<\/div>\n\t\t\t\t<\/div>\n\t\t\t\t<\/div>\n\t\t\t\t\t<\/div>\n\t\t\t\t<\/div>\n\t\t\t\t\t<\/div>\n\t\t\t\t<\/div>\n\t\t<div class=\"elementor-element elementor-element-f935370 e-flex e-con-boxed e-con e-parent\" data-id=\"f935370\" data-element_type=\"container\" data-settings=\"{&quot;background_background&quot;:&quot;classic&quot;}\">\n\t\t\t\t\t<div class=\"e-con-inner\">\n\t\t<div class=\"elementor-element elementor-element-5f4c385 e-grid e-con-boxed e-con e-child\" data-id=\"5f4c385\" data-element_type=\"container\">\n\t\t\t\t\t<div class=\"e-con-inner\">\n\t\t<div class=\"elementor-element elementor-element-9fb3987 e-con-full animated-fast e-flex elementor-invisible e-con e-child\" data-id=\"9fb3987\" data-element_type=\"container\" data-settings=\"{&quot;animation&quot;:&quot;fadeIn&quot;}\">\n\t\t\t\t<div class=\"elementor-element elementor-element-7136e36 elementor-widget elementor-widget-heading\" data-id=\"7136e36\" data-element_type=\"widget\" data-widget_type=\"heading.default\">\n\t\t\t\t<div class=\"elementor-widget-container\">\n\t\t\t\t\t<p class=\"elementor-heading-title elementor-size-default\">Zahn\u00e4rztin, Allgemeine Zahnmedizin<\/p>\t\t\t\t<\/div>\n\t\t\t\t<\/div>\n\t\t\t\t<div class=\"elementor-element elementor-element-afe6a48 elementor-widget__width-initial elementor-widget-mobile__width-inherit elementor-widget elementor-widget-heading\" data-id=\"afe6a48\" data-element_type=\"widget\" data-widget_type=\"heading.default\">\n\t\t\t\t<div class=\"elementor-widget-container\">\n\t\t\t\t\t<h2 class=\"elementor-heading-title elementor-size-default\">Dr.med.dent. Dagmar Shefkiu<\/h2>\t\t\t\t<\/div>\n\t\t\t\t<\/div>\n\t\t\t\t<div class=\"elementor-element elementor-element-7fb75f4 elementor-widget elementor-widget-text-editor\" data-id=\"7fb75f4\" data-element_type=\"widget\" data-widget_type=\"text-editor.default\">\n\t\t\t\t<div class=\"elementor-widget-container\">\n\t\t\t\t\t\t\t\t\t<p>Mein Zahnmedizinstudium habe ich erfolgreich 1974 abgeschlossen. Nach anschliessender Promotion und T\u00e4tigkeit in Assistenzzahn\u00e4rztin in Zahnarztpraxen der Schweiz, habe ich 2015 im Zahngesundheits Zentrum Luzern begonnen. Zu meinen Behandlungsschwerpunkten z\u00e4hlen die Zahnerhaltung, Kinderzahnmedizin und die allgemeine Zahnmedizin.<\/p><p>Um meine berufliche Perfektion zu untermauern und unseren Patienten immer die h\u00f6chste Qualit\u00e4t an Zahnarztbehandlungen bieten zu k\u00f6nnen, erachte ich es als sehr wichtig zahnmedizinisch durch regelm\u00e4ssige Weiterbildungen immer auf dem aktuellem Stand zu sein.<\/p>\t\t\t\t\t\t\t\t<\/div>\n\t\t\t\t<\/div>\n\t\t\t\t<div class=\"elementor-element elementor-element-ac675af elementor-widget elementor-widget-text-editor\" data-id=\"ac675af\" data-element_type=\"widget\" data-widget_type=\"text-editor.default\">\n\t\t\t\t<div class=\"elementor-widget-container\">\n\t\t\t\t\t\t\t\t\t<p><strong>Sprachkenntnisse<\/strong><br \/>Deutsch, Englisch<\/p>\t\t\t\t\t\t\t\t<\/div>\n\t\t\t\t<\/div>\n\t\t\t\t<\/div>\n\t\t\t\t<div class=\"elementor-element elementor-element-21f5c51 animated-fast elementor-invisible elementor-widget elementor-widget-image\" data-id=\"21f5c51\" data-element_type=\"widget\" data-settings=\"{&quot;_animation&quot;:&quot;fadeIn&quot;,&quot;_animation_delay&quot;:150}\" data-widget_type=\"image.default\">\n\t\t\t\t<div class=\"elementor-widget-container\">\n\t\t\t\t\t\t\t\t\t\t\t\t\t\t\t<img loading=\"lazy\" decoding=\"async\" width=\"1000\" height=\"1334\" src=\"https:\/\/zahnarzt-in-luzern.ch\/wp-content\/uploads\/zahnarzt-luzern-team-03.webp\" class=\"attachment-full size-full wp-image-6311\" alt=\"Zahnarzt Luzern Team\" srcset=\"https:\/\/zahnarzt-in-luzern.ch\/wp-content\/uploads\/zahnarzt-luzern-team-03.webp 1000w, https:\/\/zahnarzt-in-luzern.ch\/wp-content\/uploads\/zahnarzt-luzern-team-03-225x300.webp 225w, https:\/\/zahnarzt-in-luzern.ch\/wp-content\/uploads\/zahnarzt-luzern-team-03-768x1025.webp 768w\" sizes=\"(max-width: 1000px) 100vw, 1000px\" \/>\t\t\t\t\t\t\t\t\t\t\t\t\t\t\t<\/div>\n\t\t\t\t<\/div>\n\t\t\t\t\t<\/div>\n\t\t\t\t<\/div>\n\t\t\t\t\t<\/div>\n\t\t\t\t<\/div>\n\t\t\t\t<\/div>\n\t\t","protected":false},"excerpt":{"rendered":"<p>\u00dcBer uns Wer wir sind Unser Zahnarztteam bietet professionelle und individuelle Behandlungen, bei denen Vertrauen und Patientenwohl an erster Stelle stehen. Ihre Zufriedenheit ist unser h\u00f6chstes Ziel. Zahnarzttermin vereinbaren Kontakt Unsere Philosophie \u201eSch\u00f6ne und gesunde Z\u00e4hne sagen mehr als tausend Worte! Sie sind Ihre pers\u00f6nliche Visitenkarte und stehen f\u00fcr Attraktivit\u00e4t, Vitalit\u00e4t, Lebensfreude und Gesundheit. Sie [&hellip;]<\/p>\n","protected":false},"author":2,"featured_media":0,"parent":0,"menu_order":20,"comment_status":"closed","ping_status":"closed","template":"","meta":{"footnotes":""},"class_list":["post-4063","page","type-page","status-publish","hentry"],"_links":{"self":[{"href":"https:\/\/zahnarzt-in-luzern.ch\/de\/wp-json\/wp\/v2\/pages\/4063","targetHints":{"allow":["GET"]}}],"collection":[{"href":"https:\/\/zahnarzt-in-luzern.ch\/de\/wp-json\/wp\/v2\/pages"}],"about":[{"href":"https:\/\/zahnarzt-in-luzern.ch\/de\/wp-json\/wp\/v2\/types\/page"}],"author":[{"embeddable":true,"href":"https:\/\/zahnarzt-in-luzern.ch\/de\/wp-json\/wp\/v2\/users\/2"}],"replies":[{"embeddable":true,"href":"https:\/\/zahnarzt-in-luzern.ch\/de\/wp-json\/wp\/v2\/comments?post=4063"}],"version-history":[{"count":130,"href":"https:\/\/zahnarzt-in-luzern.ch\/de\/wp-json\/wp\/v2\/pages\/4063\/revisions"}],"predecessor-version":[{"id":8796,"href":"https:\/\/zahnarzt-in-luzern.ch\/de\/wp-json\/wp\/v2\/pages\/4063\/revisions\/8796"}],"wp:attachment":[{"href":"https:\/\/zahnarzt-in-luzern.ch\/de\/wp-json\/wp\/v2\/media?parent=4063"}],"curies":[{"name":"wp","href":"https:\/\/api.w.org\/{rel}","templated":true}]}}