{"id":3919,"date":"2024-09-23T06:19:43","date_gmt":"2024-09-23T06:19:43","guid":{"rendered":"https:\/\/zl.gefire.org\/?page_id=3919"},"modified":"2025-05-14T06:39:06","modified_gmt":"2025-05-14T06:39:06","slug":"kiefergelenk-therapie-cmd","status":"publish","type":"page","link":"https:\/\/zahnarzt-in-luzern.ch\/de\/kiefergelenk-therapie-cmd\/","title":{"rendered":"Kiefergelenk Therapie (CMD)"},"content":{"rendered":"\t\t<div data-elementor-type=\"wp-page\" data-elementor-id=\"3919\" class=\"elementor elementor-3919\" data-elementor-post-type=\"page\">\n\t\t\t\t<div class=\"elementor-element elementor-element-164a9662 e-flex e-con-boxed e-con e-parent\" data-id=\"164a9662\" data-element_type=\"container\" data-settings=\"{&quot;background_background&quot;:&quot;gradient&quot;}\">\n\t\t\t\t\t<div class=\"e-con-inner\">\n\t\t<div class=\"elementor-element elementor-element-6bd8515 e-grid e-con-full e-con e-child\" data-id=\"6bd8515\" data-element_type=\"container\">\n\t\t<div class=\"elementor-element elementor-element-58cae78e animated-fast e-con-full e-flex elementor-invisible e-con e-child\" data-id=\"58cae78e\" data-element_type=\"container\" data-settings=\"{&quot;animation&quot;:&quot;fadeIn&quot;,&quot;animation_delay&quot;:500}\">\n\t\t\t\t<div class=\"elementor-element elementor-element-567828d8 elementor-widget elementor-widget-heading\" data-id=\"567828d8\" data-element_type=\"widget\" data-widget_type=\"heading.default\">\n\t\t\t\t<div class=\"elementor-widget-container\">\n\t\t\t\t\t<p class=\"elementor-heading-title elementor-size-default\">Schmerzfrei durch gezielte Kiefergelenktherapie<\/p>\t\t\t\t<\/div>\n\t\t\t\t<\/div>\n\t\t\t\t<div class=\"elementor-element elementor-element-2fa9e195 elementor-widget__width-initial elementor-widget elementor-widget-heading\" data-id=\"2fa9e195\" data-element_type=\"widget\" data-widget_type=\"heading.default\">\n\t\t\t\t<div class=\"elementor-widget-container\">\n\t\t\t\t\t<h1 class=\"elementor-heading-title elementor-size-default\">Kiefergelenk Therapie (CMD)<\/h1>\t\t\t\t<\/div>\n\t\t\t\t<\/div>\n\t\t\t\t<div class=\"elementor-element elementor-element-a73e31a elementor-widget__width-initial elementor-widget-mobile__width-inherit elementor-widget elementor-widget-text-editor\" data-id=\"a73e31a\" data-element_type=\"widget\" data-widget_type=\"text-editor.default\">\n\t\t\t\t<div class=\"elementor-widget-container\">\n\t\t\t\t\t\t\t\t\t<p>R\u00fcckenschmerzen, Kopfschmerzen und Tinnitus k\u00f6nnen durch craniomandibul\u00e4re Dysfunktion (CMD) verursacht werden. Unsere Zahn\u00e4rzte helfen Ihnen mit gezielten Kiefergelenk Therapien.<\/p>\t\t\t\t\t\t\t\t<\/div>\n\t\t\t\t<\/div>\n\t\t<div class=\"elementor-element elementor-element-5e0b144 e-con-full e-flex e-con e-child\" data-id=\"5e0b144\" data-element_type=\"container\">\n\t\t\t\t<div class=\"elementor-element elementor-element-c2bb35f elementor-mobile-align-justify elementor-widget-mobile__width-inherit elementor-widget elementor-widget-button\" data-id=\"c2bb35f\" data-element_type=\"widget\" data-widget_type=\"button.default\">\n\t\t\t\t<div class=\"elementor-widget-container\">\n\t\t\t\t\t\t\t\t\t<div class=\"elementor-button-wrapper\">\n\t\t\t\t\t<a class=\"elementor-button elementor-button-link elementor-size-sm\" href=\"https:\/\/zahnarzt-in-luzern.ch\/de\/termin-vereinbaren\/\">\n\t\t\t\t\t\t<span class=\"elementor-button-content-wrapper\">\n\t\t\t\t\t\t\t\t\t<span class=\"elementor-button-text\">Zahnarzttermin vereinbaren<\/span>\n\t\t\t\t\t<\/span>\n\t\t\t\t\t<\/a>\n\t\t\t\t<\/div>\n\t\t\t\t\t\t\t\t<\/div>\n\t\t\t\t<\/div>\n\t\t\t\t<div class=\"elementor-element elementor-element-a8aa3f0 elementor-mobile-align-justify elementor-widget-mobile__width-inherit elementor-widget elementor-widget-button\" data-id=\"a8aa3f0\" data-element_type=\"widget\" data-widget_type=\"button.default\">\n\t\t\t\t<div class=\"elementor-widget-container\">\n\t\t\t\t\t\t\t\t\t<div class=\"elementor-button-wrapper\">\n\t\t\t\t\t<a class=\"elementor-button elementor-button-link elementor-size-sm\" href=\"https:\/\/zahnarzt-in-luzern.ch\/de\/kontakt-zahnarzt-luzern\/\">\n\t\t\t\t\t\t<span class=\"elementor-button-content-wrapper\">\n\t\t\t\t\t\t\t\t\t<span class=\"elementor-button-text\">Kontakt<\/span>\n\t\t\t\t\t<\/span>\n\t\t\t\t\t<\/a>\n\t\t\t\t<\/div>\n\t\t\t\t\t\t\t\t<\/div>\n\t\t\t\t<\/div>\n\t\t\t\t<\/div>\n\t\t\t\t<\/div>\n\t\t<div class=\"elementor-element elementor-element-575765d e-con-full animated-fast e-flex elementor-invisible e-con e-child\" data-id=\"575765d\" data-element_type=\"container\" data-settings=\"{&quot;animation&quot;:&quot;fadeIn&quot;,&quot;animation_delay&quot;:500}\">\n\t\t\t\t<div class=\"elementor-element elementor-element-4fa22e3 elementor-widget elementor-widget-image\" data-id=\"4fa22e3\" data-element_type=\"widget\" data-widget_type=\"image.default\">\n\t\t\t\t<div class=\"elementor-widget-container\">\n\t\t\t\t\t\t\t\t\t\t\t\t\t\t\t<img fetchpriority=\"high\" decoding=\"async\" width=\"1000\" height=\"1334\" src=\"https:\/\/zahnarzt-in-luzern.ch\/wp-content\/uploads\/kiefergelenktherapie-zahnklinik-luzern-01.webp\" class=\"attachment-full size-full wp-image-6130\" alt=\"Kiefergelenktherapie Termin\" srcset=\"https:\/\/zahnarzt-in-luzern.ch\/wp-content\/uploads\/kiefergelenktherapie-zahnklinik-luzern-01.webp 1000w, https:\/\/zahnarzt-in-luzern.ch\/wp-content\/uploads\/kiefergelenktherapie-zahnklinik-luzern-01-225x300.webp 225w, https:\/\/zahnarzt-in-luzern.ch\/wp-content\/uploads\/kiefergelenktherapie-zahnklinik-luzern-01-768x1025.webp 768w\" sizes=\"(max-width: 1000px) 100vw, 1000px\" \/>\t\t\t\t\t\t\t\t\t\t\t\t\t\t\t<\/div>\n\t\t\t\t<\/div>\n\t\t\t\t<\/div>\n\t\t\t\t<\/div>\n\t\t\t\t\t<\/div>\n\t\t\t\t<\/div>\n\t\t<div class=\"elementor-element elementor-element-a1eb041 e-flex e-con-boxed e-con e-parent\" data-id=\"a1eb041\" data-element_type=\"container\" data-settings=\"{&quot;background_background&quot;:&quot;classic&quot;}\">\n\t\t\t\t\t<div class=\"e-con-inner\">\n\t\t<div class=\"elementor-element elementor-element-101fd736 animated-fast e-flex e-con-boxed elementor-invisible e-con e-child\" data-id=\"101fd736\" data-element_type=\"container\" data-settings=\"{&quot;animation&quot;:&quot;fadeIn&quot;,&quot;animation_delay&quot;:0}\">\n\t\t\t\t\t<div class=\"e-con-inner\">\n\t\t\t\t<div class=\"elementor-element elementor-element-7d98f884 elementor-widget elementor-widget-heading\" data-id=\"7d98f884\" data-element_type=\"widget\" data-widget_type=\"heading.default\">\n\t\t\t\t<div class=\"elementor-widget-container\">\n\t\t\t\t\t<h2 class=\"elementor-heading-title elementor-size-default\">Was ist CMD?<\/h2>\t\t\t\t<\/div>\n\t\t\t\t<\/div>\n\t\t\t\t\t<\/div>\n\t\t\t\t<\/div>\n\t\t\t\t\t<\/div>\n\t\t\t\t<\/div>\n\t\t<div class=\"elementor-element elementor-element-ea9956d e-flex e-con-boxed e-con e-parent\" data-id=\"ea9956d\" data-element_type=\"container\" data-settings=\"{&quot;background_background&quot;:&quot;classic&quot;}\">\n\t\t\t\t\t<div class=\"e-con-inner\">\n\t\t<div class=\"elementor-element elementor-element-7562cdc7 e-grid e-con-boxed e-con e-child\" data-id=\"7562cdc7\" data-element_type=\"container\">\n\t\t\t\t\t<div class=\"e-con-inner\">\n\t\t<div class=\"elementor-element elementor-element-46be4282 e-con-full animated-fast e-flex elementor-invisible e-con e-child\" data-id=\"46be4282\" data-element_type=\"container\" data-settings=\"{&quot;animation&quot;:&quot;fadeIn&quot;,&quot;animation_delay&quot;:100}\">\n\t\t\t\t<div class=\"elementor-element elementor-element-5af0b49e elementor-widget elementor-widget-text-editor\" data-id=\"5af0b49e\" data-element_type=\"widget\" data-widget_type=\"text-editor.default\">\n\t\t\t\t<div class=\"elementor-widget-container\">\n\t\t\t\t\t\t\t\t\t<p>CMD ist die Abk\u00fcrzung f\u00fcr Craniomandibul\u00e4re Dysfunktionen. Es handelt sich um eine Funktionsst\u00f6rung, die durch die Z\u00e4hne und die Kiefer verursacht wird. In der Regel passt der Oberkiefer und der Unterkiefer nicht richtig zusammen. Hier gibt es unterschiedliche Formen der falschen Zahn- und Kieferstellung. Alle haben gemeinsam, dass sie Auswirkungen auf den K\u00f6rper haben und somit zu einer CMD Erkrankung f\u00fchren, die mit Kiefergelenksschmerzen oder anderen Schmerzen begleitet sein k\u00f6nnen. Es gibt viele andere CMD Symptome (siehe Grafik).<\/p><p>Wer w\u00fcrde schon darauf kommen, dass z.B. ein Ohrproblem mit dem Biss zusammenh\u00e4ngt, oder ein Ausschlag von der erh\u00f6hten Spannung der Kopfhaut ausgel\u00f6st durch einen falschen Biss. Noch weniger kann man sich vorstellen, dass Probleme der F\u00fcsse oder anderer Bereiche des K\u00f6rpers durch falsche Bissverh\u00e4ltnisse entstehen k\u00f6nnen. Der Biss ist oft an Erkrankungen der Schulter, der Arme und der H\u00e4nde beteiligt.\u00a0Deshalb kann es passieren, dass nach einer erfolgreichen Schienentherapie, Bisskorrektur oder Kieferorthop\u00e4die ein Taubheitsgef\u00fchl der H\u00e4nde oder eine \u201efrozen shoulder\u201c einfach weg ist. Nur mit tiefem Verst\u00e4ndnis der Anatomie und der K\u00f6rperfunktionen kann man das begreifen.\u00a0Es ist wie ein Dominospiel das vom Kopf abw\u00e4rts geht: Der Biss beeinflusst das Kiefergelenk, die Kiefergelenke beeinflussen die Kopfgelenke und die Halswirbels\u00e4ule, die Kaumuskulatur beeinflusst die Halsmuskulatur usw.\u00a0<\/p><p>Viele Patienten mit falschem Biss, nach Unf\u00e4llen, Schleudertrauma oder falscher K\u00f6rperhaltung leiden an CMD, Craniomandibul\u00e4re Dysfunktionen.<\/p>\t\t\t\t\t\t\t\t<\/div>\n\t\t\t\t<\/div>\n\t\t\t\t<\/div>\n\t\t<div class=\"elementor-element elementor-element-5f396625 e-con-full animated-fast e-flex elementor-invisible e-con e-child\" data-id=\"5f396625\" data-element_type=\"container\" data-settings=\"{&quot;animation&quot;:&quot;fadeIn&quot;,&quot;animation_delay&quot;:300}\">\n\t\t\t\t<div class=\"elementor-element elementor-element-2f008e28 elementor-widget elementor-widget-text-editor\" data-id=\"2f008e28\" data-element_type=\"widget\" data-widget_type=\"text-editor.default\">\n\t\t\t\t<div class=\"elementor-widget-container\">\n\t\t\t\t\t\t\t\t\t<p>Wir sind ein Kompetenzzentrum f\u00fcr CMD Behandlung und betreuen auf h\u00f6chstem Niveau in Schienentherapie, Bisskorrektur, CMD Begleitbehandlung, Schmerztherapie und Koordination der Cotherapeuten wie Kieferorthop\u00e4den, Osteopathen, Physiotherapeuten, Orthop\u00e4den, Neurologen, Psychologen und Stoffwechselspezialisten.<\/p>\t\t\t\t\t\t\t\t<\/div>\n\t\t\t\t<\/div>\n\t\t\t\t<div class=\"elementor-element elementor-element-2e5dd444 elementor-widget elementor-widget-image\" data-id=\"2e5dd444\" data-element_type=\"widget\" data-widget_type=\"image.default\">\n\t\t\t\t<div class=\"elementor-widget-container\">\n\t\t\t\t\t\t\t\t\t\t\t\t\t\t\t<img decoding=\"async\" width=\"710\" height=\"368\" src=\"https:\/\/zahnarzt-in-luzern.ch\/wp-content\/uploads\/cmd-symptome.jpg\" class=\"attachment-full size-full wp-image-3927\" alt=\"\" srcset=\"https:\/\/zahnarzt-in-luzern.ch\/wp-content\/uploads\/cmd-symptome.jpg 710w, https:\/\/zahnarzt-in-luzern.ch\/wp-content\/uploads\/cmd-symptome-300x155.jpg 300w\" sizes=\"(max-width: 710px) 100vw, 710px\" \/>\t\t\t\t\t\t\t\t\t\t\t\t\t\t\t<\/div>\n\t\t\t\t<\/div>\n\t\t\t\t<div class=\"elementor-element elementor-element-58aaed2 elementor-widget elementor-widget-text-editor\" data-id=\"58aaed2\" data-element_type=\"widget\" data-widget_type=\"text-editor.default\">\n\t\t\t\t<div class=\"elementor-widget-container\">\n\t\t\t\t\t\t\t\t\t<p>In den USA wird die CMD der &#8222;big imposter&#8220;, der &#8222;gro\u00dfe Betr\u00fcger&#8220; genannt, weil die Symptome der CMD oft ganz wo anders auftreten als bei der Ursache, den Z\u00e4hnen und den Kiefern. Siehe die blaue Tafel.<\/p>\t\t\t\t\t\t\t\t<\/div>\n\t\t\t\t<\/div>\n\t\t\t\t<\/div>\n\t\t\t\t\t<\/div>\n\t\t\t\t<\/div>\n\t\t\t\t\t<\/div>\n\t\t\t\t<\/div>\n\t\t<div class=\"elementor-element elementor-element-b91a357 e-flex e-con-boxed e-con e-parent\" data-id=\"b91a357\" data-element_type=\"container\" data-settings=\"{&quot;background_background&quot;:&quot;classic&quot;}\">\n\t\t\t\t\t<div class=\"e-con-inner\">\n\t\t<div class=\"elementor-element elementor-element-628f258 e-grid e-con-boxed e-con e-child\" data-id=\"628f258\" data-element_type=\"container\">\n\t\t\t\t\t<div class=\"e-con-inner\">\n\t\t\t\t<div class=\"elementor-element elementor-element-e964606 animated-fast elementor-invisible elementor-widget elementor-widget-image\" data-id=\"e964606\" data-element_type=\"widget\" data-settings=\"{&quot;_animation&quot;:&quot;fadeIn&quot;,&quot;_animation_delay&quot;:300}\" data-widget_type=\"image.default\">\n\t\t\t\t<div class=\"elementor-widget-container\">\n\t\t\t\t\t\t\t\t\t\t\t\t\t\t\t<img decoding=\"async\" width=\"1000\" height=\"1334\" src=\"https:\/\/zahnarzt-in-luzern.ch\/wp-content\/uploads\/kiefergelenktherapie-zahnklinik-luzern-02.webp\" class=\"attachment-full size-full wp-image-6129\" alt=\"Kiefergelenktherapie Luzern\" srcset=\"https:\/\/zahnarzt-in-luzern.ch\/wp-content\/uploads\/kiefergelenktherapie-zahnklinik-luzern-02.webp 1000w, https:\/\/zahnarzt-in-luzern.ch\/wp-content\/uploads\/kiefergelenktherapie-zahnklinik-luzern-02-225x300.webp 225w, https:\/\/zahnarzt-in-luzern.ch\/wp-content\/uploads\/kiefergelenktherapie-zahnklinik-luzern-02-768x1025.webp 768w\" sizes=\"(max-width: 1000px) 100vw, 1000px\" \/>\t\t\t\t\t\t\t\t\t\t\t\t\t\t\t<\/div>\n\t\t\t\t<\/div>\n\t\t<div class=\"elementor-element elementor-element-0c749b0 e-con-full animated-fast e-flex elementor-invisible e-con e-child\" data-id=\"0c749b0\" data-element_type=\"container\" data-settings=\"{&quot;animation&quot;:&quot;fadeIn&quot;,&quot;animation_delay&quot;:100}\">\n\t\t\t\t<div class=\"elementor-element elementor-element-3589113 elementor-widget__width-initial elementor-widget-mobile__width-inherit elementor-widget elementor-widget-heading\" data-id=\"3589113\" data-element_type=\"widget\" data-widget_type=\"heading.default\">\n\t\t\t\t<div class=\"elementor-widget-container\">\n\t\t\t\t\t<h2 class=\"elementor-heading-title elementor-size-default\">Was sind die Ursachen f\u00fcr CMD?<\/h2>\t\t\t\t<\/div>\n\t\t\t\t<\/div>\n\t\t<div class=\"elementor-element elementor-element-11da6b0 e-grid e-con-full e-con e-child\" data-id=\"11da6b0\" data-element_type=\"container\">\n\t\t\t\t<div class=\"elementor-element elementor-element-219b0c0 elementor-widget elementor-widget-text-editor\" data-id=\"219b0c0\" data-element_type=\"widget\" data-widget_type=\"text-editor.default\">\n\t\t\t\t<div class=\"elementor-widget-container\">\n\t\t\t\t\t\t\t\t\t<p>Die Entstehung der CMD ist vielf\u00e4ltig. Durch folgende Punkte kann eine CMD entstehen:<\/p><ul><li>Entwicklungsst\u00f6rungen<\/li><li>Vererbung (Kieferfehlstellungen, Dysgnathien)<\/li><li>Unf\u00e4lle<\/li><li>Fehlhaltung, schlechte Arbeitshaltung<\/li><li>langes Humpeln<\/li><li>orthop\u00e4dische Probleme<\/li><li>neurologische Probleme<\/li><li>Atemprobleme, Allergien<\/li><li>Zahnbehandlungen (langes Aufhalten, zu hohe F\u00fcllung oder Krone)<\/li><li>Kieferorthop\u00e4dische Behandlung<\/li><li>zu tiefer Biss<\/li><li>R\u00fcckbiss<\/li><li>Kreuzbiss, Kopfbiss<\/li><li>Zahnverlust, Verlust der Abst\u00fctzung im Seitenzahnbereich<\/li><li>Zahnverlust, Verlust der Mitte zwischen Unterkiefer und Oberkiefer<\/li><li>psychische Probleme<\/li><\/ul>\t\t\t\t\t\t\t\t<\/div>\n\t\t\t\t<\/div>\n\t\t\t\t<\/div>\n\t\t\t\t<\/div>\n\t\t\t\t\t<\/div>\n\t\t\t\t<\/div>\n\t\t\t\t\t<\/div>\n\t\t\t\t<\/div>\n\t\t<div class=\"elementor-element elementor-element-6bd4bbb5 e-flex e-con-boxed e-con e-parent\" data-id=\"6bd4bbb5\" data-element_type=\"container\" data-settings=\"{&quot;background_background&quot;:&quot;classic&quot;}\">\n\t\t\t\t\t<div class=\"e-con-inner\">\n\t\t<div class=\"elementor-element elementor-element-1d057747 e-grid e-con-boxed e-con e-child\" data-id=\"1d057747\" data-element_type=\"container\">\n\t\t\t\t\t<div class=\"e-con-inner\">\n\t\t<div class=\"elementor-element elementor-element-2ff0fd44 e-con-full animated-fast e-flex elementor-invisible e-con e-child\" data-id=\"2ff0fd44\" data-element_type=\"container\" data-settings=\"{&quot;animation&quot;:&quot;fadeIn&quot;,&quot;animation_delay&quot;:100}\">\n\t\t\t\t<div class=\"elementor-element elementor-element-2304760a elementor-widget elementor-widget-heading\" data-id=\"2304760a\" data-element_type=\"widget\" data-widget_type=\"heading.default\">\n\t\t\t\t<div class=\"elementor-widget-container\">\n\t\t\t\t\t<h2 class=\"elementor-heading-title elementor-size-default\">Behandlungsmethoden<\/h2>\t\t\t\t<\/div>\n\t\t\t\t<\/div>\n\t\t\t\t<div class=\"elementor-element elementor-element-11cf7e9 elementor-widget elementor-widget-n-accordion\" data-id=\"11cf7e9\" data-element_type=\"widget\" data-settings=\"{&quot;default_state&quot;:&quot;expanded&quot;,&quot;max_items_expended&quot;:&quot;one&quot;,&quot;n_accordion_animation_duration&quot;:{&quot;unit&quot;:&quot;ms&quot;,&quot;size&quot;:400,&quot;sizes&quot;:[]}}\" data-widget_type=\"nested-accordion.default\">\n\t\t\t\t<div class=\"elementor-widget-container\">\n\t\t\t\t\t\t\t<div class=\"e-n-accordion\" aria-label=\"Accordion. Open links with Enter or Space, close with Escape, and navigate with Arrow Keys\">\n\t\t\t\t\t\t<details id=\"e-n-accordion-item-1860\" class=\"e-n-accordion-item\" open>\n\t\t\t\t<summary class=\"e-n-accordion-item-title\" data-accordion-index=\"1\" tabindex=\"0\" aria-expanded=\"true\" aria-controls=\"e-n-accordion-item-1860\" >\n\t\t\t\t\t<span class='e-n-accordion-item-title-header'><div class=\"e-n-accordion-item-title-text\"> Craniomandibul\u00e4re Dysfunktionen und Schienentherapie <\/div><\/span>\n\t\t\t\t\t\t\t<span class='e-n-accordion-item-title-icon'>\n\t\t\t<span class='e-opened' ><svg aria-hidden=\"true\" class=\"e-font-icon-svg e-fas-minus\" viewBox=\"0 0 448 512\" xmlns=\"http:\/\/www.w3.org\/2000\/svg\"><path d=\"M416 208H32c-17.67 0-32 14.33-32 32v32c0 17.67 14.33 32 32 32h384c17.67 0 32-14.33 32-32v-32c0-17.67-14.33-32-32-32z\"><\/path><\/svg><\/span>\n\t\t\t<span class='e-closed'><svg aria-hidden=\"true\" class=\"e-font-icon-svg e-fas-plus\" viewBox=\"0 0 448 512\" xmlns=\"http:\/\/www.w3.org\/2000\/svg\"><path d=\"M416 208H272V64c0-17.67-14.33-32-32-32h-32c-17.67 0-32 14.33-32 32v144H32c-17.67 0-32 14.33-32 32v32c0 17.67 14.33 32 32 32h144v144c0 17.67 14.33 32 32 32h32c17.67 0 32-14.33 32-32V304h144c17.67 0 32-14.33 32-32v-32c0-17.67-14.33-32-32-32z\"><\/path><\/svg><\/span>\n\t\t<\/span>\n\n\t\t\t\t\t\t<\/summary>\n\t\t\t\t<div role=\"region\" aria-labelledby=\"e-n-accordion-item-1860\" class=\"elementor-element elementor-element-70475c50 e-con-full e-flex e-con e-child\" data-id=\"70475c50\" data-element_type=\"container\">\n\t\t\t\t<div class=\"elementor-element elementor-element-191b04be elementor-widget elementor-widget-text-editor\" data-id=\"191b04be\" data-element_type=\"widget\" data-widget_type=\"text-editor.default\">\n\t\t\t\t<div class=\"elementor-widget-container\">\n\t\t\t\t\t\t\t\t\t<p>Um bei einer CMD oder Kiefergelenksschmerzen einen falschen Biss auszugleichen, die Z\u00e4hne, die Kiefer und das Kiefergelenk zu schonen und Schmerzen zu lindern werden Schienen als CMD Behandlung angefertigt. Wir arbeiten mit Entspannungsschienen f\u00fcr die Nacht und Bisskorrekturschienen f\u00fcr den Tag. Gerade vor einer Bisskorrektur mit Zahnersatz oder einer Kieferorthop\u00e4die ist es unbedingt notwendig, mit Aufbissschienen vorzuarbeiten.<\/p>\t\t\t\t\t\t\t\t<\/div>\n\t\t\t\t<\/div>\n\t\t\t\t<\/div>\n\t\t\t\t\t<\/details>\n\t\t\t\t\t\t<details id=\"e-n-accordion-item-1861\" class=\"e-n-accordion-item\" >\n\t\t\t\t<summary class=\"e-n-accordion-item-title\" data-accordion-index=\"2\" tabindex=\"-1\" aria-expanded=\"false\" aria-controls=\"e-n-accordion-item-1861\" >\n\t\t\t\t\t<span class='e-n-accordion-item-title-header'><div class=\"e-n-accordion-item-title-text\"> Craniomandibul\u00e4re Dysfunktionen und Schmerztherapie <\/div><\/span>\n\t\t\t\t\t\t\t<span class='e-n-accordion-item-title-icon'>\n\t\t\t<span class='e-opened' ><svg aria-hidden=\"true\" class=\"e-font-icon-svg e-fas-minus\" viewBox=\"0 0 448 512\" xmlns=\"http:\/\/www.w3.org\/2000\/svg\"><path d=\"M416 208H32c-17.67 0-32 14.33-32 32v32c0 17.67 14.33 32 32 32h384c17.67 0 32-14.33 32-32v-32c0-17.67-14.33-32-32-32z\"><\/path><\/svg><\/span>\n\t\t\t<span class='e-closed'><svg aria-hidden=\"true\" class=\"e-font-icon-svg e-fas-plus\" viewBox=\"0 0 448 512\" xmlns=\"http:\/\/www.w3.org\/2000\/svg\"><path d=\"M416 208H272V64c0-17.67-14.33-32-32-32h-32c-17.67 0-32 14.33-32 32v144H32c-17.67 0-32 14.33-32 32v32c0 17.67 14.33 32 32 32h144v144c0 17.67 14.33 32 32 32h32c17.67 0 32-14.33 32-32V304h144c17.67 0 32-14.33 32-32v-32c0-17.67-14.33-32-32-32z\"><\/path><\/svg><\/span>\n\t\t<\/span>\n\n\t\t\t\t\t\t<\/summary>\n\t\t\t\t<div role=\"region\" aria-labelledby=\"e-n-accordion-item-1861\" class=\"elementor-element elementor-element-7313bd0c e-con-full e-flex e-con e-child\" data-id=\"7313bd0c\" data-element_type=\"container\">\n\t\t\t\t<div class=\"elementor-element elementor-element-1cc4342a elementor-widget elementor-widget-text-editor\" data-id=\"1cc4342a\" data-element_type=\"widget\" data-widget_type=\"text-editor.default\">\n\t\t\t\t<div class=\"elementor-widget-container\">\n\t\t\t\t\t\t\t\t\t<p>Die CMD Behandlung bzw. die Behandlung von Kiefergelenksschmerzen kann sich \u00fcber wenige bis viele Monate ausdehnen. In individuellen regelm\u00e4ssigen Abst\u00e4nden werden die Patienten untersucht, die Aufbissschienen werden im Biss kontrolliert und mit Analogskalen werden die CMD Symptome gemessen. Anhand der Ergebnisse wird die CMD Behandlung angepasst. Vor der Anfertigung von Zahnersatz m\u00fcssen Schmerzen ganz oder teilweise beseitigt sein.<\/p>\t\t\t\t\t\t\t\t<\/div>\n\t\t\t\t<\/div>\n\t\t\t\t<\/div>\n\t\t\t\t\t<\/details>\n\t\t\t\t\t\t<details id=\"e-n-accordion-item-1862\" class=\"e-n-accordion-item\" >\n\t\t\t\t<summary class=\"e-n-accordion-item-title\" data-accordion-index=\"3\" tabindex=\"-1\" aria-expanded=\"false\" aria-controls=\"e-n-accordion-item-1862\" >\n\t\t\t\t\t<span class='e-n-accordion-item-title-header'><div class=\"e-n-accordion-item-title-text\"> Craniomandibul\u00e4re Dysfunktionen und Bisskorrektur <\/div><\/span>\n\t\t\t\t\t\t\t<span class='e-n-accordion-item-title-icon'>\n\t\t\t<span class='e-opened' ><svg aria-hidden=\"true\" class=\"e-font-icon-svg e-fas-minus\" viewBox=\"0 0 448 512\" xmlns=\"http:\/\/www.w3.org\/2000\/svg\"><path d=\"M416 208H32c-17.67 0-32 14.33-32 32v32c0 17.67 14.33 32 32 32h384c17.67 0 32-14.33 32-32v-32c0-17.67-14.33-32-32-32z\"><\/path><\/svg><\/span>\n\t\t\t<span class='e-closed'><svg aria-hidden=\"true\" class=\"e-font-icon-svg e-fas-plus\" viewBox=\"0 0 448 512\" xmlns=\"http:\/\/www.w3.org\/2000\/svg\"><path d=\"M416 208H272V64c0-17.67-14.33-32-32-32h-32c-17.67 0-32 14.33-32 32v144H32c-17.67 0-32 14.33-32 32v32c0 17.67 14.33 32 32 32h144v144c0 17.67 14.33 32 32 32h32c17.67 0 32-14.33 32-32V304h144c17.67 0 32-14.33 32-32v-32c0-17.67-14.33-32-32-32z\"><\/path><\/svg><\/span>\n\t\t<\/span>\n\n\t\t\t\t\t\t<\/summary>\n\t\t\t\t<div role=\"region\" aria-labelledby=\"e-n-accordion-item-1862\" class=\"elementor-element elementor-element-2e3f18c0 e-con-full e-flex e-con e-child\" data-id=\"2e3f18c0\" data-element_type=\"container\">\n\t\t\t\t<div class=\"elementor-element elementor-element-76839648 elementor-widget elementor-widget-text-editor\" data-id=\"76839648\" data-element_type=\"widget\" data-widget_type=\"text-editor.default\">\n\t\t\t\t<div class=\"elementor-widget-container\">\n\t\t\t\t\t\t\t\t\t<p>Sobald mit den Aufbissschienen Entspannung und Linderung der Symptome und Schmerzen der CMD erzielt wurden, kann eine Bisskorrektur geplant werden. Diese l\u00e4sst sich durch neue F\u00fcllungen, Zahnersatz, durch Kieferorthop\u00e4die und durch aufgeklebte neue Kaufl\u00e4chen erzielen. Die CMD Behandlung wird individuell geplant.<\/p>\t\t\t\t\t\t\t\t<\/div>\n\t\t\t\t<\/div>\n\t\t\t\t<\/div>\n\t\t\t\t\t<\/details>\n\t\t\t\t\t\t<details id=\"e-n-accordion-item-1863\" class=\"e-n-accordion-item\" >\n\t\t\t\t<summary class=\"e-n-accordion-item-title\" data-accordion-index=\"4\" tabindex=\"-1\" aria-expanded=\"false\" aria-controls=\"e-n-accordion-item-1863\" >\n\t\t\t\t\t<span class='e-n-accordion-item-title-header'><div class=\"e-n-accordion-item-title-text\"> Craniomandibul\u00e4re Dysfunktionen und Begleittherapie <\/div><\/span>\n\t\t\t\t\t\t\t<span class='e-n-accordion-item-title-icon'>\n\t\t\t<span class='e-opened' ><svg aria-hidden=\"true\" class=\"e-font-icon-svg e-fas-minus\" viewBox=\"0 0 448 512\" xmlns=\"http:\/\/www.w3.org\/2000\/svg\"><path d=\"M416 208H32c-17.67 0-32 14.33-32 32v32c0 17.67 14.33 32 32 32h384c17.67 0 32-14.33 32-32v-32c0-17.67-14.33-32-32-32z\"><\/path><\/svg><\/span>\n\t\t\t<span class='e-closed'><svg aria-hidden=\"true\" class=\"e-font-icon-svg e-fas-plus\" viewBox=\"0 0 448 512\" xmlns=\"http:\/\/www.w3.org\/2000\/svg\"><path d=\"M416 208H272V64c0-17.67-14.33-32-32-32h-32c-17.67 0-32 14.33-32 32v144H32c-17.67 0-32 14.33-32 32v32c0 17.67 14.33 32 32 32h144v144c0 17.67 14.33 32 32 32h32c17.67 0 32-14.33 32-32V304h144c17.67 0 32-14.33 32-32v-32c0-17.67-14.33-32-32-32z\"><\/path><\/svg><\/span>\n\t\t<\/span>\n\n\t\t\t\t\t\t<\/summary>\n\t\t\t\t<div role=\"region\" aria-labelledby=\"e-n-accordion-item-1863\" class=\"elementor-element elementor-element-7650e185 e-con-full e-flex e-con e-child\" data-id=\"7650e185\" data-element_type=\"container\">\n\t\t\t\t<div class=\"elementor-element elementor-element-59348201 elementor-widget elementor-widget-text-editor\" data-id=\"59348201\" data-element_type=\"widget\" data-widget_type=\"text-editor.default\">\n\t\t\t\t<div class=\"elementor-widget-container\">\n\t\t\t\t\t\t\t\t\t<p>Die CMD und Kiefergelenksschmerzen entstehen meist nicht nur durch Probleme im Biss und im Kiefergelenk, sondern setzt sich oft aus verschiedenen Punkten zusammen. Aus diesem Grund arbeiten wir in der CMD Behandlung und Schienentherapie (Aufbissschienen und Bisskorrektur mit unterschiedlichen Therapeuten zusammen (Kieferorthop\u00e4den, Osteopathie, Physiotherapie, Logop\u00e4die, Internisten, Kardiologen, Orthop\u00e4die, Neurologie, Schlafmedizin, Podoorthesiologie, Podo\u00e4tiologie, Psychologie und Stoffwechselmedizin).<\/p>\t\t\t\t\t\t\t\t<\/div>\n\t\t\t\t<\/div>\n\t\t\t\t<\/div>\n\t\t\t\t\t<\/details>\n\t\t\t\t\t<\/div>\n\t\t\t\t\t\t<\/div>\n\t\t\t\t<\/div>\n\t\t\t\t<\/div>\n\t\t\t\t<div class=\"elementor-element elementor-element-5742f508 animated-fast elementor-invisible elementor-widget elementor-widget-image\" data-id=\"5742f508\" data-element_type=\"widget\" data-settings=\"{&quot;_animation&quot;:&quot;fadeIn&quot;,&quot;_animation_delay&quot;:250}\" data-widget_type=\"image.default\">\n\t\t\t\t<div class=\"elementor-widget-container\">\n\t\t\t\t\t\t\t\t\t\t\t\t\t\t\t<img loading=\"lazy\" decoding=\"async\" width=\"2000\" height=\"2500\" src=\"https:\/\/zahnarzt-in-luzern.ch\/wp-content\/uploads\/wurzelbehandlung-luzern-notfall.webp\" class=\"attachment-full size-full wp-image-5736\" alt=\"Wurzelbehandlung Luzern Zahnarzt\" srcset=\"https:\/\/zahnarzt-in-luzern.ch\/wp-content\/uploads\/wurzelbehandlung-luzern-notfall.webp 2000w, https:\/\/zahnarzt-in-luzern.ch\/wp-content\/uploads\/wurzelbehandlung-luzern-notfall-240x300.webp 240w, https:\/\/zahnarzt-in-luzern.ch\/wp-content\/uploads\/wurzelbehandlung-luzern-notfall-819x1024.webp 819w, https:\/\/zahnarzt-in-luzern.ch\/wp-content\/uploads\/wurzelbehandlung-luzern-notfall-768x960.webp 768w, https:\/\/zahnarzt-in-luzern.ch\/wp-content\/uploads\/wurzelbehandlung-luzern-notfall-1229x1536.webp 1229w, https:\/\/zahnarzt-in-luzern.ch\/wp-content\/uploads\/wurzelbehandlung-luzern-notfall-1638x2048.webp 1638w, https:\/\/zahnarzt-in-luzern.ch\/wp-content\/uploads\/elementor\/thumbs\/wurzelbehandlung-luzern-notfall-quob2tvgz3gv42soeupxjbmkcw14hv2h9hx0r5ss9c.webp 800w\" sizes=\"(max-width: 2000px) 100vw, 2000px\" \/>\t\t\t\t\t\t\t\t\t\t\t\t\t\t\t<\/div>\n\t\t\t\t<\/div>\n\t\t\t\t\t<\/div>\n\t\t\t\t<\/div>\n\t\t\t\t\t<\/div>\n\t\t\t\t<\/div>\n\t\t<div class=\"elementor-element elementor-element-3281be6 e-flex e-con-boxed e-con e-parent\" data-id=\"3281be6\" data-element_type=\"container\" data-settings=\"{&quot;background_background&quot;:&quot;classic&quot;}\">\n\t\t\t\t\t<div class=\"e-con-inner\">\n\t\t<div class=\"elementor-element elementor-element-c363265 animated-fast e-flex e-con-boxed elementor-invisible e-con e-child\" data-id=\"c363265\" data-element_type=\"container\" data-settings=\"{&quot;animation&quot;:&quot;fadeIn&quot;,&quot;animation_delay&quot;:0}\">\n\t\t\t\t\t<div class=\"e-con-inner\">\n\t\t\t\t<div class=\"elementor-element elementor-element-4564036 elementor-widget elementor-widget-heading\" data-id=\"4564036\" data-element_type=\"widget\" data-widget_type=\"heading.default\">\n\t\t\t\t<div class=\"elementor-widget-container\">\n\t\t\t\t\t<h2 class=\"elementor-heading-title elementor-size-default\">Selbsttest<\/h2>\t\t\t\t<\/div>\n\t\t\t\t<\/div>\n\t\t<div class=\"elementor-element elementor-element-7fe3e99 e-grid e-con-full e-con e-child\" data-id=\"7fe3e99\" data-element_type=\"container\">\n\t\t<div class=\"elementor-element elementor-element-cf51564 e-con-full animated-fast e-flex elementor-invisible e-con e-child\" data-id=\"cf51564\" data-element_type=\"container\" data-settings=\"{&quot;animation&quot;:&quot;fadeIn&quot;,&quot;animation_delay&quot;:100}\">\n\t\t\t\t<div class=\"elementor-element elementor-element-18c2a55 elementor-widget elementor-widget-text-editor\" data-id=\"18c2a55\" data-element_type=\"widget\" data-widget_type=\"text-editor.default\">\n\t\t\t\t<div class=\"elementor-widget-container\">\n\t\t\t\t\t\t\t\t\t<p>Nat\u00fcrlich ist es ohne eingehende Untersuchung nicht m\u00f6glich, eine CMD-Erkrankung (craniomandibul\u00e4re Dysfunktion) einwandfrei festzustellen oder auszuschliessen. Unser Selbsttest (CMD Check) soll daher m\u00f6gliche Symptome aufz\u00e4hlen und Ihnen als Orientierung dienen:<\/p><ol><li>W\u00fcrden Sie sagen, dass Ihr Biss nicht stimmt?<\/li><li>Haben Sie Kiefergelenkschmerzen?<\/li><li>H\u00f6ren Sie ein Knacken oder Reiben beim Kauen?<\/li><li>Haben Sie Schwierigkeiten beim Kauen?<\/li><li>H\u00f6ren Sie ein Knacken oder Reiben beim Mundbewegungen?<\/li><li>Ist die Beweglichkeit im Unterkiefer eingeschr\u00e4nkt?<\/li><li>Leiden Sie h\u00e4ufig unter Kopfschmerzen?<\/li><li>Leiden Sie unter Verspannungen im Nacken?<\/li><li>Leiden Sie unter Schulter-Verspannungen?<\/li><li>Haben Sie Schmerzen in der Wirbels\u00e4ule?<\/li><li>Leiden Sie unter Stimmungsschwankungen?<\/li><li>Wird Ihnen h\u00e4ufig schwindelig?<\/li><li>Knirschen Sie mit den Z\u00e4hnen?<\/li><li>Pressen Sie oft die Z\u00e4hne aufeinander?<\/li><li>Leiden Sie unter Ohrger\u00e4uschen wie Tinnitus?<\/li><li>Haben Sie sehr empfindliche Z\u00e4hne?<\/li><\/ol>\t\t\t\t\t\t\t\t<\/div>\n\t\t\t\t<\/div>\n\t\t\t\t<\/div>\n\t\t<div class=\"elementor-element elementor-element-ebdd1a2 e-con-full animated-fast e-flex elementor-invisible e-con e-child\" data-id=\"ebdd1a2\" data-element_type=\"container\" data-settings=\"{&quot;animation&quot;:&quot;fadeIn&quot;,&quot;animation_delay&quot;:300,&quot;background_background&quot;:&quot;classic&quot;}\">\n\t\t\t\t<div class=\"elementor-element elementor-element-58f8c14 elementor-widget elementor-widget-text-editor\" data-id=\"58f8c14\" data-element_type=\"widget\" data-widget_type=\"text-editor.default\">\n\t\t\t\t<div class=\"elementor-widget-container\">\n\t\t\t\t\t\t\t\t\t<p>Zur Auswertung des CMD-Selbsttests z\u00e4hlen Sie bitte die Fragen, die Sie mit \u201eJa\u201c beantwortet haben, zusammen und vergleichen die Anzahl wie folgt:<\/p>\t\t\t\t\t\t\t\t<\/div>\n\t\t\t\t<\/div>\n\t\t\t\t<div class=\"elementor-element elementor-element-4cb982d elementor-widget elementor-widget-text-editor\" data-id=\"4cb982d\" data-element_type=\"widget\" data-widget_type=\"text-editor.default\">\n\t\t\t\t<div class=\"elementor-widget-container\">\n\t\t\t\t\t\t\t\t\t<p><strong>0 bis 1<\/strong><br \/>Eine CMD-Erkrankung ist unwahrscheinlich.<\/p><p><strong>2 bis 3<\/strong><br \/>Eine CMD-Erkrankung ist m\u00f6glich.<br \/>Zur Sicherheit sollten Sie einen Spezialisten um Rat fragen.<\/p><p><strong>Mehr als 3<\/strong><br \/>Eine CMD-Erkrankung ist wahrscheinlich!<br \/>Lassen Sie sich bitte von einem Spezialisten untersuchen.<\/p>\t\t\t\t\t\t\t\t<\/div>\n\t\t\t\t<\/div>\n\t\t\t\t<\/div>\n\t\t\t\t<\/div>\n\t\t\t\t\t<\/div>\n\t\t\t\t<\/div>\n\t\t\t\t\t<\/div>\n\t\t\t\t<\/div>\n\t\t<div class=\"elementor-element elementor-element-1908867f e-flex e-con-boxed e-con e-parent\" data-id=\"1908867f\" data-element_type=\"container\" data-settings=\"{&quot;background_background&quot;:&quot;classic&quot;}\">\n\t\t\t\t\t<div class=\"e-con-inner\">\n\t\t<div class=\"elementor-element elementor-element-213c7acd e-grid e-con-boxed e-con e-child\" data-id=\"213c7acd\" data-element_type=\"container\">\n\t\t\t\t\t<div class=\"e-con-inner\">\n\t\t<div class=\"elementor-element elementor-element-17e1db8b e-con-full animated-fast elementor-hidden-mobile e-flex elementor-invisible e-con e-child\" data-id=\"17e1db8b\" data-element_type=\"container\" data-settings=\"{&quot;background_background&quot;:&quot;classic&quot;,&quot;animation&quot;:&quot;fadeIn&quot;,&quot;animation_delay&quot;:500}\">\n\t\t\t\t<\/div>\n\t\t<div class=\"elementor-element elementor-element-6669a65 e-con-full animated-fast e-flex e-con e-child\" data-id=\"6669a65\" data-element_type=\"container\" data-settings=\"{&quot;background_background&quot;:&quot;classic&quot;,&quot;animation&quot;:&quot;none&quot;,&quot;animation_delay&quot;:300}\">\n\t\t\t\t<div class=\"elementor-element elementor-element-bc3eef5 elementor-widget elementor-widget-heading\" data-id=\"bc3eef5\" data-element_type=\"widget\" data-widget_type=\"heading.default\">\n\t\t\t\t<div class=\"elementor-widget-container\">\n\t\t\t\t\t<p class=\"elementor-heading-title elementor-size-default\">Herzlich willkommen<\/p>\t\t\t\t<\/div>\n\t\t\t\t<\/div>\n\t\t\t\t<div class=\"elementor-element elementor-element-b84096c elementor-widget__width-inherit elementor-widget-mobile__width-inherit elementor-widget elementor-widget-heading\" data-id=\"b84096c\" data-element_type=\"widget\" data-widget_type=\"heading.default\">\n\t\t\t\t<div class=\"elementor-widget-container\">\n\t\t\t\t\t<h2 class=\"elementor-heading-title elementor-size-default\">Der erste Schritt zu einem nat\u00fcrlich sch\u00f6nen L\u00e4cheln<\/h2>\t\t\t\t<\/div>\n\t\t\t\t<\/div>\n\t\t\t\t<div class=\"elementor-element elementor-element-bec1777 elementor-widget elementor-widget-text-editor\" data-id=\"bec1777\" data-element_type=\"widget\" data-widget_type=\"text-editor.default\">\n\t\t\t\t<div class=\"elementor-widget-container\">\n\t\t\t\t\t\t\t\t\t<p>Wir freuen un, Sie in einem pers\u00f6nlichen Gespr\u00e4ch kennenzulernen und Ihnen mit unserem Wissen und unserer Erfahrung zu einem nat\u00fcrlich sch\u00f6nen L\u00e4cheln zu verhelfen.<\/p>\t\t\t\t\t\t\t\t<\/div>\n\t\t\t\t<\/div>\n\t\t\t\t<div class=\"elementor-element elementor-element-c547458 elementor-mobile-align-justify elementor-widget-mobile__width-inherit elementor-widget elementor-widget-button\" data-id=\"c547458\" data-element_type=\"widget\" data-widget_type=\"button.default\">\n\t\t\t\t<div class=\"elementor-widget-container\">\n\t\t\t\t\t\t\t\t\t<div class=\"elementor-button-wrapper\">\n\t\t\t\t\t<a class=\"elementor-button elementor-button-link elementor-size-sm\" href=\"https:\/\/zahnarzt-in-luzern.ch\/de\/termin-vereinbaren\/\">\n\t\t\t\t\t\t<span class=\"elementor-button-content-wrapper\">\n\t\t\t\t\t\t\t\t\t<span class=\"elementor-button-text\">Zahnarzttermin vereinbaren<\/span>\n\t\t\t\t\t<\/span>\n\t\t\t\t\t<\/a>\n\t\t\t\t<\/div>\n\t\t\t\t\t\t\t\t<\/div>\n\t\t\t\t<\/div>\n\t\t\t\t<\/div>\n\t\t\t\t\t<\/div>\n\t\t\t\t<\/div>\n\t\t\t\t\t<\/div>\n\t\t\t\t<\/div>\n\t\t\t\t<\/div>\n\t\t","protected":false},"excerpt":{"rendered":"<p>Schmerzfrei durch gezielte Kiefergelenktherapie Kiefergelenk Therapie (CMD) R\u00fcckenschmerzen, Kopfschmerzen und Tinnitus k\u00f6nnen durch craniomandibul\u00e4re Dysfunktion (CMD) verursacht werden. Unsere Zahn\u00e4rzte helfen Ihnen mit gezielten Kiefergelenk Therapien. Zahnarzttermin vereinbaren Kontakt Was ist CMD? CMD ist die Abk\u00fcrzung f\u00fcr Craniomandibul\u00e4re Dysfunktionen. Es handelt sich um eine Funktionsst\u00f6rung, die durch die Z\u00e4hne und die Kiefer verursacht wird. In [&hellip;]<\/p>\n","protected":false},"author":2,"featured_media":0,"parent":0,"menu_order":13,"comment_status":"closed","ping_status":"closed","template":"","meta":{"footnotes":""},"class_list":["post-3919","page","type-page","status-publish","hentry"],"_links":{"self":[{"href":"https:\/\/zahnarzt-in-luzern.ch\/de\/wp-json\/wp\/v2\/pages\/3919","targetHints":{"allow":["GET"]}}],"collection":[{"href":"https:\/\/zahnarzt-in-luzern.ch\/de\/wp-json\/wp\/v2\/pages"}],"about":[{"href":"https:\/\/zahnarzt-in-luzern.ch\/de\/wp-json\/wp\/v2\/types\/page"}],"author":[{"embeddable":true,"href":"https:\/\/zahnarzt-in-luzern.ch\/de\/wp-json\/wp\/v2\/users\/2"}],"replies":[{"embeddable":true,"href":"https:\/\/zahnarzt-in-luzern.ch\/de\/wp-json\/wp\/v2\/comments?post=3919"}],"version-history":[{"count":148,"href":"https:\/\/zahnarzt-in-luzern.ch\/de\/wp-json\/wp\/v2\/pages\/3919\/revisions"}],"predecessor-version":[{"id":8858,"href":"https:\/\/zahnarzt-in-luzern.ch\/de\/wp-json\/wp\/v2\/pages\/3919\/revisions\/8858"}],"wp:attachment":[{"href":"https:\/\/zahnarzt-in-luzern.ch\/de\/wp-json\/wp\/v2\/media?parent=3919"}],"curies":[{"name":"wp","href":"https:\/\/api.w.org\/{rel}","templated":true}]}}