{"id":3409,"date":"2024-09-20T08:41:10","date_gmt":"2024-09-20T08:41:10","guid":{"rendered":"https:\/\/zl.gefire.org\/?page_id=3409"},"modified":"2025-05-14T06:28:48","modified_gmt":"2025-05-14T06:28:48","slug":"zahnersatz","status":"publish","type":"page","link":"https:\/\/zahnarzt-in-luzern.ch\/de\/zahnersatz\/","title":{"rendered":"Zahnersatz"},"content":{"rendered":"\t\t<div data-elementor-type=\"wp-page\" data-elementor-id=\"3409\" class=\"elementor elementor-3409\" data-elementor-post-type=\"page\">\n\t\t\t\t<div class=\"elementor-element elementor-element-164a9662 e-flex e-con-boxed e-con e-parent\" data-id=\"164a9662\" data-element_type=\"container\" data-settings=\"{&quot;background_background&quot;:&quot;gradient&quot;}\">\n\t\t\t\t\t<div class=\"e-con-inner\">\n\t\t<div class=\"elementor-element elementor-element-6bd8515 e-grid e-con-full e-con e-child\" data-id=\"6bd8515\" data-element_type=\"container\">\n\t\t<div class=\"elementor-element elementor-element-58cae78e animated-fast e-con-full e-flex elementor-invisible e-con e-child\" data-id=\"58cae78e\" data-element_type=\"container\" data-settings=\"{&quot;animation&quot;:&quot;fadeIn&quot;,&quot;animation_delay&quot;:500}\">\n\t\t\t\t<div class=\"elementor-element elementor-element-567828d8 elementor-widget elementor-widget-heading\" data-id=\"567828d8\" data-element_type=\"widget\" data-widget_type=\"heading.default\">\n\t\t\t\t<div class=\"elementor-widget-container\">\n\t\t\t\t\t<p class=\"elementor-heading-title elementor-size-default\">Prothetische L\u00f6sung<\/p>\t\t\t\t<\/div>\n\t\t\t\t<\/div>\n\t\t\t\t<div class=\"elementor-element elementor-element-2fa9e195 elementor-widget__width-initial elementor-widget elementor-widget-heading\" data-id=\"2fa9e195\" data-element_type=\"widget\" data-widget_type=\"heading.default\">\n\t\t\t\t<div class=\"elementor-widget-container\">\n\t\t\t\t\t<h1 class=\"elementor-heading-title elementor-size-default\">Zahnersatz<\/h1>\t\t\t\t<\/div>\n\t\t\t\t<\/div>\n\t\t\t\t<div class=\"elementor-element elementor-element-a73e31a elementor-widget__width-initial elementor-widget-mobile__width-inherit elementor-widget elementor-widget-text-editor\" data-id=\"a73e31a\" data-element_type=\"widget\" data-widget_type=\"text-editor.default\">\n\t\t\t\t<div class=\"elementor-widget-container\">\n\t\t\t\t\t\t\t\t\tUnser Zahnersatz, von Inlays \u00fcber Br\u00fccken bis hin zu Prothesen, bietet passgenaue, funktionale und \u00e4sthetische L\u00f6sungen. Wir garantieren optimale Qualit\u00e4t, lange Lebensdauer und strahlende Ergebnisse.\t\t\t\t\t\t\t\t<\/div>\n\t\t\t\t<\/div>\n\t\t<div class=\"elementor-element elementor-element-5e0b144 e-con-full e-flex e-con e-child\" data-id=\"5e0b144\" data-element_type=\"container\">\n\t\t\t\t<div class=\"elementor-element elementor-element-c2bb35f elementor-mobile-align-justify elementor-widget-mobile__width-inherit elementor-widget elementor-widget-button\" data-id=\"c2bb35f\" data-element_type=\"widget\" data-widget_type=\"button.default\">\n\t\t\t\t<div class=\"elementor-widget-container\">\n\t\t\t\t\t\t\t\t\t<div class=\"elementor-button-wrapper\">\n\t\t\t\t\t<a class=\"elementor-button elementor-button-link elementor-size-sm\" href=\"https:\/\/zahnarzt-in-luzern.ch\/de\/termin-vereinbaren\/\">\n\t\t\t\t\t\t<span class=\"elementor-button-content-wrapper\">\n\t\t\t\t\t\t\t\t\t<span class=\"elementor-button-text\">Zahnarzttermin vereinbaren<\/span>\n\t\t\t\t\t<\/span>\n\t\t\t\t\t<\/a>\n\t\t\t\t<\/div>\n\t\t\t\t\t\t\t\t<\/div>\n\t\t\t\t<\/div>\n\t\t\t\t<div class=\"elementor-element elementor-element-a8aa3f0 elementor-mobile-align-justify elementor-widget-mobile__width-inherit elementor-widget elementor-widget-button\" data-id=\"a8aa3f0\" data-element_type=\"widget\" data-widget_type=\"button.default\">\n\t\t\t\t<div class=\"elementor-widget-container\">\n\t\t\t\t\t\t\t\t\t<div class=\"elementor-button-wrapper\">\n\t\t\t\t\t<a class=\"elementor-button elementor-button-link elementor-size-sm\" href=\"https:\/\/zahnarzt-in-luzern.ch\/de\/kontakt-zahnarzt-luzern\/\">\n\t\t\t\t\t\t<span class=\"elementor-button-content-wrapper\">\n\t\t\t\t\t\t\t\t\t<span class=\"elementor-button-text\">Kontakt<\/span>\n\t\t\t\t\t<\/span>\n\t\t\t\t\t<\/a>\n\t\t\t\t<\/div>\n\t\t\t\t\t\t\t\t<\/div>\n\t\t\t\t<\/div>\n\t\t\t\t<\/div>\n\t\t\t\t<\/div>\n\t\t<div class=\"elementor-element elementor-element-575765d e-con-full animated-fast e-flex elementor-invisible e-con e-child\" data-id=\"575765d\" data-element_type=\"container\" data-settings=\"{&quot;animation&quot;:&quot;fadeIn&quot;,&quot;animation_delay&quot;:500}\">\n\t\t\t\t<div class=\"elementor-element elementor-element-4fa22e3 elementor-widget elementor-widget-image\" data-id=\"4fa22e3\" data-element_type=\"widget\" data-widget_type=\"image.default\">\n\t\t\t\t<div class=\"elementor-widget-container\">\n\t\t\t\t\t\t\t\t\t\t\t\t\t\t\t<img fetchpriority=\"high\" decoding=\"async\" width=\"1000\" height=\"1334\" src=\"https:\/\/zahnarzt-in-luzern.ch\/wp-content\/uploads\/zahnersatz-zahnarzt-luzern-01.webp\" class=\"attachment-full size-full wp-image-5645\" alt=\"Zahnersatz Zahnarzt Luzern\" srcset=\"https:\/\/zahnarzt-in-luzern.ch\/wp-content\/uploads\/zahnersatz-zahnarzt-luzern-01.webp 1000w, https:\/\/zahnarzt-in-luzern.ch\/wp-content\/uploads\/zahnersatz-zahnarzt-luzern-01-225x300.webp 225w, https:\/\/zahnarzt-in-luzern.ch\/wp-content\/uploads\/zahnersatz-zahnarzt-luzern-01-768x1025.webp 768w\" sizes=\"(max-width: 1000px) 100vw, 1000px\" \/>\t\t\t\t\t\t\t\t\t\t\t\t\t\t\t<\/div>\n\t\t\t\t<\/div>\n\t\t\t\t<\/div>\n\t\t\t\t<\/div>\n\t\t\t\t\t<\/div>\n\t\t\t\t<\/div>\n\t\t<div class=\"elementor-element elementor-element-4d997c00 e-flex e-con-boxed e-con e-parent\" data-id=\"4d997c00\" data-element_type=\"container\" data-settings=\"{&quot;background_background&quot;:&quot;classic&quot;}\">\n\t\t\t\t\t<div class=\"e-con-inner\">\n\t\t<div class=\"elementor-element elementor-element-2c200968 e-grid e-con-boxed e-con e-child\" data-id=\"2c200968\" data-element_type=\"container\">\n\t\t\t\t\t<div class=\"e-con-inner\">\n\t\t\t\t<div class=\"elementor-element elementor-element-4763c504 animated-fast elementor-invisible elementor-widget elementor-widget-image\" data-id=\"4763c504\" data-element_type=\"widget\" data-settings=\"{&quot;_animation&quot;:&quot;fadeIn&quot;,&quot;_animation_delay&quot;:100}\" data-widget_type=\"image.default\">\n\t\t\t\t<div class=\"elementor-widget-container\">\n\t\t\t\t\t\t\t\t\t\t\t\t\t\t\t<img decoding=\"async\" src=\"https:\/\/zahnarzt-in-luzern.ch\/wp-content\/uploads\/elementor\/thumbs\/zahnprothese-zahnarzt-luzern-quo9afxgtnbrtobme0rxqkjvgpdz89geet5nat9mhc.webp\" title=\"zahnprothese-zahnarzt-luzern\" alt=\"zahnprothese-zahnarzt-luzern\" loading=\"lazy\" \/>\t\t\t\t\t\t\t\t\t\t\t\t\t\t\t<\/div>\n\t\t\t\t<\/div>\n\t\t<div class=\"elementor-element elementor-element-572374f0 e-con-full animated-fast e-flex elementor-invisible e-con e-child\" data-id=\"572374f0\" data-element_type=\"container\" data-settings=\"{&quot;animation&quot;:&quot;fadeIn&quot;,&quot;animation_delay&quot;:300}\">\n\t\t\t\t<div class=\"elementor-element elementor-element-38c60ac elementor-widget__width-initial elementor-widget-mobile__width-inherit elementor-widget elementor-widget-heading\" data-id=\"38c60ac\" data-element_type=\"widget\" data-widget_type=\"heading.default\">\n\t\t\t\t<div class=\"elementor-widget-container\">\n\t\t\t\t\t<h2 class=\"elementor-heading-title elementor-size-default\">Funktion wie auch \u00c4sthetik<\/h2>\t\t\t\t<\/div>\n\t\t\t\t<\/div>\n\t\t<div class=\"elementor-element elementor-element-51d3c48e e-grid e-con-full e-con e-child\" data-id=\"51d3c48e\" data-element_type=\"container\">\n\t\t\t\t<div class=\"elementor-element elementor-element-160e69c0 elementor-widget elementor-widget-text-editor\" data-id=\"160e69c0\" data-element_type=\"widget\" data-widget_type=\"text-editor.default\">\n\t\t\t\t<div class=\"elementor-widget-container\">\n\t\t\t\t\t\t\t\t\t<p><strong>Kronen<\/strong> werden manchmal als K\u00e4ppchen bezeichnet, weil sie \u00fcber die Oberfl\u00e4che eines vorhandenen Zahnes passen. Sie sind so konzipiert, wie nat\u00fcrliche Z\u00e4hne auszusehen und k\u00f6nnen die \u00c4sthetik Ihres L\u00e4chelns verbessern.<\/p>\n<p>Wenn ein ganzer Zahn mitsamt Wurzel verloren gegangen ist, ist es m\u00f6glich, die entstandene L\u00fccke mit einer<strong> festsitzenden Br\u00fccke<\/strong> zu schliessen.<\/p>\n<p>Wir bieten Ihnen umfassende festsitzende Kronen-, Br\u00fccken- und Implantatkonstruktionen sowie abnehmbaren Zahnersatz an.<\/p>\n<p><span style=\"color: var( --e-global-color-text ); background-color: var( --e-global-color-9ab17d3 );\">Wir helfen Menschen, die zahnlos sind oder ein stark reduziertes Restgebiss aufweisen, durch Wiederherstellung Ihrer Kauleistung,&nbsp;<\/span>Funktion und \u00c4sthetik Ihres Gebisses.<\/p>\t\t\t\t\t\t\t\t<\/div>\n\t\t\t\t<\/div>\n\t\t\t\t<div class=\"elementor-element elementor-element-24b85ca4 elementor-widget elementor-widget-text-editor\" data-id=\"24b85ca4\" data-element_type=\"widget\" data-widget_type=\"text-editor.default\">\n\t\t\t\t<div class=\"elementor-widget-container\">\n\t\t\t\t\t\t\t\t\t<p>Ihr Zahngesundheits Zentrum Luzern \u2013 ist spezialisiert auf die Behandlung und Versorgung dieser Patienten durch Total-, Teil- oder Hybridprothesen sowie implantatgetragene Prothesen.<\/p><p>Wir setzen jede Zahnversorgung \u00e4sthetisch anspruchsvoll um. Die Grundlage daf\u00fcr ist eine detailgenaue Diagnostik und Planung. Denn das, was am Ende sch\u00f6n aussieht, entspricht zugleich den Kriterien: Passgenauigkeit, Funktionalit\u00e4t und Stabilit\u00e4t.<\/p><p>Die f\u00fcr Sie jeweils optimale L\u00f6sung wird bei uns individuell auf Ihre Bed\u00fcrfnisse abgestimmt.<\/p>\t\t\t\t\t\t\t\t<\/div>\n\t\t\t\t<\/div>\n\t\t\t\t<\/div>\n\t\t\t\t<\/div>\n\t\t\t\t\t<\/div>\n\t\t\t\t<\/div>\n\t\t\t\t\t<\/div>\n\t\t\t\t<\/div>\n\t\t<div class=\"elementor-element elementor-element-2709fd9e e-flex e-con-boxed e-con e-child\" data-id=\"2709fd9e\" data-element_type=\"container\" data-settings=\"{&quot;background_background&quot;:&quot;classic&quot;}\">\n\t\t\t\t\t<div class=\"e-con-inner\">\n\t\t\t\t<div class=\"elementor-element elementor-element-22edb129 elementor-widget elementor-widget-heading\" data-id=\"22edb129\" data-element_type=\"widget\" data-widget_type=\"heading.default\">\n\t\t\t\t<div class=\"elementor-widget-container\">\n\t\t\t\t\t<h2 class=\"elementor-heading-title elementor-size-default\">Vorher\/Nachher<\/h2>\t\t\t\t<\/div>\n\t\t\t\t<\/div>\n\t\t\t\t<div class=\"elementor-element elementor-element-5e39056c elementor-pagination-type-bullets elementor-arrows-position-inside elementor-pagination-position-outside elementor-widget elementor-widget-n-carousel\" data-id=\"5e39056c\" data-element_type=\"widget\" data-settings=\"{&quot;carousel_items&quot;:[{&quot;slide_title&quot;:&quot;Slide #1&quot;,&quot;_id&quot;:&quot;feeb719&quot;},{&quot;slide_title&quot;:&quot;Slide #1&quot;,&quot;_id&quot;:&quot;a6e1a4b&quot;},{&quot;slide_title&quot;:&quot;Slide #1&quot;,&quot;_id&quot;:&quot;ed34232&quot;},{&quot;slide_title&quot;:&quot;Slide #1&quot;,&quot;_id&quot;:&quot;c088220&quot;},{&quot;slide_title&quot;:&quot;Slide #1&quot;,&quot;_id&quot;:&quot;eb3bfeb&quot;},{&quot;slide_title&quot;:&quot;Slide #1&quot;,&quot;_id&quot;:&quot;28de2cd&quot;},{&quot;slide_title&quot;:&quot;Slide #1&quot;,&quot;_id&quot;:&quot;7f04e10&quot;},{&quot;slide_title&quot;:&quot;Slide #1&quot;,&quot;_id&quot;:&quot;87263a6&quot;},{&quot;slide_title&quot;:&quot;Slide #1&quot;,&quot;_id&quot;:&quot;30aee69&quot;},{&quot;slide_title&quot;:&quot;Slide #1&quot;,&quot;_id&quot;:&quot;188d345&quot;}],&quot;image_spacing_custom&quot;:{&quot;unit&quot;:&quot;px&quot;,&quot;size&quot;:25,&quot;sizes&quot;:[]},&quot;slides_to_show_tablet&quot;:&quot;2&quot;,&quot;slides_to_show_mobile&quot;:&quot;1&quot;,&quot;autoplay&quot;:&quot;yes&quot;,&quot;autoplay_speed&quot;:5000,&quot;pause_on_hover&quot;:&quot;yes&quot;,&quot;pause_on_interaction&quot;:&quot;yes&quot;,&quot;infinite&quot;:&quot;yes&quot;,&quot;speed&quot;:500,&quot;offset_sides&quot;:&quot;none&quot;,&quot;arrows&quot;:&quot;yes&quot;,&quot;pagination&quot;:&quot;bullets&quot;,&quot;image_spacing_custom_widescreen&quot;:{&quot;unit&quot;:&quot;px&quot;,&quot;size&quot;:&quot;&quot;,&quot;sizes&quot;:[]},&quot;image_spacing_custom_laptop&quot;:{&quot;unit&quot;:&quot;px&quot;,&quot;size&quot;:&quot;&quot;,&quot;sizes&quot;:[]},&quot;image_spacing_custom_tablet&quot;:{&quot;unit&quot;:&quot;px&quot;,&quot;size&quot;:&quot;&quot;,&quot;sizes&quot;:[]},&quot;image_spacing_custom_mobile&quot;:{&quot;unit&quot;:&quot;px&quot;,&quot;size&quot;:&quot;&quot;,&quot;sizes&quot;:[]}}\" data-widget_type=\"nested-carousel.default\">\n\t\t\t\t<div class=\"elementor-widget-container\">\n\t\t\t\t\t\t\t<div class=\"e-n-carousel swiper\" role=\"region\" aria-roledescription=\"carousel\" aria-label=\"Karussell\" dir=\"ltr\">\n\t\t\t<div class=\"swiper-wrapper\" aria-live=\"off\">\n\t\t\t\t\t\t\t\t\t\t<div class=\"swiper-slide\" data-slide=\"1\" role=\"group\" aria-roledescription=\"slide\" aria-label=\"1 von 10\">\n\t\t\t\t\t\t\t<div class=\"elementor-element elementor-element-5a65846c e-flex e-con-boxed e-con e-child\" data-id=\"5a65846c\" data-element_type=\"container\">\n\t\t\t\t\t<div class=\"e-con-inner\">\n\t\t\t\t<div class=\"elementor-element elementor-element-41e1d146 elementor-widget elementor-widget-image\" data-id=\"41e1d146\" data-element_type=\"widget\" data-widget_type=\"image.default\">\n\t\t\t\t<div class=\"elementor-widget-container\">\n\t\t\t\t\t\t\t\t\t\t\t\t\t\t\t<img decoding=\"async\" width=\"800\" height=\"800\" src=\"https:\/\/zahnarzt-in-luzern.ch\/wp-content\/uploads\/zahnarzt-luzern-vorher-nachher-kronen-01.webp\" class=\"attachment-large size-large wp-image-6591\" alt=\"\" srcset=\"https:\/\/zahnarzt-in-luzern.ch\/wp-content\/uploads\/zahnarzt-luzern-vorher-nachher-kronen-01.webp 800w, https:\/\/zahnarzt-in-luzern.ch\/wp-content\/uploads\/zahnarzt-luzern-vorher-nachher-kronen-01-300x300.webp 300w, https:\/\/zahnarzt-in-luzern.ch\/wp-content\/uploads\/zahnarzt-luzern-vorher-nachher-kronen-01-150x150.webp 150w, https:\/\/zahnarzt-in-luzern.ch\/wp-content\/uploads\/zahnarzt-luzern-vorher-nachher-kronen-01-768x768.webp 768w\" sizes=\"(max-width: 800px) 100vw, 800px\" \/>\t\t\t\t\t\t\t\t\t\t\t\t\t\t\t<\/div>\n\t\t\t\t<\/div>\n\t\t\t\t\t<\/div>\n\t\t\t\t<\/div>\n\t\t\t\t\t\t\t\t<\/div>\n\t\t\t\t\t\t\t\t\t\t\t<div class=\"swiper-slide\" data-slide=\"2\" role=\"group\" aria-roledescription=\"slide\" aria-label=\"2 von 10\">\n\t\t\t\t\t\t\t<div class=\"elementor-element elementor-element-e004358 e-flex e-con-boxed e-con e-child\" data-id=\"e004358\" data-element_type=\"container\">\n\t\t\t\t\t<div class=\"e-con-inner\">\n\t\t\t\t<div class=\"elementor-element elementor-element-3f2556b elementor-widget elementor-widget-image\" data-id=\"3f2556b\" data-element_type=\"widget\" data-widget_type=\"image.default\">\n\t\t\t\t<div class=\"elementor-widget-container\">\n\t\t\t\t\t\t\t\t\t\t\t\t\t\t\t<img decoding=\"async\" width=\"800\" height=\"800\" src=\"https:\/\/zahnarzt-in-luzern.ch\/wp-content\/uploads\/zahnarzt-luzern-vorher-nachher-kronen-03.webp\" class=\"attachment-large size-large wp-image-6596\" alt=\"\" srcset=\"https:\/\/zahnarzt-in-luzern.ch\/wp-content\/uploads\/zahnarzt-luzern-vorher-nachher-kronen-03.webp 800w, https:\/\/zahnarzt-in-luzern.ch\/wp-content\/uploads\/zahnarzt-luzern-vorher-nachher-kronen-03-300x300.webp 300w, https:\/\/zahnarzt-in-luzern.ch\/wp-content\/uploads\/zahnarzt-luzern-vorher-nachher-kronen-03-150x150.webp 150w, https:\/\/zahnarzt-in-luzern.ch\/wp-content\/uploads\/zahnarzt-luzern-vorher-nachher-kronen-03-768x768.webp 768w\" sizes=\"(max-width: 800px) 100vw, 800px\" \/>\t\t\t\t\t\t\t\t\t\t\t\t\t\t\t<\/div>\n\t\t\t\t<\/div>\n\t\t\t\t\t<\/div>\n\t\t\t\t<\/div>\n\t\t\t\t\t\t\t\t<\/div>\n\t\t\t\t\t\t\t\t\t\t\t<div class=\"swiper-slide\" data-slide=\"3\" role=\"group\" aria-roledescription=\"slide\" aria-label=\"3 von 10\">\n\t\t\t\t\t\t\t<div class=\"elementor-element elementor-element-41a5b6a e-flex e-con-boxed e-con e-child\" data-id=\"41a5b6a\" data-element_type=\"container\">\n\t\t\t\t\t<div class=\"e-con-inner\">\n\t\t\t\t<div class=\"elementor-element elementor-element-144fc95 elementor-widget elementor-widget-image\" data-id=\"144fc95\" data-element_type=\"widget\" data-widget_type=\"image.default\">\n\t\t\t\t<div class=\"elementor-widget-container\">\n\t\t\t\t\t\t\t\t\t\t\t\t\t\t\t<img loading=\"lazy\" decoding=\"async\" width=\"800\" height=\"800\" src=\"https:\/\/zahnarzt-in-luzern.ch\/wp-content\/uploads\/zahnarzt-luzern-vorher-nachher-kronen-02.webp\" class=\"attachment-large size-large wp-image-6592\" alt=\"\" srcset=\"https:\/\/zahnarzt-in-luzern.ch\/wp-content\/uploads\/zahnarzt-luzern-vorher-nachher-kronen-02.webp 800w, https:\/\/zahnarzt-in-luzern.ch\/wp-content\/uploads\/zahnarzt-luzern-vorher-nachher-kronen-02-300x300.webp 300w, https:\/\/zahnarzt-in-luzern.ch\/wp-content\/uploads\/zahnarzt-luzern-vorher-nachher-kronen-02-150x150.webp 150w, https:\/\/zahnarzt-in-luzern.ch\/wp-content\/uploads\/zahnarzt-luzern-vorher-nachher-kronen-02-768x768.webp 768w\" sizes=\"(max-width: 800px) 100vw, 800px\" \/>\t\t\t\t\t\t\t\t\t\t\t\t\t\t\t<\/div>\n\t\t\t\t<\/div>\n\t\t\t\t\t<\/div>\n\t\t\t\t<\/div>\n\t\t\t\t\t\t\t\t<\/div>\n\t\t\t\t\t\t\t\t\t\t\t<div class=\"swiper-slide\" data-slide=\"4\" role=\"group\" aria-roledescription=\"slide\" aria-label=\"4 von 10\">\n\t\t\t\t\t\t\t<div class=\"elementor-element elementor-element-91084a9 e-flex e-con-boxed e-con e-child\" data-id=\"91084a9\" data-element_type=\"container\">\n\t\t\t\t\t<div class=\"e-con-inner\">\n\t\t\t\t<div class=\"elementor-element elementor-element-2d9fc14 elementor-widget elementor-widget-image\" data-id=\"2d9fc14\" data-element_type=\"widget\" data-widget_type=\"image.default\">\n\t\t\t\t<div class=\"elementor-widget-container\">\n\t\t\t\t\t\t\t\t\t\t\t\t\t\t\t<img loading=\"lazy\" decoding=\"async\" width=\"800\" height=\"800\" src=\"https:\/\/zahnarzt-in-luzern.ch\/wp-content\/uploads\/zahnarzt-luzern-vorher-nachher-kronen-04.webp\" class=\"attachment-large size-large wp-image-6600\" alt=\"\" srcset=\"https:\/\/zahnarzt-in-luzern.ch\/wp-content\/uploads\/zahnarzt-luzern-vorher-nachher-kronen-04.webp 800w, https:\/\/zahnarzt-in-luzern.ch\/wp-content\/uploads\/zahnarzt-luzern-vorher-nachher-kronen-04-300x300.webp 300w, https:\/\/zahnarzt-in-luzern.ch\/wp-content\/uploads\/zahnarzt-luzern-vorher-nachher-kronen-04-150x150.webp 150w, https:\/\/zahnarzt-in-luzern.ch\/wp-content\/uploads\/zahnarzt-luzern-vorher-nachher-kronen-04-768x768.webp 768w\" sizes=\"(max-width: 800px) 100vw, 800px\" \/>\t\t\t\t\t\t\t\t\t\t\t\t\t\t\t<\/div>\n\t\t\t\t<\/div>\n\t\t\t\t\t<\/div>\n\t\t\t\t<\/div>\n\t\t\t\t\t\t\t\t<\/div>\n\t\t\t\t\t\t\t\t\t\t\t<div class=\"swiper-slide\" data-slide=\"5\" role=\"group\" aria-roledescription=\"slide\" aria-label=\"5 von 10\">\n\t\t\t\t\t\t\t<div class=\"elementor-element elementor-element-839cfdf e-flex e-con-boxed e-con e-child\" data-id=\"839cfdf\" data-element_type=\"container\">\n\t\t\t\t\t<div class=\"e-con-inner\">\n\t\t\t\t<div class=\"elementor-element elementor-element-484d04b elementor-widget elementor-widget-image\" data-id=\"484d04b\" data-element_type=\"widget\" data-widget_type=\"image.default\">\n\t\t\t\t<div class=\"elementor-widget-container\">\n\t\t\t\t\t\t\t\t\t\t\t\t\t\t\t<img loading=\"lazy\" decoding=\"async\" width=\"800\" height=\"800\" src=\"https:\/\/zahnarzt-in-luzern.ch\/wp-content\/uploads\/zahnarzt-luzern-vorher-nachher-kronen-05.webp\" class=\"attachment-large size-large wp-image-6601\" alt=\"\" srcset=\"https:\/\/zahnarzt-in-luzern.ch\/wp-content\/uploads\/zahnarzt-luzern-vorher-nachher-kronen-05.webp 800w, https:\/\/zahnarzt-in-luzern.ch\/wp-content\/uploads\/zahnarzt-luzern-vorher-nachher-kronen-05-300x300.webp 300w, https:\/\/zahnarzt-in-luzern.ch\/wp-content\/uploads\/zahnarzt-luzern-vorher-nachher-kronen-05-150x150.webp 150w, https:\/\/zahnarzt-in-luzern.ch\/wp-content\/uploads\/zahnarzt-luzern-vorher-nachher-kronen-05-768x768.webp 768w\" sizes=\"(max-width: 800px) 100vw, 800px\" \/>\t\t\t\t\t\t\t\t\t\t\t\t\t\t\t<\/div>\n\t\t\t\t<\/div>\n\t\t\t\t\t<\/div>\n\t\t\t\t<\/div>\n\t\t\t\t\t\t\t\t<\/div>\n\t\t\t\t\t\t\t\t\t\t\t<div class=\"swiper-slide\" data-slide=\"6\" role=\"group\" aria-roledescription=\"slide\" aria-label=\"6 von 10\">\n\t\t\t\t\t\t\t<div class=\"elementor-element elementor-element-4ffb89a e-flex e-con-boxed e-con e-child\" data-id=\"4ffb89a\" data-element_type=\"container\">\n\t\t\t\t\t<div class=\"e-con-inner\">\n\t\t\t\t<div class=\"elementor-element elementor-element-d77aea5 elementor-widget elementor-widget-image\" data-id=\"d77aea5\" data-element_type=\"widget\" data-widget_type=\"image.default\">\n\t\t\t\t<div class=\"elementor-widget-container\">\n\t\t\t\t\t\t\t\t\t\t\t\t\t\t\t<img loading=\"lazy\" decoding=\"async\" width=\"800\" height=\"800\" src=\"https:\/\/zahnarzt-in-luzern.ch\/wp-content\/uploads\/zahnarzt-luzern-vorher-nachher-kronen-06.webp\" class=\"attachment-large size-large wp-image-6605\" alt=\"\" srcset=\"https:\/\/zahnarzt-in-luzern.ch\/wp-content\/uploads\/zahnarzt-luzern-vorher-nachher-kronen-06.webp 800w, https:\/\/zahnarzt-in-luzern.ch\/wp-content\/uploads\/zahnarzt-luzern-vorher-nachher-kronen-06-300x300.webp 300w, https:\/\/zahnarzt-in-luzern.ch\/wp-content\/uploads\/zahnarzt-luzern-vorher-nachher-kronen-06-150x150.webp 150w, https:\/\/zahnarzt-in-luzern.ch\/wp-content\/uploads\/zahnarzt-luzern-vorher-nachher-kronen-06-768x768.webp 768w\" sizes=\"(max-width: 800px) 100vw, 800px\" \/>\t\t\t\t\t\t\t\t\t\t\t\t\t\t\t<\/div>\n\t\t\t\t<\/div>\n\t\t\t\t\t<\/div>\n\t\t\t\t<\/div>\n\t\t\t\t\t\t\t\t<\/div>\n\t\t\t\t\t\t\t\t\t\t\t<div class=\"swiper-slide\" data-slide=\"7\" role=\"group\" aria-roledescription=\"slide\" aria-label=\"7 von 10\">\n\t\t\t\t\t\t\t<div class=\"elementor-element elementor-element-4aa8ed9 e-flex e-con-boxed e-con e-child\" data-id=\"4aa8ed9\" data-element_type=\"container\">\n\t\t\t\t\t<div class=\"e-con-inner\">\n\t\t\t\t<div class=\"elementor-element elementor-element-d1a064c elementor-widget elementor-widget-image\" data-id=\"d1a064c\" data-element_type=\"widget\" data-widget_type=\"image.default\">\n\t\t\t\t<div class=\"elementor-widget-container\">\n\t\t\t\t\t\t\t\t\t\t\t\t\t\t\t<img loading=\"lazy\" decoding=\"async\" width=\"800\" height=\"800\" src=\"https:\/\/zahnarzt-in-luzern.ch\/wp-content\/uploads\/zahnarzt-luzern-vorher-nachher-kronen-07.webp\" class=\"attachment-large size-large wp-image-6606\" alt=\"\" srcset=\"https:\/\/zahnarzt-in-luzern.ch\/wp-content\/uploads\/zahnarzt-luzern-vorher-nachher-kronen-07.webp 800w, https:\/\/zahnarzt-in-luzern.ch\/wp-content\/uploads\/zahnarzt-luzern-vorher-nachher-kronen-07-300x300.webp 300w, https:\/\/zahnarzt-in-luzern.ch\/wp-content\/uploads\/zahnarzt-luzern-vorher-nachher-kronen-07-150x150.webp 150w, https:\/\/zahnarzt-in-luzern.ch\/wp-content\/uploads\/zahnarzt-luzern-vorher-nachher-kronen-07-768x768.webp 768w\" sizes=\"(max-width: 800px) 100vw, 800px\" \/>\t\t\t\t\t\t\t\t\t\t\t\t\t\t\t<\/div>\n\t\t\t\t<\/div>\n\t\t\t\t\t<\/div>\n\t\t\t\t<\/div>\n\t\t\t\t\t\t\t\t<\/div>\n\t\t\t\t\t\t\t\t\t\t\t<div class=\"swiper-slide\" data-slide=\"8\" role=\"group\" aria-roledescription=\"slide\" aria-label=\"8 von 10\">\n\t\t\t\t\t\t\t<div class=\"elementor-element elementor-element-bb4af4e e-flex e-con-boxed e-con e-child\" data-id=\"bb4af4e\" data-element_type=\"container\">\n\t\t\t\t\t<div class=\"e-con-inner\">\n\t\t\t\t<div class=\"elementor-element elementor-element-641d1d2 elementor-widget elementor-widget-image\" data-id=\"641d1d2\" data-element_type=\"widget\" data-widget_type=\"image.default\">\n\t\t\t\t<div class=\"elementor-widget-container\">\n\t\t\t\t\t\t\t\t\t\t\t\t\t\t\t<img loading=\"lazy\" decoding=\"async\" width=\"800\" height=\"800\" src=\"https:\/\/zahnarzt-in-luzern.ch\/wp-content\/uploads\/zahnarzt-luzern-vorher-nachher-kronen-08.webp\" class=\"attachment-large size-large wp-image-6610\" alt=\"\" srcset=\"https:\/\/zahnarzt-in-luzern.ch\/wp-content\/uploads\/zahnarzt-luzern-vorher-nachher-kronen-08.webp 800w, https:\/\/zahnarzt-in-luzern.ch\/wp-content\/uploads\/zahnarzt-luzern-vorher-nachher-kronen-08-300x300.webp 300w, https:\/\/zahnarzt-in-luzern.ch\/wp-content\/uploads\/zahnarzt-luzern-vorher-nachher-kronen-08-150x150.webp 150w, https:\/\/zahnarzt-in-luzern.ch\/wp-content\/uploads\/zahnarzt-luzern-vorher-nachher-kronen-08-768x768.webp 768w\" sizes=\"(max-width: 800px) 100vw, 800px\" \/>\t\t\t\t\t\t\t\t\t\t\t\t\t\t\t<\/div>\n\t\t\t\t<\/div>\n\t\t\t\t\t<\/div>\n\t\t\t\t<\/div>\n\t\t\t\t\t\t\t\t<\/div>\n\t\t\t\t\t\t\t\t\t\t\t<div class=\"swiper-slide\" data-slide=\"9\" role=\"group\" aria-roledescription=\"slide\" aria-label=\"9 von 10\">\n\t\t\t\t\t\t\t<div class=\"elementor-element elementor-element-9a3203a e-flex e-con-boxed e-con e-child\" data-id=\"9a3203a\" data-element_type=\"container\">\n\t\t\t\t\t<div class=\"e-con-inner\">\n\t\t\t\t<div class=\"elementor-element elementor-element-b92eeab elementor-widget elementor-widget-image\" data-id=\"b92eeab\" data-element_type=\"widget\" data-widget_type=\"image.default\">\n\t\t\t\t<div class=\"elementor-widget-container\">\n\t\t\t\t\t\t\t\t\t\t\t\t\t\t\t<img loading=\"lazy\" decoding=\"async\" width=\"800\" height=\"800\" src=\"https:\/\/zahnarzt-in-luzern.ch\/wp-content\/uploads\/zahnarzt-luzern-vorher-nachher-kronen-09.webp\" class=\"attachment-large size-large wp-image-6611\" alt=\"\" srcset=\"https:\/\/zahnarzt-in-luzern.ch\/wp-content\/uploads\/zahnarzt-luzern-vorher-nachher-kronen-09.webp 800w, https:\/\/zahnarzt-in-luzern.ch\/wp-content\/uploads\/zahnarzt-luzern-vorher-nachher-kronen-09-300x300.webp 300w, https:\/\/zahnarzt-in-luzern.ch\/wp-content\/uploads\/zahnarzt-luzern-vorher-nachher-kronen-09-150x150.webp 150w, https:\/\/zahnarzt-in-luzern.ch\/wp-content\/uploads\/zahnarzt-luzern-vorher-nachher-kronen-09-768x768.webp 768w\" sizes=\"(max-width: 800px) 100vw, 800px\" \/>\t\t\t\t\t\t\t\t\t\t\t\t\t\t\t<\/div>\n\t\t\t\t<\/div>\n\t\t\t\t\t<\/div>\n\t\t\t\t<\/div>\n\t\t\t\t\t\t\t\t<\/div>\n\t\t\t\t\t\t\t\t\t\t\t<div class=\"swiper-slide\" data-slide=\"10\" role=\"group\" aria-roledescription=\"slide\" aria-label=\"10 von 10\">\n\t\t\t\t\t\t\t<div class=\"elementor-element elementor-element-646d42f e-flex e-con-boxed e-con e-child\" data-id=\"646d42f\" data-element_type=\"container\">\n\t\t\t\t\t<div class=\"e-con-inner\">\n\t\t\t\t<div class=\"elementor-element elementor-element-4851845 elementor-widget elementor-widget-image\" data-id=\"4851845\" data-element_type=\"widget\" data-widget_type=\"image.default\">\n\t\t\t\t<div class=\"elementor-widget-container\">\n\t\t\t\t\t\t\t\t\t\t\t\t\t\t\t<img loading=\"lazy\" decoding=\"async\" width=\"800\" height=\"800\" src=\"https:\/\/zahnarzt-in-luzern.ch\/wp-content\/uploads\/zahnarzt-luzern-vorher-nachher-kronen-10.webp\" class=\"attachment-large size-large wp-image-6615\" alt=\"\" srcset=\"https:\/\/zahnarzt-in-luzern.ch\/wp-content\/uploads\/zahnarzt-luzern-vorher-nachher-kronen-10.webp 800w, https:\/\/zahnarzt-in-luzern.ch\/wp-content\/uploads\/zahnarzt-luzern-vorher-nachher-kronen-10-300x300.webp 300w, https:\/\/zahnarzt-in-luzern.ch\/wp-content\/uploads\/zahnarzt-luzern-vorher-nachher-kronen-10-150x150.webp 150w, https:\/\/zahnarzt-in-luzern.ch\/wp-content\/uploads\/zahnarzt-luzern-vorher-nachher-kronen-10-768x768.webp 768w\" sizes=\"(max-width: 800px) 100vw, 800px\" \/>\t\t\t\t\t\t\t\t\t\t\t\t\t\t\t<\/div>\n\t\t\t\t<\/div>\n\t\t\t\t\t<\/div>\n\t\t\t\t<\/div>\n\t\t\t\t\t\t\t\t<\/div>\n\t\t\t\t\t\t\t\t<\/div>\n\t\t<\/div>\n\t\t\t\t\t<div class=\"elementor-swiper-button elementor-swiper-button-prev\" role=\"button\" tabindex=\"0\" aria-label=\"Voriger\">\n\t\t\t\t<svg aria-hidden=\"true\" class=\"e-font-icon-svg e-eicon-chevron-left\" viewBox=\"0 0 1000 1000\" xmlns=\"http:\/\/www.w3.org\/2000\/svg\"><path d=\"M646 125C629 125 613 133 604 142L308 442C296 454 292 471 292 487 292 504 296 521 308 533L604 854C617 867 629 875 646 875 663 875 679 871 692 858 704 846 713 829 713 812 713 796 708 779 692 767L438 487 692 225C700 217 708 204 708 187 708 171 704 154 692 142 675 129 663 125 646 125Z\"><\/path><\/svg>\t\t\t<\/div>\n\t\t\t<div class=\"elementor-swiper-button elementor-swiper-button-next\" role=\"button\" tabindex=\"0\" aria-label=\"N\u00e4chster\">\n\t\t\t\t<svg aria-hidden=\"true\" class=\"e-font-icon-svg e-eicon-chevron-right\" viewBox=\"0 0 1000 1000\" xmlns=\"http:\/\/www.w3.org\/2000\/svg\"><path d=\"M696 533C708 521 713 504 713 487 713 471 708 454 696 446L400 146C388 133 375 125 354 125 338 125 325 129 313 142 300 154 292 171 292 187 292 204 296 221 308 233L563 492 304 771C292 783 288 800 288 817 288 833 296 850 308 863 321 871 338 875 354 875 371 875 388 867 400 854L696 533Z\"><\/path><\/svg>\t\t\t<\/div>\n\t\t\t\t\t<div class=\"swiper-pagination\"><\/div>\n\t\t\t\t\t\t<\/div>\n\t\t\t\t<\/div>\n\t\t\t\t\t<\/div>\n\t\t\t\t<\/div>\n\t\t<div class=\"elementor-element elementor-element-1908867f e-flex e-con-boxed e-con e-parent\" data-id=\"1908867f\" data-element_type=\"container\" data-settings=\"{&quot;background_background&quot;:&quot;classic&quot;}\">\n\t\t\t\t\t<div class=\"e-con-inner\">\n\t\t<div class=\"elementor-element elementor-element-213c7acd e-grid e-con-boxed e-con e-child\" data-id=\"213c7acd\" data-element_type=\"container\">\n\t\t\t\t\t<div class=\"e-con-inner\">\n\t\t<div class=\"elementor-element elementor-element-17e1db8b e-con-full animated-fast elementor-hidden-mobile e-flex elementor-invisible e-con e-child\" data-id=\"17e1db8b\" data-element_type=\"container\" data-settings=\"{&quot;background_background&quot;:&quot;classic&quot;,&quot;animation&quot;:&quot;fadeIn&quot;,&quot;animation_delay&quot;:500}\">\n\t\t\t\t<\/div>\n\t\t<div class=\"elementor-element elementor-element-6669a65 e-con-full animated-fast e-flex e-con e-child\" data-id=\"6669a65\" data-element_type=\"container\" data-settings=\"{&quot;background_background&quot;:&quot;classic&quot;,&quot;animation&quot;:&quot;none&quot;,&quot;animation_delay&quot;:300}\">\n\t\t\t\t<div class=\"elementor-element elementor-element-bc3eef5 elementor-widget elementor-widget-heading\" data-id=\"bc3eef5\" data-element_type=\"widget\" data-widget_type=\"heading.default\">\n\t\t\t\t<div class=\"elementor-widget-container\">\n\t\t\t\t\t<p class=\"elementor-heading-title elementor-size-default\">Herzlich willkommen<\/p>\t\t\t\t<\/div>\n\t\t\t\t<\/div>\n\t\t\t\t<div class=\"elementor-element elementor-element-b84096c elementor-widget__width-inherit elementor-widget-mobile__width-inherit elementor-widget elementor-widget-heading\" data-id=\"b84096c\" data-element_type=\"widget\" data-widget_type=\"heading.default\">\n\t\t\t\t<div class=\"elementor-widget-container\">\n\t\t\t\t\t<h2 class=\"elementor-heading-title elementor-size-default\">Der erste Schritt zu einem nat\u00fcrlich sch\u00f6nen L\u00e4cheln<\/h2>\t\t\t\t<\/div>\n\t\t\t\t<\/div>\n\t\t\t\t<div class=\"elementor-element elementor-element-bec1777 elementor-widget elementor-widget-text-editor\" data-id=\"bec1777\" data-element_type=\"widget\" data-widget_type=\"text-editor.default\">\n\t\t\t\t<div class=\"elementor-widget-container\">\n\t\t\t\t\t\t\t\t\t<p>Wir freuen un, Sie in einem pers\u00f6nlichen Gespr\u00e4ch kennenzulernen und Ihnen mit unserem Wissen und unserer Erfahrung zu einem nat\u00fcrlich sch\u00f6nen L\u00e4cheln zu verhelfen.<\/p>\t\t\t\t\t\t\t\t<\/div>\n\t\t\t\t<\/div>\n\t\t\t\t<div class=\"elementor-element elementor-element-c547458 elementor-mobile-align-justify elementor-widget-mobile__width-inherit elementor-widget elementor-widget-button\" data-id=\"c547458\" data-element_type=\"widget\" data-widget_type=\"button.default\">\n\t\t\t\t<div class=\"elementor-widget-container\">\n\t\t\t\t\t\t\t\t\t<div class=\"elementor-button-wrapper\">\n\t\t\t\t\t<a class=\"elementor-button elementor-button-link elementor-size-sm\" href=\"https:\/\/zahnarzt-in-luzern.ch\/de\/termin-vereinbaren\/\">\n\t\t\t\t\t\t<span class=\"elementor-button-content-wrapper\">\n\t\t\t\t\t\t\t\t\t<span class=\"elementor-button-text\">Zahnarzttermin vereinbaren<\/span>\n\t\t\t\t\t<\/span>\n\t\t\t\t\t<\/a>\n\t\t\t\t<\/div>\n\t\t\t\t\t\t\t\t<\/div>\n\t\t\t\t<\/div>\n\t\t\t\t<\/div>\n\t\t\t\t\t<\/div>\n\t\t\t\t<\/div>\n\t\t\t\t\t<\/div>\n\t\t\t\t<\/div>\n\t\t<div class=\"elementor-element elementor-element-4fc5dac e-flex e-con-boxed e-con e-parent\" data-id=\"4fc5dac\" data-element_type=\"container\" data-settings=\"{&quot;background_background&quot;:&quot;classic&quot;,&quot;motion_fx_motion_fx_scrolling&quot;:&quot;yes&quot;,&quot;motion_fx_devices&quot;:[&quot;widescreen&quot;,&quot;desktop&quot;,&quot;laptop&quot;,&quot;tablet&quot;,&quot;mobile&quot;]}\">\n\t\t\t\t\t<div class=\"e-con-inner\">\n\t\t<a class=\"elementor-element elementor-element-9d2eb07 e-con-full e-transform e-flex e-con e-child\" data-id=\"9d2eb07\" data-element_type=\"container\" data-settings=\"{&quot;background_background&quot;:&quot;classic&quot;,&quot;motion_fx_motion_fx_scrolling&quot;:&quot;yes&quot;,&quot;_transform_scale_effect_hover_widescreen&quot;:{&quot;unit&quot;:&quot;px&quot;,&quot;size&quot;:1.0500000000000000444089209850062616169452667236328125,&quot;sizes&quot;:[]},&quot;_transform_scale_effect_hover&quot;:{&quot;unit&quot;:&quot;px&quot;,&quot;size&quot;:1.0500000000000000444089209850062616169452667236328125,&quot;sizes&quot;:[]},&quot;motion_fx_devices&quot;:[&quot;widescreen&quot;,&quot;desktop&quot;,&quot;laptop&quot;,&quot;tablet&quot;,&quot;mobile&quot;],&quot;_transform_scale_effect_hover_laptop&quot;:{&quot;unit&quot;:&quot;px&quot;,&quot;size&quot;:&quot;&quot;,&quot;sizes&quot;:[]},&quot;_transform_scale_effect_hover_tablet&quot;:{&quot;unit&quot;:&quot;px&quot;,&quot;size&quot;:&quot;&quot;,&quot;sizes&quot;:[]},&quot;_transform_scale_effect_hover_mobile&quot;:{&quot;unit&quot;:&quot;px&quot;,&quot;size&quot;:&quot;&quot;,&quot;sizes&quot;:[]}}\" href=\"https:\/\/himmelfarb.ch\/de\/\" target=\"_blank\">\n\t\t<div class=\"elementor-element elementor-element-4db0273 e-con-full e-flex e-con e-child\" data-id=\"4db0273\" data-element_type=\"container\">\n\t\t\t\t<div class=\"elementor-element elementor-element-3c8f91d elementor-widget elementor-widget-text-editor\" data-id=\"3c8f91d\" data-element_type=\"widget\" data-widget_type=\"text-editor.default\">\n\t\t\t\t<div class=\"elementor-widget-container\">\n\t\t\t\t\t\t\t\t\t<p>Expertin f\u00fcr \u00e4sthetische Zahnmedizin\u200b<\/p>\t\t\t\t\t\t\t\t<\/div>\n\t\t\t\t<\/div>\n\t\t\t\t<div class=\"elementor-element elementor-element-91b9ebc animated-fast elementor-invisible elementor-widget elementor-widget-heading\" data-id=\"91b9ebc\" data-element_type=\"widget\" data-settings=\"{&quot;_animation&quot;:&quot;fadeIn&quot;,&quot;_animation_delay&quot;:200}\" data-widget_type=\"heading.default\">\n\t\t\t\t<div class=\"elementor-widget-container\">\n\t\t\t\t\t<h2 class=\"elementor-heading-title elementor-size-default\">Sie w\u00fcnschen eine pers\u00f6nliche Beratung von unserer Smile Makeover Expertin?<\/h2>\t\t\t\t<\/div>\n\t\t\t\t<\/div>\n\t\t\t\t<div class=\"elementor-element elementor-element-362cf33 elementor-widget elementor-widget-text-editor\" data-id=\"362cf33\" data-element_type=\"widget\" data-widget_type=\"text-editor.default\">\n\t\t\t\t<div class=\"elementor-widget-container\">\n\t\t\t\t\t\t\t\t\t<p>Frau Dr. Dr. Rosanna Himmelfarb begleitet Sie pers\u00f6nlich auf Ihrem Weg zu einem perfekten Smile Makeover.<\/p>\t\t\t\t\t\t\t\t<\/div>\n\t\t\t\t<\/div>\n\t\t\t\t<div class=\"elementor-element elementor-element-1d88637 elementor-widget elementor-widget-text-editor\" data-id=\"1d88637\" data-element_type=\"widget\" data-widget_type=\"text-editor.default\">\n\t\t\t\t<div class=\"elementor-widget-container\">\n\t\t\t\t\t\t\t\t\t<p>himmelfarb.ch \u25b7<\/p>\t\t\t\t\t\t\t\t<\/div>\n\t\t\t\t<\/div>\n\t\t\t\t<\/div>\n\t\t<div class=\"elementor-element elementor-element-d8b01be e-con-full e-flex e-con e-child\" data-id=\"d8b01be\" data-element_type=\"container\">\n\t\t\t\t<div class=\"elementor-element elementor-element-7b98a17 elementor-widget elementor-widget-image\" data-id=\"7b98a17\" data-element_type=\"widget\" data-widget_type=\"image.default\">\n\t\t\t\t<div class=\"elementor-widget-container\">\n\t\t\t\t\t\t\t\t\t\t\t\t\t\t\t<img loading=\"lazy\" decoding=\"async\" width=\"872\" height=\"872\" src=\"https:\/\/zahnarzt-in-luzern.ch\/wp-content\/uploads\/cta_himmelfarb-01.png\" class=\"attachment-full size-full wp-image-8336 has-transparency\" alt=\"\" srcset=\"https:\/\/zahnarzt-in-luzern.ch\/wp-content\/uploads\/cta_himmelfarb-01.png 872w, https:\/\/zahnarzt-in-luzern.ch\/wp-content\/uploads\/cta_himmelfarb-01-300x300.png 300w, https:\/\/zahnarzt-in-luzern.ch\/wp-content\/uploads\/cta_himmelfarb-01-150x150.png 150w, https:\/\/zahnarzt-in-luzern.ch\/wp-content\/uploads\/cta_himmelfarb-01-768x768.png 768w, https:\/\/zahnarzt-in-luzern.ch\/wp-content\/uploads\/cta_himmelfarb-01-12x12.png 12w\" sizes=\"(max-width: 872px) 100vw, 872px\" data-has-transparency=\"true\" data-dominant-color=\"94817a\" style=\"--dominant-color: #94817a\" \/>\t\t\t\t\t\t\t\t\t\t\t\t\t\t\t<\/div>\n\t\t\t\t<\/div>\n\t\t\t\t<\/div>\n\t\t\t\t<\/a>\n\t\t\t\t\t<\/div>\n\t\t\t\t<\/div>\n\t\t\t\t<\/div>\n\t\t","protected":false},"excerpt":{"rendered":"<p>Prothetische L\u00f6sung Zahnersatz Unser Zahnersatz, von Inlays \u00fcber Br\u00fccken bis hin zu Prothesen, bietet passgenaue, funktionale und \u00e4sthetische L\u00f6sungen. Wir garantieren optimale Qualit\u00e4t, lange Lebensdauer und strahlende Ergebnisse. Zahnarzttermin vereinbaren Kontakt Funktion wie auch \u00c4sthetik Kronen werden manchmal als K\u00e4ppchen bezeichnet, weil sie \u00fcber die Oberfl\u00e4che eines vorhandenen Zahnes passen. Sie sind so konzipiert, wie [&hellip;]<\/p>\n","protected":false},"author":2,"featured_media":0,"parent":0,"menu_order":4,"comment_status":"closed","ping_status":"closed","template":"","meta":{"footnotes":""},"class_list":["post-3409","page","type-page","status-publish","hentry"],"_links":{"self":[{"href":"https:\/\/zahnarzt-in-luzern.ch\/de\/wp-json\/wp\/v2\/pages\/3409","targetHints":{"allow":["GET"]}}],"collection":[{"href":"https:\/\/zahnarzt-in-luzern.ch\/de\/wp-json\/wp\/v2\/pages"}],"about":[{"href":"https:\/\/zahnarzt-in-luzern.ch\/de\/wp-json\/wp\/v2\/types\/page"}],"author":[{"embeddable":true,"href":"https:\/\/zahnarzt-in-luzern.ch\/de\/wp-json\/wp\/v2\/users\/2"}],"replies":[{"embeddable":true,"href":"https:\/\/zahnarzt-in-luzern.ch\/de\/wp-json\/wp\/v2\/comments?post=3409"}],"version-history":[{"count":130,"href":"https:\/\/zahnarzt-in-luzern.ch\/de\/wp-json\/wp\/v2\/pages\/3409\/revisions"}],"predecessor-version":[{"id":8852,"href":"https:\/\/zahnarzt-in-luzern.ch\/de\/wp-json\/wp\/v2\/pages\/3409\/revisions\/8852"}],"wp:attachment":[{"href":"https:\/\/zahnarzt-in-luzern.ch\/de\/wp-json\/wp\/v2\/media?parent=3409"}],"curies":[{"name":"wp","href":"https:\/\/api.w.org\/{rel}","templated":true}]}}