{"id":3352,"date":"2024-09-20T06:54:53","date_gmt":"2024-09-20T06:54:53","guid":{"rendered":"https:\/\/zl.gefire.org\/?page_id=3352"},"modified":"2025-09-10T14:59:59","modified_gmt":"2025-09-10T12:59:59","slug":"aesthetische-zahnmedizin","status":"publish","type":"page","link":"https:\/\/zahnarzt-in-luzern.ch\/de\/aesthetische-zahnmedizin\/","title":{"rendered":"\u00c4sthetische Zahnmedizin"},"content":{"rendered":"\t\t<div data-elementor-type=\"wp-page\" data-elementor-id=\"3352\" class=\"elementor elementor-3352\" data-elementor-post-type=\"page\">\n\t\t\t\t<div class=\"elementor-element elementor-element-1fb7ffbd e-flex e-con-boxed e-con e-parent\" data-id=\"1fb7ffbd\" data-element_type=\"container\" data-settings=\"{&quot;background_background&quot;:&quot;gradient&quot;}\">\n\t\t\t\t\t<div class=\"e-con-inner\">\n\t\t<div class=\"elementor-element elementor-element-57b700aa e-grid e-con-full e-con e-child\" data-id=\"57b700aa\" data-element_type=\"container\">\n\t\t<div class=\"elementor-element elementor-element-315eafef animated-fast e-con-full e-flex elementor-invisible e-con e-child\" data-id=\"315eafef\" data-element_type=\"container\" data-settings=\"{&quot;animation&quot;:&quot;fadeIn&quot;,&quot;animation_delay&quot;:500}\">\n\t\t\t\t<div class=\"elementor-element elementor-element-31b7c58c elementor-widget elementor-widget-heading\" data-id=\"31b7c58c\" data-element_type=\"widget\" data-widget_type=\"heading.default\">\n\t\t\t\t<div class=\"elementor-widget-container\">\n\t\t\t\t\t<p class=\"elementor-heading-title elementor-size-default\">Ihr Weg zu einem strahlenden L\u00e4cheln<\/p>\t\t\t\t<\/div>\n\t\t\t\t<\/div>\n\t\t\t\t<div class=\"elementor-element elementor-element-2367189 elementor-widget__width-initial elementor-widget elementor-widget-heading\" data-id=\"2367189\" data-element_type=\"widget\" data-widget_type=\"heading.default\">\n\t\t\t\t<div class=\"elementor-widget-container\">\n\t\t\t\t\t<h1 class=\"elementor-heading-title elementor-size-default\">\u00c4sthetische Zahnmedizin<\/h1>\t\t\t\t<\/div>\n\t\t\t\t<\/div>\n\t\t\t\t<div class=\"elementor-element elementor-element-30c44e08 elementor-widget__width-initial elementor-widget-mobile__width-inherit elementor-widget elementor-widget-text-editor\" data-id=\"30c44e08\" data-element_type=\"widget\" data-widget_type=\"text-editor.default\">\n\t\t\t\t<div class=\"elementor-widget-container\">\n\t\t\t\t\t\t\t\t\t\u00c4sthetische Zahnmedizin umfasst Veneers, Bleaching und weitere Behandlungen f\u00fcr sch\u00f6ne, gesunde Z\u00e4hne und ein strahlendes L\u00e4cheln.\t\t\t\t\t\t\t\t<\/div>\n\t\t\t\t<\/div>\n\t\t<div class=\"elementor-element elementor-element-1c496239 e-con-full e-flex e-con e-child\" data-id=\"1c496239\" data-element_type=\"container\">\n\t\t\t\t<div class=\"elementor-element elementor-element-268de617 elementor-mobile-align-justify elementor-widget-mobile__width-inherit elementor-widget elementor-widget-button\" data-id=\"268de617\" data-element_type=\"widget\" data-widget_type=\"button.default\">\n\t\t\t\t<div class=\"elementor-widget-container\">\n\t\t\t\t\t\t\t\t\t<div class=\"elementor-button-wrapper\">\n\t\t\t\t\t<a class=\"elementor-button elementor-button-link elementor-size-sm\" href=\"https:\/\/zahnarzt-in-luzern.ch\/de\/termin-vereinbaren\/\">\n\t\t\t\t\t\t<span class=\"elementor-button-content-wrapper\">\n\t\t\t\t\t\t\t\t\t<span class=\"elementor-button-text\">Zahnarzttermin vereinbaren\u200b<\/span>\n\t\t\t\t\t<\/span>\n\t\t\t\t\t<\/a>\n\t\t\t\t<\/div>\n\t\t\t\t\t\t\t\t<\/div>\n\t\t\t\t<\/div>\n\t\t\t\t<div class=\"elementor-element elementor-element-207ddf70 elementor-mobile-align-justify elementor-widget-mobile__width-inherit elementor-widget elementor-widget-button\" data-id=\"207ddf70\" data-element_type=\"widget\" data-widget_type=\"button.default\">\n\t\t\t\t<div class=\"elementor-widget-container\">\n\t\t\t\t\t\t\t\t\t<div class=\"elementor-button-wrapper\">\n\t\t\t\t\t<a class=\"elementor-button elementor-button-link elementor-size-sm\" href=\"https:\/\/zahnarzt-in-luzern.ch\/de\/kontakt-zahnarzt-luzern\/\">\n\t\t\t\t\t\t<span class=\"elementor-button-content-wrapper\">\n\t\t\t\t\t\t\t\t\t<span class=\"elementor-button-text\">Kontakt<\/span>\n\t\t\t\t\t<\/span>\n\t\t\t\t\t<\/a>\n\t\t\t\t<\/div>\n\t\t\t\t\t\t\t\t<\/div>\n\t\t\t\t<\/div>\n\t\t\t\t<\/div>\n\t\t\t\t<\/div>\n\t\t<div class=\"elementor-element elementor-element-4a17da9d e-con-full e-flex e-con e-child\" data-id=\"4a17da9d\" data-element_type=\"container\">\n\t\t\t\t<div class=\"elementor-element elementor-element-515f31d0 animated-fast elementor-invisible elementor-widget elementor-widget-image\" data-id=\"515f31d0\" data-element_type=\"widget\" data-settings=\"{&quot;_animation&quot;:&quot;fadeIn&quot;,&quot;_animation_delay&quot;:500}\" data-widget_type=\"image.default\">\n\t\t\t\t<div class=\"elementor-widget-container\">\n\t\t\t\t\t\t\t\t\t\t\t\t\t\t\t<img fetchpriority=\"high\" decoding=\"async\" width=\"1000\" height=\"1334\" src=\"https:\/\/zahnarzt-in-luzern.ch\/wp-content\/uploads\/aesthetische-zahnmedizin-zahnarzt-luzern.webp\" class=\"attachment-full size-full wp-image-5618\" alt=\"\u00c4sthetische Zahnmedizin Zahnarzt Luzern\" srcset=\"https:\/\/zahnarzt-in-luzern.ch\/wp-content\/uploads\/aesthetische-zahnmedizin-zahnarzt-luzern.webp 1000w, https:\/\/zahnarzt-in-luzern.ch\/wp-content\/uploads\/aesthetische-zahnmedizin-zahnarzt-luzern-225x300.webp 225w, https:\/\/zahnarzt-in-luzern.ch\/wp-content\/uploads\/aesthetische-zahnmedizin-zahnarzt-luzern-768x1025.webp 768w\" sizes=\"(max-width: 1000px) 100vw, 1000px\" \/>\t\t\t\t\t\t\t\t\t\t\t\t\t\t\t<\/div>\n\t\t\t\t<\/div>\n\t\t\t\t<\/div>\n\t\t\t\t<\/div>\n\t\t\t\t\t<\/div>\n\t\t\t\t<\/div>\n\t\t<div class=\"elementor-element elementor-element-4d997c00 e-flex e-con-boxed e-con e-parent\" data-id=\"4d997c00\" data-element_type=\"container\" data-settings=\"{&quot;background_background&quot;:&quot;classic&quot;}\">\n\t\t\t\t\t<div class=\"e-con-inner\">\n\t\t<div class=\"elementor-element elementor-element-2c200968 e-grid e-con-boxed e-con e-child\" data-id=\"2c200968\" data-element_type=\"container\">\n\t\t\t\t\t<div class=\"e-con-inner\">\n\t\t\t\t<div class=\"elementor-element elementor-element-4763c504 animated-fast elementor-invisible elementor-widget elementor-widget-image\" data-id=\"4763c504\" data-element_type=\"widget\" data-settings=\"{&quot;_animation&quot;:&quot;fadeIn&quot;,&quot;_animation_delay&quot;:100}\" data-widget_type=\"image.default\">\n\t\t\t\t<div class=\"elementor-widget-container\">\n\t\t\t\t\t\t\t\t\t\t\t\t\t\t\t<img decoding=\"async\" src=\"https:\/\/zahnarzt-in-luzern.ch\/wp-content\/uploads\/elementor\/thumbs\/aesthetische-zahnmedizin-termin-quo6k7smmwv2kn01yk9g6cvsp5j4uxi6wmwzvuwopc.webp\" title=\"aesthetische-zahnmedizin-termin\" alt=\"\u00c4sthetische Zahnmedizin Termin\" loading=\"lazy\" \/>\t\t\t\t\t\t\t\t\t\t\t\t\t\t\t<\/div>\n\t\t\t\t<\/div>\n\t\t<div class=\"elementor-element elementor-element-572374f0 e-con-full animated-fast e-flex elementor-invisible e-con e-child\" data-id=\"572374f0\" data-element_type=\"container\" data-settings=\"{&quot;animation&quot;:&quot;fadeIn&quot;,&quot;animation_delay&quot;:250}\">\n\t\t\t\t<div class=\"elementor-element elementor-element-38c60ac elementor-widget__width-initial elementor-widget-mobile__width-inherit elementor-widget elementor-widget-heading\" data-id=\"38c60ac\" data-element_type=\"widget\" data-widget_type=\"heading.default\">\n\t\t\t\t<div class=\"elementor-widget-container\">\n\t\t\t\t\t<h2 class=\"elementor-heading-title elementor-size-default\">Z\u00e4hne zum Anbeissen sch\u00f6n!<\/h2>\t\t\t\t<\/div>\n\t\t\t\t<\/div>\n\t\t<div class=\"elementor-element elementor-element-51d3c48e e-grid e-con-full e-con e-child\" data-id=\"51d3c48e\" data-element_type=\"container\">\n\t\t<div class=\"elementor-element elementor-element-9f1f1e9 e-con-full e-flex e-con e-child\" data-id=\"9f1f1e9\" data-element_type=\"container\">\n\t\t\t\t<div class=\"elementor-element elementor-element-160e69c0 elementor-widget elementor-widget-text-editor\" data-id=\"160e69c0\" data-element_type=\"widget\" data-widget_type=\"text-editor.default\">\n\t\t\t\t<div class=\"elementor-widget-container\">\n\t\t\t\t\t\t\t\t\t<p>\u201eSch\u00f6ne Z\u00e4hne sind Ihre Visitenkarte im Mund. Sch\u00f6ne, weisse Z\u00e4hne vermitteln Sympathie, Lebensfreude, Gl\u00fcck, Gesundheit, Attraktivit\u00e4t und Vitalit\u00e4t. Nicht zuletzt h\u00e4ngt oft auch Ihr privater und gesch\u00e4ftlicher Erfolg von einem strahlenden L\u00e4cheln ab.\u201e<\/p><p>Durch unsere modernen Behandlungsmethoden, Fachkompetenz, Erfahrung und ein ausgepr\u00e4gtes Gesp\u00fcr f\u00fcr \u00c4sthetik helfen wir Ihnen, Ihr L\u00e4cheln \u2013 Ihren einzigartigen nat\u00fcrlichen Schmuck \u2013 m\u00f6glichst lebenslang zu bewahren. Eine regelm\u00e4ssige <a href=\"\/de\/dentalhygiene-zahnreinigung\/\">Dentalhygiene<\/a> tr\u00e4gt entscheidend dazu bei, wertvolle Zahnsubstanz zu schonen und eine optimale Vertr\u00e4glichkeit bei F\u00fcllungsmaterial, Keramik und Verbundstoffen zu gew\u00e4hrleisten.<\/p>\t\t\t\t\t\t\t\t<\/div>\n\t\t\t\t<\/div>\n\t\t\t\t<\/div>\n\t\t\t\t<\/div>\n\t\t\t\t<\/div>\n\t\t\t\t\t<\/div>\n\t\t\t\t<\/div>\n\t\t\t\t\t<\/div>\n\t\t\t\t<\/div>\n\t\t<div class=\"elementor-element elementor-element-710e0813 e-flex e-con-boxed e-con e-parent\" data-id=\"710e0813\" data-element_type=\"container\" data-settings=\"{&quot;background_background&quot;:&quot;classic&quot;}\">\n\t\t\t\t\t<div class=\"e-con-inner\">\n\t\t<div class=\"elementor-element elementor-element-79b451df animated-fast e-flex e-con-boxed elementor-invisible e-con e-child\" data-id=\"79b451df\" data-element_type=\"container\" data-settings=\"{&quot;animation&quot;:&quot;fadeIn&quot;,&quot;animation_delay&quot;:100}\">\n\t\t\t\t\t<div class=\"e-con-inner\">\n\t\t\t\t<div class=\"elementor-element elementor-element-dde0deb elementor-widget__width-initial elementor-widget elementor-widget-heading\" data-id=\"dde0deb\" data-element_type=\"widget\" data-widget_type=\"heading.default\">\n\t\t\t\t<div class=\"elementor-widget-container\">\n\t\t\t\t\t<h2 class=\"elementor-heading-title elementor-size-default\">Wir bieten alle modernen Methoden der Zahnaufhellung an<\/h2>\t\t\t\t<\/div>\n\t\t\t\t<\/div>\n\t\t\t\t\t<\/div>\n\t\t\t\t<\/div>\n\t\t<div class=\"elementor-element elementor-element-1560f46b e-grid e-con-boxed e-con e-child\" data-id=\"1560f46b\" data-element_type=\"container\">\n\t\t\t\t\t<div class=\"e-con-inner\">\n\t\t\t\t<div class=\"elementor-element elementor-element-b985b0a elementor-widget elementor-widget-image\" data-id=\"b985b0a\" data-element_type=\"widget\" data-widget_type=\"image.default\">\n\t\t\t\t<div class=\"elementor-widget-container\">\n\t\t\t\t\t\t\t\t\t\t\t\t\t\t\t<img decoding=\"async\" width=\"768\" height=\"1024\" src=\"https:\/\/zahnarzt-in-luzern.ch\/wp-content\/uploads\/aesthetische-zahnmedizin-luzern-768x1024.webp\" class=\"attachment-large size-large wp-image-5629\" alt=\"\u00c4sthetische Zahnmedizin Luzern\" srcset=\"https:\/\/zahnarzt-in-luzern.ch\/wp-content\/uploads\/aesthetische-zahnmedizin-luzern-768x1025.webp 768w, https:\/\/zahnarzt-in-luzern.ch\/wp-content\/uploads\/aesthetische-zahnmedizin-luzern-225x300.webp 225w, https:\/\/zahnarzt-in-luzern.ch\/wp-content\/uploads\/aesthetische-zahnmedizin-luzern.webp 1000w\" sizes=\"(max-width: 768px) 100vw, 768px\" \/>\t\t\t\t\t\t\t\t\t\t\t\t\t\t\t<\/div>\n\t\t\t\t<\/div>\n\t\t<div class=\"elementor-element elementor-element-31d5c12a e-grid e-con-full animated-fast elementor-invisible e-con e-child\" data-id=\"31d5c12a\" data-element_type=\"container\" data-settings=\"{&quot;animation&quot;:&quot;fadeIn&quot;,&quot;animation_delay&quot;:250}\">\n\t\t<div class=\"elementor-element elementor-element-8f9a3c7 e-con-full e-flex e-con e-child\" data-id=\"8f9a3c7\" data-element_type=\"container\">\n\t\t\t\t<div class=\"elementor-element elementor-element-6f29c49 elementor-widget elementor-widget-heading\" data-id=\"6f29c49\" data-element_type=\"widget\" data-widget_type=\"heading.default\">\n\t\t\t\t<div class=\"elementor-widget-container\">\n\t\t\t\t\t<h3 class=\"elementor-heading-title elementor-size-default\">Veneers und Lumineers \u2013 Keramische Verblendschalen<\/h3>\t\t\t\t<\/div>\n\t\t\t\t<\/div>\n\t\t\t\t<div class=\"elementor-element elementor-element-c44cd64 elementor-widget elementor-widget-text-editor\" data-id=\"c44cd64\" data-element_type=\"widget\" data-widget_type=\"text-editor.default\">\n\t\t\t\t<div class=\"elementor-widget-container\">\n\t\t\t\t\t\t\t\t\t<p>\u201eDie schmerzfreie, unauff\u00e4llige Korrektur\u2013 F\u00fcr ein nat\u00fcrliches Aussehen Ihrer Z\u00e4hne\u201c<\/p>\n<p><strong>Veneers<\/strong> sind hauchd\u00fcnne, zahnfarbene Verblendschalen aus Keramik, die auf der Vorderseite der Z\u00e4hne befestigt werden, um ein strahlendes, sch\u00f6nes L\u00e4cheln zu erschaffen. Hierf\u00fcr wird nur eine d\u00fcnne Schmelzschicht entfernt, so dass es nur einen minimalen Zahnhartsubstanzverlust gibt.<\/p>\n<p><strong>Lumineers<\/strong> werden aus patentiertem Cerinate Material hergestellt. Sie sind hauchd\u00fcnne, zahnfarbene Verblendschalen aus Keramik, die v\u00f6llig schmerzfrei, nahezu ohne den Zahnschmelz zu Beschleifen auf der Zahnvorderseite befestigt werden. Sie sind so d\u00fcnn wie eine Kontaktlinse.<\/p>\t\t\t\t\t\t\t\t<\/div>\n\t\t\t\t<\/div>\n\t\t\t\t<\/div>\n\t\t<div class=\"elementor-element elementor-element-9794076 e-con-full e-flex e-con e-child\" data-id=\"9794076\" data-element_type=\"container\">\n\t\t\t\t<div class=\"elementor-element elementor-element-8e85129 elementor-widget elementor-widget-heading\" data-id=\"8e85129\" data-element_type=\"widget\" data-widget_type=\"heading.default\">\n\t\t\t\t<div class=\"elementor-widget-container\">\n\t\t\t\t\t<h3 class=\"elementor-heading-title elementor-size-default\">Was k\u00f6nnen Veneers oder Lumineers?<\/h3>\t\t\t\t<\/div>\n\t\t\t\t<\/div>\n\t\t\t\t<div class=\"elementor-element elementor-element-b6234b5 elementor-widget elementor-widget-text-editor\" data-id=\"b6234b5\" data-element_type=\"widget\" data-widget_type=\"text-editor.default\">\n\t\t\t\t<div class=\"elementor-widget-container\">\n\t\t\t\t\t\t\t\t\t<ul class=\"nofloat-list\"><li>Zahnl\u00fccken schliessen<\/li><li>Zahngr\u00f6ssen einander anpassen<\/li><li>Zu kurze und abgebrochene Z\u00e4hne verl\u00e4ngern<\/li><li>Z\u00e4hne gr\u00f6sser gestalten, Gr\u00f6ssenunterschiede ausgleichen<\/li><li>Zahnverf\u00e4rbungen ausgleichen<\/li><li>Leichte Zahnfehlstellungen korrigieren<\/li><li>Garantieren eine dauerhafte und \u00e4sthetische Farbe, Form und Stellung Ihrer Z\u00e4hne<\/li><\/ul><p>Fleckige, angeschlagene oder abgenutzte Z\u00e4hne werden in ein strahlendes L\u00e4cheln verwandelt.\u00a0Einzelne Verblendschalen aus Keramik k\u00f6nnen das L\u00e4cheln harmonisieren oder das Problem eines verf\u00e4rbten Zahnes l\u00f6sen.\u00a0Sie produzieren ein sch\u00f6nes, leuchtendes L\u00e4cheln und k\u00f6nnen schmerzfrei und m\u00fchelos, unsch\u00f6ne Zahnreihen in schillernde, perlen weisse Z\u00e4hne verwandeln.<\/p><p>\u201eSchnell und unkompliziert verhelfen wir Ihnen zu Ihrem perfekten L\u00e4cheln!\u201c<\/p><p>Auf der <a href=\"https:\/\/himmelfarb.ch\/de\/smile-makeover\/veneers\/\">himmelfarb.ch \u2013 Ihre Veneers &amp; \u00e4sthetische Medizin<\/a> Webseite erfahren Sie mehr dar\u00fcber, wie wir Ihnen zu einem makellosen, nat\u00fcrlichen L\u00e4cheln verhelfen k\u00f6nnen, nach dem Sie sich schon immer gesehnt haben.<\/p>\t\t\t\t\t\t\t\t<\/div>\n\t\t\t\t<\/div>\n\t\t\t\t<\/div>\n\t\t<div class=\"elementor-element elementor-element-7c14cc0 e-con-full e-flex e-con e-child\" data-id=\"7c14cc0\" data-element_type=\"container\">\n\t\t\t\t<div class=\"elementor-element elementor-element-6fadd9b elementor-widget elementor-widget-heading\" data-id=\"6fadd9b\" data-element_type=\"widget\" data-widget_type=\"heading.default\">\n\t\t\t\t<div class=\"elementor-widget-container\">\n\t\t\t\t\t<h3 class=\"elementor-heading-title elementor-size-default\">Metallfreie Zahnmedizin -\nBiovertr\u00e4glicher Zahnersatz bei Ihrem Zahnarzt in Luzern<\/h3>\t\t\t\t<\/div>\n\t\t\t\t<\/div>\n\t\t\t\t<div class=\"elementor-element elementor-element-d297cd8 elementor-widget elementor-widget-text-editor\" data-id=\"d297cd8\" data-element_type=\"widget\" data-widget_type=\"text-editor.default\">\n\t\t\t\t<div class=\"elementor-widget-container\">\n\t\t\t\t\t\t\t\t\t<p>In Ihrem Zahngesundheits ZentrumLuzern haben wir uns auf metallfreie Zahnersatz-Versorgungen aus Vollkeramik spezialisiert. Zahnersatz aus Vollkeramik erzielt die sch\u00f6nsten Ergebnisse, ist gut k\u00f6rpervertr\u00e4glich, allergiefrei, biokompertibel und langzeitstabil. Dunkle oder gar schwarze Kronenr\u00e4nder geh\u00f6ren der Vergangenheit an. Wir verwenden kein Amalgam!<\/p><p>\u201eF\u00fcllungen bleiben heute durch metallfreie, zahnfarbene Materialien wie Keramik v\u00f6llig unsichtbar.\u201c<\/p><p><span style=\"background-color: var( --e-global-color-secondary ); color: var( --e-global-color-text ); font-family: var( --e-global-typography-53e1026-font-family ), Sans-serif; font-size: var( --e-global-typography-53e1026-font-size ); font-weight: var( --e-global-typography-53e1026-font-weight ); text-align: var(--text-align);\">In Abh\u00e4ngigkeit von der Defektgr\u00f6sse, werden Zahndefekte sowie Amalgamersatz, durch minimalinvasive Therapien, wie \u00e4sthetisch zahnfarbene Kunstofff\u00fcllungen und keramischen Inlays oder Teilkronen im Seitenzahnbereich ersetzt.<\/span><\/p><p>Amalgamersatz durch Keramikinlays und Keramikteilkronen<\/p>\t\t\t\t\t\t\t\t<\/div>\n\t\t\t\t<\/div>\n\t\t\t\t<div class=\"elementor-element elementor-element-b94e8e7 elementor-widget elementor-widget-heading\" data-id=\"b94e8e7\" data-element_type=\"widget\" data-widget_type=\"heading.default\">\n\t\t\t\t<div class=\"elementor-widget-container\">\n\t\t\t\t\t<h3 class=\"elementor-heading-title elementor-size-default\">Vorher\/Nachher Inlays<\/h3>\t\t\t\t<\/div>\n\t\t\t\t<\/div>\n\t\t\t\t<div class=\"elementor-element elementor-element-a9f8c71 elementor-pagination-type-bullets elementor-arrows-position-inside elementor-pagination-position-outside elementor-widget elementor-widget-n-carousel\" data-id=\"a9f8c71\" data-element_type=\"widget\" data-settings=\"{&quot;carousel_items&quot;:[{&quot;slide_title&quot;:&quot;Slide #1&quot;,&quot;_id&quot;:&quot;feeb719&quot;},{&quot;slide_title&quot;:&quot;Slide #1&quot;,&quot;_id&quot;:&quot;4c4037b&quot;},{&quot;slide_title&quot;:&quot;Slide #1&quot;,&quot;_id&quot;:&quot;59dfd45&quot;},{&quot;slide_title&quot;:&quot;Slide #1&quot;,&quot;_id&quot;:&quot;6ef35a3&quot;},{&quot;slide_title&quot;:&quot;Slide #1&quot;,&quot;_id&quot;:&quot;81dc301&quot;},{&quot;slide_title&quot;:&quot;Slide #1&quot;,&quot;_id&quot;:&quot;bdc300f&quot;},{&quot;slide_title&quot;:&quot;Slide #1&quot;,&quot;_id&quot;:&quot;418722a&quot;}],&quot;image_spacing_custom&quot;:{&quot;unit&quot;:&quot;px&quot;,&quot;size&quot;:25,&quot;sizes&quot;:[]},&quot;slides_to_show&quot;:&quot;2&quot;,&quot;slides_to_show_tablet&quot;:&quot;2&quot;,&quot;slides_to_show_mobile&quot;:&quot;1&quot;,&quot;autoplay&quot;:&quot;yes&quot;,&quot;autoplay_speed&quot;:5000,&quot;pause_on_hover&quot;:&quot;yes&quot;,&quot;pause_on_interaction&quot;:&quot;yes&quot;,&quot;infinite&quot;:&quot;yes&quot;,&quot;speed&quot;:500,&quot;offset_sides&quot;:&quot;none&quot;,&quot;arrows&quot;:&quot;yes&quot;,&quot;pagination&quot;:&quot;bullets&quot;,&quot;image_spacing_custom_widescreen&quot;:{&quot;unit&quot;:&quot;px&quot;,&quot;size&quot;:&quot;&quot;,&quot;sizes&quot;:[]},&quot;image_spacing_custom_laptop&quot;:{&quot;unit&quot;:&quot;px&quot;,&quot;size&quot;:&quot;&quot;,&quot;sizes&quot;:[]},&quot;image_spacing_custom_tablet&quot;:{&quot;unit&quot;:&quot;px&quot;,&quot;size&quot;:&quot;&quot;,&quot;sizes&quot;:[]},&quot;image_spacing_custom_mobile&quot;:{&quot;unit&quot;:&quot;px&quot;,&quot;size&quot;:&quot;&quot;,&quot;sizes&quot;:[]}}\" data-widget_type=\"nested-carousel.default\">\n\t\t\t\t<div class=\"elementor-widget-container\">\n\t\t\t\t\t\t\t<div class=\"e-n-carousel swiper\" role=\"region\" aria-roledescription=\"carousel\" aria-label=\"Karussell\" dir=\"ltr\">\n\t\t\t<div class=\"swiper-wrapper\" aria-live=\"off\">\n\t\t\t\t\t\t\t\t\t\t<div class=\"swiper-slide\" data-slide=\"1\" role=\"group\" aria-roledescription=\"slide\" aria-label=\"1 von 7\">\n\t\t\t\t\t\t\t<div class=\"elementor-element elementor-element-92d9815 e-flex e-con-boxed e-con e-child\" data-id=\"92d9815\" data-element_type=\"container\">\n\t\t\t\t\t<div class=\"e-con-inner\">\n\t\t\t\t<div class=\"elementor-element elementor-element-2eb8722 elementor-widget elementor-widget-image\" data-id=\"2eb8722\" data-element_type=\"widget\" data-widget_type=\"image.default\">\n\t\t\t\t<div class=\"elementor-widget-container\">\n\t\t\t\t\t\t\t\t\t\t\t\t\t\t\t<img decoding=\"async\" width=\"600\" height=\"170\" src=\"https:\/\/zahnarzt-in-luzern.ch\/wp-content\/uploads\/inlays8.png\" class=\"attachment-large size-large wp-image-6713\" alt=\"\" srcset=\"https:\/\/zahnarzt-in-luzern.ch\/wp-content\/uploads\/inlays8.png 600w, https:\/\/zahnarzt-in-luzern.ch\/wp-content\/uploads\/inlays8-300x85.png 300w\" sizes=\"(max-width: 600px) 100vw, 600px\" \/>\t\t\t\t\t\t\t\t\t\t\t\t\t\t\t<\/div>\n\t\t\t\t<\/div>\n\t\t\t\t\t<\/div>\n\t\t\t\t<\/div>\n\t\t\t\t\t\t\t\t<\/div>\n\t\t\t\t\t\t\t\t\t\t\t<div class=\"swiper-slide\" data-slide=\"2\" role=\"group\" aria-roledescription=\"slide\" aria-label=\"2 von 7\">\n\t\t\t\t\t\t\t<div class=\"elementor-element elementor-element-c438021 e-flex e-con-boxed e-con e-child\" data-id=\"c438021\" data-element_type=\"container\">\n\t\t\t\t\t<div class=\"e-con-inner\">\n\t\t\t\t<div class=\"elementor-element elementor-element-b0d3bde elementor-widget elementor-widget-image\" data-id=\"b0d3bde\" data-element_type=\"widget\" data-widget_type=\"image.default\">\n\t\t\t\t<div class=\"elementor-widget-container\">\n\t\t\t\t\t\t\t\t\t\t\t\t\t\t\t<img loading=\"lazy\" decoding=\"async\" width=\"600\" height=\"171\" src=\"https:\/\/zahnarzt-in-luzern.ch\/wp-content\/uploads\/inlays9.png\" class=\"attachment-large size-large wp-image-6717\" alt=\"\" srcset=\"https:\/\/zahnarzt-in-luzern.ch\/wp-content\/uploads\/inlays9.png 600w, https:\/\/zahnarzt-in-luzern.ch\/wp-content\/uploads\/inlays9-300x86.png 300w\" sizes=\"(max-width: 600px) 100vw, 600px\" \/>\t\t\t\t\t\t\t\t\t\t\t\t\t\t\t<\/div>\n\t\t\t\t<\/div>\n\t\t\t\t\t<\/div>\n\t\t\t\t<\/div>\n\t\t\t\t\t\t\t\t<\/div>\n\t\t\t\t\t\t\t\t\t\t\t<div class=\"swiper-slide\" data-slide=\"3\" role=\"group\" aria-roledescription=\"slide\" aria-label=\"3 von 7\">\n\t\t\t\t\t\t\t<div class=\"elementor-element elementor-element-f37cc16 e-flex e-con-boxed e-con e-child\" data-id=\"f37cc16\" data-element_type=\"container\">\n\t\t\t\t\t<div class=\"e-con-inner\">\n\t\t\t\t<div class=\"elementor-element elementor-element-808e6ed elementor-widget elementor-widget-image\" data-id=\"808e6ed\" data-element_type=\"widget\" data-widget_type=\"image.default\">\n\t\t\t\t<div class=\"elementor-widget-container\">\n\t\t\t\t\t\t\t\t\t\t\t\t\t\t\t<img loading=\"lazy\" decoding=\"async\" width=\"600\" height=\"203\" src=\"https:\/\/zahnarzt-in-luzern.ch\/wp-content\/uploads\/inlays7.png\" class=\"attachment-large size-large wp-image-6718\" alt=\"\" srcset=\"https:\/\/zahnarzt-in-luzern.ch\/wp-content\/uploads\/inlays7.png 600w, https:\/\/zahnarzt-in-luzern.ch\/wp-content\/uploads\/inlays7-300x102.png 300w\" sizes=\"(max-width: 600px) 100vw, 600px\" \/>\t\t\t\t\t\t\t\t\t\t\t\t\t\t\t<\/div>\n\t\t\t\t<\/div>\n\t\t\t\t\t<\/div>\n\t\t\t\t<\/div>\n\t\t\t\t\t\t\t\t<\/div>\n\t\t\t\t\t\t\t\t\t\t\t<div class=\"swiper-slide\" data-slide=\"4\" role=\"group\" aria-roledescription=\"slide\" aria-label=\"4 von 7\">\n\t\t\t\t\t\t\t<div class=\"elementor-element elementor-element-ff7b572 e-flex e-con-boxed e-con e-child\" data-id=\"ff7b572\" data-element_type=\"container\">\n\t\t\t\t\t<div class=\"e-con-inner\">\n\t\t\t\t<div class=\"elementor-element elementor-element-1d985fc elementor-widget elementor-widget-image\" data-id=\"1d985fc\" data-element_type=\"widget\" data-widget_type=\"image.default\">\n\t\t\t\t<div class=\"elementor-widget-container\">\n\t\t\t\t\t\t\t\t\t\t\t\t\t\t\t<img loading=\"lazy\" decoding=\"async\" width=\"665\" height=\"196\" src=\"https:\/\/zahnarzt-in-luzern.ch\/wp-content\/uploads\/inlays6.jpg\" class=\"attachment-large size-large wp-image-6719\" alt=\"\" srcset=\"https:\/\/zahnarzt-in-luzern.ch\/wp-content\/uploads\/inlays6.jpg 665w, https:\/\/zahnarzt-in-luzern.ch\/wp-content\/uploads\/inlays6-300x88.jpg 300w\" sizes=\"(max-width: 665px) 100vw, 665px\" \/>\t\t\t\t\t\t\t\t\t\t\t\t\t\t\t<\/div>\n\t\t\t\t<\/div>\n\t\t\t\t\t<\/div>\n\t\t\t\t<\/div>\n\t\t\t\t\t\t\t\t<\/div>\n\t\t\t\t\t\t\t\t\t\t\t<div class=\"swiper-slide\" data-slide=\"5\" role=\"group\" aria-roledescription=\"slide\" aria-label=\"5 von 7\">\n\t\t\t\t\t\t\t<div class=\"elementor-element elementor-element-9441856 e-flex e-con-boxed e-con e-child\" data-id=\"9441856\" data-element_type=\"container\">\n\t\t\t\t\t<div class=\"e-con-inner\">\n\t\t\t\t<div class=\"elementor-element elementor-element-9264ff4 elementor-widget elementor-widget-image\" data-id=\"9264ff4\" data-element_type=\"widget\" data-widget_type=\"image.default\">\n\t\t\t\t<div class=\"elementor-widget-container\">\n\t\t\t\t\t\t\t\t\t\t\t\t\t\t\t<img loading=\"lazy\" decoding=\"async\" width=\"665\" height=\"193\" src=\"https:\/\/zahnarzt-in-luzern.ch\/wp-content\/uploads\/inlays5.jpg\" class=\"attachment-large size-large wp-image-6720\" alt=\"\" srcset=\"https:\/\/zahnarzt-in-luzern.ch\/wp-content\/uploads\/inlays5.jpg 665w, https:\/\/zahnarzt-in-luzern.ch\/wp-content\/uploads\/inlays5-300x87.jpg 300w\" sizes=\"(max-width: 665px) 100vw, 665px\" \/>\t\t\t\t\t\t\t\t\t\t\t\t\t\t\t<\/div>\n\t\t\t\t<\/div>\n\t\t\t\t\t<\/div>\n\t\t\t\t<\/div>\n\t\t\t\t\t\t\t\t<\/div>\n\t\t\t\t\t\t\t\t\t\t\t<div class=\"swiper-slide\" data-slide=\"6\" role=\"group\" aria-roledescription=\"slide\" aria-label=\"6 von 7\">\n\t\t\t\t\t\t\t<div class=\"elementor-element elementor-element-4b54269 e-flex e-con-boxed e-con e-child\" data-id=\"4b54269\" data-element_type=\"container\">\n\t\t\t\t\t<div class=\"e-con-inner\">\n\t\t\t\t<div class=\"elementor-element elementor-element-3485118 elementor-widget elementor-widget-image\" data-id=\"3485118\" data-element_type=\"widget\" data-widget_type=\"image.default\">\n\t\t\t\t<div class=\"elementor-widget-container\">\n\t\t\t\t\t\t\t\t\t\t\t\t\t\t\t<img loading=\"lazy\" decoding=\"async\" width=\"603\" height=\"184\" src=\"https:\/\/zahnarzt-in-luzern.ch\/wp-content\/uploads\/inlays4.jpg\" class=\"attachment-large size-large wp-image-6721\" alt=\"\" srcset=\"https:\/\/zahnarzt-in-luzern.ch\/wp-content\/uploads\/inlays4.jpg 603w, https:\/\/zahnarzt-in-luzern.ch\/wp-content\/uploads\/inlays4-300x92.jpg 300w\" sizes=\"(max-width: 603px) 100vw, 603px\" \/>\t\t\t\t\t\t\t\t\t\t\t\t\t\t\t<\/div>\n\t\t\t\t<\/div>\n\t\t\t\t\t<\/div>\n\t\t\t\t<\/div>\n\t\t\t\t\t\t\t\t<\/div>\n\t\t\t\t\t\t\t\t\t\t\t<div class=\"swiper-slide\" data-slide=\"7\" role=\"group\" aria-roledescription=\"slide\" aria-label=\"7 von 7\">\n\t\t\t\t\t\t\t<div class=\"elementor-element elementor-element-646287c e-flex e-con-boxed e-con e-child\" data-id=\"646287c\" data-element_type=\"container\">\n\t\t\t\t\t<div class=\"e-con-inner\">\n\t\t\t\t<div class=\"elementor-element elementor-element-a336420 elementor-widget elementor-widget-image\" data-id=\"a336420\" data-element_type=\"widget\" data-widget_type=\"image.default\">\n\t\t\t\t<div class=\"elementor-widget-container\">\n\t\t\t\t\t\t\t\t\t\t\t\t\t\t\t<img loading=\"lazy\" decoding=\"async\" width=\"655\" height=\"174\" src=\"https:\/\/zahnarzt-in-luzern.ch\/wp-content\/uploads\/inlays1.png\" class=\"attachment-large size-large wp-image-6722\" alt=\"\" srcset=\"https:\/\/zahnarzt-in-luzern.ch\/wp-content\/uploads\/inlays1.png 655w, https:\/\/zahnarzt-in-luzern.ch\/wp-content\/uploads\/inlays1-300x80.png 300w\" sizes=\"(max-width: 655px) 100vw, 655px\" \/>\t\t\t\t\t\t\t\t\t\t\t\t\t\t\t<\/div>\n\t\t\t\t<\/div>\n\t\t\t\t\t<\/div>\n\t\t\t\t<\/div>\n\t\t\t\t\t\t\t\t<\/div>\n\t\t\t\t\t\t\t\t<\/div>\n\t\t<\/div>\n\t\t\t\t\t<div class=\"elementor-swiper-button elementor-swiper-button-prev\" role=\"button\" tabindex=\"0\" aria-label=\"Voriger\">\n\t\t\t\t<svg aria-hidden=\"true\" class=\"e-font-icon-svg e-eicon-chevron-left\" viewBox=\"0 0 1000 1000\" xmlns=\"http:\/\/www.w3.org\/2000\/svg\"><path d=\"M646 125C629 125 613 133 604 142L308 442C296 454 292 471 292 487 292 504 296 521 308 533L604 854C617 867 629 875 646 875 663 875 679 871 692 858 704 846 713 829 713 812 713 796 708 779 692 767L438 487 692 225C700 217 708 204 708 187 708 171 704 154 692 142 675 129 663 125 646 125Z\"><\/path><\/svg>\t\t\t<\/div>\n\t\t\t<div class=\"elementor-swiper-button elementor-swiper-button-next\" role=\"button\" tabindex=\"0\" aria-label=\"N\u00e4chster\">\n\t\t\t\t<svg aria-hidden=\"true\" class=\"e-font-icon-svg e-eicon-chevron-right\" viewBox=\"0 0 1000 1000\" xmlns=\"http:\/\/www.w3.org\/2000\/svg\"><path d=\"M696 533C708 521 713 504 713 487 713 471 708 454 696 446L400 146C388 133 375 125 354 125 338 125 325 129 313 142 300 154 292 171 292 187 292 204 296 221 308 233L563 492 304 771C292 783 288 800 288 817 288 833 296 850 308 863 321 871 338 875 354 875 371 875 388 867 400 854L696 533Z\"><\/path><\/svg>\t\t\t<\/div>\n\t\t\t\t\t<div class=\"swiper-pagination\"><\/div>\n\t\t\t\t\t\t<\/div>\n\t\t\t\t<\/div>\n\t\t\t\t<\/div>\n\t\t\t\t<\/div>\n\t\t\t\t\t<\/div>\n\t\t\t\t<\/div>\n\t\t\t\t\t<\/div>\n\t\t\t\t<\/div>\n\t\t<div class=\"elementor-element elementor-element-5278b681 e-flex e-con-boxed e-con e-child\" data-id=\"5278b681\" data-element_type=\"container\">\n\t\t\t\t\t<div class=\"e-con-inner\">\n\t\t\t\t<div class=\"elementor-element elementor-element-109eb297 elementor-widget elementor-widget-heading\" data-id=\"109eb297\" data-element_type=\"widget\" data-widget_type=\"heading.default\">\n\t\t\t\t<div class=\"elementor-widget-container\">\n\t\t\t\t\t<h2 class=\"elementor-heading-title elementor-size-default\">Vorher\/Nachher Veneers<\/h2>\t\t\t\t<\/div>\n\t\t\t\t<\/div>\n\t\t\t\t<div class=\"elementor-element elementor-element-1f03e39d elementor-pagination-type-bullets elementor-arrows-position-inside elementor-pagination-position-outside elementor-widget elementor-widget-n-carousel\" data-id=\"1f03e39d\" data-element_type=\"widget\" data-settings=\"{&quot;carousel_items&quot;:[{&quot;slide_title&quot;:&quot;Slide #1&quot;,&quot;_id&quot;:&quot;feeb719&quot;},{&quot;slide_title&quot;:&quot;Slide #1&quot;,&quot;_id&quot;:&quot;6a5ad4c&quot;},{&quot;slide_title&quot;:&quot;Slide #1&quot;,&quot;_id&quot;:&quot;8fe2e07&quot;},{&quot;slide_title&quot;:&quot;Slide #1&quot;,&quot;_id&quot;:&quot;0799f61&quot;},{&quot;slide_title&quot;:&quot;Slide #1&quot;,&quot;_id&quot;:&quot;66581bf&quot;},{&quot;slide_title&quot;:&quot;Slide #1&quot;,&quot;_id&quot;:&quot;09cc375&quot;},{&quot;slide_title&quot;:&quot;Slide #1&quot;,&quot;_id&quot;:&quot;c25f042&quot;},{&quot;slide_title&quot;:&quot;Slide #1&quot;,&quot;_id&quot;:&quot;6bc838a&quot;},{&quot;slide_title&quot;:&quot;Slide #1&quot;,&quot;_id&quot;:&quot;c85428b&quot;},{&quot;slide_title&quot;:&quot;Slide #1&quot;,&quot;_id&quot;:&quot;cde83d0&quot;},{&quot;slide_title&quot;:&quot;Slide #1&quot;,&quot;_id&quot;:&quot;7f499f1&quot;},{&quot;slide_title&quot;:&quot;Slide #1&quot;,&quot;_id&quot;:&quot;466716e&quot;}],&quot;image_spacing_custom&quot;:{&quot;unit&quot;:&quot;px&quot;,&quot;size&quot;:25,&quot;sizes&quot;:[]},&quot;slides_to_show_tablet&quot;:&quot;2&quot;,&quot;slides_to_show_mobile&quot;:&quot;1&quot;,&quot;autoplay&quot;:&quot;yes&quot;,&quot;autoplay_speed&quot;:5000,&quot;pause_on_hover&quot;:&quot;yes&quot;,&quot;pause_on_interaction&quot;:&quot;yes&quot;,&quot;infinite&quot;:&quot;yes&quot;,&quot;speed&quot;:500,&quot;offset_sides&quot;:&quot;none&quot;,&quot;arrows&quot;:&quot;yes&quot;,&quot;pagination&quot;:&quot;bullets&quot;,&quot;image_spacing_custom_widescreen&quot;:{&quot;unit&quot;:&quot;px&quot;,&quot;size&quot;:&quot;&quot;,&quot;sizes&quot;:[]},&quot;image_spacing_custom_laptop&quot;:{&quot;unit&quot;:&quot;px&quot;,&quot;size&quot;:&quot;&quot;,&quot;sizes&quot;:[]},&quot;image_spacing_custom_tablet&quot;:{&quot;unit&quot;:&quot;px&quot;,&quot;size&quot;:&quot;&quot;,&quot;sizes&quot;:[]},&quot;image_spacing_custom_mobile&quot;:{&quot;unit&quot;:&quot;px&quot;,&quot;size&quot;:&quot;&quot;,&quot;sizes&quot;:[]}}\" data-widget_type=\"nested-carousel.default\">\n\t\t\t\t<div class=\"elementor-widget-container\">\n\t\t\t\t\t\t\t<div class=\"e-n-carousel swiper\" role=\"region\" aria-roledescription=\"carousel\" aria-label=\"Karussell\" dir=\"ltr\">\n\t\t\t<div class=\"swiper-wrapper\" aria-live=\"off\">\n\t\t\t\t\t\t\t\t\t\t<div class=\"swiper-slide\" data-slide=\"1\" role=\"group\" aria-roledescription=\"slide\" aria-label=\"1 von 12\">\n\t\t\t\t\t\t\t<div class=\"elementor-element elementor-element-3c93fd58 e-flex e-con-boxed e-con e-child\" data-id=\"3c93fd58\" data-element_type=\"container\">\n\t\t\t\t\t<div class=\"e-con-inner\">\n\t\t\t\t<div class=\"elementor-element elementor-element-706b934d elementor-widget elementor-widget-image\" data-id=\"706b934d\" data-element_type=\"widget\" data-widget_type=\"image.default\">\n\t\t\t\t<div class=\"elementor-widget-container\">\n\t\t\t\t\t\t\t\t\t\t\t\t\t\t\t<img loading=\"lazy\" decoding=\"async\" width=\"800\" height=\"800\" src=\"https:\/\/zahnarzt-in-luzern.ch\/wp-content\/uploads\/zahnarzt-luzern-vorher-nachher-veneers-01.webp\" class=\"attachment-large size-large wp-image-6530\" alt=\"\" srcset=\"https:\/\/zahnarzt-in-luzern.ch\/wp-content\/uploads\/zahnarzt-luzern-vorher-nachher-veneers-01.webp 800w, https:\/\/zahnarzt-in-luzern.ch\/wp-content\/uploads\/zahnarzt-luzern-vorher-nachher-veneers-01-300x300.webp 300w, https:\/\/zahnarzt-in-luzern.ch\/wp-content\/uploads\/zahnarzt-luzern-vorher-nachher-veneers-01-150x150.webp 150w, https:\/\/zahnarzt-in-luzern.ch\/wp-content\/uploads\/zahnarzt-luzern-vorher-nachher-veneers-01-768x768.webp 768w\" sizes=\"(max-width: 800px) 100vw, 800px\" \/>\t\t\t\t\t\t\t\t\t\t\t\t\t\t\t<\/div>\n\t\t\t\t<\/div>\n\t\t\t\t\t<\/div>\n\t\t\t\t<\/div>\n\t\t\t\t\t\t\t\t<\/div>\n\t\t\t\t\t\t\t\t\t\t\t<div class=\"swiper-slide\" data-slide=\"2\" role=\"group\" aria-roledescription=\"slide\" aria-label=\"2 von 12\">\n\t\t\t\t\t\t\t<div class=\"elementor-element elementor-element-bc005b7 e-flex e-con-boxed e-con e-child\" data-id=\"bc005b7\" data-element_type=\"container\">\n\t\t\t\t\t<div class=\"e-con-inner\">\n\t\t\t\t<div class=\"elementor-element elementor-element-59253b1 elementor-widget elementor-widget-image\" data-id=\"59253b1\" data-element_type=\"widget\" data-widget_type=\"image.default\">\n\t\t\t\t<div class=\"elementor-widget-container\">\n\t\t\t\t\t\t\t\t\t\t\t\t\t\t\t<img loading=\"lazy\" decoding=\"async\" width=\"800\" height=\"800\" src=\"https:\/\/zahnarzt-in-luzern.ch\/wp-content\/uploads\/zahnarzt-luzern-vorher-nachher-veneers-02.webp\" class=\"attachment-large size-large wp-image-6531\" alt=\"\" srcset=\"https:\/\/zahnarzt-in-luzern.ch\/wp-content\/uploads\/zahnarzt-luzern-vorher-nachher-veneers-02.webp 800w, https:\/\/zahnarzt-in-luzern.ch\/wp-content\/uploads\/zahnarzt-luzern-vorher-nachher-veneers-02-300x300.webp 300w, https:\/\/zahnarzt-in-luzern.ch\/wp-content\/uploads\/zahnarzt-luzern-vorher-nachher-veneers-02-150x150.webp 150w, https:\/\/zahnarzt-in-luzern.ch\/wp-content\/uploads\/zahnarzt-luzern-vorher-nachher-veneers-02-768x768.webp 768w\" sizes=\"(max-width: 800px) 100vw, 800px\" \/>\t\t\t\t\t\t\t\t\t\t\t\t\t\t\t<\/div>\n\t\t\t\t<\/div>\n\t\t\t\t\t<\/div>\n\t\t\t\t<\/div>\n\t\t\t\t\t\t\t\t<\/div>\n\t\t\t\t\t\t\t\t\t\t\t<div class=\"swiper-slide\" data-slide=\"3\" role=\"group\" aria-roledescription=\"slide\" aria-label=\"3 von 12\">\n\t\t\t\t\t\t\t<div class=\"elementor-element elementor-element-62b8b2d e-flex e-con-boxed e-con e-child\" data-id=\"62b8b2d\" data-element_type=\"container\">\n\t\t\t\t\t<div class=\"e-con-inner\">\n\t\t\t\t<div class=\"elementor-element elementor-element-5788996 elementor-widget elementor-widget-image\" data-id=\"5788996\" data-element_type=\"widget\" data-widget_type=\"image.default\">\n\t\t\t\t<div class=\"elementor-widget-container\">\n\t\t\t\t\t\t\t\t\t\t\t\t\t\t\t<img loading=\"lazy\" decoding=\"async\" width=\"800\" height=\"800\" src=\"https:\/\/zahnarzt-in-luzern.ch\/wp-content\/uploads\/zahnarzt-luzern-vorher-nachher-veneers-03.webp\" class=\"attachment-large size-large wp-image-6532\" alt=\"\" srcset=\"https:\/\/zahnarzt-in-luzern.ch\/wp-content\/uploads\/zahnarzt-luzern-vorher-nachher-veneers-03.webp 800w, https:\/\/zahnarzt-in-luzern.ch\/wp-content\/uploads\/zahnarzt-luzern-vorher-nachher-veneers-03-300x300.webp 300w, https:\/\/zahnarzt-in-luzern.ch\/wp-content\/uploads\/zahnarzt-luzern-vorher-nachher-veneers-03-150x150.webp 150w, https:\/\/zahnarzt-in-luzern.ch\/wp-content\/uploads\/zahnarzt-luzern-vorher-nachher-veneers-03-768x768.webp 768w\" sizes=\"(max-width: 800px) 100vw, 800px\" \/>\t\t\t\t\t\t\t\t\t\t\t\t\t\t\t<\/div>\n\t\t\t\t<\/div>\n\t\t\t\t\t<\/div>\n\t\t\t\t<\/div>\n\t\t\t\t\t\t\t\t<\/div>\n\t\t\t\t\t\t\t\t\t\t\t<div class=\"swiper-slide\" data-slide=\"4\" role=\"group\" aria-roledescription=\"slide\" aria-label=\"4 von 12\">\n\t\t\t\t\t\t\t<div class=\"elementor-element elementor-element-2f9bd19 e-flex e-con-boxed e-con e-child\" data-id=\"2f9bd19\" data-element_type=\"container\">\n\t\t\t\t\t<div class=\"e-con-inner\">\n\t\t\t\t<div class=\"elementor-element elementor-element-da64542 elementor-widget elementor-widget-image\" data-id=\"da64542\" data-element_type=\"widget\" data-widget_type=\"image.default\">\n\t\t\t\t<div class=\"elementor-widget-container\">\n\t\t\t\t\t\t\t\t\t\t\t\t\t\t\t<img loading=\"lazy\" decoding=\"async\" width=\"800\" height=\"800\" src=\"https:\/\/zahnarzt-in-luzern.ch\/wp-content\/uploads\/zahnarzt-luzern-vorher-nachher-veneers-04.webp\" class=\"attachment-large size-large wp-image-6533\" alt=\"\" srcset=\"https:\/\/zahnarzt-in-luzern.ch\/wp-content\/uploads\/zahnarzt-luzern-vorher-nachher-veneers-04.webp 800w, https:\/\/zahnarzt-in-luzern.ch\/wp-content\/uploads\/zahnarzt-luzern-vorher-nachher-veneers-04-300x300.webp 300w, https:\/\/zahnarzt-in-luzern.ch\/wp-content\/uploads\/zahnarzt-luzern-vorher-nachher-veneers-04-150x150.webp 150w, https:\/\/zahnarzt-in-luzern.ch\/wp-content\/uploads\/zahnarzt-luzern-vorher-nachher-veneers-04-768x768.webp 768w\" sizes=\"(max-width: 800px) 100vw, 800px\" \/>\t\t\t\t\t\t\t\t\t\t\t\t\t\t\t<\/div>\n\t\t\t\t<\/div>\n\t\t\t\t\t<\/div>\n\t\t\t\t<\/div>\n\t\t\t\t\t\t\t\t<\/div>\n\t\t\t\t\t\t\t\t\t\t\t<div class=\"swiper-slide\" data-slide=\"5\" role=\"group\" aria-roledescription=\"slide\" aria-label=\"5 von 12\">\n\t\t\t\t\t\t\t<div class=\"elementor-element elementor-element-4049cf4 e-flex e-con-boxed e-con e-child\" data-id=\"4049cf4\" data-element_type=\"container\">\n\t\t\t\t\t<div class=\"e-con-inner\">\n\t\t\t\t<div class=\"elementor-element elementor-element-41c2990 elementor-widget elementor-widget-image\" data-id=\"41c2990\" data-element_type=\"widget\" data-widget_type=\"image.default\">\n\t\t\t\t<div class=\"elementor-widget-container\">\n\t\t\t\t\t\t\t\t\t\t\t\t\t\t\t<img loading=\"lazy\" decoding=\"async\" width=\"800\" height=\"800\" src=\"https:\/\/zahnarzt-in-luzern.ch\/wp-content\/uploads\/zahnarzt-luzern-vorher-nachher-veneers-05.webp\" class=\"attachment-large size-large wp-image-6534\" alt=\"\" srcset=\"https:\/\/zahnarzt-in-luzern.ch\/wp-content\/uploads\/zahnarzt-luzern-vorher-nachher-veneers-05.webp 800w, https:\/\/zahnarzt-in-luzern.ch\/wp-content\/uploads\/zahnarzt-luzern-vorher-nachher-veneers-05-300x300.webp 300w, https:\/\/zahnarzt-in-luzern.ch\/wp-content\/uploads\/zahnarzt-luzern-vorher-nachher-veneers-05-150x150.webp 150w, https:\/\/zahnarzt-in-luzern.ch\/wp-content\/uploads\/zahnarzt-luzern-vorher-nachher-veneers-05-768x768.webp 768w\" sizes=\"(max-width: 800px) 100vw, 800px\" \/>\t\t\t\t\t\t\t\t\t\t\t\t\t\t\t<\/div>\n\t\t\t\t<\/div>\n\t\t\t\t\t<\/div>\n\t\t\t\t<\/div>\n\t\t\t\t\t\t\t\t<\/div>\n\t\t\t\t\t\t\t\t\t\t\t<div class=\"swiper-slide\" data-slide=\"6\" role=\"group\" aria-roledescription=\"slide\" aria-label=\"6 von 12\">\n\t\t\t\t\t\t\t<div class=\"elementor-element elementor-element-3222dbd e-flex e-con-boxed e-con e-child\" data-id=\"3222dbd\" data-element_type=\"container\">\n\t\t\t\t\t<div class=\"e-con-inner\">\n\t\t\t\t<div class=\"elementor-element elementor-element-d0a8326 elementor-widget elementor-widget-image\" data-id=\"d0a8326\" data-element_type=\"widget\" data-widget_type=\"image.default\">\n\t\t\t\t<div class=\"elementor-widget-container\">\n\t\t\t\t\t\t\t\t\t\t\t\t\t\t\t<img loading=\"lazy\" decoding=\"async\" width=\"800\" height=\"800\" src=\"https:\/\/zahnarzt-in-luzern.ch\/wp-content\/uploads\/zahnarzt-luzern-vorher-nachher-veneers-06.webp\" class=\"attachment-large size-large wp-image-6535\" alt=\"\" srcset=\"https:\/\/zahnarzt-in-luzern.ch\/wp-content\/uploads\/zahnarzt-luzern-vorher-nachher-veneers-06.webp 800w, https:\/\/zahnarzt-in-luzern.ch\/wp-content\/uploads\/zahnarzt-luzern-vorher-nachher-veneers-06-300x300.webp 300w, https:\/\/zahnarzt-in-luzern.ch\/wp-content\/uploads\/zahnarzt-luzern-vorher-nachher-veneers-06-150x150.webp 150w, https:\/\/zahnarzt-in-luzern.ch\/wp-content\/uploads\/zahnarzt-luzern-vorher-nachher-veneers-06-768x768.webp 768w\" sizes=\"(max-width: 800px) 100vw, 800px\" \/>\t\t\t\t\t\t\t\t\t\t\t\t\t\t\t<\/div>\n\t\t\t\t<\/div>\n\t\t\t\t\t<\/div>\n\t\t\t\t<\/div>\n\t\t\t\t\t\t\t\t<\/div>\n\t\t\t\t\t\t\t\t\t\t\t<div class=\"swiper-slide\" data-slide=\"7\" role=\"group\" aria-roledescription=\"slide\" aria-label=\"7 von 12\">\n\t\t\t\t\t\t\t<div class=\"elementor-element elementor-element-4be7dcd e-flex e-con-boxed e-con e-child\" data-id=\"4be7dcd\" data-element_type=\"container\">\n\t\t\t\t\t<div class=\"e-con-inner\">\n\t\t\t\t<div class=\"elementor-element elementor-element-3074fb3 elementor-widget elementor-widget-image\" data-id=\"3074fb3\" data-element_type=\"widget\" data-widget_type=\"image.default\">\n\t\t\t\t<div class=\"elementor-widget-container\">\n\t\t\t\t\t\t\t\t\t\t\t\t\t\t\t<img loading=\"lazy\" decoding=\"async\" width=\"800\" height=\"800\" src=\"https:\/\/zahnarzt-in-luzern.ch\/wp-content\/uploads\/zahnarzt-luzern-vorher-nachher-veneers-07.webp\" class=\"attachment-large size-large wp-image-6536\" alt=\"\" srcset=\"https:\/\/zahnarzt-in-luzern.ch\/wp-content\/uploads\/zahnarzt-luzern-vorher-nachher-veneers-07.webp 800w, https:\/\/zahnarzt-in-luzern.ch\/wp-content\/uploads\/zahnarzt-luzern-vorher-nachher-veneers-07-300x300.webp 300w, https:\/\/zahnarzt-in-luzern.ch\/wp-content\/uploads\/zahnarzt-luzern-vorher-nachher-veneers-07-150x150.webp 150w, https:\/\/zahnarzt-in-luzern.ch\/wp-content\/uploads\/zahnarzt-luzern-vorher-nachher-veneers-07-768x768.webp 768w\" sizes=\"(max-width: 800px) 100vw, 800px\" \/>\t\t\t\t\t\t\t\t\t\t\t\t\t\t\t<\/div>\n\t\t\t\t<\/div>\n\t\t\t\t\t<\/div>\n\t\t\t\t<\/div>\n\t\t\t\t\t\t\t\t<\/div>\n\t\t\t\t\t\t\t\t\t\t\t<div class=\"swiper-slide\" data-slide=\"8\" role=\"group\" aria-roledescription=\"slide\" aria-label=\"8 von 12\">\n\t\t\t\t\t\t\t<div class=\"elementor-element elementor-element-c0f880c e-flex e-con-boxed e-con e-child\" data-id=\"c0f880c\" data-element_type=\"container\">\n\t\t\t\t\t<div class=\"e-con-inner\">\n\t\t\t\t<div class=\"elementor-element elementor-element-65df4ad elementor-widget elementor-widget-image\" data-id=\"65df4ad\" data-element_type=\"widget\" data-widget_type=\"image.default\">\n\t\t\t\t<div class=\"elementor-widget-container\">\n\t\t\t\t\t\t\t\t\t\t\t\t\t\t\t<img loading=\"lazy\" decoding=\"async\" width=\"800\" height=\"800\" src=\"https:\/\/zahnarzt-in-luzern.ch\/wp-content\/uploads\/zahnarzt-luzern-vorher-nachher-veneers-08.webp\" class=\"attachment-large size-large wp-image-6537\" alt=\"\" srcset=\"https:\/\/zahnarzt-in-luzern.ch\/wp-content\/uploads\/zahnarzt-luzern-vorher-nachher-veneers-08.webp 800w, https:\/\/zahnarzt-in-luzern.ch\/wp-content\/uploads\/zahnarzt-luzern-vorher-nachher-veneers-08-300x300.webp 300w, https:\/\/zahnarzt-in-luzern.ch\/wp-content\/uploads\/zahnarzt-luzern-vorher-nachher-veneers-08-150x150.webp 150w, https:\/\/zahnarzt-in-luzern.ch\/wp-content\/uploads\/zahnarzt-luzern-vorher-nachher-veneers-08-768x768.webp 768w\" sizes=\"(max-width: 800px) 100vw, 800px\" \/>\t\t\t\t\t\t\t\t\t\t\t\t\t\t\t<\/div>\n\t\t\t\t<\/div>\n\t\t\t\t\t<\/div>\n\t\t\t\t<\/div>\n\t\t\t\t\t\t\t\t<\/div>\n\t\t\t\t\t\t\t\t\t\t\t<div class=\"swiper-slide\" data-slide=\"9\" role=\"group\" aria-roledescription=\"slide\" aria-label=\"9 von 12\">\n\t\t\t\t\t\t\t<div class=\"elementor-element elementor-element-364e6b1 e-flex e-con-boxed e-con e-child\" data-id=\"364e6b1\" data-element_type=\"container\">\n\t\t\t\t\t<div class=\"e-con-inner\">\n\t\t\t\t<div class=\"elementor-element elementor-element-c728650 elementor-widget elementor-widget-image\" data-id=\"c728650\" data-element_type=\"widget\" data-widget_type=\"image.default\">\n\t\t\t\t<div class=\"elementor-widget-container\">\n\t\t\t\t\t\t\t\t\t\t\t\t\t\t\t<img loading=\"lazy\" decoding=\"async\" width=\"800\" height=\"800\" src=\"https:\/\/zahnarzt-in-luzern.ch\/wp-content\/uploads\/zahnarzt-luzern-vorher-nachher-veneers-09.webp\" class=\"attachment-large size-large wp-image-6538\" alt=\"\" srcset=\"https:\/\/zahnarzt-in-luzern.ch\/wp-content\/uploads\/zahnarzt-luzern-vorher-nachher-veneers-09.webp 800w, https:\/\/zahnarzt-in-luzern.ch\/wp-content\/uploads\/zahnarzt-luzern-vorher-nachher-veneers-09-300x300.webp 300w, https:\/\/zahnarzt-in-luzern.ch\/wp-content\/uploads\/zahnarzt-luzern-vorher-nachher-veneers-09-150x150.webp 150w, https:\/\/zahnarzt-in-luzern.ch\/wp-content\/uploads\/zahnarzt-luzern-vorher-nachher-veneers-09-768x768.webp 768w\" sizes=\"(max-width: 800px) 100vw, 800px\" \/>\t\t\t\t\t\t\t\t\t\t\t\t\t\t\t<\/div>\n\t\t\t\t<\/div>\n\t\t\t\t\t<\/div>\n\t\t\t\t<\/div>\n\t\t\t\t\t\t\t\t<\/div>\n\t\t\t\t\t\t\t\t\t\t\t<div class=\"swiper-slide\" data-slide=\"10\" role=\"group\" aria-roledescription=\"slide\" aria-label=\"10 von 12\">\n\t\t\t\t\t\t\t<div class=\"elementor-element elementor-element-f526405 e-flex e-con-boxed e-con e-child\" data-id=\"f526405\" data-element_type=\"container\">\n\t\t\t\t\t<div class=\"e-con-inner\">\n\t\t\t\t<div class=\"elementor-element elementor-element-d08b3c6 elementor-widget elementor-widget-image\" data-id=\"d08b3c6\" data-element_type=\"widget\" data-widget_type=\"image.default\">\n\t\t\t\t<div class=\"elementor-widget-container\">\n\t\t\t\t\t\t\t\t\t\t\t\t\t\t\t<img loading=\"lazy\" decoding=\"async\" width=\"800\" height=\"800\" src=\"https:\/\/zahnarzt-in-luzern.ch\/wp-content\/uploads\/zahnarzt-luzern-vorher-nachher-veneers-10.webp\" class=\"attachment-large size-large wp-image-6539\" alt=\"\" srcset=\"https:\/\/zahnarzt-in-luzern.ch\/wp-content\/uploads\/zahnarzt-luzern-vorher-nachher-veneers-10.webp 800w, https:\/\/zahnarzt-in-luzern.ch\/wp-content\/uploads\/zahnarzt-luzern-vorher-nachher-veneers-10-300x300.webp 300w, https:\/\/zahnarzt-in-luzern.ch\/wp-content\/uploads\/zahnarzt-luzern-vorher-nachher-veneers-10-150x150.webp 150w, https:\/\/zahnarzt-in-luzern.ch\/wp-content\/uploads\/zahnarzt-luzern-vorher-nachher-veneers-10-768x768.webp 768w\" sizes=\"(max-width: 800px) 100vw, 800px\" \/>\t\t\t\t\t\t\t\t\t\t\t\t\t\t\t<\/div>\n\t\t\t\t<\/div>\n\t\t\t\t\t<\/div>\n\t\t\t\t<\/div>\n\t\t\t\t\t\t\t\t<\/div>\n\t\t\t\t\t\t\t\t\t\t\t<div class=\"swiper-slide\" data-slide=\"11\" role=\"group\" aria-roledescription=\"slide\" aria-label=\"11 von 12\">\n\t\t\t\t\t\t\t<div class=\"elementor-element elementor-element-27c101a e-flex e-con-boxed e-con e-child\" data-id=\"27c101a\" data-element_type=\"container\">\n\t\t\t\t\t<div class=\"e-con-inner\">\n\t\t\t\t<div class=\"elementor-element elementor-element-712e71b elementor-widget elementor-widget-image\" data-id=\"712e71b\" data-element_type=\"widget\" data-widget_type=\"image.default\">\n\t\t\t\t<div class=\"elementor-widget-container\">\n\t\t\t\t\t\t\t\t\t\t\t\t\t\t\t<img loading=\"lazy\" decoding=\"async\" width=\"800\" height=\"800\" src=\"https:\/\/zahnarzt-in-luzern.ch\/wp-content\/uploads\/zahnarzt-luzern-vorher-nachher-veneers-11.webp\" class=\"attachment-large size-large wp-image-6540\" alt=\"\" srcset=\"https:\/\/zahnarzt-in-luzern.ch\/wp-content\/uploads\/zahnarzt-luzern-vorher-nachher-veneers-11.webp 800w, https:\/\/zahnarzt-in-luzern.ch\/wp-content\/uploads\/zahnarzt-luzern-vorher-nachher-veneers-11-300x300.webp 300w, https:\/\/zahnarzt-in-luzern.ch\/wp-content\/uploads\/zahnarzt-luzern-vorher-nachher-veneers-11-150x150.webp 150w, https:\/\/zahnarzt-in-luzern.ch\/wp-content\/uploads\/zahnarzt-luzern-vorher-nachher-veneers-11-768x768.webp 768w\" sizes=\"(max-width: 800px) 100vw, 800px\" \/>\t\t\t\t\t\t\t\t\t\t\t\t\t\t\t<\/div>\n\t\t\t\t<\/div>\n\t\t\t\t\t<\/div>\n\t\t\t\t<\/div>\n\t\t\t\t\t\t\t\t<\/div>\n\t\t\t\t\t\t\t\t\t\t\t<div class=\"swiper-slide\" data-slide=\"12\" role=\"group\" aria-roledescription=\"slide\" aria-label=\"12 von 12\">\n\t\t\t\t\t\t\t<div class=\"elementor-element elementor-element-6a3e23f e-flex e-con-boxed e-con e-child\" data-id=\"6a3e23f\" data-element_type=\"container\">\n\t\t\t\t\t<div class=\"e-con-inner\">\n\t\t\t\t<div class=\"elementor-element elementor-element-71f7a39 elementor-widget elementor-widget-image\" data-id=\"71f7a39\" data-element_type=\"widget\" data-widget_type=\"image.default\">\n\t\t\t\t<div class=\"elementor-widget-container\">\n\t\t\t\t\t\t\t\t\t\t\t\t\t\t\t<img loading=\"lazy\" decoding=\"async\" width=\"800\" height=\"800\" src=\"https:\/\/zahnarzt-in-luzern.ch\/wp-content\/uploads\/zahnarzt-luzern-vorher-nachher-veneers-12.webp\" class=\"attachment-large size-large wp-image-6541\" alt=\"\" srcset=\"https:\/\/zahnarzt-in-luzern.ch\/wp-content\/uploads\/zahnarzt-luzern-vorher-nachher-veneers-12.webp 800w, https:\/\/zahnarzt-in-luzern.ch\/wp-content\/uploads\/zahnarzt-luzern-vorher-nachher-veneers-12-300x300.webp 300w, https:\/\/zahnarzt-in-luzern.ch\/wp-content\/uploads\/zahnarzt-luzern-vorher-nachher-veneers-12-150x150.webp 150w, https:\/\/zahnarzt-in-luzern.ch\/wp-content\/uploads\/zahnarzt-luzern-vorher-nachher-veneers-12-768x768.webp 768w\" sizes=\"(max-width: 800px) 100vw, 800px\" \/>\t\t\t\t\t\t\t\t\t\t\t\t\t\t\t<\/div>\n\t\t\t\t<\/div>\n\t\t\t\t\t<\/div>\n\t\t\t\t<\/div>\n\t\t\t\t\t\t\t\t<\/div>\n\t\t\t\t\t\t\t\t<\/div>\n\t\t<\/div>\n\t\t\t\t\t<div class=\"elementor-swiper-button elementor-swiper-button-prev\" role=\"button\" tabindex=\"0\" aria-label=\"Voriger\">\n\t\t\t\t<svg aria-hidden=\"true\" class=\"e-font-icon-svg e-eicon-chevron-left\" viewBox=\"0 0 1000 1000\" xmlns=\"http:\/\/www.w3.org\/2000\/svg\"><path d=\"M646 125C629 125 613 133 604 142L308 442C296 454 292 471 292 487 292 504 296 521 308 533L604 854C617 867 629 875 646 875 663 875 679 871 692 858 704 846 713 829 713 812 713 796 708 779 692 767L438 487 692 225C700 217 708 204 708 187 708 171 704 154 692 142 675 129 663 125 646 125Z\"><\/path><\/svg>\t\t\t<\/div>\n\t\t\t<div class=\"elementor-swiper-button elementor-swiper-button-next\" role=\"button\" tabindex=\"0\" aria-label=\"N\u00e4chster\">\n\t\t\t\t<svg aria-hidden=\"true\" class=\"e-font-icon-svg e-eicon-chevron-right\" viewBox=\"0 0 1000 1000\" xmlns=\"http:\/\/www.w3.org\/2000\/svg\"><path d=\"M696 533C708 521 713 504 713 487 713 471 708 454 696 446L400 146C388 133 375 125 354 125 338 125 325 129 313 142 300 154 292 171 292 187 292 204 296 221 308 233L563 492 304 771C292 783 288 800 288 817 288 833 296 850 308 863 321 871 338 875 354 875 371 875 388 867 400 854L696 533Z\"><\/path><\/svg>\t\t\t<\/div>\n\t\t\t\t\t<div class=\"swiper-pagination\"><\/div>\n\t\t\t\t\t\t<\/div>\n\t\t\t\t<\/div>\n\t\t\t\t\t<\/div>\n\t\t\t\t<\/div>\n\t\t<div class=\"elementor-element elementor-element-1908867f e-flex e-con-boxed e-con e-parent\" data-id=\"1908867f\" data-element_type=\"container\" data-settings=\"{&quot;background_background&quot;:&quot;classic&quot;}\">\n\t\t\t\t\t<div class=\"e-con-inner\">\n\t\t<div class=\"elementor-element elementor-element-213c7acd e-grid e-con-boxed e-con e-child\" data-id=\"213c7acd\" data-element_type=\"container\">\n\t\t\t\t\t<div class=\"e-con-inner\">\n\t\t<div class=\"elementor-element elementor-element-17e1db8b e-con-full animated-fast elementor-hidden-mobile e-flex elementor-invisible e-con e-child\" data-id=\"17e1db8b\" data-element_type=\"container\" data-settings=\"{&quot;background_background&quot;:&quot;classic&quot;,&quot;animation&quot;:&quot;fadeIn&quot;,&quot;animation_delay&quot;:500}\">\n\t\t\t\t<\/div>\n\t\t<div class=\"elementor-element elementor-element-6669a65 e-con-full animated-fast e-flex e-con e-child\" data-id=\"6669a65\" data-element_type=\"container\" data-settings=\"{&quot;background_background&quot;:&quot;classic&quot;,&quot;animation&quot;:&quot;none&quot;}\">\n\t\t\t\t<div class=\"elementor-element elementor-element-bc3eef5 elementor-widget elementor-widget-heading\" data-id=\"bc3eef5\" data-element_type=\"widget\" data-widget_type=\"heading.default\">\n\t\t\t\t<div class=\"elementor-widget-container\">\n\t\t\t\t\t<p class=\"elementor-heading-title elementor-size-default\">Herzlich willkommen<\/p>\t\t\t\t<\/div>\n\t\t\t\t<\/div>\n\t\t\t\t<div class=\"elementor-element elementor-element-b84096c elementor-widget__width-inherit elementor-widget elementor-widget-heading\" data-id=\"b84096c\" data-element_type=\"widget\" data-widget_type=\"heading.default\">\n\t\t\t\t<div class=\"elementor-widget-container\">\n\t\t\t\t\t<h2 class=\"elementor-heading-title elementor-size-default\">Ihr pers\u00f6nlicher Zahnarzt Luzern<\/h2>\t\t\t\t<\/div>\n\t\t\t\t<\/div>\n\t\t\t\t<div class=\"elementor-element elementor-element-bec1777 elementor-widget elementor-widget-text-editor\" data-id=\"bec1777\" data-element_type=\"widget\" data-widget_type=\"text-editor.default\">\n\t\t\t\t<div class=\"elementor-widget-container\">\n\t\t\t\t\t\t\t\t\t<p>Wir freuen uns, Sie in einem pers\u00f6nlichen Gespr\u00e4ch kennenzulernen. Wir nehmen uns bei jedem individuellem Fall viel Zeit f\u00fcr Sie.<\/p>\t\t\t\t\t\t\t\t<\/div>\n\t\t\t\t<\/div>\n\t\t\t\t<div class=\"elementor-element elementor-element-c547458 elementor-mobile-align-justify elementor-widget elementor-widget-button\" data-id=\"c547458\" data-element_type=\"widget\" data-widget_type=\"button.default\">\n\t\t\t\t<div class=\"elementor-widget-container\">\n\t\t\t\t\t\t\t\t\t<div class=\"elementor-button-wrapper\">\n\t\t\t\t\t<a class=\"elementor-button elementor-button-link elementor-size-sm\" href=\"https:\/\/zahnarzt-in-luzern.ch\/de\/termin-vereinbaren\/\">\n\t\t\t\t\t\t<span class=\"elementor-button-content-wrapper\">\n\t\t\t\t\t\t\t\t\t<span class=\"elementor-button-text\">Zahnarzttermin vereinbaren<\/span>\n\t\t\t\t\t<\/span>\n\t\t\t\t\t<\/a>\n\t\t\t\t<\/div>\n\t\t\t\t\t\t\t\t<\/div>\n\t\t\t\t<\/div>\n\t\t\t\t<\/div>\n\t\t\t\t\t<\/div>\n\t\t\t\t<\/div>\n\t\t\t\t\t<\/div>\n\t\t\t\t<\/div>\n\t\t<div class=\"elementor-element elementor-element-8d18fc3 e-flex e-con-boxed e-con e-parent\" data-id=\"8d18fc3\" data-element_type=\"container\" data-settings=\"{&quot;background_background&quot;:&quot;classic&quot;,&quot;motion_fx_motion_fx_scrolling&quot;:&quot;yes&quot;,&quot;motion_fx_devices&quot;:[&quot;widescreen&quot;,&quot;desktop&quot;,&quot;laptop&quot;,&quot;tablet&quot;,&quot;mobile&quot;]}\">\n\t\t\t\t\t<div class=\"e-con-inner\">\n\t\t<a class=\"elementor-element elementor-element-0dbfa87 e-con-full e-transform e-flex e-con e-child\" data-id=\"0dbfa87\" data-element_type=\"container\" data-settings=\"{&quot;background_background&quot;:&quot;classic&quot;,&quot;motion_fx_motion_fx_scrolling&quot;:&quot;yes&quot;,&quot;_transform_scale_effect_hover_widescreen&quot;:{&quot;unit&quot;:&quot;px&quot;,&quot;size&quot;:1.0500000000000000444089209850062616169452667236328125,&quot;sizes&quot;:[]},&quot;_transform_scale_effect_hover&quot;:{&quot;unit&quot;:&quot;px&quot;,&quot;size&quot;:1.0500000000000000444089209850062616169452667236328125,&quot;sizes&quot;:[]},&quot;motion_fx_devices&quot;:[&quot;widescreen&quot;,&quot;desktop&quot;,&quot;laptop&quot;,&quot;tablet&quot;,&quot;mobile&quot;],&quot;_transform_scale_effect_hover_laptop&quot;:{&quot;unit&quot;:&quot;px&quot;,&quot;size&quot;:&quot;&quot;,&quot;sizes&quot;:[]},&quot;_transform_scale_effect_hover_tablet&quot;:{&quot;unit&quot;:&quot;px&quot;,&quot;size&quot;:&quot;&quot;,&quot;sizes&quot;:[]},&quot;_transform_scale_effect_hover_mobile&quot;:{&quot;unit&quot;:&quot;px&quot;,&quot;size&quot;:&quot;&quot;,&quot;sizes&quot;:[]}}\" href=\"https:\/\/himmelfarb.ch\/de\/\" target=\"_blank\">\n\t\t<div class=\"elementor-element elementor-element-01f6a10 e-con-full e-flex e-con e-child\" data-id=\"01f6a10\" data-element_type=\"container\">\n\t\t\t\t<div class=\"elementor-element elementor-element-9bc9c92 elementor-widget elementor-widget-text-editor\" data-id=\"9bc9c92\" data-element_type=\"widget\" data-widget_type=\"text-editor.default\">\n\t\t\t\t<div class=\"elementor-widget-container\">\n\t\t\t\t\t\t\t\t\t<p>Expertin f\u00fcr Veneers &amp; \u00e4sthetische Zahnmedizin\u200b<\/p>\t\t\t\t\t\t\t\t<\/div>\n\t\t\t\t<\/div>\n\t\t\t\t<div class=\"elementor-element elementor-element-add66a6 animated-fast elementor-invisible elementor-widget elementor-widget-heading\" data-id=\"add66a6\" data-element_type=\"widget\" data-settings=\"{&quot;_animation&quot;:&quot;fadeIn&quot;,&quot;_animation_delay&quot;:200}\" data-widget_type=\"heading.default\">\n\t\t\t\t<div class=\"elementor-widget-container\">\n\t\t\t\t\t<h2 class=\"elementor-heading-title elementor-size-default\">Sie w\u00fcnschen eine pers\u00f6nliche Beratung von unserer Smile Makeover Expertin?<\/h2>\t\t\t\t<\/div>\n\t\t\t\t<\/div>\n\t\t\t\t<div class=\"elementor-element elementor-element-aadc653 elementor-widget elementor-widget-text-editor\" data-id=\"aadc653\" data-element_type=\"widget\" data-widget_type=\"text-editor.default\">\n\t\t\t\t<div class=\"elementor-widget-container\">\n\t\t\t\t\t\t\t\t\t<p>Frau Dr. Dr. Rosanna Himmelfarb begleitet Sie pers\u00f6nlich auf Ihrem Weg zu einem perfekten Smile Makeover.<\/p>\t\t\t\t\t\t\t\t<\/div>\n\t\t\t\t<\/div>\n\t\t\t\t<div class=\"elementor-element elementor-element-079eac0 elementor-widget elementor-widget-text-editor\" data-id=\"079eac0\" data-element_type=\"widget\" data-widget_type=\"text-editor.default\">\n\t\t\t\t<div class=\"elementor-widget-container\">\n\t\t\t\t\t\t\t\t\t<p>himmelfarb.ch \u25b7<\/p>\t\t\t\t\t\t\t\t<\/div>\n\t\t\t\t<\/div>\n\t\t\t\t<\/div>\n\t\t<div class=\"elementor-element elementor-element-7318d1b e-con-full e-flex e-con e-child\" data-id=\"7318d1b\" data-element_type=\"container\">\n\t\t\t\t<div class=\"elementor-element elementor-element-bf4d8b9 elementor-widget elementor-widget-image\" data-id=\"bf4d8b9\" data-element_type=\"widget\" data-widget_type=\"image.default\">\n\t\t\t\t<div class=\"elementor-widget-container\">\n\t\t\t\t\t\t\t\t\t\t\t\t\t\t\t<img loading=\"lazy\" decoding=\"async\" width=\"872\" height=\"872\" src=\"https:\/\/zahnarzt-in-luzern.ch\/wp-content\/uploads\/cta_himmelfarb-01.png\" class=\"attachment-full size-full wp-image-8336 has-transparency\" alt=\"\" srcset=\"https:\/\/zahnarzt-in-luzern.ch\/wp-content\/uploads\/cta_himmelfarb-01.png 872w, https:\/\/zahnarzt-in-luzern.ch\/wp-content\/uploads\/cta_himmelfarb-01-300x300.png 300w, https:\/\/zahnarzt-in-luzern.ch\/wp-content\/uploads\/cta_himmelfarb-01-150x150.png 150w, https:\/\/zahnarzt-in-luzern.ch\/wp-content\/uploads\/cta_himmelfarb-01-768x768.png 768w, https:\/\/zahnarzt-in-luzern.ch\/wp-content\/uploads\/cta_himmelfarb-01-12x12.png 12w\" sizes=\"(max-width: 872px) 100vw, 872px\" data-has-transparency=\"true\" data-dominant-color=\"94817a\" style=\"--dominant-color: #94817a\" \/>\t\t\t\t\t\t\t\t\t\t\t\t\t\t\t<\/div>\n\t\t\t\t<\/div>\n\t\t\t\t<\/div>\n\t\t\t\t<\/a>\n\t\t\t\t\t<\/div>\n\t\t\t\t<\/div>\n\t\t\t\t<\/div>\n\t\t","protected":false},"excerpt":{"rendered":"<p>Ihr Weg zu einem strahlenden L\u00e4cheln \u00c4sthetische Zahnmedizin \u00c4sthetische Zahnmedizin umfasst Veneers, Bleaching und weitere Behandlungen f\u00fcr sch\u00f6ne, gesunde Z\u00e4hne und ein strahlendes L\u00e4cheln. Zahnarzttermin vereinbaren\u200b Kontakt Z\u00e4hne zum Anbeissen sch\u00f6n! \u201eSch\u00f6ne Z\u00e4hne sind Ihre Visitenkarte im Mund. Sch\u00f6ne, weisse Z\u00e4hne vermitteln Sympathie, Lebensfreude, Gl\u00fcck, Gesundheit, Attraktivit\u00e4t und Vitalit\u00e4t. Nicht zuletzt h\u00e4ngt oft auch Ihr [&hellip;]<\/p>\n","protected":false},"author":2,"featured_media":0,"parent":0,"menu_order":3,"comment_status":"closed","ping_status":"closed","template":"","meta":{"footnotes":""},"class_list":["post-3352","page","type-page","status-publish","hentry"],"_links":{"self":[{"href":"https:\/\/zahnarzt-in-luzern.ch\/de\/wp-json\/wp\/v2\/pages\/3352","targetHints":{"allow":["GET"]}}],"collection":[{"href":"https:\/\/zahnarzt-in-luzern.ch\/de\/wp-json\/wp\/v2\/pages"}],"about":[{"href":"https:\/\/zahnarzt-in-luzern.ch\/de\/wp-json\/wp\/v2\/types\/page"}],"author":[{"embeddable":true,"href":"https:\/\/zahnarzt-in-luzern.ch\/de\/wp-json\/wp\/v2\/users\/2"}],"replies":[{"embeddable":true,"href":"https:\/\/zahnarzt-in-luzern.ch\/de\/wp-json\/wp\/v2\/comments?post=3352"}],"version-history":[{"count":219,"href":"https:\/\/zahnarzt-in-luzern.ch\/de\/wp-json\/wp\/v2\/pages\/3352\/revisions"}],"predecessor-version":[{"id":8936,"href":"https:\/\/zahnarzt-in-luzern.ch\/de\/wp-json\/wp\/v2\/pages\/3352\/revisions\/8936"}],"wp:attachment":[{"href":"https:\/\/zahnarzt-in-luzern.ch\/de\/wp-json\/wp\/v2\/media?parent=3352"}],"curies":[{"name":"wp","href":"https:\/\/api.w.org\/{rel}","templated":true}]}}