{"id":2246,"date":"2024-09-12T11:38:55","date_gmt":"2024-09-12T11:38:55","guid":{"rendered":"https:\/\/zl.gefire.org\/?page_id=2246"},"modified":"2025-05-02T09:53:02","modified_gmt":"2025-05-02T09:53:02","slug":"bleaching-zahnarzt-luzern","status":"publish","type":"page","link":"https:\/\/zahnarzt-in-luzern.ch\/de\/bleaching-zahnarzt-luzern\/","title":{"rendered":"Bleaching"},"content":{"rendered":"\t\t<div data-elementor-type=\"wp-page\" data-elementor-id=\"2246\" class=\"elementor elementor-2246\" data-elementor-post-type=\"page\">\n\t\t\t\t<div class=\"elementor-element elementor-element-1fb7ffbd e-flex e-con-boxed e-con e-parent\" data-id=\"1fb7ffbd\" data-element_type=\"container\" data-settings=\"{&quot;background_background&quot;:&quot;gradient&quot;}\">\n\t\t\t\t\t<div class=\"e-con-inner\">\n\t\t<div class=\"elementor-element elementor-element-57b700aa e-grid e-con-full e-con e-child\" data-id=\"57b700aa\" data-element_type=\"container\">\n\t\t<div class=\"elementor-element elementor-element-315eafef animated-fast e-con-full e-flex elementor-invisible e-con e-child\" data-id=\"315eafef\" data-element_type=\"container\" data-settings=\"{&quot;animation&quot;:&quot;fadeIn&quot;,&quot;animation_delay&quot;:500}\">\n\t\t\t\t<div class=\"elementor-element elementor-element-31b7c58c elementor-widget elementor-widget-heading\" data-id=\"31b7c58c\" data-element_type=\"widget\" data-widget_type=\"heading.default\">\n\t\t\t\t<div class=\"elementor-widget-container\">\n\t\t\t\t\t<p class=\"elementor-heading-title elementor-size-default\">Schonende Zahnaufhellung<\/p>\t\t\t\t<\/div>\n\t\t\t\t<\/div>\n\t\t\t\t<div class=\"elementor-element elementor-element-2367189 elementor-widget__width-initial elementor-widget elementor-widget-heading\" data-id=\"2367189\" data-element_type=\"widget\" data-widget_type=\"heading.default\">\n\t\t\t\t<div class=\"elementor-widget-container\">\n\t\t\t\t\t<h1 class=\"elementor-heading-title elementor-size-default\">Bleaching<\/h1>\t\t\t\t<\/div>\n\t\t\t\t<\/div>\n\t\t\t\t<div class=\"elementor-element elementor-element-30c44e08 elementor-widget__width-initial elementor-widget-mobile__width-inherit elementor-widget elementor-widget-text-editor\" data-id=\"30c44e08\" data-element_type=\"widget\" data-widget_type=\"text-editor.default\">\n\t\t\t\t<div class=\"elementor-widget-container\">\n\t\t\t\t\t\t\t\t\t<p>Mit professionellem Zahn-Bleaching k\u00f6nnen Verf\u00e4rbungen sicher entfernt werden. Z\u00e4hne bleichen sorgt f\u00fcr strahlend weisse Z\u00e4hne und eine schonende Zahnaufhellung.<\/p>\t\t\t\t\t\t\t\t<\/div>\n\t\t\t\t<\/div>\n\t\t<div class=\"elementor-element elementor-element-1c496239 e-con-full e-flex e-con e-child\" data-id=\"1c496239\" data-element_type=\"container\">\n\t\t\t\t<div class=\"elementor-element elementor-element-268de617 elementor-mobile-align-justify elementor-widget-mobile__width-inherit elementor-widget elementor-widget-button\" data-id=\"268de617\" data-element_type=\"widget\" data-widget_type=\"button.default\">\n\t\t\t\t<div class=\"elementor-widget-container\">\n\t\t\t\t\t\t\t\t\t<div class=\"elementor-button-wrapper\">\n\t\t\t\t\t<a class=\"elementor-button elementor-button-link elementor-size-sm\" href=\"https:\/\/zahnarzt-in-luzern.ch\/de\/termin-vereinbaren\/\">\n\t\t\t\t\t\t<span class=\"elementor-button-content-wrapper\">\n\t\t\t\t\t\t\t\t\t<span class=\"elementor-button-text\">Zahnarzttermin buchen<\/span>\n\t\t\t\t\t<\/span>\n\t\t\t\t\t<\/a>\n\t\t\t\t<\/div>\n\t\t\t\t\t\t\t\t<\/div>\n\t\t\t\t<\/div>\n\t\t\t\t<div class=\"elementor-element elementor-element-207ddf70 elementor-mobile-align-justify elementor-widget-mobile__width-inherit elementor-widget elementor-widget-button\" data-id=\"207ddf70\" data-element_type=\"widget\" data-widget_type=\"button.default\">\n\t\t\t\t<div class=\"elementor-widget-container\">\n\t\t\t\t\t\t\t\t\t<div class=\"elementor-button-wrapper\">\n\t\t\t\t\t<a class=\"elementor-button elementor-button-link elementor-size-sm\" href=\"https:\/\/zahnarzt-in-luzern.ch\/de\/kontakt-zahnarzt-luzern\/\">\n\t\t\t\t\t\t<span class=\"elementor-button-content-wrapper\">\n\t\t\t\t\t\t\t\t\t<span class=\"elementor-button-text\">Kontakt<\/span>\n\t\t\t\t\t<\/span>\n\t\t\t\t\t<\/a>\n\t\t\t\t<\/div>\n\t\t\t\t\t\t\t\t<\/div>\n\t\t\t\t<\/div>\n\t\t\t\t<\/div>\n\t\t\t\t<\/div>\n\t\t<div class=\"elementor-element elementor-element-4a17da9d e-con-full e-flex e-con e-child\" data-id=\"4a17da9d\" data-element_type=\"container\">\n\t\t\t\t<div class=\"elementor-element elementor-element-515f31d0 elementor-widget elementor-widget-image\" data-id=\"515f31d0\" data-element_type=\"widget\" data-widget_type=\"image.default\">\n\t\t\t\t<div class=\"elementor-widget-container\">\n\t\t\t\t\t\t\t\t\t\t\t\t\t\t\t<img fetchpriority=\"high\" decoding=\"async\" width=\"1000\" height=\"1334\" src=\"https:\/\/zahnarzt-in-luzern.ch\/wp-content\/uploads\/bleaching-zahnarzt-luzern.webp\" class=\"attachment-full size-full wp-image-5576\" alt=\"Bleaching Zahnarzt Luzern\" srcset=\"https:\/\/zahnarzt-in-luzern.ch\/wp-content\/uploads\/bleaching-zahnarzt-luzern.webp 1000w, https:\/\/zahnarzt-in-luzern.ch\/wp-content\/uploads\/bleaching-zahnarzt-luzern-225x300.webp 225w, https:\/\/zahnarzt-in-luzern.ch\/wp-content\/uploads\/bleaching-zahnarzt-luzern-768x1025.webp 768w\" sizes=\"(max-width: 1000px) 100vw, 1000px\" \/>\t\t\t\t\t\t\t\t\t\t\t\t\t\t\t<\/div>\n\t\t\t\t<\/div>\n\t\t\t\t<\/div>\n\t\t\t\t<\/div>\n\t\t<div class=\"elementor-element elementor-element-134f6e75 e-flex e-con-boxed e-con e-child\" data-id=\"134f6e75\" data-element_type=\"container\">\n\t\t\t\t\t<div class=\"e-con-inner\">\n\t\t\t\t<div class=\"elementor-element elementor-element-73d16692 elementor-widget-divider--view-line elementor-widget elementor-widget-divider\" data-id=\"73d16692\" data-element_type=\"widget\" data-widget_type=\"divider.default\">\n\t\t\t\t<div class=\"elementor-widget-container\">\n\t\t\t\t\t\t\t<div class=\"elementor-divider\">\n\t\t\t<span class=\"elementor-divider-separator\">\n\t\t\t\t\t\t<\/span>\n\t\t<\/div>\n\t\t\t\t\t\t<\/div>\n\t\t\t\t<\/div>\n\t\t\t\t\t<\/div>\n\t\t\t\t<\/div>\n\t\t<div class=\"elementor-element elementor-element-6b0c7cd3 e-grid e-con-boxed e-con e-child\" data-id=\"6b0c7cd3\" data-element_type=\"container\">\n\t\t\t\t\t<div class=\"e-con-inner\">\n\t\t\t\t<div class=\"elementor-element elementor-element-4f78c0cb animated-fast elementor-invisible elementor-widget elementor-widget-icon-box\" data-id=\"4f78c0cb\" data-element_type=\"widget\" data-settings=\"{&quot;_animation&quot;:&quot;fadeIn&quot;,&quot;_animation_delay&quot;:750}\" data-widget_type=\"icon-box.default\">\n\t\t\t\t<div class=\"elementor-widget-container\">\n\t\t\t\t\t\t\t<div class=\"elementor-icon-box-wrapper\">\n\n\t\t\t\n\t\t\t\t\t\t<div class=\"elementor-icon-box-content\">\n\n\t\t\t\t\t\t\t\t\t<h3 class=\"elementor-icon-box-title\">\n\t\t\t\t\t\t<span  >\n\t\t\t\t\t\t\tPower-Bleaching\t\t\t\t\t\t<\/span>\n\t\t\t\t\t<\/h3>\n\t\t\t\t\n\t\t\t\t\t\t\t\t\t<p class=\"elementor-icon-box-description\">\n\t\t\t\t\t\tIhre Behandlung erfolgt bei uns in einer Sitzung und dauert ca. 90 Minuten.\t\t\t\t\t<\/p>\n\t\t\t\t\n\t\t\t<\/div>\n\t\t\t\n\t\t<\/div>\n\t\t\t\t\t\t<\/div>\n\t\t\t\t<\/div>\n\t\t\t\t<div class=\"elementor-element elementor-element-19ed5f8f animated-fast elementor-invisible elementor-widget elementor-widget-icon-box\" data-id=\"19ed5f8f\" data-element_type=\"widget\" data-settings=\"{&quot;_animation&quot;:&quot;fadeIn&quot;,&quot;_animation_delay&quot;:750}\" data-widget_type=\"icon-box.default\">\n\t\t\t\t<div class=\"elementor-widget-container\">\n\t\t\t\t\t\t\t<div class=\"elementor-icon-box-wrapper\">\n\n\t\t\t\n\t\t\t\t\t\t<div class=\"elementor-icon-box-content\">\n\n\t\t\t\t\t\t\t\t\t<h3 class=\"elementor-icon-box-title\">\n\t\t\t\t\t\t<span  >\n\t\t\t\t\t\t\tHome-Bleaching\t\t\t\t\t\t<\/span>\n\t\t\t\t\t<\/h3>\n\t\t\t\t\n\t\t\t\t\t\t\t\t\t<p class=\"elementor-icon-box-description\">\n\t\t\t\t\t\tF\u00fcr das \u201eHome-Bleaching\u201c sind zwei Termine in  Ihrem ZahngesundheitsZentrumLuzern vorgesehen.\t\t\t\t\t<\/p>\n\t\t\t\t\n\t\t\t<\/div>\n\t\t\t\n\t\t<\/div>\n\t\t\t\t\t\t<\/div>\n\t\t\t\t<\/div>\n\t\t\t\t<div class=\"elementor-element elementor-element-47d1aef8 animated-fast elementor-invisible elementor-widget elementor-widget-icon-box\" data-id=\"47d1aef8\" data-element_type=\"widget\" data-settings=\"{&quot;_animation&quot;:&quot;fadeIn&quot;,&quot;_animation_delay&quot;:750}\" data-widget_type=\"icon-box.default\">\n\t\t\t\t<div class=\"elementor-widget-container\">\n\t\t\t\t\t\t\t<div class=\"elementor-icon-box-wrapper\">\n\n\t\t\t\n\t\t\t\t\t\t<div class=\"elementor-icon-box-content\">\n\n\t\t\t\t\t\t\t\t\t<h3 class=\"elementor-icon-box-title\">\n\t\t\t\t\t\t<span  >\n\t\t\t\t\t\t\tWalking-Bleaching\t\t\t\t\t\t<\/span>\n\t\t\t\t\t<\/h3>\n\t\t\t\t\n\t\t\t\t\t\t\t\t\t<p class=\"elementor-icon-box-description\">\n\t\t\t\t\t\tMit der \u201einternen Zahnaufhellung\u201c wird ein Aufhellungsmittel in den Zahn f\u00fcr mehrere Tage eingebracht.\t\t\t\t\t<\/p>\n\t\t\t\t\n\t\t\t<\/div>\n\t\t\t\n\t\t<\/div>\n\t\t\t\t\t\t<\/div>\n\t\t\t\t<\/div>\n\t\t\t\t\t<\/div>\n\t\t\t\t<\/div>\n\t\t\t\t\t<\/div>\n\t\t\t\t<\/div>\n\t\t<div class=\"elementor-element elementor-element-4d997c00 e-flex e-con-boxed e-con e-parent\" data-id=\"4d997c00\" data-element_type=\"container\" data-settings=\"{&quot;background_background&quot;:&quot;classic&quot;}\">\n\t\t\t\t\t<div class=\"e-con-inner\">\n\t\t<div class=\"elementor-element elementor-element-2c200968 e-grid e-con-boxed e-con e-child\" data-id=\"2c200968\" data-element_type=\"container\">\n\t\t\t\t\t<div class=\"e-con-inner\">\n\t\t\t\t<div class=\"elementor-element elementor-element-4763c504 animated-fast elementor-invisible elementor-widget elementor-widget-image\" data-id=\"4763c504\" data-element_type=\"widget\" data-settings=\"{&quot;_animation&quot;:&quot;fadeIn&quot;,&quot;_animation_delay&quot;:100}\" data-widget_type=\"image.default\">\n\t\t\t\t<div class=\"elementor-widget-container\">\n\t\t\t\t\t\t\t\t\t\t\t\t\t\t\t<img decoding=\"async\" src=\"https:\/\/zahnarzt-in-luzern.ch\/wp-content\/uploads\/elementor\/thumbs\/bleaching-luzern-termin-quo4ea0dyg65wm7m2dg2xiwvhzohmf3f6vkmcwgumo.webp\" title=\"bleaching-luzern-termin\" alt=\"Bleaching Luzern Termin\" loading=\"lazy\" \/>\t\t\t\t\t\t\t\t\t\t\t\t\t\t\t<\/div>\n\t\t\t\t<\/div>\n\t\t<div class=\"elementor-element elementor-element-572374f0 e-con-full animated-fast e-flex elementor-invisible e-con e-child\" data-id=\"572374f0\" data-element_type=\"container\" data-settings=\"{&quot;animation&quot;:&quot;fadeIn&quot;,&quot;animation_delay&quot;:250}\">\n\t\t\t\t<div class=\"elementor-element elementor-element-3b92cc27 elementor-widget elementor-widget-heading\" data-id=\"3b92cc27\" data-element_type=\"widget\" data-widget_type=\"heading.default\">\n\t\t\t\t<div class=\"elementor-widget-container\">\n\t\t\t\t\t<p class=\"elementor-heading-title elementor-size-default\">Schonende Zahnaufhellung<\/p>\t\t\t\t<\/div>\n\t\t\t\t<\/div>\n\t\t\t\t<div class=\"elementor-element elementor-element-38c60ac elementor-widget__width-initial elementor-widget-mobile__width-inherit elementor-widget elementor-widget-heading\" data-id=\"38c60ac\" data-element_type=\"widget\" data-widget_type=\"heading.default\">\n\t\t\t\t<div class=\"elementor-widget-container\">\n\t\t\t\t\t<h2 class=\"elementor-heading-title elementor-size-default\">F\u00fcr ein sch\u00f6nes weisses L\u00e4cheln in jedem Alter<\/h2>\t\t\t\t<\/div>\n\t\t\t\t<\/div>\n\t\t<div class=\"elementor-element elementor-element-51d3c48e e-grid e-con-full e-con e-child\" data-id=\"51d3c48e\" data-element_type=\"container\">\n\t\t<div class=\"elementor-element elementor-element-9f1f1e9 e-con-full e-flex e-con e-child\" data-id=\"9f1f1e9\" data-element_type=\"container\">\n\t\t\t\t<div class=\"elementor-element elementor-element-160e69c0 elementor-widget elementor-widget-text-editor\" data-id=\"160e69c0\" data-element_type=\"widget\" data-widget_type=\"text-editor.default\">\n\t\t\t\t<div class=\"elementor-widget-container\">\n\t\t\t\t\t\t\t\t\t<p>L\u00e4ngst gilt das Bleaching nicht nur f\u00fcr Privilegierte, sondern f\u00fcr alle, die ein uraltes Sch\u00f6nheitsideal f\u00fcr sich verwirklichen wollen.<\/p><p>Wissenschaftliche Studien haben ergeben, dass weisse Z\u00e4hne nicht nur gesund, vital und sch\u00f6n wirken, sondern dass Menschen mit weissen Z\u00e4hnen attraktiver und positiver wahrgenommen werden sowie mehr pers\u00f6nlichen und gesch\u00e4ftlichen Erfolg haben als andere. Eine regelm\u00e4ssige <a href=\"\/de\/dentalhygiene-zahnreinigung\/\">Dentalhygiene<\/a> kann zudem sicherstellen, dass das Bleaching-Ergebnis langfristig erhalten bleibt.<\/p><p>\u201eEine schmerzfreie, schonende, kleine Behandlung mit grosser Wirkung f\u00fcr Ihr Selbstbewusstsein und Ihre Lebensqualit\u00e4t!\u201c<\/p>\t\t\t\t\t\t\t\t<\/div>\n\t\t\t\t<\/div>\n\t\t\t\t<\/div>\n\t\t\t\t<\/div>\n\t\t\t\t<\/div>\n\t\t\t\t\t<\/div>\n\t\t\t\t<\/div>\n\t\t\t\t\t<\/div>\n\t\t\t\t<\/div>\n\t\t<div class=\"elementor-element elementor-element-710e0813 e-flex e-con-boxed e-con e-parent\" data-id=\"710e0813\" data-element_type=\"container\" data-settings=\"{&quot;background_background&quot;:&quot;classic&quot;}\">\n\t\t\t\t\t<div class=\"e-con-inner\">\n\t\t<div class=\"elementor-element elementor-element-79b451df animated-fast e-flex e-con-boxed elementor-invisible e-con e-child\" data-id=\"79b451df\" data-element_type=\"container\" data-settings=\"{&quot;animation&quot;:&quot;fadeIn&quot;,&quot;animation_delay&quot;:100}\">\n\t\t\t\t\t<div class=\"e-con-inner\">\n\t\t\t\t<div class=\"elementor-element elementor-element-282bf44 elementor-widget elementor-widget-heading\" data-id=\"282bf44\" data-element_type=\"widget\" data-widget_type=\"heading.default\">\n\t\t\t\t<div class=\"elementor-widget-container\">\n\t\t\t\t\t<p class=\"elementor-heading-title elementor-size-default\">Die moderne Zahnaufhellung<\/p>\t\t\t\t<\/div>\n\t\t\t\t<\/div>\n\t\t\t\t<div class=\"elementor-element elementor-element-dde0deb elementor-widget__width-initial elementor-widget elementor-widget-heading\" data-id=\"dde0deb\" data-element_type=\"widget\" data-widget_type=\"heading.default\">\n\t\t\t\t<div class=\"elementor-widget-container\">\n\t\t\t\t\t<h2 class=\"elementor-heading-title elementor-size-default\">Wir bieten alle modernen Methoden der Zahnaufhellung an<\/h2>\t\t\t\t<\/div>\n\t\t\t\t<\/div>\n\t\t\t\t\t<\/div>\n\t\t\t\t<\/div>\n\t\t<div class=\"elementor-element elementor-element-1560f46b e-grid e-con-boxed e-con e-child\" data-id=\"1560f46b\" data-element_type=\"container\">\n\t\t\t\t\t<div class=\"e-con-inner\">\n\t\t\t\t<div class=\"elementor-element elementor-element-da82125 elementor-widget elementor-widget-image\" data-id=\"da82125\" data-element_type=\"widget\" data-widget_type=\"image.default\">\n\t\t\t\t<div class=\"elementor-widget-container\">\n\t\t\t\t\t\t\t\t\t\t\t\t\t\t\t<img decoding=\"async\" width=\"768\" height=\"1024\" src=\"https:\/\/zahnarzt-in-luzern.ch\/wp-content\/uploads\/bleaching-luzern-zahnarzt-768x1024.webp\" class=\"attachment-large size-large wp-image-5588\" alt=\"Bleaching Zahnarzt Termin\" srcset=\"https:\/\/zahnarzt-in-luzern.ch\/wp-content\/uploads\/bleaching-luzern-zahnarzt-768x1025.webp 768w, https:\/\/zahnarzt-in-luzern.ch\/wp-content\/uploads\/bleaching-luzern-zahnarzt-225x300.webp 225w, https:\/\/zahnarzt-in-luzern.ch\/wp-content\/uploads\/bleaching-luzern-zahnarzt.webp 1000w\" sizes=\"(max-width: 768px) 100vw, 768px\" \/>\t\t\t\t\t\t\t\t\t\t\t\t\t\t\t<\/div>\n\t\t\t\t<\/div>\n\t\t<div class=\"elementor-element elementor-element-31d5c12a e-grid e-con-full animated-fast elementor-invisible e-con e-child\" data-id=\"31d5c12a\" data-element_type=\"container\" data-settings=\"{&quot;animation&quot;:&quot;fadeIn&quot;,&quot;animation_delay&quot;:250}\">\n\t\t<div class=\"elementor-element elementor-element-8f9a3c7 e-con-full e-flex e-con e-child\" data-id=\"8f9a3c7\" data-element_type=\"container\">\n\t\t\t\t<div class=\"elementor-element elementor-element-6f29c49 elementor-widget elementor-widget-heading\" data-id=\"6f29c49\" data-element_type=\"widget\" data-widget_type=\"heading.default\">\n\t\t\t\t<div class=\"elementor-widget-container\">\n\t\t\t\t\t<h3 class=\"elementor-heading-title elementor-size-default\">Power-Bleaching \u2013 In-Office Bleaching<\/h3>\t\t\t\t<\/div>\n\t\t\t\t<\/div>\n\t\t\t\t<div class=\"elementor-element elementor-element-c44cd64 elementor-widget elementor-widget-text-editor\" data-id=\"c44cd64\" data-element_type=\"widget\" data-widget_type=\"text-editor.default\">\n\t\t\t\t<div class=\"elementor-widget-container\">\n\t\t\t\t\t\t\t\t\t<p>Das schonende, kontrollierte Aufhellen beim Zahnarzt \u2013 \u201eWenn es bei Ihnen schnell gehen muss!\u201c<\/p><p>Ihre Behandlung erfolgt bei uns in einer Sitzung und dauert ca. 90 Minuten. Ihr Zahnfleisch wird dabei durch ein gummiartiges, geschmeidiges Abdeckmaterial gesch\u00fctzt. Danach werden Ihre Z\u00e4hne mit hochkonzentriertem Aufhellungsgel bestrichen und durch die Verwendung einer Blaulichtlampe bestrahlt. Dadurch werden die Wirkstoffe in der Gelfl\u00fcssigkeit aktiviert und Ihre Z\u00e4hne bekommen sofort einen gesunden strahlenden Glanz der Sie gut aussehen und f\u00fchlen l\u00e4sst.<\/p><p>\u201eSie sparen Zeit, denn Ihre Zeit ist uns wichtig!\u201c<\/p>\t\t\t\t\t\t\t\t<\/div>\n\t\t\t\t<\/div>\n\t\t\t\t<\/div>\n\t\t<div class=\"elementor-element elementor-element-9794076 e-con-full e-flex e-con e-child\" data-id=\"9794076\" data-element_type=\"container\">\n\t\t\t\t<div class=\"elementor-element elementor-element-8e85129 elementor-widget elementor-widget-heading\" data-id=\"8e85129\" data-element_type=\"widget\" data-widget_type=\"heading.default\">\n\t\t\t\t<div class=\"elementor-widget-container\">\n\t\t\t\t\t<h3 class=\"elementor-heading-title elementor-size-default\">Home-Bleaching \u2013 Ihr Bleaching f\u00fcr zu Hause<\/h3>\t\t\t\t<\/div>\n\t\t\t\t<\/div>\n\t\t\t\t<div class=\"elementor-element elementor-element-b6234b5 elementor-widget elementor-widget-text-editor\" data-id=\"b6234b5\" data-element_type=\"widget\" data-widget_type=\"text-editor.default\">\n\t\t\t\t<div class=\"elementor-widget-container\">\n\t\t\t\t\t\t\t\t\t<p>F\u00fcr das \u201eHome-Bleaching\u201c sind zwei Termine in Ihrem ZahngesundheitsZentrumLuzern vorgesehen. Beim ersten Termin werden von Ihrem Ober- und Unterkiefer Abdr\u00fccke genommen zur Herstellung von individuellen, hauchd\u00fcnnen, durchsichtigen Schienen im Dentallabor. Diese werden nach Fertigstellung bei einem zweiten Termin angepasst. Die Schienen m\u00fcssen perfekt sitzen, damit das Bleaching-Gel nur an den Z\u00e4hnen wirkt und das Zahnfleisch vom Kontakt mit dem Gel verschont bleibt.<\/p><p>Zusammen mit Ihnen f\u00fchren wir die erste Bleaching Behandlung des Zykluses durch. Wir erkl\u00e4ren Ihnen genau, worauf Sie bei den Anwendungen zuhause achten m\u00fcssen und geben ausf\u00fchrliche Sicherheitshinweise. Mit dieser Methode, wird das Ergebnis erst nach ein paar Wochen sichtbar.<\/p><p>Wie oft und wie lange Sie Ihre Schienen einsetzen, wird mit Ihnen individuell besprochen.<\/p><p><strong style=\"color: var( --e-global-color-text ); font-family: var( --e-global-typography-53e1026-font-family ), Sans-serif; font-size: var( --e-global-typography-53e1026-font-size ); text-align: var(--text-align);\">M\u00f6gliche Nachteile der Home \u2013 Bleaching Methode<\/strong><\/p><p>Neben der langen Behandlungsdauer kann durch falsche Anwendung das Bleichgel auch an Stellen geraten, wie z.B. an empfindliche Zahnh\u00e4lse oder auf das Zahnfleisch, wo es chemische Verbrennungen verursachen kann oder es kann verschluckt werden.<\/p>\t\t\t\t\t\t\t\t<\/div>\n\t\t\t\t<\/div>\n\t\t\t\t<\/div>\n\t\t<div class=\"elementor-element elementor-element-7c14cc0 e-con-full e-flex e-con e-child\" data-id=\"7c14cc0\" data-element_type=\"container\">\n\t\t\t\t<div class=\"elementor-element elementor-element-6fadd9b elementor-widget elementor-widget-heading\" data-id=\"6fadd9b\" data-element_type=\"widget\" data-widget_type=\"heading.default\">\n\t\t\t\t<div class=\"elementor-widget-container\">\n\t\t\t\t\t<h3 class=\"elementor-heading-title elementor-size-default\">Walking-Bleaching \u2013 Internes Bleaching<\/h3>\t\t\t\t<\/div>\n\t\t\t\t<\/div>\n\t\t\t\t<div class=\"elementor-element elementor-element-d297cd8 elementor-widget elementor-widget-text-editor\" data-id=\"d297cd8\" data-element_type=\"widget\" data-widget_type=\"text-editor.default\">\n\t\t\t\t<div class=\"elementor-widget-container\">\n\t\t\t\t\t\t\t\t\t<p>Hat sich Ihr Zahn nach einer Wurzelkanalbehandlung vor allem im Frontzahnbereich dunkel verf\u00e4rbt und beeintr\u00e4chtigt damit das Gesamtbild Ihres L\u00e4chelns? Entzieht sich dieser einzelne Zahn der Wirkung anderer Aufhellungs-Methoden? Kein Problem \u2013 wir verhelfen Ihnen wieder zu einem reihenweise strahlenden L\u00e4cheln!<\/p><p>Mit der \u201einternen Zahnaufhellung\u201c wird ein Aufhellungsmittel in den Zahn f\u00fcr mehrere Tage eingebracht. Der Zahn wird \u201evon innen\u201c gebleicht. Da die Aufhellung zeitverz\u00f6gert erfolgt, sollte sie meist mehrfach wiederholt werden, um Ihre gew\u00fcnschte Zahnfarbe zu erreichen. Erst wenn Sie mit dem Ergebnis zufrieden sind, wird der Zahn definitiv verschlossen.<\/p>\n<p>Der Behandlungserfolg liegt bei ca. 76%.<\/p>\t\t\t\t\t\t\t\t<\/div>\n\t\t\t\t<\/div>\n\t\t\t\t<\/div>\n\t\t\t\t<\/div>\n\t\t\t\t\t<\/div>\n\t\t\t\t<\/div>\n\t\t\t\t\t<\/div>\n\t\t\t\t<\/div>\n\t\t<div class=\"elementor-element elementor-element-b1b5ef8 e-flex e-con-boxed e-con e-parent\" data-id=\"b1b5ef8\" data-element_type=\"container\" data-settings=\"{&quot;background_background&quot;:&quot;classic&quot;}\">\n\t\t\t\t\t<div class=\"e-con-inner\">\n\t\t<div class=\"elementor-element elementor-element-7486e93e e-grid e-con-boxed e-con e-child\" data-id=\"7486e93e\" data-element_type=\"container\">\n\t\t\t\t\t<div class=\"e-con-inner\">\n\t\t<div class=\"elementor-element elementor-element-784c493a e-con-full animated-fast e-flex elementor-invisible e-con e-child\" data-id=\"784c493a\" data-element_type=\"container\" data-settings=\"{&quot;animation&quot;:&quot;fadeIn&quot;,&quot;animation_delay&quot;:100}\">\n\t\t\t\t<div class=\"elementor-element elementor-element-425ae6ce elementor-widget elementor-widget-heading\" data-id=\"425ae6ce\" data-element_type=\"widget\" data-widget_type=\"heading.default\">\n\t\t\t\t<div class=\"elementor-widget-container\">\n\t\t\t\t\t<h2 class=\"elementor-heading-title elementor-size-default\">FAQ<\/h2>\t\t\t\t<\/div>\n\t\t\t\t<\/div>\n\t\t\t\t<div class=\"elementor-element elementor-element-67b0f4b9 elementor-widget elementor-widget-n-accordion\" data-id=\"67b0f4b9\" data-element_type=\"widget\" data-settings=\"{&quot;default_state&quot;:&quot;expanded&quot;,&quot;max_items_expended&quot;:&quot;one&quot;,&quot;n_accordion_animation_duration&quot;:{&quot;unit&quot;:&quot;ms&quot;,&quot;size&quot;:400,&quot;sizes&quot;:[]}}\" data-widget_type=\"nested-accordion.default\">\n\t\t\t\t<div class=\"elementor-widget-container\">\n\t\t\t\t\t\t\t<div class=\"e-n-accordion\" aria-label=\"Accordion. Open links with Enter or Space, close with Escape, and navigate with Arrow Keys\">\n\t\t\t\t\t\t<details id=\"e-n-accordion-item-1730\" class=\"e-n-accordion-item\" open>\n\t\t\t\t<summary class=\"e-n-accordion-item-title\" data-accordion-index=\"1\" tabindex=\"0\" aria-expanded=\"true\" aria-controls=\"e-n-accordion-item-1730\" >\n\t\t\t\t\t<span class='e-n-accordion-item-title-header'><div class=\"e-n-accordion-item-title-text\"> Wie entstehen Zahnverf\u00e4rbungen?\u200b <\/div><\/span>\n\t\t\t\t\t\t\t<span class='e-n-accordion-item-title-icon'>\n\t\t\t<span class='e-opened' ><svg aria-hidden=\"true\" class=\"e-font-icon-svg e-fas-minus\" viewBox=\"0 0 448 512\" xmlns=\"http:\/\/www.w3.org\/2000\/svg\"><path d=\"M416 208H32c-17.67 0-32 14.33-32 32v32c0 17.67 14.33 32 32 32h384c17.67 0 32-14.33 32-32v-32c0-17.67-14.33-32-32-32z\"><\/path><\/svg><\/span>\n\t\t\t<span class='e-closed'><svg aria-hidden=\"true\" class=\"e-font-icon-svg e-fas-plus\" viewBox=\"0 0 448 512\" xmlns=\"http:\/\/www.w3.org\/2000\/svg\"><path d=\"M416 208H272V64c0-17.67-14.33-32-32-32h-32c-17.67 0-32 14.33-32 32v144H32c-17.67 0-32 14.33-32 32v32c0 17.67 14.33 32 32 32h144v144c0 17.67 14.33 32 32 32h32c17.67 0 32-14.33 32-32V304h144c17.67 0 32-14.33 32-32v-32c0-17.67-14.33-32-32-32z\"><\/path><\/svg><\/span>\n\t\t<\/span>\n\n\t\t\t\t\t\t<\/summary>\n\t\t\t\t<div role=\"region\" aria-labelledby=\"e-n-accordion-item-1730\" class=\"elementor-element elementor-element-20e4c835 e-con-full e-flex e-con e-child\" data-id=\"20e4c835\" data-element_type=\"container\">\n\t\t\t\t<div class=\"elementor-element elementor-element-3e0cf6ce elementor-widget elementor-widget-text-editor\" data-id=\"3e0cf6ce\" data-element_type=\"widget\" data-widget_type=\"text-editor.default\">\n\t\t\t\t<div class=\"elementor-widget-container\">\n\t\t\t\t\t\t\t\t\t<p>Zahnverf\u00e4rbungen unterscheiden sich von Bel\u00e4gen. Sie k\u00f6nnen von aussen, durch farbgebende Substanzen (z.B. Kaffee, Tee, Rotwein und Tabak, chlorhexidinhaltige Mundsp\u00fclungen, etc.) unterhalb der Zahnoberfl\u00e4che in den Zahn eindringen oder auch von innen (z.B. bei devitalen (wurzelkanalbehandelten) Z\u00e4hnen, infolge von Unf\u00e4llen, Mangelern\u00e4hrung, durch Auswirkung von Medikamenten, bestimmte Allgemeinerkrankungen, etc.) entstehen.<\/p><p><span style=\"color: var( --e-global-color-text ); font-family: var( --e-global-typography-53e1026-font-family ), Sans-serif; font-size: var( --e-global-typography-53e1026-font-size ); font-weight: var( --e-global-typography-53e1026-font-weight ); text-align: var(--text-align); background-color: var( --e-global-color-9ab17d3 );\">Bleaching wirkt bei diesen hartn\u00e4ckig, eingelagerten Verf\u00e4rbungen, die weder durch Ihre t\u00e4gliche h\u00e4usliche Zahnreinigung noch durch professionelle Zahnreinigung beim Zahnarzt zu entfernen sind.<\/span><\/p><p><span style=\"color: var( --e-global-color-text ); font-family: var( --e-global-typography-53e1026-font-family ), Sans-serif; font-size: var( --e-global-typography-53e1026-font-size ); font-weight: var( --e-global-typography-53e1026-font-weight ); text-align: var(--text-align); background-color: var( --e-global-color-9ab17d3 );\">\u201eDas professionelle Bleichen ist eine schonende und effektive Methode, um Ihren Z\u00e4hnen wieder Ihr jugendliches Aussehen zur\u00fcckzugeben!\u201c<\/span><\/p><p><span style=\"color: var( --e-global-color-text ); font-family: var( --e-global-typography-53e1026-font-family ), Sans-serif; font-size: var( --e-global-typography-53e1026-font-size ); font-weight: var( --e-global-typography-53e1026-font-weight ); text-align: var(--text-align); background-color: var( --e-global-color-9ab17d3 );\">Durch das Auftragen von speziellem, sauerstoffspendendem Gel werden st\u00f6rende Farbpigmente, die sich in den Zahnschmelz eingelagert haben herausgel\u00f6st ohne den Zahnschmelz in seiner Substanz zu ver\u00e4ndern.<\/span><\/p><p><span style=\"color: var( --e-global-color-text ); font-family: var( --e-global-typography-53e1026-font-family ), Sans-serif; font-size: var( --e-global-typography-53e1026-font-size ); font-weight: var( --e-global-typography-53e1026-font-weight ); text-align: var(--text-align); background-color: var( --e-global-color-9ab17d3 );\">Mit den modernen Bleaching Methoden k\u00f6nnen sowohl einzelne Z\u00e4hne als auch ganze Zahnreihen um mehrere Farbstufen aufgehellt werden.<\/span><\/p>\t\t\t\t\t\t\t\t<\/div>\n\t\t\t\t<\/div>\n\t\t\t\t<\/div>\n\t\t\t\t\t<\/details>\n\t\t\t\t\t\t<details id=\"e-n-accordion-item-1731\" class=\"e-n-accordion-item\" >\n\t\t\t\t<summary class=\"e-n-accordion-item-title\" data-accordion-index=\"2\" tabindex=\"-1\" aria-expanded=\"false\" aria-controls=\"e-n-accordion-item-1731\" >\n\t\t\t\t\t<span class='e-n-accordion-item-title-header'><div class=\"e-n-accordion-item-title-text\"> Wie lange h\u00e4lt die Zahnaufhellung?\u200b <\/div><\/span>\n\t\t\t\t\t\t\t<span class='e-n-accordion-item-title-icon'>\n\t\t\t<span class='e-opened' ><svg aria-hidden=\"true\" class=\"e-font-icon-svg e-fas-minus\" viewBox=\"0 0 448 512\" xmlns=\"http:\/\/www.w3.org\/2000\/svg\"><path d=\"M416 208H32c-17.67 0-32 14.33-32 32v32c0 17.67 14.33 32 32 32h384c17.67 0 32-14.33 32-32v-32c0-17.67-14.33-32-32-32z\"><\/path><\/svg><\/span>\n\t\t\t<span class='e-closed'><svg aria-hidden=\"true\" class=\"e-font-icon-svg e-fas-plus\" viewBox=\"0 0 448 512\" xmlns=\"http:\/\/www.w3.org\/2000\/svg\"><path d=\"M416 208H272V64c0-17.67-14.33-32-32-32h-32c-17.67 0-32 14.33-32 32v144H32c-17.67 0-32 14.33-32 32v32c0 17.67 14.33 32 32 32h144v144c0 17.67 14.33 32 32 32h32c17.67 0 32-14.33 32-32V304h144c17.67 0 32-14.33 32-32v-32c0-17.67-14.33-32-32-32z\"><\/path><\/svg><\/span>\n\t\t<\/span>\n\n\t\t\t\t\t\t<\/summary>\n\t\t\t\t<div role=\"region\" aria-labelledby=\"e-n-accordion-item-1731\" class=\"elementor-element elementor-element-625cf94 e-con-full e-flex e-con e-child\" data-id=\"625cf94\" data-element_type=\"container\">\n\t\t\t\t<div class=\"elementor-element elementor-element-7fb51dc3 elementor-widget elementor-widget-text-editor\" data-id=\"7fb51dc3\" data-element_type=\"widget\" data-widget_type=\"text-editor.default\">\n\t\t\t\t<div class=\"elementor-widget-container\">\n\t\t\t\t\t\t\t\t\t<p>Dies ist stark von Ihrer individuellen Mundhygiene und Ihren Lebensgewohnheiten (Kaffee, Tee, Rotwein, Tabak etc.) abh\u00e4ngig. Bei guter Zahnpflege und dem regelm\u00e4ssigen Gang zur professionellen Dentalhygiene im ZZL \u2013 Ihrem ZahngesundheitsZentrumLuzern, kann das Ergebnis mehrere Jahre lang erhalten werden. Eine Auffrischung ist nach fr\u00fchestens 18 Monaten zu empfehlen und wird bei uns individuell abgekl\u00e4rt. Sollten Ihre Z\u00e4hne mit der Zeit wieder dunkler werden, bringt ein erneutes Bleaching Ihren wunderbaren Glanz zur\u00fcck.<\/p>\t\t\t\t\t\t\t\t<\/div>\n\t\t\t\t<\/div>\n\t\t\t\t<\/div>\n\t\t\t\t\t<\/details>\n\t\t\t\t\t\t<details id=\"e-n-accordion-item-1732\" class=\"e-n-accordion-item\" >\n\t\t\t\t<summary class=\"e-n-accordion-item-title\" data-accordion-index=\"3\" tabindex=\"-1\" aria-expanded=\"false\" aria-controls=\"e-n-accordion-item-1732\" >\n\t\t\t\t\t<span class='e-n-accordion-item-title-header'><div class=\"e-n-accordion-item-title-text\"> M\u00f6gliche Nebenwirkungen\u200b <\/div><\/span>\n\t\t\t\t\t\t\t<span class='e-n-accordion-item-title-icon'>\n\t\t\t<span class='e-opened' ><svg aria-hidden=\"true\" class=\"e-font-icon-svg e-fas-minus\" viewBox=\"0 0 448 512\" xmlns=\"http:\/\/www.w3.org\/2000\/svg\"><path d=\"M416 208H32c-17.67 0-32 14.33-32 32v32c0 17.67 14.33 32 32 32h384c17.67 0 32-14.33 32-32v-32c0-17.67-14.33-32-32-32z\"><\/path><\/svg><\/span>\n\t\t\t<span class='e-closed'><svg aria-hidden=\"true\" class=\"e-font-icon-svg e-fas-plus\" viewBox=\"0 0 448 512\" xmlns=\"http:\/\/www.w3.org\/2000\/svg\"><path d=\"M416 208H272V64c0-17.67-14.33-32-32-32h-32c-17.67 0-32 14.33-32 32v144H32c-17.67 0-32 14.33-32 32v32c0 17.67 14.33 32 32 32h144v144c0 17.67 14.33 32 32 32h32c17.67 0 32-14.33 32-32V304h144c17.67 0 32-14.33 32-32v-32c0-17.67-14.33-32-32-32z\"><\/path><\/svg><\/span>\n\t\t<\/span>\n\n\t\t\t\t\t\t<\/summary>\n\t\t\t\t<div role=\"region\" aria-labelledby=\"e-n-accordion-item-1732\" class=\"elementor-element elementor-element-65871266 e-con-full e-flex e-con e-child\" data-id=\"65871266\" data-element_type=\"container\">\n\t\t\t\t<div class=\"elementor-element elementor-element-b1ea762 elementor-widget elementor-widget-text-editor\" data-id=\"b1ea762\" data-element_type=\"widget\" data-widget_type=\"text-editor.default\">\n\t\t\t\t<div class=\"elementor-widget-container\">\n\t\t\t\t\t\t\t\t\t<p>M\u00f6gliche Nebenwirkungen k\u00f6nnen sich als Brennen der Mundschleimhaut oder als eine \u00dcberempfindlichkeit (Hyperensibilit\u00e4t) der betroffenen Z\u00e4hne w\u00e4hrend oder nach der Behandlung \u00e4ussern. Um Zahnempfindlichkeiten vorzubeugen und Ihre Z\u00e4hne mit N\u00e4hrstoffen zu versorgen, sch\u00fctzen wir Ihre Z\u00e4hne nach dem Bleaching mit einem hochdosierten Fluoridpr\u00e4parat.<\/p><p>Wir empfehlen und geben Ihnen Produkte gegen die Zahnempfindlichkeit, die im Anschluss an die Behandlung verwendet werden sollten.<\/p>\t\t\t\t\t\t\t\t<\/div>\n\t\t\t\t<\/div>\n\t\t\t\t<\/div>\n\t\t\t\t\t<\/details>\n\t\t\t\t\t\t<details id=\"e-n-accordion-item-1733\" class=\"e-n-accordion-item\" >\n\t\t\t\t<summary class=\"e-n-accordion-item-title\" data-accordion-index=\"4\" tabindex=\"-1\" aria-expanded=\"false\" aria-controls=\"e-n-accordion-item-1733\" >\n\t\t\t\t\t<span class='e-n-accordion-item-title-header'><div class=\"e-n-accordion-item-title-text\"> Voraussetzungen <\/div><\/span>\n\t\t\t\t\t\t\t<span class='e-n-accordion-item-title-icon'>\n\t\t\t<span class='e-opened' ><svg aria-hidden=\"true\" class=\"e-font-icon-svg e-fas-minus\" viewBox=\"0 0 448 512\" xmlns=\"http:\/\/www.w3.org\/2000\/svg\"><path d=\"M416 208H32c-17.67 0-32 14.33-32 32v32c0 17.67 14.33 32 32 32h384c17.67 0 32-14.33 32-32v-32c0-17.67-14.33-32-32-32z\"><\/path><\/svg><\/span>\n\t\t\t<span class='e-closed'><svg aria-hidden=\"true\" class=\"e-font-icon-svg e-fas-plus\" viewBox=\"0 0 448 512\" xmlns=\"http:\/\/www.w3.org\/2000\/svg\"><path d=\"M416 208H272V64c0-17.67-14.33-32-32-32h-32c-17.67 0-32 14.33-32 32v144H32c-17.67 0-32 14.33-32 32v32c0 17.67 14.33 32 32 32h144v144c0 17.67 14.33 32 32 32h32c17.67 0 32-14.33 32-32V304h144c17.67 0 32-14.33 32-32v-32c0-17.67-14.33-32-32-32z\"><\/path><\/svg><\/span>\n\t\t<\/span>\n\n\t\t\t\t\t\t<\/summary>\n\t\t\t\t<div role=\"region\" aria-labelledby=\"e-n-accordion-item-1733\" class=\"elementor-element elementor-element-c04cc36 e-con-full e-flex e-con e-child\" data-id=\"c04cc36\" data-element_type=\"container\">\n\t\t\t\t<div class=\"elementor-element elementor-element-630af1d9 elementor-widget elementor-widget-text-editor\" data-id=\"630af1d9\" data-element_type=\"widget\" data-widget_type=\"text-editor.default\">\n\t\t\t\t<div class=\"elementor-widget-container\">\n\t\t\t\t\t\t\t\t\t<ul><li>Gr\u00fcndliche vorherige Zahnuntersuchung durch Ihren Zahnarzt im ZZL \u2013 Ihrem ZahngesundheitsZentrumLuzern<\/li><li>Entfernung aller oberfl\u00e4chigen Bel\u00e4ge durch eine<a href=\"\/de\/dentalhygiene-zahnreinigung\/\"> professionelle Zahnreinigung<\/a><br \/>Behandlung von Karies, undichten F\u00fcllungen, etc.<\/li><li>Kein Vorliegen von Zahnfleischentz\u00fcndungen (Gingivitis, Parodontitis)<\/li><li>Austausch von verf\u00e4rbten F\u00fcllungen oder Kronen, um den gew\u00fcnschten \u00e4sthetischen Effekt zu erzielen, denn diese k\u00f6nnen nicht aufgehellt werden.<\/li><li>Orale Mundgesundheit und Ihre Mitarbeit zur Erhaltung einer langfristigen Mundhygiene<\/li><li>Bestimmung der aktuellen Zahnfarbe und gemeinsame Festlegung der gew\u00fcnschten Zielfarbe<\/li><\/ul>\t\t\t\t\t\t\t\t<\/div>\n\t\t\t\t<\/div>\n\t\t\t\t<\/div>\n\t\t\t\t\t<\/details>\n\t\t\t\t\t<\/div>\n\t\t\t\t\t\t<\/div>\n\t\t\t\t<\/div>\n\t\t\t\t<\/div>\n\t\t\t\t<div class=\"elementor-element elementor-element-79058cdc animated-fast elementor-invisible elementor-widget elementor-widget-image\" data-id=\"79058cdc\" data-element_type=\"widget\" data-settings=\"{&quot;_animation&quot;:&quot;fadeIn&quot;,&quot;_animation_delay&quot;:250}\" data-widget_type=\"image.default\">\n\t\t\t\t<div class=\"elementor-widget-container\">\n\t\t\t\t\t\t\t\t\t\t\t\t\t\t\t<img decoding=\"async\" width=\"1000\" height=\"1334\" src=\"https:\/\/zahnarzt-in-luzern.ch\/wp-content\/uploads\/bleaching-zahnarzt-termin.webp\" class=\"attachment-full size-full wp-image-5590\" alt=\"Bleaching Luzern Termin\" srcset=\"https:\/\/zahnarzt-in-luzern.ch\/wp-content\/uploads\/bleaching-zahnarzt-termin.webp 1000w, https:\/\/zahnarzt-in-luzern.ch\/wp-content\/uploads\/bleaching-zahnarzt-termin-225x300.webp 225w, https:\/\/zahnarzt-in-luzern.ch\/wp-content\/uploads\/bleaching-zahnarzt-termin-768x1025.webp 768w\" sizes=\"(max-width: 1000px) 100vw, 1000px\" \/>\t\t\t\t\t\t\t\t\t\t\t\t\t\t\t<\/div>\n\t\t\t\t<\/div>\n\t\t\t\t\t<\/div>\n\t\t\t\t<\/div>\n\t\t\t\t\t<\/div>\n\t\t\t\t<\/div>\n\t\t<div class=\"elementor-element elementor-element-1908867f e-flex e-con-boxed e-con e-parent\" data-id=\"1908867f\" data-element_type=\"container\" data-settings=\"{&quot;background_background&quot;:&quot;classic&quot;}\">\n\t\t\t\t\t<div class=\"e-con-inner\">\n\t\t<div class=\"elementor-element elementor-element-213c7acd e-grid e-con-boxed e-con e-child\" data-id=\"213c7acd\" data-element_type=\"container\">\n\t\t\t\t\t<div class=\"e-con-inner\">\n\t\t<div class=\"elementor-element elementor-element-17e1db8b e-con-full animated-fast elementor-hidden-mobile e-flex elementor-invisible e-con e-child\" data-id=\"17e1db8b\" data-element_type=\"container\" data-settings=\"{&quot;background_background&quot;:&quot;classic&quot;,&quot;animation&quot;:&quot;fadeIn&quot;,&quot;animation_delay&quot;:500}\">\n\t\t\t\t<\/div>\n\t\t<div class=\"elementor-element elementor-element-6669a65 e-con-full animated-fast e-flex e-con e-child\" data-id=\"6669a65\" data-element_type=\"container\" data-settings=\"{&quot;background_background&quot;:&quot;classic&quot;,&quot;animation&quot;:&quot;none&quot;}\">\n\t\t\t\t<div class=\"elementor-element elementor-element-bc3eef5 elementor-widget elementor-widget-heading\" data-id=\"bc3eef5\" data-element_type=\"widget\" data-widget_type=\"heading.default\">\n\t\t\t\t<div class=\"elementor-widget-container\">\n\t\t\t\t\t<p class=\"elementor-heading-title elementor-size-default\">Herzlich willkommen<\/p>\t\t\t\t<\/div>\n\t\t\t\t<\/div>\n\t\t\t\t<div class=\"elementor-element elementor-element-b84096c elementor-widget__width-inherit elementor-widget elementor-widget-heading\" data-id=\"b84096c\" data-element_type=\"widget\" data-widget_type=\"heading.default\">\n\t\t\t\t<div class=\"elementor-widget-container\">\n\t\t\t\t\t<h2 class=\"elementor-heading-title elementor-size-default\">Ihr pers\u00f6nlicher Zahnarzt Luzern<\/h2>\t\t\t\t<\/div>\n\t\t\t\t<\/div>\n\t\t\t\t<div class=\"elementor-element elementor-element-bec1777 elementor-widget elementor-widget-text-editor\" data-id=\"bec1777\" data-element_type=\"widget\" data-widget_type=\"text-editor.default\">\n\t\t\t\t<div class=\"elementor-widget-container\">\n\t\t\t\t\t\t\t\t\t<p>Wir freuen uns, Sie in einem pers\u00f6nlichen Gespr\u00e4ch kennenzulernen. Wir nehmen uns bei jedem individuellem Fall viel Zeit f\u00fcr Sie.<\/p>\t\t\t\t\t\t\t\t<\/div>\n\t\t\t\t<\/div>\n\t\t\t\t<div class=\"elementor-element elementor-element-c547458 elementor-mobile-align-justify elementor-widget elementor-widget-button\" data-id=\"c547458\" data-element_type=\"widget\" data-widget_type=\"button.default\">\n\t\t\t\t<div class=\"elementor-widget-container\">\n\t\t\t\t\t\t\t\t\t<div class=\"elementor-button-wrapper\">\n\t\t\t\t\t<a class=\"elementor-button elementor-button-link elementor-size-sm\" href=\"https:\/\/zahnarzt-in-luzern.ch\/de\/termin-vereinbaren\/\">\n\t\t\t\t\t\t<span class=\"elementor-button-content-wrapper\">\n\t\t\t\t\t\t\t\t\t<span class=\"elementor-button-text\">Zahnarzttermin vereinbaren<\/span>\n\t\t\t\t\t<\/span>\n\t\t\t\t\t<\/a>\n\t\t\t\t<\/div>\n\t\t\t\t\t\t\t\t<\/div>\n\t\t\t\t<\/div>\n\t\t\t\t<\/div>\n\t\t\t\t\t<\/div>\n\t\t\t\t<\/div>\n\t\t\t\t\t<\/div>\n\t\t\t\t<\/div>\n\t\t\t\t<\/div>\n\t\t","protected":false},"excerpt":{"rendered":"<p>Schonende Zahnaufhellung Bleaching Mit professionellem Zahn-Bleaching k\u00f6nnen Verf\u00e4rbungen sicher entfernt werden. Z\u00e4hne bleichen sorgt f\u00fcr strahlend weisse Z\u00e4hne und eine schonende Zahnaufhellung. Zahnarzttermin buchen Kontakt Power-Bleaching Ihre Behandlung erfolgt bei uns in einer Sitzung und dauert ca. 90 Minuten. Home-Bleaching F\u00fcr das \u201eHome-Bleaching\u201c sind zwei Termine in Ihrem ZahngesundheitsZentrumLuzern vorgesehen. Walking-Bleaching Mit der \u201einternen Zahnaufhellung\u201c [&hellip;]<\/p>\n","protected":false},"author":2,"featured_media":0,"parent":0,"menu_order":2,"comment_status":"closed","ping_status":"closed","template":"","meta":{"footnotes":""},"class_list":["post-2246","page","type-page","status-publish","hentry"],"_links":{"self":[{"href":"https:\/\/zahnarzt-in-luzern.ch\/de\/wp-json\/wp\/v2\/pages\/2246","targetHints":{"allow":["GET"]}}],"collection":[{"href":"https:\/\/zahnarzt-in-luzern.ch\/de\/wp-json\/wp\/v2\/pages"}],"about":[{"href":"https:\/\/zahnarzt-in-luzern.ch\/de\/wp-json\/wp\/v2\/types\/page"}],"author":[{"embeddable":true,"href":"https:\/\/zahnarzt-in-luzern.ch\/de\/wp-json\/wp\/v2\/users\/2"}],"replies":[{"embeddable":true,"href":"https:\/\/zahnarzt-in-luzern.ch\/de\/wp-json\/wp\/v2\/comments?post=2246"}],"version-history":[{"count":280,"href":"https:\/\/zahnarzt-in-luzern.ch\/de\/wp-json\/wp\/v2\/pages\/2246\/revisions"}],"predecessor-version":[{"id":8808,"href":"https:\/\/zahnarzt-in-luzern.ch\/de\/wp-json\/wp\/v2\/pages\/2246\/revisions\/8808"}],"wp:attachment":[{"href":"https:\/\/zahnarzt-in-luzern.ch\/de\/wp-json\/wp\/v2\/media?parent=2246"}],"curies":[{"name":"wp","href":"https:\/\/api.w.org\/{rel}","templated":true}]}}